{"id":331,"date":"2020-05-05T19:04:24","date_gmt":"2020-05-05T19:04:24","guid":{"rendered":"http:\/\/botschafter-menschenrechte.de\/?page_id=331"},"modified":"2026-04-27T17:04:30","modified_gmt":"2026-04-27T17:04:30","slug":"colibri-wp","status":"publish","type":"page","link":"https:\/\/botschafter-menschenrechte.de\/","title":{"rendered":"Home"},"content":{"rendered":"<div data-colibri-id=\"331-c1\" class=\"style-174 style-local-331-c1 position-relative\">\r\n  <!---->\r\n  <div data-colibri-component=\"section\" data-colibri-id=\"331-c2\" id=\"overlappable-2\" class=\"h-section h-section-global-spacing d-flex align-items-lg-center align-items-md-center align-items-center style-332 style-local-331-c2 position-relative\">\r\n    <!---->\r\n    <!---->\r\n    <div class=\"h-section-grid-container h-section-boxed-container\">\r\n      <!---->\r\n      <div data-colibri-id=\"331-c3\" class=\"h-row-container gutters-row-lg-0 gutters-row-md-0 gutters-row-2 gutters-row-v-lg-0 gutters-row-v-md-0 gutters-row-v-2 style-333 style-local-331-c3 position-relative\">\r\n        <!---->\r\n        <div class=\"h-row justify-content-lg-center justify-content-md-center justify-content-center align-items-lg-stretch align-items-md-stretch align-items-stretch gutters-col-lg-0 gutters-col-md-0 gutters-col-2 gutters-col-v-lg-0 gutters-col-v-md-0 gutters-col-v-2\">\r\n          <!---->\r\n          <div class=\"h-column h-column-container d-flex h-col-lg-4 h-col-md-4 h-col-12 style-334-outer style-local-331-c4-outer\">\r\n            <div data-colibri-id=\"331-c4\" class=\"d-flex h-flex-basis h-column__inner h-px-lg-3 h-px-md-3 h-px-2 v-inner-lg-3 v-inner-md-3 v-inner-2 style-334 style-local-331-c4 position-relative\">\r\n              <!---->\r\n              <!---->\r\n              <div class=\"w-100 h-y-container h-column__content h-column__v-align flex-basis-100 align-self-lg-start align-self-md-start align-self-start\">\r\n                <!---->\r\n                <div data-colibri-id=\"331-c5\" class=\"h-icon style-335 style-local-331-c5 position-relative h-element\">\r\n                  <!----><span class=\"h-svg-icon h-icon__icon style-335-icon style-local-331-c5-icon\"><!--Icon by Font Awesome (https:\/\/fontawesome.com)-->\r\n    <svg version=\"1.1\" xmlns=\"http:\/\/www.w3.org\/2000\/svg\" xmlns:xlink=\"http:\/\/www.w3.org\/1999\/xlink\" id=\"book\" viewBox=\"0 0 1664 1896.0833\">\r\n      <path d=\"M1639 478q40 57 18 129l-275 906q-19 64-76.5 107.5T1183 1664H260q-77 0-148.5-53.5T12 1479q-24-67-2-127 0-4 3-27t4-37q1-8-3-21.5t-3-19.5q2-11 8-21t16.5-23.5T52 1179q23-38 45-91.5t30-91.5q3-10 .5-30t-.5-28q3-11 17-28t17-23q21-36 42-92t25-90q1-9-2.5-32t.5-28q4-13 22-30.5t22-22.5q19-26 42.5-84.5T340 411q1-8-3-25.5t-2-26.5q2-8 9-18t18-23 17-21q8-12 16.5-30.5t15-35 16-36 19.5-32 26.5-23.5 36-11.5T556 134l-1 3q38-9 51-9h761q74 0 114 56t18 130l-274 906q-36 119-71.5 153.5T1025 1408H156q-27 0-38 15-11 16-1 43 24 70 144 70h923q29 0 56-15.5t35-41.5l300-987q7-22 5-57 38 15 59 43zm-1064 2q-4 13 2 22.5t20 9.5h608q13 0 25.5-9.5T1247 480l21-64q4-13-2-22.5t-20-9.5H638q-13 0-25.5 9.5T596 416zm-83 256q-4 13 2 22.5t20 9.5h608q13 0 25.5-9.5T1164 736l21-64q4-13-2-22.5t-20-9.5H555q-13 0-25.5 9.5T513 672z\"><\/path>\r\n    <\/svg><\/span><\/div>\r\n                <div data-colibri-id=\"331-c6\" class=\"h-global-transition-all h-heading style-336 style-local-331-c6 position-relative h-element\">\r\n                  <!---->\r\n                  <div class=\"h-heading__outer style-336 style-local-331-c6\">\r\n                    <!---->\r\n                    <!---->\r\n                    <h5 class=\"\">THEMEN<\/h5>\r\n                  <\/div>\r\n                <\/div>\r\n                <div data-colibri-id=\"331-c7\" class=\"h-x-container style-338 style-local-331-c7 position-relative h-element\">\r\n                  <!---->\r\n                  <div class=\"h-x-container-inner style-dynamic-331-c7-group style-338-spacing style-local-331-c7-spacing\"><span class=\"h-link__outer style-339-outer style-local-331-c8-outer d-inline-flex h-element\"><a h-use-smooth-scroll=\"true\" href=\"http:\/\/botschafter-menschenrechte.de\/?cat=10\"  data-colibri-id=\"331-c8\" class=\"d-flex w-100 align-items-center h-link style-339 style-local-331-c8 position-relative\"><!----><!----> <span>MEHR ENTECKEN<\/span>                    <span class=\"h-svg-icon h-link__icon style-339-icon style-local-331-c8-icon\"><!--Icon by Icons8 Line Awesome (https:\/\/icons8.com\/line-awesome)--><svg version=\"1.1\" xmlns=\"http:\/\/www.w3.org\/2000\/svg\" xmlns:xlink=\"http:\/\/www.w3.org\/1999\/xlink\" id=\"angle-double-right\" viewBox=\"0 0 512 545.5\"><path d=\"M145.5 108.5l168 168L325 288l-11.5 11.5-168 168-22.5-23L279.5 288 123 131.5zm112 0l168 168L437 288l-11.5 11.5-168 168-22.5-23L391.5 288 235 131.5z\"><\/path><\/svg><\/span><\/a>\r\n                    <\/span>\r\n                  <\/div>\r\n                <\/div>\r\n              <\/div>\r\n            <\/div>\r\n          <\/div>\r\n          <div class=\"h-column h-column-container d-flex h-col-lg-4 h-col-md-4 h-col-12 style-334-outer style-local-331-c9-outer\">\r\n            <div data-colibri-id=\"331-c9\" class=\"d-flex h-flex-basis h-column__inner h-px-lg-3 h-px-md-3 h-px-2 v-inner-lg-3 v-inner-md-3 v-inner-2 style-334 style-local-331-c9 position-relative\">\r\n              <!---->\r\n              <!---->\r\n              <div class=\"w-100 h-y-container h-column__content h-column__v-align flex-basis-100 align-self-lg-start align-self-md-start align-self-start\">\r\n                <!---->\r\n                <div data-colibri-id=\"331-c10\" class=\"h-icon style-335 style-local-331-c10 position-relative h-element\">\r\n                  <!----><span class=\"h-svg-icon h-icon__icon style-335-icon style-local-331-c10-icon\"><!--Icon by Font Awesome (https:\/\/fontawesome.com)-->\r\n    <svg version=\"1.1\" xmlns=\"http:\/\/www.w3.org\/2000\/svg\" xmlns:xlink=\"http:\/\/www.w3.org\/1999\/xlink\" id=\"flag\" viewBox=\"0 0 1792 1896.0833\">\r\n      <path d=\"M320 256q0 72-64 110v1266q0 13-9.5 22.5T224 1664h-64q-13 0-22.5-9.5T128 1632V366q-64-38-64-110 0-53 37.5-90.5T192 128t90.5 37.5T320 256zm1472 64v763q0 25-12.5 38.5T1740 1149q-215 116-369 116-61 0-123.5-22t-108.5-48-115.5-48-142.5-22q-192 0-464 146-17 9-33 9-26 0-45-19t-19-45V474q0-32 31-55 21-14 79-43 236-120 421-120 107 0 200 29t219 88q38 19 88 19 54 0 117.5-21t110-47 88-47 54.5-21q26 0 45 19t19 45z\"><\/path>\r\n    <\/svg><\/span><\/div>\r\n                <div data-colibri-id=\"331-c11\" class=\"h-global-transition-all h-heading style-336 style-local-331-c11 position-relative h-element\">\r\n                  <!---->\r\n                  <div class=\"h-heading__outer style-336 style-local-331-c11\">\r\n                    <!---->\r\n                    <!---->\r\n                    <h5 class=\"\">L\u00c4NDER<\/h5>\r\n                  <\/div>\r\n                <\/div>\r\n                <div data-colibri-id=\"331-c12\" class=\"h-x-container style-338 style-local-331-c12 position-relative h-element\">\r\n                  <!---->\r\n                  <div class=\"h-x-container-inner style-dynamic-331-c12-group style-338-spacing style-local-331-c12-spacing\"><span class=\"h-link__outer style-339-outer style-local-331-c13-outer d-inline-flex h-element\"><a h-use-smooth-scroll=\"true\" href=\"http:\/\/botschafter-menschenrechte.de\/?cat=11\"  data-colibri-id=\"331-c13\" class=\"d-flex w-100 align-items-center h-link style-339 style-local-331-c13 position-relative\"><!----><!----> <span>MEHR ENTECKEN<\/span>                    <span class=\"h-svg-icon h-link__icon style-339-icon style-local-331-c13-icon\"><!--Icon by Icons8 Line Awesome (https:\/\/icons8.com\/line-awesome)--><svg version=\"1.1\" xmlns=\"http:\/\/www.w3.org\/2000\/svg\" xmlns:xlink=\"http:\/\/www.w3.org\/1999\/xlink\" id=\"angle-double-right\" viewBox=\"0 0 512 545.5\"><path d=\"M145.5 108.5l168 168L325 288l-11.5 11.5-168 168-22.5-23L279.5 288 123 131.5zm112 0l168 168L437 288l-11.5 11.5-168 168-22.5-23L391.5 288 235 131.5z\"><\/path><\/svg><\/span><\/a>\r\n                    <\/span>\r\n                  <\/div>\r\n                <\/div>\r\n              <\/div>\r\n            <\/div>\r\n          <\/div>\r\n          <div class=\"h-column h-column-container d-flex h-col-lg-4 h-col-md-4 h-col-12 style-334-outer style-local-331-c14-outer\">\r\n            <div data-colibri-id=\"331-c14\" class=\"d-flex h-flex-basis h-column__inner h-px-lg-3 h-px-md-3 h-px-2 v-inner-lg-3 v-inner-md-3 v-inner-2 style-334 style-local-331-c14 position-relative\">\r\n              <!---->\r\n              <!---->\r\n              <div class=\"w-100 h-y-container h-column__content h-column__v-align flex-basis-100 align-self-lg-start align-self-md-start align-self-start\">\r\n                <!---->\r\n                <div data-colibri-id=\"331-c15\" class=\"h-icon style-335 style-local-331-c15 position-relative h-element\">\r\n                  <!----><span class=\"h-svg-icon h-icon__icon style-335-icon style-local-331-c15-icon\"><!--Icon by Font Awesome (https:\/\/fontawesome.com)-->\r\n    <svg version=\"1.1\" xmlns=\"http:\/\/www.w3.org\/2000\/svg\" xmlns:xlink=\"http:\/\/www.w3.org\/1999\/xlink\" id=\"group\" viewBox=\"0 0 1920 1896.0833\">\r\n      <path d=\"M593 896q-162 5-265 128H194q-82 0-138-40.5T0 865q0-353 124-353 6 0 43.5 21t97.5 42.5T384 597q67 0 133-23-5 37-5 66 0 139 81 256zm1071 637q0 120-73 189.5t-194 69.5H523q-121 0-194-69.5T256 1533q0-53 3.5-103.5t14-109T300 1212t43-97.5 62-81 85.5-53.5T602 960q10 0 43 21.5t73 48 107 48 135 21.5 135-21.5 107-48 73-48 43-21.5q61 0 111.5 20t85.5 53.5 62 81 43 97.5 26.5 108.5 14 109 3.5 103.5zM640 256q0 106-75 181t-181 75-181-75-75-181 75-181T384 0t181 75 75 181zm704 384q0 159-112.5 271.5T960 1024 688.5 911.5 576 640t112.5-271.5T960 256t271.5 112.5T1344 640zm576 225q0 78-56 118.5t-138 40.5h-134q-103-123-265-128 81-117 81-256 0-29-5-66 66 23 133 23 59 0 119-21.5t97.5-42.5 43.5-21q124 0 124 353zm-128-609q0 106-75 181t-181 75-181-75-75-181 75-181 181-75 181 75 75 181z\"><\/path>\r\n    <\/svg><\/span><\/div>\r\n                <div data-colibri-id=\"331-c16\" class=\"h-global-transition-all h-heading style-336 style-local-331-c16 position-relative h-element\">\r\n                  <!---->\r\n                  <div class=\"h-heading__outer style-336 style-local-331-c16\">\r\n                    <!---->\r\n                    <!---->\r\n                    <h5 class=\"\">PROJEKTE<\/h5>\r\n                  <\/div>\r\n                <\/div>\r\n                <div data-colibri-id=\"331-c17\" class=\"h-text h-text-component style-337 style-local-331-c17 position-relative h-element\">\r\n                  <!---->\r\n                  <!---->\r\n                  <div class=\"\">\r\n                    <p>Der Platz f\u00fcr unsere zuk\u00fcnftigen Projekte<\/p>\r\n                  <\/div>\r\n                <\/div>\r\n                <div data-colibri-id=\"331-c18\" class=\"h-x-container style-338 style-local-331-c18 position-relative h-element\">\r\n                  <!---->\r\n                  <div class=\"h-x-container-inner style-dynamic-331-c18-group style-338-spacing style-local-331-c18-spacing\"><span class=\"h-link__outer style-339-outer style-local-331-c19-outer d-inline-flex h-element\"><a h-use-smooth-scroll=\"true\" href=\"\"  data-colibri-id=\"331-c19\" class=\"d-flex w-100 align-items-center h-link style-339 style-local-331-c19 position-relative\"><!----><!----> <span>MEHR ENTECKEN<\/span>                    <span class=\"h-svg-icon h-link__icon style-339-icon style-local-331-c19-icon\"><!--Icon by Icons8 Line Awesome (https:\/\/icons8.com\/line-awesome)--><svg version=\"1.1\" xmlns=\"http:\/\/www.w3.org\/2000\/svg\" xmlns:xlink=\"http:\/\/www.w3.org\/1999\/xlink\" id=\"angle-double-right\" viewBox=\"0 0 512 545.5\"><path d=\"M145.5 108.5l168 168L325 288l-11.5 11.5-168 168-22.5-23L279.5 288 123 131.5zm112 0l168 168L437 288l-11.5 11.5-168 168-22.5-23L391.5 288 235 131.5z\"><\/path><\/svg><\/span><\/a>\r\n                    <\/span>\r\n                  <\/div>\r\n                <\/div>\r\n              <\/div>\r\n            <\/div>\r\n          <\/div>\r\n        <\/div>\r\n      <\/div>\r\n    <\/div>\r\n  <\/div>\r\n  <div data-colibri-component=\"section\" data-colibri-id=\"331-c1363\" id=\"custom-122\" class=\"h-section h-section-global-spacing d-flex align-items-lg-center align-items-md-center align-items-center style-2178 style-local-331-c1363 position-relative\">\r\n    <!---->\r\n    <!---->\r\n    <div class=\"h-section-grid-container h-section-boxed-container\">\r\n      <!---->\r\n      <div data-colibri-id=\"331-c1364\" class=\"h-row-container gutters-row-lg-2 gutters-row-md-2 gutters-row-0 gutters-row-v-lg-2 gutters-row-v-md-2 gutters-row-v-2 style-2179 style-local-331-c1364 position-relative\">\r\n        <!---->\r\n        <div class=\"h-row justify-content-lg-center justify-content-md-center justify-content-center align-items-lg-stretch align-items-md-stretch align-items-stretch gutters-col-lg-2 gutters-col-md-2 gutters-col-0 gutters-col-v-lg-2 gutters-col-v-md-2 gutters-col-v-2\">\r\n          <!---->\r\n          <div class=\"h-column h-column-container d-flex h-col-lg-auto h-col-md-auto h-col-auto style-2180-outer style-local-331-c1365-outer\">\r\n            <div data-colibri-id=\"331-c1365\" class=\"d-flex h-flex-basis h-column__inner h-px-lg-2 h-px-md-2 h-px-2 v-inner-lg-2 v-inner-md-2 v-inner-2 style-2180 style-local-331-c1365 position-relative\">\r\n              <!---->\r\n              <!---->\r\n              <div class=\"w-100 h-y-container h-column__content h-column__v-align flex-basis-100 align-self-lg-center align-self-md-center align-self-center\">\r\n                <!---->\r\n                <div data-colibri-id=\"331-c1373\" class=\"d-block style-2188 style-local-331-c1373 position-relative h-element\">\r\n                  <!---->\r\n                  <div class=\"h-image__frame-container-outer\">\r\n                    <div class=\"h-image__frame-container\">\r\n                      <!---->\r\n                      <!---->\r\n                      <img loading=\"lazy\" decoding=\"async\" width=\"1706\" height=\"1707\" src=\"http:\/\/botschafter-menschenrechte.de\/wp-content\/uploads\/2026\/03\/cropped-M.-Lessenthin-Bild-BfM-scaled-1.jpg\" class=\"wp-image-3917 style-2188-image style-local-331-c1373-image\" alt=\"\" srcset=\"https:\/\/botschafter-menschenrechte.de\/wp-content\/uploads\/2026\/03\/cropped-M.-Lessenthin-Bild-BfM-scaled-1.jpg 1706w, https:\/\/botschafter-menschenrechte.de\/wp-content\/uploads\/2026\/03\/cropped-M.-Lessenthin-Bild-BfM-scaled-1-300x300.jpg 300w, https:\/\/botschafter-menschenrechte.de\/wp-content\/uploads\/2026\/03\/cropped-M.-Lessenthin-Bild-BfM-scaled-1-1024x1024.jpg 1024w, https:\/\/botschafter-menschenrechte.de\/wp-content\/uploads\/2026\/03\/cropped-M.-Lessenthin-Bild-BfM-scaled-1-150x150.jpg 150w, https:\/\/botschafter-menschenrechte.de\/wp-content\/uploads\/2026\/03\/cropped-M.-Lessenthin-Bild-BfM-scaled-1-768x768.jpg 768w, https:\/\/botschafter-menschenrechte.de\/wp-content\/uploads\/2026\/03\/cropped-M.-Lessenthin-Bild-BfM-scaled-1-1536x1536.jpg 1536w\" sizes=\"auto, (max-width: 1706px) 100vw, 1706px\" \/>\r\n                      <div class=\"h-image__frame h-hide-lg h-hide-md h-hide-sm style-2188-frameImage style-local-331-c1373-frameImage\"><\/div>\r\n                    <\/div>\r\n                  <\/div>\r\n                <\/div>\r\n              <\/div>\r\n            <\/div>\r\n          <\/div>\r\n          <div class=\"h-column h-column-container d-flex h-col-lg-auto h-col-md-auto h-col-auto style-2181-outer style-local-331-c1366-outer\">\r\n            <div data-colibri-id=\"331-c1366\" class=\"d-flex h-flex-basis h-column__inner h-px-lg-2 h-px-md-2 h-px-2 v-inner-lg-2 v-inner-md-2 v-inner-2 style-2181 style-local-331-c1366 position-relative\">\r\n              <!---->\r\n              <!---->\r\n              <div class=\"w-100 h-y-container h-column__content h-column__v-align flex-basis-100 align-self-lg-center align-self-md-center align-self-center\">\r\n                <!---->\r\n                <div data-colibri-id=\"331-c1367\" class=\"h-x-container style-2182 style-local-331-c1367 position-relative h-element\">\r\n                  <!---->\r\n                  <div class=\"h-x-container-inner style-dynamic-331-c1367-group style-2182-spacing style-local-331-c1367-spacing\"><span class=\"h-link__outer style-2183-outer style-local-331-c1368-outer d-inline-flex h-element\"><a h-use-smooth-scroll=\"true\" href=\"https:\/\/botschafter-menschenrechte.de\/?cat=16\"  data-colibri-id=\"331-c1368\" class=\"d-flex w-100 align-items-center h-link style-2183 style-local-331-c1368 position-relative\"><!----><!----> <span>IRAN<\/span><\/a>\r\n                    <\/span>\r\n                  <\/div>\r\n                <\/div>\r\n                <div data-colibri-id=\"331-c1369\" class=\"h-global-transition-all h-heading style-2184 style-local-331-c1369 position-relative h-element\">\r\n                  <!---->\r\n                  <div class=\"h-heading__outer style-2184 style-local-331-c1369\">\r\n                    <!---->\r\n                    <!---->\r\n                    <h3 class=\"\">Menschenrechtler Lessenthin:\r\n                      <br>Christen im Iran unter Generalverdacht<\/h3>\r\n                  <\/div>\r\n                <\/div>\r\n                <div data-colibri-id=\"331-c1370\" class=\"h-text h-text-component style-2185 style-local-331-c1370 position-relative h-element\">\r\n                  <!---->\r\n                  <!---->\r\n                  <div class=\"\">\r\n                    <p>Der Menschenrechtsexperte Martin Lessenthin sieht Christen im Iran nach dem Krieg mit den USA und Israel massiv unter Druck: Religi\u00f6se Minderheiten w\u00fcrden vom Regime gezielt als Sicherheitsrisiko und S\u00fcndenb\u00f6cke markiert.<\/p>\r\n                  <\/div>\r\n                <\/div>\r\n                <div data-colibri-id=\"331-c1371\" class=\"h-x-container style-2186 style-local-331-c1371 position-relative h-element\">\r\n                  <!---->\r\n                  <div class=\"h-x-container-inner style-dynamic-331-c1371-group style-2186-spacing style-local-331-c1371-spacing\"><span class=\"h-button__outer style-2187-outer style-local-331-c1372-outer d-inline-flex h-element\"><a h-use-smooth-scroll=\"true\" href=\"https:\/\/botschafter-menschenrechte.de\/?p=3912\"  data-colibri-id=\"331-c1372\" class=\"d-flex w-100 align-items-center h-button justify-content-lg-center justify-content-md-center justify-content-center style-2187 style-local-331-c1372 position-relative\"><!----><!----> <span>ZUM BEITRAG<\/span><\/a>\r\n                    <\/span>\r\n                  <\/div>\r\n                <\/div>\r\n              <\/div>\r\n            <\/div>\r\n          <\/div>\r\n        <\/div>\r\n      <\/div>\r\n    <\/div>\r\n  <\/div>\r\n  <div data-colibri-component=\"section\" data-colibri-id=\"331-c20\" id=\"custom-121\" class=\"h-section h-section-global-spacing d-flex align-items-lg-center align-items-md-center align-items-center style-2167 style-local-331-c20 position-relative\">\r\n    <!---->\r\n    <!---->\r\n    <div class=\"h-section-grid-container h-section-boxed-container\">\r\n      <!---->\r\n      <div data-colibri-id=\"331-c21\" class=\"h-row-container gutters-row-lg-2 gutters-row-md-2 gutters-row-0 gutters-row-v-lg-2 gutters-row-v-md-2 gutters-row-v-2 style-2168 style-local-331-c21 position-relative\">\r\n        <!---->\r\n        <div class=\"h-row justify-content-lg-center justify-content-md-center justify-content-center align-items-lg-stretch align-items-md-stretch align-items-stretch gutters-col-lg-2 gutters-col-md-2 gutters-col-0 gutters-col-v-lg-2 gutters-col-v-md-2 gutters-col-v-2\">\r\n          <!---->\r\n          <div class=\"h-column h-column-container d-flex h-col-lg-auto h-col-md-auto h-col-auto style-2169-outer style-local-331-c22-outer\">\r\n            <div data-colibri-id=\"331-c22\" class=\"d-flex h-flex-basis h-column__inner h-px-lg-2 h-px-md-2 h-px-2 v-inner-lg-2 v-inner-md-2 v-inner-2 style-2169 style-local-331-c22 position-relative\">\r\n              <!---->\r\n              <!---->\r\n              <div class=\"w-100 h-y-container h-column__content h-column__v-align flex-basis-100 align-self-lg-center align-self-md-center align-self-center\">\r\n                <!---->\r\n                <div data-colibri-id=\"331-c23\" class=\"d-block style-2177 style-local-331-c23 position-relative h-element\">\r\n                  <!---->\r\n                  <div class=\"h-image__frame-container-outer\">\r\n                    <div class=\"h-image__frame-container\">\r\n                      <!---->\r\n                      <!---->\r\n                      <img loading=\"lazy\" decoding=\"async\" width=\"1017\" height=\"1015\" src=\"http:\/\/botschafter-menschenrechte.de\/wp-content\/uploads\/2024\/01\/cropped-Screenshot-2024-01-05-at-12.42.08.png\" class=\"wp-image-3802 style-2177-image style-local-331-c23-image\" alt=\"\" srcset=\"https:\/\/botschafter-menschenrechte.de\/wp-content\/uploads\/2024\/01\/cropped-Screenshot-2024-01-05-at-12.42.08.png 1017w, https:\/\/botschafter-menschenrechte.de\/wp-content\/uploads\/2024\/01\/cropped-Screenshot-2024-01-05-at-12.42.08-300x300.png 300w, https:\/\/botschafter-menschenrechte.de\/wp-content\/uploads\/2024\/01\/cropped-Screenshot-2024-01-05-at-12.42.08-150x150.png 150w, https:\/\/botschafter-menschenrechte.de\/wp-content\/uploads\/2024\/01\/cropped-Screenshot-2024-01-05-at-12.42.08-768x766.png 768w\" sizes=\"auto, (max-width: 1017px) 100vw, 1017px\" \/>\r\n                      <div class=\"h-image__frame h-hide-lg h-hide-md h-hide-sm style-2177-frameImage style-local-331-c23-frameImage\"><\/div>\r\n                    <\/div>\r\n                  <\/div>\r\n                <\/div>\r\n              <\/div>\r\n            <\/div>\r\n          <\/div>\r\n          <div class=\"h-column h-column-container d-flex h-col-lg-auto h-col-md-auto h-col-auto style-2170-outer style-local-331-c24-outer\">\r\n            <div data-colibri-id=\"331-c24\" class=\"d-flex h-flex-basis h-column__inner h-px-lg-2 h-px-md-2 h-px-2 v-inner-lg-2 v-inner-md-2 v-inner-2 style-2170 style-local-331-c24 position-relative\">\r\n              <!---->\r\n              <!---->\r\n              <div class=\"w-100 h-y-container h-column__content h-column__v-align flex-basis-100 align-self-lg-center align-self-md-center align-self-center\">\r\n                <!---->\r\n                <div data-colibri-id=\"331-c25\" class=\"h-x-container style-2171 style-local-331-c25 position-relative h-element\">\r\n                  <!---->\r\n                  <div class=\"h-x-container-inner style-dynamic-331-c25-group style-2171-spacing style-local-331-c25-spacing\"><span class=\"h-link__outer style-2172-outer style-local-331-c26-outer d-inline-flex h-element\"><a h-use-smooth-scroll=\"true\" href=\"https:\/\/botschafter-menschenrechte.de\/?cat=17\"  data-colibri-id=\"331-c26\" class=\"d-flex w-100 align-items-center h-link style-2172 style-local-331-c26 position-relative\"><!----><!----> <span>KUBA<\/span><\/a>\r\n                    <\/span>\r\n                  <\/div>\r\n                <\/div>\r\n                <div data-colibri-id=\"331-c27\" class=\"h-global-transition-all h-heading style-2173 style-local-331-c27 position-relative h-element\">\r\n                  <!---->\r\n                  <div class=\"h-heading__outer style-2173 style-local-331-c27\">\r\n                    <!---->\r\n                    <!---->\r\n                    <h1 class=\"\">Free Luis<\/h1>\r\n                  <\/div>\r\n                <\/div>\r\n                <div data-colibri-id=\"331-c28\" class=\"h-text h-text-component style-2174 style-local-331-c28 position-relative h-element\">\r\n                  <!---->\r\n                  <!---->\r\n                  <div class=\"\">\r\n                    <p>Am 3. M\u00e4rz 2025, vor einem Jahr,&nbsp;wurde der politische Gefangene Louis Frometa Comte nach einer dreij\u00e4hrigen, unrechtm\u00e4\u00dfigen Inhaftieung aus dem Gef\u00e4ngnis entlassen. Aber der Dresdner Familienvater hat damit nicht seine Freiheit\r\n                      zur\u00fcckerhalten.: er wird von der kubanischen Diktatur an einer Ausreise nach Deutschland gehindert.<\/p>\r\n                  <\/div>\r\n                <\/div>\r\n                <div data-colibri-id=\"331-c29\" class=\"h-x-container style-2175 style-local-331-c29 position-relative h-element\">\r\n                  <!---->\r\n                  <div class=\"h-x-container-inner style-dynamic-331-c29-group style-2175-spacing style-local-331-c29-spacing\"><span class=\"h-button__outer style-2176-outer style-local-331-c30-outer d-inline-flex h-element\"><a h-use-smooth-scroll=\"true\" href=\"https:\/\/botschafter-menschenrechte.de\/?p=3797\"  data-colibri-id=\"331-c30\" class=\"d-flex w-100 align-items-center h-button justify-content-lg-center justify-content-md-center justify-content-center style-2176 style-local-331-c30 position-relative\"><!----><!----> <span>Weiterlesen<\/span><\/a>\r\n                    <\/span>\r\n                  <\/div>\r\n                <\/div>\r\n              <\/div>\r\n            <\/div>\r\n          <\/div>\r\n        <\/div>\r\n      <\/div>\r\n    <\/div>\r\n  <\/div>\r\n  <div data-colibri-component=\"section\" data-colibri-id=\"331-c31\" id=\"custom-120\" class=\"h-section h-section-global-spacing d-flex align-items-lg-center align-items-md-center align-items-center style-2156 style-local-331-c31 position-relative\">\r\n    <!---->\r\n    <!---->\r\n    <div class=\"h-section-grid-container h-section-boxed-container\">\r\n      <!---->\r\n      <div data-colibri-id=\"331-c32\" class=\"h-row-container gutters-row-lg-2 gutters-row-md-2 gutters-row-0 gutters-row-v-lg-2 gutters-row-v-md-2 gutters-row-v-2 style-2157 style-local-331-c32 position-relative\">\r\n        <!---->\r\n        <div class=\"h-row justify-content-lg-center justify-content-md-center justify-content-center align-items-lg-stretch align-items-md-stretch align-items-stretch gutters-col-lg-2 gutters-col-md-2 gutters-col-0 gutters-col-v-lg-2 gutters-col-v-md-2 gutters-col-v-2\">\r\n          <!---->\r\n          <div class=\"h-column h-column-container d-flex h-col-lg-auto h-col-md-auto h-col-auto style-2158-outer style-local-331-c33-outer\">\r\n            <div data-colibri-id=\"331-c33\" class=\"d-flex h-flex-basis h-column__inner h-px-lg-2 h-px-md-2 h-px-2 v-inner-lg-2 v-inner-md-2 v-inner-2 style-2158 style-local-331-c33 position-relative\">\r\n              <!---->\r\n              <!---->\r\n              <div class=\"w-100 h-y-container h-column__content h-column__v-align flex-basis-100 align-self-lg-center align-self-md-center align-self-center\">\r\n                <!---->\r\n                <div data-colibri-id=\"331-c34\" class=\"d-block style-2160 style-local-331-c34 position-relative h-element\">\r\n                  <!---->\r\n                  <div class=\"h-image__frame-container-outer\">\r\n                    <div class=\"h-image__frame-container\">\r\n                      <!---->\r\n                      <!---->\r\n                      <img loading=\"lazy\" decoding=\"async\" width=\"626\" height=\"625\" src=\"http:\/\/botschafter-menschenrechte.de\/wp-content\/uploads\/2026\/01\/cropped-Pater-Alberto-Reyes-copy.png\" class=\"wp-image-3782 style-2160-image style-local-331-c34-image\" alt=\"\" srcset=\"https:\/\/botschafter-menschenrechte.de\/wp-content\/uploads\/2026\/01\/cropped-Pater-Alberto-Reyes-copy.png 626w, https:\/\/botschafter-menschenrechte.de\/wp-content\/uploads\/2026\/01\/cropped-Pater-Alberto-Reyes-copy-300x300.png 300w, https:\/\/botschafter-menschenrechte.de\/wp-content\/uploads\/2026\/01\/cropped-Pater-Alberto-Reyes-copy-150x150.png 150w\" sizes=\"auto, (max-width: 626px) 100vw, 626px\" \/>\r\n                      <div class=\"h-image__frame h-hide-lg h-hide-md h-hide-sm style-2160-frameImage style-local-331-c34-frameImage\"><\/div>\r\n                    <\/div>\r\n                  <\/div>\r\n                <\/div>\r\n              <\/div>\r\n            <\/div>\r\n          <\/div>\r\n          <div class=\"h-column h-column-container d-flex h-col-lg-auto h-col-md-auto h-col-auto style-2159-outer style-local-331-c35-outer\">\r\n            <div data-colibri-id=\"331-c35\" class=\"d-flex h-flex-basis h-column__inner h-px-lg-2 h-px-md-2 h-px-2 v-inner-lg-2 v-inner-md-2 v-inner-2 style-2159 style-local-331-c35 position-relative\">\r\n              <!---->\r\n              <!---->\r\n              <div class=\"w-100 h-y-container h-column__content h-column__v-align flex-basis-100 align-self-lg-center align-self-md-center align-self-center\">\r\n                <!---->\r\n                <div data-colibri-id=\"331-c36\" class=\"h-x-container style-2161 style-local-331-c36 position-relative h-element\">\r\n                  <!---->\r\n                  <div class=\"h-x-container-inner style-dynamic-331-c36-group style-2161-spacing style-local-331-c36-spacing\"><span class=\"h-link__outer style-2162-outer style-local-331-c37-outer d-inline-flex h-element\"><a h-use-smooth-scroll=\"true\" href=\"https:\/\/botschafter-menschenrechte.de\/?cat=17\"  data-colibri-id=\"331-c37\" class=\"d-flex w-100 align-items-center h-link style-2162 style-local-331-c37 position-relative\"><!----><!----> <span>KUBA<\/span><\/a>\r\n                    <\/span>\r\n                  <\/div>\r\n                <\/div>\r\n                <div data-colibri-id=\"331-c38\" class=\"h-global-transition-all h-heading style-2163 style-local-331-c38 position-relative h-element\">\r\n                  <!---->\r\n                  <div class=\"h-heading__outer style-2163 style-local-331-c38\">\r\n                    <!---->\r\n                    <!---->\r\n                    <h2 class=\"\">Alberto Reyes:\r\n                      <br>Die unerschrockene Stimme<\/h2>\r\n                  <\/div>\r\n                <\/div>\r\n                <div data-colibri-id=\"331-c39\" class=\"h-text h-text-component style-2164 style-local-331-c39 position-relative h-element\">\r\n                  <!---->\r\n                  <!---->\r\n                  <div class=\"\">\r\n                    <p><strong>Ein kubanischer Priester zwischen Kanzel, Dissens und auferlegtem Schweigen<\/strong><\/p>\r\n                  <\/div>\r\n                <\/div>\r\n                <div data-colibri-id=\"331-c40\" class=\"h-x-container style-2165 style-local-331-c40 position-relative h-element\">\r\n                  <!---->\r\n                  <div class=\"h-x-container-inner style-dynamic-331-c40-group style-2165-spacing style-local-331-c40-spacing\"><span class=\"h-button__outer style-2166-outer style-local-331-c41-outer d-inline-flex h-element\"><a h-use-smooth-scroll=\"true\" href=\"https:\/\/botschafter-menschenrechte.de\/?p=3774\"  data-colibri-id=\"331-c41\" class=\"d-flex w-100 align-items-center h-button justify-content-lg-center justify-content-md-center justify-content-center style-2166 style-local-331-c41 position-relative\"><!----><!----> <span>ZUM BEITRAG<\/span><\/a>\r\n                    <\/span>\r\n                  <\/div>\r\n                <\/div>\r\n              <\/div>\r\n            <\/div>\r\n          <\/div>\r\n        <\/div>\r\n      <\/div>\r\n    <\/div>\r\n  <\/div>\r\n  <div data-colibri-component=\"section\" data-colibri-id=\"331-c42\" id=\"custom-119\" class=\"h-section h-section-global-spacing d-flex align-items-lg-center align-items-md-center align-items-center style-2144 style-local-331-c42 position-relative\">\r\n    <!---->\r\n    <!---->\r\n    <div class=\"h-section-grid-container h-section-boxed-container\">\r\n      <!---->\r\n      <div data-colibri-id=\"331-c43\" class=\"h-row-container gutters-row-lg-2 gutters-row-md-2 gutters-row-0 gutters-row-v-lg-2 gutters-row-v-md-2 gutters-row-v-2 style-2145 style-local-331-c43 position-relative\">\r\n        <!---->\r\n        <div class=\"h-row justify-content-lg-center justify-content-md-center justify-content-center align-items-lg-stretch align-items-md-stretch align-items-stretch gutters-col-lg-2 gutters-col-md-2 gutters-col-0 gutters-col-v-lg-2 gutters-col-v-md-2 gutters-col-v-2\">\r\n          <!---->\r\n          <div class=\"h-column h-column-container d-flex h-col-lg-auto h-col-md-auto h-col-auto style-2146-outer style-local-331-c44-outer\">\r\n            <div data-colibri-id=\"331-c44\" class=\"d-flex h-flex-basis h-column__inner h-px-lg-2 h-px-md-2 h-px-2 v-inner-lg-2 v-inner-md-2 v-inner-2 style-2146 style-local-331-c44 position-relative\">\r\n              <!---->\r\n              <!---->\r\n              <div class=\"w-100 h-y-container h-column__content h-column__v-align flex-basis-100 align-self-lg-center align-self-md-center align-self-center\">\r\n                <!---->\r\n                <div data-colibri-id=\"331-c45\" class=\"d-block style-2148 style-local-331-c45 position-relative h-element\">\r\n                  <!---->\r\n                  <div class=\"h-image__frame-container-outer\">\r\n                    <div class=\"h-image__frame-container\">\r\n                      <!---->\r\n                      <!---->\r\n                      <img loading=\"lazy\" decoding=\"async\" width=\"800\" height=\"400\" src=\"http:\/\/botschafter-menschenrechte.de\/wp-content\/uploads\/2026\/01\/cropped-Kuba.jpg\" class=\"wp-image-3765 style-2148-image style-local-331-c45-image\" alt=\"\" srcset=\"https:\/\/botschafter-menschenrechte.de\/wp-content\/uploads\/2026\/01\/cropped-Kuba.jpg 800w, https:\/\/botschafter-menschenrechte.de\/wp-content\/uploads\/2026\/01\/cropped-Kuba-300x150.jpg 300w, https:\/\/botschafter-menschenrechte.de\/wp-content\/uploads\/2026\/01\/cropped-Kuba-768x384.jpg 768w\" sizes=\"auto, (max-width: 800px) 100vw, 800px\" \/>\r\n                      <div class=\"h-image__frame h-hide-lg h-hide-md h-hide-sm style-2148-frameImage style-local-331-c45-frameImage\"><\/div>\r\n                    <\/div>\r\n                  <\/div>\r\n                <\/div>\r\n              <\/div>\r\n            <\/div>\r\n          <\/div>\r\n          <div class=\"h-column h-column-container d-flex h-col-lg-auto h-col-md-auto h-col-auto style-2147-outer style-local-331-c46-outer\">\r\n            <div data-colibri-id=\"331-c46\" class=\"d-flex h-flex-basis h-column__inner h-px-lg-2 h-px-md-2 h-px-2 v-inner-lg-2 v-inner-md-2 v-inner-2 style-2147 style-local-331-c46 position-relative\">\r\n              <!---->\r\n              <!---->\r\n              <div class=\"w-100 h-y-container h-column__content h-column__v-align flex-basis-100 align-self-lg-center align-self-md-center align-self-center\">\r\n                <!---->\r\n                <div data-colibri-id=\"331-c47\" class=\"h-x-container style-2149 style-local-331-c47 position-relative h-element\">\r\n                  <!---->\r\n                  <div class=\"h-x-container-inner style-dynamic-331-c47-group style-2149-spacing style-local-331-c47-spacing\"><span class=\"h-link__outer style-2150-outer style-local-331-c48-outer d-inline-flex h-element\"><a h-use-smooth-scroll=\"true\" href=\"https:\/\/botschafter-menschenrechte.de\/?cat=17\"  data-colibri-id=\"331-c48\" class=\"d-flex w-100 align-items-center h-link style-2150 style-local-331-c48 position-relative\"><!----><!----> <span>KUBA<\/span><\/a>\r\n                    <\/span>\r\n                  <\/div>\r\n                <\/div>\r\n                <div data-colibri-id=\"331-c49\" class=\"h-global-transition-all h-heading style-2155 style-local-331-c49 position-relative h-element\">\r\n                  <!---->\r\n                  <div class=\"h-heading__outer style-2155 style-local-331-c49\">\r\n                    <!---->\r\n                    <!---->\r\n                    <h4 class=\"\">Drogenkonsum unter jungen Kubanern:<\/h4>\r\n                  <\/div>\r\n                <\/div>\r\n                <div data-colibri-id=\"331-c50\" class=\"h-global-transition-all h-heading style-2151 style-local-331-c50 position-relative h-element\">\r\n                  <!---->\r\n                  <div class=\"h-heading__outer style-2151 style-local-331-c50\">\r\n                    <!---->\r\n                    <!---->\r\n                    <h2 class=\"\">Das offizielle Schweigen und die erdr\u00fcckende Realit\u00e4t<\/h2>\r\n                  <\/div>\r\n                <\/div>\r\n                <div data-colibri-id=\"331-c51\" class=\"h-text h-text-component style-2152 style-local-331-c51 position-relative h-element\">\r\n                  <!---->\r\n                  <!---->\r\n                  <div class=\"\">\r\n                    <p>Seit dem Sieg der kubanischen Revolution im Januar 1959 vermittelt Kubas F\u00fchrung der internationalen Gemeinschaft das Bild eines \u201egepanzerten Paradieses\u201c im Kampf gegen die Drogen, gest\u00fctzt auf eine strenge soziale Kontrolle, die sich\r\n                      auf ein staatliches \u00dcberwachungssystem st\u00fctzt, in das die verschiedenen Organe des kubanischen Innenministeriums (MNINT) und die kommunistischen Massenorganisationen, die den revolution\u00e4ren Prozess unterst\u00fctzen, eingebunden sind.\r\n                      <\/p>\r\n                  <\/div>\r\n                <\/div>\r\n                <div data-colibri-id=\"331-c52\" class=\"h-x-container style-2153 style-local-331-c52 position-relative h-element\">\r\n                  <!---->\r\n                  <div class=\"h-x-container-inner style-dynamic-331-c52-group style-2153-spacing style-local-331-c52-spacing\"><span class=\"h-button__outer style-2154-outer style-local-331-c53-outer d-inline-flex h-element\"><a h-use-smooth-scroll=\"true\" href=\"https:\/\/botschafter-menschenrechte.de\/?p=3759\"  data-colibri-id=\"331-c53\" class=\"d-flex w-100 align-items-center h-button justify-content-lg-center justify-content-md-center justify-content-center style-2154 style-local-331-c53 position-relative\"><!----><!----> <span>WEITERLESEN<\/span><\/a>\r\n                    <\/span>\r\n                  <\/div>\r\n                <\/div>\r\n              <\/div>\r\n            <\/div>\r\n          <\/div>\r\n        <\/div>\r\n      <\/div>\r\n    <\/div>\r\n  <\/div>\r\n  <div data-colibri-component=\"section\" data-colibri-id=\"331-c54\" id=\"custom-118\" class=\"h-section h-section-global-spacing d-flex align-items-lg-center align-items-md-center align-items-center style-2133 style-local-331-c54 position-relative\">\r\n    <!---->\r\n    <!---->\r\n    <div class=\"h-section-grid-container h-section-boxed-container\">\r\n      <!---->\r\n      <div data-colibri-id=\"331-c55\" class=\"h-row-container gutters-row-lg-2 gutters-row-md-2 gutters-row-0 gutters-row-v-lg-2 gutters-row-v-md-2 gutters-row-v-2 style-2134 style-local-331-c55 position-relative\">\r\n        <!---->\r\n        <div class=\"h-row justify-content-lg-center justify-content-md-center justify-content-center align-items-lg-stretch align-items-md-stretch align-items-stretch gutters-col-lg-2 gutters-col-md-2 gutters-col-0 gutters-col-v-lg-2 gutters-col-v-md-2 gutters-col-v-2\">\r\n          <!---->\r\n          <div class=\"h-column h-column-container d-flex h-col-lg-auto h-col-md-auto h-col-auto style-2135-outer style-local-331-c56-outer\">\r\n            <div data-colibri-id=\"331-c56\" class=\"d-flex h-flex-basis h-column__inner h-px-lg-2 h-px-md-2 h-px-2 v-inner-lg-2 v-inner-md-2 v-inner-2 style-2135 style-local-331-c56 position-relative\">\r\n              <!---->\r\n              <!---->\r\n              <div class=\"w-100 h-y-container h-column__content h-column__v-align flex-basis-100 align-self-lg-center align-self-md-center align-self-center\">\r\n                <!---->\r\n                <div data-colibri-id=\"331-c57\" class=\"d-block style-2143 style-local-331-c57 position-relative h-element\">\r\n                  <!---->\r\n                  <div class=\"h-image__frame-container-outer\">\r\n                    <div class=\"h-image__frame-container\">\r\n                      <!---->\r\n                      <!---->\r\n                      <img loading=\"lazy\" decoding=\"async\" width=\"648\" height=\"648\" src=\"http:\/\/botschafter-menschenrechte.de\/wp-content\/uploads\/2025\/11\/cropped-Diana-Mendiluza_-002.jpg\" class=\"wp-image-3743 style-2143-image style-local-331-c57-image\" alt=\"\" srcset=\"https:\/\/botschafter-menschenrechte.de\/wp-content\/uploads\/2025\/11\/cropped-Diana-Mendiluza_-002.jpg 648w, https:\/\/botschafter-menschenrechte.de\/wp-content\/uploads\/2025\/11\/cropped-Diana-Mendiluza_-002-300x300.jpg 300w, https:\/\/botschafter-menschenrechte.de\/wp-content\/uploads\/2025\/11\/cropped-Diana-Mendiluza_-002-150x150.jpg 150w\" sizes=\"auto, (max-width: 648px) 100vw, 648px\" \/>\r\n                      <div class=\"h-image__frame h-hide-lg h-hide-md h-hide-sm style-2143-frameImage style-local-331-c57-frameImage\"><\/div>\r\n                    <\/div>\r\n                  <\/div>\r\n                <\/div>\r\n              <\/div>\r\n            <\/div>\r\n          <\/div>\r\n          <div class=\"h-column h-column-container d-flex h-col-lg-auto h-col-md-auto h-col-auto style-2136-outer style-local-331-c58-outer\">\r\n            <div data-colibri-id=\"331-c58\" class=\"d-flex h-flex-basis h-column__inner h-px-lg-2 h-px-md-2 h-px-2 v-inner-lg-2 v-inner-md-2 v-inner-2 style-2136 style-local-331-c58 position-relative\">\r\n              <!---->\r\n              <!---->\r\n              <div class=\"w-100 h-y-container h-column__content h-column__v-align flex-basis-100 align-self-lg-center align-self-md-center align-self-center\">\r\n                <!---->\r\n                <div data-colibri-id=\"331-c59\" class=\"h-x-container style-2137 style-local-331-c59 position-relative h-element\">\r\n                  <!---->\r\n                  <div class=\"h-x-container-inner style-dynamic-331-c59-group style-2137-spacing style-local-331-c59-spacing\"><span class=\"h-link__outer style-2138-outer style-local-331-c60-outer d-inline-flex h-element\"><a h-use-smooth-scroll=\"true\" href=\"https:\/\/botschafter-menschenrechte.de\/?cat=17\"  data-colibri-id=\"331-c60\" class=\"d-flex w-100 align-items-center h-link style-2138 style-local-331-c60 position-relative\"><!----><!----> <span>KUBA<\/span><\/a>\r\n                    <\/span>\r\n                  <\/div>\r\n                <\/div>\r\n                <div data-colibri-id=\"331-c61\" class=\"h-global-transition-all h-heading style-2139 style-local-331-c61 position-relative h-element\">\r\n                  <!---->\r\n                  <div class=\"h-heading__outer style-2139 style-local-331-c61\">\r\n                    <!---->\r\n                    <!---->\r\n                    <h1 class=\"\">\u201eGewalt gegen Frauen ist auf Kuba allt\u00e4gliche Realit\u00e4t!\u201c<\/h1>\r\n                  <\/div>\r\n                <\/div>\r\n                <div data-colibri-id=\"331-c62\" class=\"h-text h-text-component style-2140 style-local-331-c62 position-relative h-element\">\r\n                  <!---->\r\n                  <!---->\r\n                  <div class=\"\">\r\n                    <p><span style=\"font-size: inherit;\">Die tats\u00e4chliche Macht in Kuba konzentriert sich auf einen kleinen und geheimnisvollen Kern: das Politb\u00fcro der Kommunistischen Partei, das Oberkommando der Revolution\u00e4ren Streitkr\u00e4fte (MINFAR) und den milit\u00e4rischen Wirtschaftskonzern GAESA.<\/span>\r\n                      <br>\r\n                      <br><strong><u>Interview mir Professorin Diana Mendiluza D\u00edaz<\/u><\/strong>\r\n                      <br>\r\n                    <\/p>\r\n                  <\/div>\r\n                <\/div>\r\n                <div data-colibri-id=\"331-c63\" class=\"h-x-container style-2141 style-local-331-c63 position-relative h-element\">\r\n                  <!---->\r\n                  <div class=\"h-x-container-inner style-dynamic-331-c63-group style-2141-spacing style-local-331-c63-spacing\"><span class=\"h-button__outer style-2142-outer style-local-331-c64-outer d-inline-flex h-element\"><a h-use-smooth-scroll=\"true\" href=\"https:\/\/botschafter-menschenrechte.de\/?p=3735\"  data-colibri-id=\"331-c64\" class=\"d-flex w-100 align-items-center h-button justify-content-lg-center justify-content-md-center justify-content-center style-2142 style-local-331-c64 position-relative\"><!----><!----> <span>Zum Interview<\/span><\/a>\r\n                    <\/span>\r\n                  <\/div>\r\n                <\/div>\r\n              <\/div>\r\n            <\/div>\r\n          <\/div>\r\n        <\/div>\r\n      <\/div>\r\n    <\/div>\r\n  <\/div>\r\n  <div data-colibri-component=\"section\" data-colibri-id=\"331-c65\" id=\"custom-117\" class=\"h-section h-section-global-spacing d-flex align-items-lg-center align-items-md-center align-items-center style-2121 style-local-331-c65 position-relative\">\r\n    <!---->\r\n    <!---->\r\n    <div class=\"h-section-grid-container h-section-boxed-container\">\r\n      <!---->\r\n      <div data-colibri-id=\"331-c66\" class=\"h-row-container gutters-row-lg-2 gutters-row-md-2 gutters-row-0 gutters-row-v-lg-2 gutters-row-v-md-2 gutters-row-v-2 style-2122 style-local-331-c66 position-relative\">\r\n        <!---->\r\n        <div class=\"h-row justify-content-lg-center justify-content-md-center justify-content-center align-items-lg-stretch align-items-md-stretch align-items-stretch gutters-col-lg-2 gutters-col-md-2 gutters-col-0 gutters-col-v-lg-2 gutters-col-v-md-2 gutters-col-v-2\">\r\n          <!---->\r\n          <div class=\"h-column h-column-container d-flex h-col-lg-auto h-col-md-auto h-col-auto style-2124-outer style-local-331-c67-outer\">\r\n            <div data-colibri-id=\"331-c67\" class=\"d-flex h-flex-basis h-column__inner h-px-lg-2 h-px-md-2 h-px-2 v-inner-lg-2 v-inner-md-2 v-inner-2 style-2124 style-local-331-c67 position-relative\">\r\n              <!---->\r\n              <!---->\r\n              <div class=\"w-100 h-y-container h-column__content h-column__v-align flex-basis-100 align-self-lg-center align-self-md-center align-self-center\">\r\n                <!---->\r\n                <div data-colibri-id=\"331-c68\" class=\"d-block style-2132 style-local-331-c68 position-relative h-element\">\r\n                  <!---->\r\n                  <div class=\"h-image__frame-container-outer\">\r\n                    <div class=\"h-image__frame-container\">\r\n                      <!---->\r\n                      <!---->\r\n                      <img loading=\"lazy\" decoding=\"async\" width=\"408\" height=\"230\" src=\"http:\/\/botschafter-menschenrechte.de\/wp-content\/uploads\/2025\/09\/cropped-cropped-image-1.png\" class=\"wp-image-3717 style-2132-image style-local-331-c68-image\" alt=\"\" srcset=\"https:\/\/botschafter-menschenrechte.de\/wp-content\/uploads\/2025\/09\/cropped-cropped-image-1.png 408w, https:\/\/botschafter-menschenrechte.de\/wp-content\/uploads\/2025\/09\/cropped-cropped-image-1-300x169.png 300w\" sizes=\"auto, (max-width: 408px) 100vw, 408px\" \/>\r\n                      <div class=\"h-image__frame h-hide-lg h-hide-md h-hide-sm style-2132-frameImage style-local-331-c68-frameImage\"><\/div>\r\n                    <\/div>\r\n                  <\/div>\r\n                <\/div>\r\n                <div data-colibri-id=\"331-c69\" class=\"h-x-container style-2125 style-local-331-c69 position-relative h-element\">\r\n                  <!---->\r\n                  <div class=\"h-x-container-inner style-dynamic-331-c69-group style-2125-spacing style-local-331-c69-spacing\"><span class=\"h-link__outer style-2126-outer style-local-331-c70-outer d-inline-flex h-element\"><a h-use-smooth-scroll=\"true\" href=\"https:\/\/botschafter-menschenrechte.de\/?cat=17\"  data-colibri-id=\"331-c70\" class=\"d-flex w-100 align-items-center h-link style-2126 style-local-331-c70 position-relative\"><!----><!----> <span>KUBA<\/span><\/a>\r\n                    <\/span>\r\n                  <\/div>\r\n                <\/div>\r\n                <div data-colibri-id=\"331-c71\" class=\"h-global-transition-all h-heading style-2127 style-local-331-c71 position-relative h-element\">\r\n                  <!---->\r\n                  <div class=\"h-heading__outer style-2127 style-local-331-c71\">\r\n                    <!---->\r\n                    <!---->\r\n                    <h1 class=\"\">Kuba und der Internationale Tag zur Beseitigung von Gewalt gegen Frauen2025<\/h1>\r\n                  <\/div>\r\n                <\/div>\r\n                <div data-colibri-id=\"331-c72\" class=\"h-text h-text-component style-2128 style-local-331-c72 position-relative h-element\">\r\n                  <!---->\r\n                  <!---->\r\n                  <div class=\"\">\r\n                    <p><em>Zum Internationalen Tag zur Beseitigung von Gewalt an (International Day for the Elimination of Violence against Women) ver\u00f6ffentlich Botschafter f\u00fcr Menschenrechte eine Reihe von Beitr\u00e4gen und Interviews zur Gewalt gegen kubanische Frauen.<\/em><\/p>\r\n                  <\/div>\r\n                <\/div>\r\n                <div data-colibri-id=\"331-c73\" class=\"h-x-container style-2129 style-local-331-c73 position-relative h-element\">\r\n                  <!---->\r\n                  <div class=\"h-x-container-inner style-dynamic-331-c73-group style-2129-spacing style-local-331-c73-spacing\"><span class=\"h-button__outer style-2130-outer style-local-331-c74-outer d-inline-flex h-element\"><a h-use-smooth-scroll=\"true\" href=\"https:\/\/botschafter-menschenrechte.de\/?p=3700\"  data-colibri-id=\"331-c74\" class=\"d-flex w-100 align-items-center h-button justify-content-lg-center justify-content-md-center justify-content-center style-2130 style-local-331-c74 position-relative\"><!----><!----> <span>ZUM BEITRAG<\/span><\/a>\r\n                    <\/span>\r\n                  <\/div>\r\n                <\/div>\r\n              <\/div>\r\n            <\/div>\r\n          <\/div>\r\n        <\/div>\r\n      <\/div>\r\n    <\/div>\r\n  <\/div>\r\n  <div data-colibri-component=\"section\" data-colibri-id=\"331-c75\" id=\"custom-116\" class=\"h-section h-section-global-spacing d-flex align-items-lg-center align-items-md-center align-items-center style-2116 style-local-331-c75 position-relative\">\r\n    <!---->\r\n    <!---->\r\n    <div class=\"h-section-grid-container h-section-boxed-container\">\r\n      <!---->\r\n      <div data-colibri-id=\"331-c76\" class=\"h-row-container gutters-row-lg-2 gutters-row-md-2 gutters-row-0 gutters-row-v-lg-2 gutters-row-v-md-2 gutters-row-v-2 style-2117 style-local-331-c76 position-relative\">\r\n        <!---->\r\n        <div class=\"h-row justify-content-lg-center justify-content-md-center justify-content-center align-items-lg-stretch align-items-md-stretch align-items-stretch gutters-col-lg-2 gutters-col-md-2 gutters-col-0 gutters-col-v-lg-2 gutters-col-v-md-2 gutters-col-v-2\">\r\n          <!---->\r\n          <div class=\"h-column h-column-container d-flex h-col-lg-auto h-col-md-auto h-col-auto style-2118-outer style-local-331-c77-outer\">\r\n            <div data-colibri-id=\"331-c77\" class=\"d-flex h-flex-basis h-column__inner h-px-lg-2 h-px-md-2 h-px-2 v-inner-lg-2 v-inner-md-2 v-inner-2 style-2118 style-local-331-c77 position-relative\">\r\n              <!---->\r\n              <!---->\r\n              <div class=\"w-100 h-y-container h-column__content h-column__v-align flex-basis-100 align-self-lg-start align-self-md-start align-self-start\">\r\n                <!---->\r\n                <div data-colibri-id=\"331-c78\" class=\"d-block style-2120 style-local-331-c78 position-relative h-element\">\r\n                  <!---->\r\n                  <div class=\"h-image__frame-container-outer\">\r\n                    <div class=\"h-image__frame-container\">\r\n                      <!---->\r\n                      <!---->\r\n                      <img loading=\"lazy\" decoding=\"async\" width=\"2560\" height=\"1808\" src=\"http:\/\/botschafter-menschenrechte.de\/wp-content\/uploads\/2025\/08\/cropped-Gaeza-Poster-scaled-1.jpg\" class=\"wp-image-3688 style-2120-image style-local-331-c78-image\" alt=\"\" srcset=\"https:\/\/botschafter-menschenrechte.de\/wp-content\/uploads\/2025\/08\/cropped-Gaeza-Poster-scaled-1.jpg 2560w, https:\/\/botschafter-menschenrechte.de\/wp-content\/uploads\/2025\/08\/cropped-Gaeza-Poster-scaled-1-300x212.jpg 300w, https:\/\/botschafter-menschenrechte.de\/wp-content\/uploads\/2025\/08\/cropped-Gaeza-Poster-scaled-1-1024x723.jpg 1024w, https:\/\/botschafter-menschenrechte.de\/wp-content\/uploads\/2025\/08\/cropped-Gaeza-Poster-scaled-1-768x542.jpg 768w, https:\/\/botschafter-menschenrechte.de\/wp-content\/uploads\/2025\/08\/cropped-Gaeza-Poster-scaled-1-1536x1085.jpg 1536w, https:\/\/botschafter-menschenrechte.de\/wp-content\/uploads\/2025\/08\/cropped-Gaeza-Poster-scaled-1-2048x1446.jpg 2048w\" sizes=\"auto, (max-width: 2560px) 100vw, 2560px\" \/>\r\n                      <div class=\"h-image__frame h-hide-lg h-hide-md h-hide-sm style-2120-frameImage style-local-331-c78-frameImage\"><\/div>\r\n                    <\/div>\r\n                  <\/div>\r\n                <\/div>\r\n              <\/div>\r\n            <\/div>\r\n          <\/div>\r\n        <\/div>\r\n      <\/div>\r\n    <\/div>\r\n  <\/div>\r\n  <div data-colibri-component=\"section\" data-colibri-id=\"331-c79\" id=\"custom-115\" class=\"h-section h-section-global-spacing d-flex align-items-lg-center align-items-md-center align-items-center style-2104 style-local-331-c79 position-relative\">\r\n    <!---->\r\n    <!---->\r\n    <div class=\"h-section-grid-container h-section-boxed-container\">\r\n      <!---->\r\n      <div data-colibri-id=\"331-c80\" class=\"h-row-container gutters-row-lg-2 gutters-row-md-2 gutters-row-0 gutters-row-v-lg-2 gutters-row-v-md-2 gutters-row-v-2 style-2105 style-local-331-c80 position-relative\">\r\n        <!---->\r\n        <div class=\"h-row justify-content-lg-center justify-content-md-center justify-content-center align-items-lg-stretch align-items-md-stretch align-items-stretch gutters-col-lg-2 gutters-col-md-2 gutters-col-0 gutters-col-v-lg-2 gutters-col-v-md-2 gutters-col-v-2\">\r\n          <!---->\r\n          <div class=\"h-column h-column-container d-flex h-col-lg-auto h-col-md-auto h-col-auto style-2106-outer style-local-331-c81-outer\">\r\n            <div data-colibri-id=\"331-c81\" class=\"d-flex h-flex-basis h-column__inner h-px-lg-2 h-px-md-2 h-px-2 v-inner-lg-2 v-inner-md-2 v-inner-2 style-2106 style-local-331-c81 position-relative\">\r\n              <!---->\r\n              <!---->\r\n              <div class=\"w-100 h-y-container h-column__content h-column__v-align flex-basis-100 align-self-lg-center align-self-md-center align-self-center\">\r\n                <!---->\r\n                <div data-colibri-id=\"331-c82\" class=\"d-block style-2113 style-local-331-c82 position-relative h-element\">\r\n                  <!---->\r\n                  <div class=\"h-image__frame-container-outer\">\r\n                    <div class=\"h-image__frame-container\">\r\n                      <!---->\r\n                      <!---->\r\n                      <img loading=\"lazy\" decoding=\"async\" width=\"594\" height=\"784\" src=\"http:\/\/botschafter-menschenrechte.de\/wp-content\/uploads\/2025\/08\/cropped-Maria-Cristina-Garrido.jpg\" class=\"wp-image-3654 style-2113-image style-local-331-c82-image\" alt=\"\" srcset=\"https:\/\/botschafter-menschenrechte.de\/wp-content\/uploads\/2025\/08\/cropped-Maria-Cristina-Garrido.jpg 594w, https:\/\/botschafter-menschenrechte.de\/wp-content\/uploads\/2025\/08\/cropped-Maria-Cristina-Garrido-227x300.jpg 227w\" sizes=\"auto, (max-width: 594px) 100vw, 594px\" \/>\r\n                      <div class=\"h-image__frame h-hide-lg h-hide-md h-hide-sm style-2113-frameImage style-local-331-c82-frameImage\"><\/div>\r\n                    <\/div>\r\n                  <\/div>\r\n                <\/div>\r\n              <\/div>\r\n            <\/div>\r\n          <\/div>\r\n          <div class=\"h-column h-column-container d-flex h-col-lg-auto h-col-md-auto h-col-auto style-2107-outer style-local-331-c83-outer\">\r\n            <div data-colibri-id=\"331-c83\" class=\"d-flex h-flex-basis h-column__inner h-px-lg-2 h-px-md-2 h-px-2 v-inner-lg-2 v-inner-md-2 v-inner-2 style-2107 style-local-331-c83 position-relative\">\r\n              <!---->\r\n              <!---->\r\n              <div class=\"w-100 h-y-container h-column__content h-column__v-align flex-basis-100 align-self-lg-center align-self-md-center align-self-center\">\r\n                <!---->\r\n                <div data-colibri-id=\"331-c84\" class=\"h-x-container style-2108 style-local-331-c84 position-relative h-element\">\r\n                  <!---->\r\n                  <div class=\"h-x-container-inner style-dynamic-331-c84-group style-2108-spacing style-local-331-c84-spacing\"><span class=\"h-link__outer style-2109-outer style-local-331-c85-outer d-inline-flex h-element\"><a h-use-smooth-scroll=\"true\" href=\"https:\/\/botschafter-menschenrechte.de\/?cat=17\"  data-colibri-id=\"331-c85\" class=\"d-flex w-100 align-items-center h-link style-2109 style-local-331-c85 position-relative\"><!----><!----> <span>KUBA<\/span><\/a>\r\n                    <\/span>\r\n                  <\/div>\r\n                <\/div>\r\n                <div data-colibri-id=\"331-c86\" class=\"h-text h-text-component style-2114 style-local-331-c86 position-relative h-element\">\r\n                  <!---->\r\n                  <!---->\r\n                  <div class=\"\">\r\n                    <p><strong>Mutter, Gefangene, Schriftstellerin, B\u00fcrgerrechtlerin:<\/strong><\/p>\r\n                  <\/div>\r\n                <\/div>\r\n                <div data-colibri-id=\"331-c87\" class=\"h-global-transition-all h-heading style-2110 style-local-331-c87 position-relative h-element\">\r\n                  <!---->\r\n                  <div class=\"h-heading__outer style-2110 style-local-331-c87\">\r\n                    <!---->\r\n                    <!---->\r\n                    <h3 class=\"\">Mar\u00eda Cristina Garrido<\/h3>\r\n                  <\/div>\r\n                <\/div>\r\n                <div data-colibri-id=\"331-c88\" class=\"h-text h-text-component style-2115 style-local-331-c88 position-relative h-element\">\r\n                  <!---->\r\n                  <!---->\r\n                  <div class=\"\">\r\n                    <p><span style=\"font-weight: 400; font-size: 16px; font-family: &quot;Open Sans&quot;; color: rgb(37, 41, 42);\">Botschafter f\u00fcr Menschenrechte fordert die sofortige Freilassung der inhaftierten Schriftstellerin&nbsp;<\/span><strong style=\"font-size: 16px; font-family: &quot;Open Sans&quot;; color: rgb(37, 41, 42);\">Mar\u00eda Cristina Garrido Rodr\u00edguez<\/strong>\r\n                      <span\r\n                        style=\"font-size: 16px; font-family: &quot;Open Sans&quot;; color: rgb(37, 41, 42); font-weight: 400;\">. Die junge Mutter, Dichterin und Freiheitsk\u00e4mpferin Mar\u00eda Cristina Garrido, 1982, Quivic\u00e1n, Provinz Mayabeque, verb\u00fc\u00dft derzeit eine ungerechtfertigte siebenj\u00e4hrige Haftstrafe unter erb\u00e4rmlichen Bedingungen im Frauengef\u00e4ngnis von\r\n                        Guatao, Gemeinde La Lisa, Provinz Havanna.<\/span>\r\n                    <\/p>\r\n                  <\/div>\r\n                <\/div>\r\n                <div data-colibri-id=\"331-c89\" class=\"h-x-container style-2111 style-local-331-c89 position-relative h-element\">\r\n                  <!---->\r\n                  <div class=\"h-x-container-inner style-dynamic-331-c89-group style-2111-spacing style-local-331-c89-spacing\"><span class=\"h-button__outer style-2112-outer style-local-331-c90-outer d-inline-flex h-element\"><a h-use-smooth-scroll=\"true\" href=\"https:\/\/botschafter-menschenrechte.de\/?p=3650\"  data-colibri-id=\"331-c90\" class=\"d-flex w-100 align-items-center h-button justify-content-lg-center justify-content-md-center justify-content-center style-2112 style-local-331-c90 position-relative\"><!----><!----> <span>ZUM BEITRAG<\/span><\/a>\r\n                    <\/span>\r\n                  <\/div>\r\n                <\/div>\r\n              <\/div>\r\n            <\/div>\r\n          <\/div>\r\n        <\/div>\r\n      <\/div>\r\n    <\/div>\r\n  <\/div>\r\n  <div data-colibri-component=\"section\" data-colibri-id=\"331-c91\" id=\"custom-114\" class=\"h-section h-section-global-spacing d-flex align-items-lg-center align-items-md-center align-items-center style-2092 style-local-331-c91 position-relative\">\r\n    <!---->\r\n    <!---->\r\n    <div class=\"h-section-grid-container h-section-boxed-container\">\r\n      <!---->\r\n      <div data-colibri-id=\"331-c92\" class=\"h-row-container gutters-row-lg-2 gutters-row-md-2 gutters-row-0 gutters-row-v-lg-2 gutters-row-v-md-2 gutters-row-v-2 style-2093 style-local-331-c92 position-relative\">\r\n        <!---->\r\n        <div class=\"h-row justify-content-lg-center justify-content-md-center justify-content-center align-items-lg-stretch align-items-md-stretch align-items-stretch gutters-col-lg-2 gutters-col-md-2 gutters-col-0 gutters-col-v-lg-2 gutters-col-v-md-2 gutters-col-v-2\">\r\n          <!---->\r\n          <div class=\"h-column h-column-container d-flex h-col-lg-auto h-col-md-auto h-col-auto style-2094-outer style-local-331-c93-outer\">\r\n            <div data-colibri-id=\"331-c93\" class=\"d-flex h-flex-basis h-column__inner h-px-lg-2 h-px-md-2 h-px-2 v-inner-lg-2 v-inner-md-2 v-inner-2 style-2094 style-local-331-c93 position-relative\">\r\n              <!---->\r\n              <!---->\r\n              <div class=\"w-100 h-y-container h-column__content h-column__v-align flex-basis-100 align-self-lg-center align-self-md-center align-self-center\">\r\n                <!---->\r\n                <div data-colibri-id=\"331-c94\" class=\"d-block style-2096 style-local-331-c94 position-relative h-element\">\r\n                  <!---->\r\n                  <div class=\"h-image__frame-container-outer\">\r\n                    <div class=\"h-image__frame-container\">\r\n                      <!---->\r\n                      <!---->\r\n                      <img loading=\"lazy\" decoding=\"async\" width=\"1069\" height=\"816\" src=\"http:\/\/botschafter-menschenrechte.de\/wp-content\/uploads\/2024\/11\/cropped-cropped-GaesaHeader-scaled-1.jpg\" class=\"wp-image-3628 style-2096-image style-local-331-c94-image\" alt=\"\" srcset=\"https:\/\/botschafter-menschenrechte.de\/wp-content\/uploads\/2024\/11\/cropped-cropped-GaesaHeader-scaled-1.jpg 1069w, https:\/\/botschafter-menschenrechte.de\/wp-content\/uploads\/2024\/11\/cropped-cropped-GaesaHeader-scaled-1-300x229.jpg 300w, https:\/\/botschafter-menschenrechte.de\/wp-content\/uploads\/2024\/11\/cropped-cropped-GaesaHeader-scaled-1-1024x782.jpg 1024w, https:\/\/botschafter-menschenrechte.de\/wp-content\/uploads\/2024\/11\/cropped-cropped-GaesaHeader-scaled-1-768x586.jpg 768w\" sizes=\"auto, (max-width: 1069px) 100vw, 1069px\" \/>\r\n                      <div class=\"h-image__frame h-hide-lg h-hide-md h-hide-sm style-2096-frameImage style-local-331-c94-frameImage\"><\/div>\r\n                    <\/div>\r\n                  <\/div>\r\n                <\/div>\r\n              <\/div>\r\n            <\/div>\r\n          <\/div>\r\n          <div class=\"h-column h-column-container d-flex h-col-lg-auto h-col-md-auto h-col-auto style-2095-outer style-local-331-c95-outer\">\r\n            <div data-colibri-id=\"331-c95\" class=\"d-flex h-flex-basis h-column__inner h-px-lg-2 h-px-md-2 h-px-2 v-inner-lg-2 v-inner-md-2 v-inner-2 style-2095 style-local-331-c95 position-relative\">\r\n              <!---->\r\n              <!---->\r\n              <div class=\"w-100 h-y-container h-column__content h-column__v-align flex-basis-100 align-self-lg-center align-self-md-center align-self-center\">\r\n                <!---->\r\n                <div data-colibri-id=\"331-c96\" class=\"h-x-container style-2097 style-local-331-c96 position-relative h-element\">\r\n                  <!---->\r\n                  <div class=\"h-x-container-inner style-dynamic-331-c96-group style-2097-spacing style-local-331-c96-spacing\"><span class=\"h-link__outer style-2098-outer style-local-331-c97-outer d-inline-flex h-element\"><a h-use-smooth-scroll=\"true\" href=\"https:\/\/botschafter-menschenrechte.de\/?cat=17\"  data-colibri-id=\"331-c97\" class=\"d-flex w-100 align-items-center h-link style-2098 style-local-331-c97 position-relative\"><!----><!----> <span>KUBA<\/span><\/a>\r\n                    <\/span>\r\n                  <\/div>\r\n                <\/div>\r\n                <div data-colibri-id=\"331-c98\" class=\"h-global-transition-all h-heading style-2099 style-local-331-c98 position-relative h-element\">\r\n                  <!---->\r\n                  <div class=\"h-heading__outer style-2099 style-local-331-c98\">\r\n                    <!---->\r\n                    <!---->\r\n                    <h4 class=\"\">Erkl\u00e4rung von Botschafter f\u00fcr Menschenrechte zum 11. Juli 2025:&nbsp;<\/h4>\r\n                  <\/div>\r\n                <\/div>\r\n                <div data-colibri-id=\"331-c99\" class=\"h-global-transition-all h-heading style-2103 style-local-331-c99 position-relative h-element\">\r\n                  <!---->\r\n                  <div class=\"h-heading__outer style-2103 style-local-331-c99\">\r\n                    <!---->\r\n                    <!---->\r\n                    <h3 class=\"\">Keine Alimentierung der Diktatur \u2013 EU muss PDCA-Abkommen beenden!<\/h3>\r\n                  <\/div>\r\n                <\/div>\r\n                <div data-colibri-id=\"331-c100\" class=\"h-x-container style-2100 style-local-331-c100 position-relative h-element\">\r\n                  <!---->\r\n                  <div class=\"h-x-container-inner style-dynamic-331-c100-group style-2100-spacing style-local-331-c100-spacing\"><span class=\"h-button__outer style-2101-outer style-local-331-c101-outer d-inline-flex h-element\"><a h-use-smooth-scroll=\"true\" href=\"https:\/\/botschafter-menschenrechte.de\/?p=3623\"  data-colibri-id=\"331-c101\" class=\"d-flex w-100 align-items-center h-button justify-content-lg-center justify-content-md-center justify-content-center style-2101 style-local-331-c101 position-relative\"><!----><!----> <span>Weiterlesen<\/span><\/a>\r\n                    <\/span>\r\n                  <\/div>\r\n                <\/div>\r\n              <\/div>\r\n            <\/div>\r\n          <\/div>\r\n        <\/div>\r\n      <\/div>\r\n    <\/div>\r\n  <\/div>\r\n  <div data-colibri-component=\"section\" data-colibri-id=\"331-c102\" id=\"custom-113\" class=\"h-section h-section-global-spacing d-flex align-items-lg-center align-items-md-center align-items-center style-2081 style-local-331-c102 position-relative\">\r\n    <!---->\r\n    <!---->\r\n    <div class=\"h-section-grid-container h-section-boxed-container\">\r\n      <!---->\r\n      <div data-colibri-id=\"331-c103\" class=\"h-row-container gutters-row-lg-2 gutters-row-md-2 gutters-row-0 gutters-row-v-lg-2 gutters-row-v-md-2 gutters-row-v-2 style-2082 style-local-331-c103 position-relative\">\r\n        <!---->\r\n        <div class=\"h-row justify-content-lg-center justify-content-md-center justify-content-center align-items-lg-stretch align-items-md-stretch align-items-stretch gutters-col-lg-2 gutters-col-md-2 gutters-col-0 gutters-col-v-lg-2 gutters-col-v-md-2 gutters-col-v-2\">\r\n          <!---->\r\n          <div class=\"h-column h-column-container d-flex h-col-lg-auto h-col-md-auto h-col-auto style-2083-outer style-local-331-c104-outer\">\r\n            <div data-colibri-id=\"331-c104\" class=\"d-flex h-flex-basis h-column__inner h-px-lg-2 h-px-md-2 h-px-2 v-inner-lg-2 v-inner-md-2 v-inner-2 style-2083 style-local-331-c104 position-relative\">\r\n              <!---->\r\n              <!---->\r\n              <div class=\"w-100 h-y-container h-column__content h-column__v-align flex-basis-100 align-self-lg-center align-self-md-center align-self-center\">\r\n                <!---->\r\n                <div data-colibri-id=\"331-c105\" class=\"d-block style-2085 style-local-331-c105 position-relative h-element\">\r\n                  <!---->\r\n                  <div class=\"h-image__frame-container-outer\">\r\n                    <div class=\"h-image__frame-container\">\r\n                      <!---->\r\n                      <!---->\r\n                      <img loading=\"lazy\" decoding=\"async\" width=\"2560\" height=\"1169\" src=\"http:\/\/botschafter-menschenrechte.de\/wp-content\/uploads\/2024\/04\/cropped-cropped-Screenshot-2024-04-11-at-19.22.14-e1751300699323-scaled-1.png\" class=\"wp-image-3606 style-2085-image style-local-331-c105-image\" alt=\"\" srcset=\"https:\/\/botschafter-menschenrechte.de\/wp-content\/uploads\/2024\/04\/cropped-cropped-Screenshot-2024-04-11-at-19.22.14-e1751300699323-scaled-1.png 2560w, https:\/\/botschafter-menschenrechte.de\/wp-content\/uploads\/2024\/04\/cropped-cropped-Screenshot-2024-04-11-at-19.22.14-e1751300699323-scaled-1-300x137.png 300w, https:\/\/botschafter-menschenrechte.de\/wp-content\/uploads\/2024\/04\/cropped-cropped-Screenshot-2024-04-11-at-19.22.14-e1751300699323-scaled-1-1024x468.png 1024w, https:\/\/botschafter-menschenrechte.de\/wp-content\/uploads\/2024\/04\/cropped-cropped-Screenshot-2024-04-11-at-19.22.14-e1751300699323-scaled-1-768x351.png 768w, https:\/\/botschafter-menschenrechte.de\/wp-content\/uploads\/2024\/04\/cropped-cropped-Screenshot-2024-04-11-at-19.22.14-e1751300699323-scaled-1-1536x701.png 1536w, https:\/\/botschafter-menschenrechte.de\/wp-content\/uploads\/2024\/04\/cropped-cropped-Screenshot-2024-04-11-at-19.22.14-e1751300699323-scaled-1-2048x935.png 2048w\" sizes=\"auto, (max-width: 2560px) 100vw, 2560px\" \/>\r\n                      <div class=\"h-image__frame h-hide-lg h-hide-md h-hide-sm style-2085-frameImage style-local-331-c105-frameImage\"><\/div>\r\n                    <\/div>\r\n                  <\/div>\r\n                <\/div>\r\n              <\/div>\r\n            <\/div>\r\n          <\/div>\r\n          <div class=\"h-column h-column-container d-flex h-col-lg-auto h-col-md-auto h-col-auto style-2084-outer style-local-331-c106-outer\">\r\n            <div data-colibri-id=\"331-c106\" class=\"d-flex h-flex-basis h-column__inner h-px-lg-2 h-px-md-2 h-px-2 v-inner-lg-2 v-inner-md-2 v-inner-2 style-2084 style-local-331-c106 position-relative\">\r\n              <!---->\r\n              <!---->\r\n              <div class=\"w-100 h-y-container h-column__content h-column__v-align flex-basis-100 align-self-lg-center align-self-md-center align-self-center\">\r\n                <!---->\r\n                <div data-colibri-id=\"331-c107\" class=\"h-x-container style-2086 style-local-331-c107 position-relative h-element\">\r\n                  <!---->\r\n                  <div class=\"h-x-container-inner style-dynamic-331-c107-group style-2086-spacing style-local-331-c107-spacing\"><span class=\"h-link__outer style-2087-outer style-local-331-c108-outer d-inline-flex h-element\"><a h-use-smooth-scroll=\"true\" href=\"https:\/\/botschafter-menschenrechte.de\/?cat=17\"  data-colibri-id=\"331-c108\" class=\"d-flex w-100 align-items-center h-link style-2087 style-local-331-c108 position-relative\"><!----><!----> <span>KUBA<\/span><\/a>\r\n                    <\/span>\r\n                  <\/div>\r\n                <\/div>\r\n                <div data-colibri-id=\"331-c109\" class=\"h-global-transition-all h-heading style-2088 style-local-331-c109 position-relative h-element\">\r\n                  <!---->\r\n                  <div class=\"h-heading__outer style-2088 style-local-331-c109\">\r\n                    <!---->\r\n                    <!---->\r\n                    <h3 class=\"\">Menschenrechte f\u00fcr alle Kubaner \u2013 kein Euro f\u00fcr die Diktatur!<\/h3>\r\n                  <\/div>\r\n                <\/div>\r\n                <div data-colibri-id=\"331-c110\" class=\"h-text h-text-component style-2089 style-local-331-c110 position-relative h-element\">\r\n                  <!---->\r\n                  <!---->\r\n                  <div class=\"\">\r\n                    <p>Botschafter f\u00fcr Menschenrechte unterst\u00fctzt die Petition Nr. 179940 an den Deutschen Bundestag. Die Initiatoren um den Deutsch-Kubaner Legren Velez nehmen den Regierungswechsel und die neue Zusammensetzung des Parlaments zum Anlass,\r\n                      um diese Initiative voranzubringen.<\/p>\r\n                  <\/div>\r\n                <\/div>\r\n                <div data-colibri-id=\"331-c111\" class=\"h-x-container style-2090 style-local-331-c111 position-relative h-element\">\r\n                  <!---->\r\n                  <div class=\"h-x-container-inner style-dynamic-331-c111-group style-2090-spacing style-local-331-c111-spacing\"><span class=\"h-button__outer style-2091-outer style-local-331-c112-outer d-inline-flex h-element\"><a h-use-smooth-scroll=\"true\" href=\"https:\/\/botschafter-menschenrechte.de\/?p=3601\"  data-colibri-id=\"331-c112\" class=\"d-flex w-100 align-items-center h-button justify-content-lg-center justify-content-md-center justify-content-center style-2091 style-local-331-c112 position-relative\"><!----><!----> <span>WEITERLESEN<\/span><\/a>\r\n                    <\/span>\r\n                  <\/div>\r\n                <\/div>\r\n              <\/div>\r\n            <\/div>\r\n          <\/div>\r\n        <\/div>\r\n      <\/div>\r\n    <\/div>\r\n  <\/div>\r\n  <div data-colibri-component=\"section\" data-colibri-id=\"331-c113\" id=\"custom-112\" class=\"h-section h-section-global-spacing d-flex align-items-lg-center align-items-md-center align-items-center style-2071 style-local-331-c113 position-relative\">\r\n    <!---->\r\n    <!---->\r\n    <div class=\"h-section-grid-container h-section-boxed-container\">\r\n      <!---->\r\n      <div data-colibri-id=\"331-c114\" class=\"h-row-container gutters-row-lg-2 gutters-row-md-2 gutters-row-0 gutters-row-v-lg-2 gutters-row-v-md-2 gutters-row-v-2 style-2072 style-local-331-c114 position-relative\">\r\n        <!---->\r\n        <div class=\"h-row justify-content-lg-center justify-content-md-center justify-content-center align-items-lg-stretch align-items-md-stretch align-items-stretch gutters-col-lg-2 gutters-col-md-2 gutters-col-0 gutters-col-v-lg-2 gutters-col-v-md-2 gutters-col-v-2\">\r\n          <!---->\r\n          <div class=\"h-column h-column-container d-flex h-col-lg-auto h-col-md-auto h-col-auto style-2073-outer style-local-331-c115-outer\">\r\n            <div data-colibri-id=\"331-c115\" class=\"d-flex h-flex-basis h-column__inner h-px-lg-2 h-px-md-2 h-px-2 v-inner-lg-2 v-inner-md-2 v-inner-2 style-2073 style-local-331-c115 position-relative\">\r\n              <!---->\r\n              <!---->\r\n              <div class=\"w-100 h-y-container h-column__content h-column__v-align flex-basis-100 align-self-lg-center align-self-md-center align-self-center\">\r\n                <!---->\r\n                <div data-colibri-id=\"331-c116\" class=\"d-block style-2075 style-local-331-c116 position-relative h-element\">\r\n                  <!---->\r\n                  <div class=\"h-image__frame-container-outer\">\r\n                    <div class=\"h-image__frame-container\">\r\n                      <!---->\r\n                      <!---->\r\n                      <img loading=\"lazy\" decoding=\"async\" width=\"1181\" height=\"1184\" src=\"http:\/\/botschafter-menschenrechte.de\/wp-content\/uploads\/2025\/03\/cropped-Amadiyaya-fuer-Trennung-zwischen-Staat-und-Religion-1.jpeg\" class=\"wp-image-3591 style-2075-image style-local-331-c116-image\" alt=\"\" srcset=\"https:\/\/botschafter-menschenrechte.de\/wp-content\/uploads\/2025\/03\/cropped-Amadiyaya-fuer-Trennung-zwischen-Staat-und-Religion-1.jpeg 1181w, https:\/\/botschafter-menschenrechte.de\/wp-content\/uploads\/2025\/03\/cropped-Amadiyaya-fuer-Trennung-zwischen-Staat-und-Religion-1-300x300.jpeg 300w, https:\/\/botschafter-menschenrechte.de\/wp-content\/uploads\/2025\/03\/cropped-Amadiyaya-fuer-Trennung-zwischen-Staat-und-Religion-1-1021x1024.jpeg 1021w, https:\/\/botschafter-menschenrechte.de\/wp-content\/uploads\/2025\/03\/cropped-Amadiyaya-fuer-Trennung-zwischen-Staat-und-Religion-1-150x150.jpeg 150w, https:\/\/botschafter-menschenrechte.de\/wp-content\/uploads\/2025\/03\/cropped-Amadiyaya-fuer-Trennung-zwischen-Staat-und-Religion-1-768x770.jpeg 768w\" sizes=\"auto, (max-width: 1181px) 100vw, 1181px\" \/>\r\n                      <div class=\"h-image__frame h-hide-lg h-hide-md h-hide-sm style-2075-frameImage style-local-331-c116-frameImage\"><\/div>\r\n                    <\/div>\r\n                  <\/div>\r\n                <\/div>\r\n              <\/div>\r\n            <\/div>\r\n          <\/div>\r\n          <div class=\"h-column h-column-container d-flex h-col-lg-auto h-col-md-auto h-col-auto style-2074-outer style-local-331-c117-outer\">\r\n            <div data-colibri-id=\"331-c117\" class=\"d-flex h-flex-basis h-column__inner h-px-lg-2 h-px-md-2 h-px-2 v-inner-lg-2 v-inner-md-2 v-inner-2 style-2074 style-local-331-c117 position-relative\">\r\n              <!---->\r\n              <!---->\r\n              <div class=\"w-100 h-y-container h-column__content h-column__v-align flex-basis-100 align-self-lg-center align-self-md-center align-self-center\">\r\n                <!---->\r\n                <div data-colibri-id=\"331-c118\" class=\"h-x-container style-2076 style-local-331-c118 position-relative h-element\">\r\n                  <!---->\r\n                  <div class=\"h-x-container-inner style-dynamic-331-c118-group style-2076-spacing style-local-331-c118-spacing\"><span class=\"h-link__outer style-2077-outer style-local-331-c119-outer d-inline-flex h-element\"><a h-use-smooth-scroll=\"true\" href=\"https:\/\/botschafter-menschenrechte.de\/?cat=38\"  data-colibri-id=\"331-c119\" class=\"d-flex w-100 align-items-center h-link style-2077 style-local-331-c119 position-relative\"><!----><!----> <span>MEINUNG<\/span><\/a>\r\n                    <\/span>\r\n                  <\/div>\r\n                <\/div>\r\n                <div data-colibri-id=\"331-c120\" class=\"h-global-transition-all h-heading style-2078 style-local-331-c120 position-relative h-element\">\r\n                  <!---->\r\n                  <div class=\"h-heading__outer style-2078 style-local-331-c120\">\r\n                    <!---->\r\n                    <!---->\r\n                    <h3 class=\"\">Deutschlands \u00e4lteste muslimische Gemeinschaft verurteilt Aufrufe zum politischen Kalifat<\/h3>\r\n                  <\/div>\r\n                <\/div>\r\n                <div data-colibri-id=\"331-c121\" class=\"h-x-container style-2079 style-local-331-c121 position-relative h-element\">\r\n                  <!---->\r\n                  <div class=\"h-x-container-inner style-dynamic-331-c121-group style-2079-spacing style-local-331-c121-spacing\"><span class=\"h-button__outer style-2080-outer style-local-331-c122-outer d-inline-flex h-element\"><a h-use-smooth-scroll=\"true\" href=\"https:\/\/botschafter-menschenrechte.de\/?p=3586\"  data-colibri-id=\"331-c122\" class=\"d-flex w-100 align-items-center h-button justify-content-lg-center justify-content-md-center justify-content-center style-2080 style-local-331-c122 position-relative\"><!----><!----> <span>ZUM BEITRAG<\/span><\/a>\r\n                    <\/span>\r\n                  <\/div>\r\n                <\/div>\r\n              <\/div>\r\n            <\/div>\r\n          <\/div>\r\n        <\/div>\r\n      <\/div>\r\n    <\/div>\r\n  <\/div>\r\n  <div data-colibri-component=\"section\" data-colibri-id=\"331-c123\" id=\"custom-111\" class=\"h-section h-section-global-spacing d-flex align-items-lg-center align-items-md-center align-items-center style-2058 style-local-331-c123 position-relative\">\r\n    <!---->\r\n    <!---->\r\n    <div class=\"h-section-grid-container h-section-boxed-container\">\r\n      <!---->\r\n      <div data-colibri-id=\"331-c124\" class=\"h-row-container gutters-row-lg-2 gutters-row-md-2 gutters-row-0 gutters-row-v-lg-2 gutters-row-v-md-2 gutters-row-v-2 style-2059 style-local-331-c124 position-relative\">\r\n        <!---->\r\n        <div class=\"h-row justify-content-lg-center justify-content-md-center justify-content-center align-items-lg-stretch align-items-md-stretch align-items-stretch gutters-col-lg-2 gutters-col-md-2 gutters-col-0 gutters-col-v-lg-2 gutters-col-v-md-2 gutters-col-v-2\">\r\n          <!---->\r\n          <div class=\"h-column h-column-container d-flex h-col-lg-auto h-col-md-auto h-col-auto style-2060-outer style-local-331-c125-outer\">\r\n            <div data-colibri-id=\"331-c125\" class=\"d-flex h-flex-basis h-column__inner h-px-lg-2 h-px-md-2 h-px-2 v-inner-lg-2 v-inner-md-2 v-inner-2 style-2060 style-local-331-c125 position-relative\">\r\n              <!---->\r\n              <!---->\r\n              <div class=\"w-100 h-y-container h-column__content h-column__v-align flex-basis-100 align-self-lg-center align-self-md-center align-self-center\">\r\n                <!---->\r\n                <div data-colibri-id=\"331-c126\" class=\"d-block style-2068 style-local-331-c126 position-relative h-element\">\r\n                  <!---->\r\n                  <div class=\"h-image__frame-container-outer\">\r\n                    <div class=\"h-image__frame-container\">\r\n                      <!---->\r\n                      <!---->\r\n                      <img loading=\"lazy\" decoding=\"async\" width=\"613\" height=\"408\" src=\"http:\/\/botschafter-menschenrechte.de\/wp-content\/uploads\/2025\/02\/cropped-image.png\" class=\"wp-image-3577 style-2068-image style-local-331-c126-image\" alt=\"\" srcset=\"https:\/\/botschafter-menschenrechte.de\/wp-content\/uploads\/2025\/02\/cropped-image.png 613w, https:\/\/botschafter-menschenrechte.de\/wp-content\/uploads\/2025\/02\/cropped-image-300x200.png 300w\" sizes=\"auto, (max-width: 613px) 100vw, 613px\" \/>\r\n                      <div class=\"h-image__frame h-hide-lg h-hide-md h-hide-sm style-2068-frameImage style-local-331-c126-frameImage\"><\/div>\r\n                    <\/div>\r\n                  <\/div>\r\n                <\/div>\r\n              <\/div>\r\n            <\/div>\r\n          <\/div>\r\n          <div class=\"h-column h-column-container d-flex h-col-lg-auto h-col-md-auto h-col-auto style-2061-outer style-local-331-c127-outer\">\r\n            <div data-colibri-id=\"331-c127\" class=\"d-flex h-flex-basis h-column__inner h-px-lg-2 h-px-md-2 h-px-2 v-inner-lg-2 v-inner-md-2 v-inner-2 style-2061 style-local-331-c127 position-relative\">\r\n              <!---->\r\n              <!---->\r\n              <div class=\"w-100 h-y-container h-column__content h-column__v-align flex-basis-100 align-self-lg-center align-self-md-center align-self-center\">\r\n                <!---->\r\n                <div data-colibri-id=\"331-c128\" class=\"h-x-container style-2062 style-local-331-c128 position-relative h-element\">\r\n                  <!---->\r\n                  <div class=\"h-x-container-inner style-dynamic-331-c128-group style-2062-spacing style-local-331-c128-spacing\"><span class=\"h-link__outer style-2063-outer style-local-331-c129-outer d-inline-flex h-element\"><a h-use-smooth-scroll=\"true\" href=\"https:\/\/botschafter-menschenrechte.de\/?cat=164\"  data-colibri-id=\"331-c129\" class=\"d-flex w-100 align-items-center h-link style-2063 style-local-331-c129 position-relative\"><!----><!----> <span>NORDKOREA<\/span><\/a>\r\n                    <\/span>\r\n                  <\/div>\r\n                <\/div>\r\n                <div data-colibri-id=\"331-c130\" class=\"h-global-transition-all h-heading style-2064 style-local-331-c130 position-relative h-element\">\r\n                  <!---->\r\n                  <div class=\"h-heading__outer style-2064 style-local-331-c130\">\r\n                    <!---->\r\n                    <!---->\r\n                    <h3 class=\"\">Nordkoreas Soldaten sterben f\u00fcr Kim und Putin<\/h3>\r\n                  <\/div>\r\n                <\/div>\r\n                <div data-colibri-id=\"331-c131\" class=\"h-global-transition-all h-heading style-2069 style-local-331-c131 position-relative h-element\">\r\n                  <!---->\r\n                  <div class=\"h-heading__outer style-2069 style-local-331-c131\">\r\n                    <!---->\r\n                    <!---->\r\n                    <h6 class=\"\">Diktator Kim Jong-un und seine Elite verdienen gut am Gesch\u00e4ft mit dem Tod<\/h6>\r\n                  <\/div>\r\n                <\/div>\r\n                <div data-colibri-id=\"331-c132\" class=\"h-text h-text-component style-2070 style-local-331-c132 position-relative h-element\">\r\n                  <!---->\r\n                  <!---->\r\n                  <div class=\"\">\r\n                    <p>Interkontinentale ballistische Raketen, Aufkl\u00e4rungssatelliten und nuklearbetriebene U-Boote \u2013 all dies sind Elemente, mit denen Nordkorea seine milit\u00e4rische Macht st\u00e4rken will. Der Besitz solcher Technologien w\u00fcrde es Nordkorea erm\u00f6glichen,\r\n                      nicht nur eine gr\u00f6\u00dfere Bedrohung f\u00fcr S\u00fcdkorea, sondern auch f\u00fcr andere Nachbarl\u00e4nder und sogar die USA darzustellen, was die ohnehin schon fragilen Sicherheitsverh\u00e4ltnisse in der Region weiter destabilisieren w\u00fcrde.<\/p>\r\n                  <\/div>\r\n                <\/div>\r\n                <div data-colibri-id=\"331-c133\" class=\"h-x-container style-2066 style-local-331-c133 position-relative h-element\">\r\n                  <!---->\r\n                  <div class=\"h-x-container-inner style-dynamic-331-c133-group style-2066-spacing style-local-331-c133-spacing\"><span class=\"h-button__outer style-2067-outer style-local-331-c134-outer d-inline-flex h-element\"><a h-use-smooth-scroll=\"true\" href=\"https:\/\/botschafter-menschenrechte.de\/?p=3572\"  data-colibri-id=\"331-c134\" class=\"d-flex w-100 align-items-center h-button justify-content-lg-center justify-content-md-center justify-content-center style-2067 style-local-331-c134 position-relative\"><!----><!----> <span>WEITERLESEN<\/span><\/a>\r\n                    <\/span>\r\n                  <\/div>\r\n                <\/div>\r\n              <\/div>\r\n            <\/div>\r\n          <\/div>\r\n        <\/div>\r\n      <\/div>\r\n    <\/div>\r\n  <\/div>\r\n  <div data-colibri-component=\"section\" data-colibri-id=\"331-c135\" id=\"custom-110\" class=\"h-section h-section-global-spacing d-flex align-items-lg-center align-items-md-center align-items-center style-2047 style-local-331-c135 position-relative\">\r\n    <!---->\r\n    <!---->\r\n    <div class=\"h-section-grid-container h-section-boxed-container\">\r\n      <!---->\r\n      <div data-colibri-id=\"331-c136\" class=\"h-row-container gutters-row-lg-2 gutters-row-md-2 gutters-row-0 gutters-row-v-lg-2 gutters-row-v-md-2 gutters-row-v-2 style-2048 style-local-331-c136 position-relative\">\r\n        <!---->\r\n        <div class=\"h-row justify-content-lg-center justify-content-md-center justify-content-center align-items-lg-stretch align-items-md-stretch align-items-stretch gutters-col-lg-2 gutters-col-md-2 gutters-col-0 gutters-col-v-lg-2 gutters-col-v-md-2 gutters-col-v-2\">\r\n          <!---->\r\n          <div class=\"h-column h-column-container d-flex h-col-lg-auto h-col-md-auto h-col-auto style-2049-outer style-local-331-c137-outer\">\r\n            <div data-colibri-id=\"331-c137\" class=\"d-flex h-flex-basis h-column__inner h-px-lg-2 h-px-md-2 h-px-2 v-inner-lg-2 v-inner-md-2 v-inner-2 style-2049 style-local-331-c137 position-relative\">\r\n              <!---->\r\n              <!---->\r\n              <div class=\"w-100 h-y-container h-column__content h-column__v-align flex-basis-100 align-self-lg-center align-self-md-center align-self-center\">\r\n                <!---->\r\n                <div data-colibri-id=\"331-c138\" class=\"d-block style-2057 style-local-331-c138 position-relative h-element\">\r\n                  <!---->\r\n                  <div class=\"h-image__frame-container-outer\">\r\n                    <div class=\"h-image__frame-container\">\r\n                      <!---->\r\n                      <!---->\r\n                      <img loading=\"lazy\" decoding=\"async\" width=\"1066\" height=\"1066\" src=\"http:\/\/botschafter-menschenrechte.de\/wp-content\/uploads\/2024\/12\/cropped-1.jpg\" class=\"wp-image-3533 style-2057-image style-local-331-c138-image\" alt=\"\" srcset=\"https:\/\/botschafter-menschenrechte.de\/wp-content\/uploads\/2024\/12\/cropped-1.jpg 1066w, https:\/\/botschafter-menschenrechte.de\/wp-content\/uploads\/2024\/12\/cropped-1-300x300.jpg 300w, https:\/\/botschafter-menschenrechte.de\/wp-content\/uploads\/2024\/12\/cropped-1-1024x1024.jpg 1024w, https:\/\/botschafter-menschenrechte.de\/wp-content\/uploads\/2024\/12\/cropped-1-150x150.jpg 150w, https:\/\/botschafter-menschenrechte.de\/wp-content\/uploads\/2024\/12\/cropped-1-768x768.jpg 768w\" sizes=\"auto, (max-width: 1066px) 100vw, 1066px\" \/>\r\n                      <div class=\"h-image__frame h-hide-lg h-hide-md h-hide-sm style-2057-frameImage style-local-331-c138-frameImage\"><\/div>\r\n                    <\/div>\r\n                  <\/div>\r\n                <\/div>\r\n              <\/div>\r\n            <\/div>\r\n          <\/div>\r\n          <div class=\"h-column h-column-container d-flex h-col-lg-auto h-col-md-auto h-col-auto style-2050-outer style-local-331-c139-outer\">\r\n            <div data-colibri-id=\"331-c139\" class=\"d-flex h-flex-basis h-column__inner h-px-lg-2 h-px-md-2 h-px-2 v-inner-lg-2 v-inner-md-2 v-inner-2 style-2050 style-local-331-c139 position-relative\">\r\n              <!---->\r\n              <!---->\r\n              <div class=\"w-100 h-y-container h-column__content h-column__v-align flex-basis-100 align-self-lg-center align-self-md-center align-self-center\">\r\n                <!---->\r\n                <div data-colibri-id=\"331-c140\" class=\"h-x-container style-2051 style-local-331-c140 position-relative h-element\">\r\n                  <!---->\r\n                  <div class=\"h-x-container-inner style-dynamic-331-c140-group style-2051-spacing style-local-331-c140-spacing\"><span class=\"h-link__outer style-2052-outer style-local-331-c141-outer d-inline-flex h-element\"><a h-use-smooth-scroll=\"true\" href=\"https:\/\/botschafter-menschenrechte.de\/?cat=19\"  data-colibri-id=\"331-c141\" class=\"d-flex w-100 align-items-center h-link style-2052 style-local-331-c141 position-relative\"><!----><!----> <span>RELIGIONSFREIHEIT<\/span><\/a>\r\n                    <\/span>\r\n                  <\/div>\r\n                <\/div>\r\n                <div data-colibri-id=\"331-c142\" class=\"h-global-transition-all h-heading style-2053 style-local-331-c142 position-relative h-element\">\r\n                  <!---->\r\n                  <div class=\"h-heading__outer style-2053 style-local-331-c142\">\r\n                    <!---->\r\n                    <!---->\r\n                    <h1 class=\"\">Jahrb\u00fccher Religionsfreiheit 2024<\/h1>\r\n                  <\/div>\r\n                <\/div>\r\n                <div data-colibri-id=\"331-c143\" class=\"h-text h-text-component style-2054 style-local-331-c143 position-relative h-element\">\r\n                  <!---->\r\n                  <!---->\r\n                  <div class=\"\">\r\n                    <p>Schirrmacher: \u201eEs gibt praktisch kein gesellschaftlich relevantes Thema, das f\u00fcr die Religionsfreiheit keine Rolle spielt. Weltweit hat sich in kaum einer Region, die Lage der Religionsfreiheit und der Menschenrechte verbessert, als\r\n                      vor zehn Jahren. Das<\/p>\r\n                  <\/div>\r\n                <\/div>\r\n                <div data-colibri-id=\"331-c144\" class=\"h-x-container style-2055 style-local-331-c144 position-relative h-element\">\r\n                  <!---->\r\n                  <div class=\"h-x-container-inner style-dynamic-331-c144-group style-2055-spacing style-local-331-c144-spacing\"><span class=\"h-button__outer style-2056-outer style-local-331-c145-outer d-inline-flex h-element\"><a h-use-smooth-scroll=\"true\" href=\"https:\/\/botschafter-menschenrechte.de\/?p=3522\"  data-colibri-id=\"331-c145\" class=\"d-flex w-100 align-items-center h-button justify-content-lg-center justify-content-md-center justify-content-center style-2056 style-local-331-c145 position-relative\"><!----><!----> <span>ZUM BEITRAG<\/span><\/a>\r\n                    <\/span>\r\n                  <\/div>\r\n                <\/div>\r\n              <\/div>\r\n            <\/div>\r\n          <\/div>\r\n        <\/div>\r\n      <\/div>\r\n    <\/div>\r\n  <\/div>\r\n  <div data-colibri-component=\"section\" data-colibri-id=\"331-c146\" id=\"custom-109\" class=\"h-section h-section-global-spacing d-flex align-items-lg-center align-items-md-center align-items-center style-2036 style-local-331-c146 position-relative\">\r\n    <!---->\r\n    <!---->\r\n    <div class=\"h-section-grid-container h-section-boxed-container\">\r\n      <!---->\r\n      <div data-colibri-id=\"331-c147\" class=\"h-row-container gutters-row-lg-2 gutters-row-md-2 gutters-row-0 gutters-row-v-lg-2 gutters-row-v-md-2 gutters-row-v-2 style-2037 style-local-331-c147 position-relative\">\r\n        <!---->\r\n        <div class=\"h-row justify-content-lg-center justify-content-md-center justify-content-center align-items-lg-stretch align-items-md-stretch align-items-stretch gutters-col-lg-2 gutters-col-md-2 gutters-col-0 gutters-col-v-lg-2 gutters-col-v-md-2 gutters-col-v-2\">\r\n          <!---->\r\n          <div class=\"h-column h-column-container d-flex h-col-lg-auto h-col-md-auto h-col-auto style-2038-outer style-local-331-c148-outer\">\r\n            <div data-colibri-id=\"331-c148\" class=\"d-flex h-flex-basis h-column__inner h-px-lg-2 h-px-md-2 h-px-2 v-inner-lg-2 v-inner-md-2 v-inner-2 style-2038 style-local-331-c148 position-relative\">\r\n              <!---->\r\n              <!---->\r\n              <div class=\"w-100 h-y-container h-column__content h-column__v-align flex-basis-100 align-self-lg-center align-self-md-center align-self-center\">\r\n                <!---->\r\n                <div data-colibri-id=\"331-c149\" class=\"d-block style-2046 style-local-331-c149 position-relative h-element\">\r\n                  <!---->\r\n                  <div class=\"h-image__frame-container-outer\">\r\n                    <div class=\"h-image__frame-container\">\r\n                      <!---->\r\n                      <!---->\r\n                      <img loading=\"lazy\" decoding=\"async\" width=\"716\" height=\"716\" src=\"http:\/\/botschafter-menschenrechte.de\/wp-content\/uploads\/2024\/11\/cropped-Legren.jpg\" class=\"wp-image-3507 style-2046-image style-local-331-c149-image\" alt=\"\" srcset=\"https:\/\/botschafter-menschenrechte.de\/wp-content\/uploads\/2024\/11\/cropped-Legren.jpg 716w, https:\/\/botschafter-menschenrechte.de\/wp-content\/uploads\/2024\/11\/cropped-Legren-300x300.jpg 300w, https:\/\/botschafter-menschenrechte.de\/wp-content\/uploads\/2024\/11\/cropped-Legren-150x150.jpg 150w\" sizes=\"auto, (max-width: 716px) 100vw, 716px\" \/>\r\n                      <div class=\"h-image__frame h-hide-lg h-hide-md h-hide-sm style-2046-frameImage style-local-331-c149-frameImage\"><\/div>\r\n                    <\/div>\r\n                  <\/div>\r\n                <\/div>\r\n              <\/div>\r\n            <\/div>\r\n          <\/div>\r\n          <div class=\"h-column h-column-container d-flex h-col-lg-auto h-col-md-auto h-col-auto style-2039-outer style-local-331-c150-outer\">\r\n            <div data-colibri-id=\"331-c150\" class=\"d-flex h-flex-basis h-column__inner h-px-lg-2 h-px-md-2 h-px-2 v-inner-lg-2 v-inner-md-2 v-inner-2 style-2039 style-local-331-c150 position-relative\">\r\n              <!---->\r\n              <!---->\r\n              <div class=\"w-100 h-y-container h-column__content h-column__v-align flex-basis-100 align-self-lg-center align-self-md-center align-self-center\">\r\n                <!---->\r\n                <div data-colibri-id=\"331-c151\" class=\"h-x-container style-2040 style-local-331-c151 position-relative h-element\">\r\n                  <!---->\r\n                  <div class=\"h-x-container-inner style-dynamic-331-c151-group style-2040-spacing style-local-331-c151-spacing\"><span class=\"h-link__outer style-2041-outer style-local-331-c152-outer d-inline-flex h-element\"><a h-use-smooth-scroll=\"true\" href=\"https:\/\/botschafter-menschenrechte.de\/?cat=17\"  data-colibri-id=\"331-c152\" class=\"d-flex w-100 align-items-center h-link style-2041 style-local-331-c152 position-relative\"><!----><!----> <span>KUBA<\/span><\/a>\r\n                    <\/span>\r\n                  <\/div>\r\n                <\/div>\r\n                <div data-colibri-id=\"331-c153\" class=\"h-global-transition-all h-heading style-2042 style-local-331-c153 position-relative h-element\">\r\n                  <!---->\r\n                  <div class=\"h-heading__outer style-2042 style-local-331-c153\">\r\n                    <!---->\r\n                    <!---->\r\n                    <h1 class=\"\">BfM empfiehlt: Montagskonferenz zu Kuba Tourismus<\/h1>\r\n                  <\/div>\r\n                <\/div>\r\n                <div data-colibri-id=\"331-c154\" class=\"h-text h-text-component style-2043 style-local-331-c154 position-relative h-element\">\r\n                  <!---->\r\n                  <!---->\r\n                  <div class=\"\">\r\n                    <p><span style=\"font-weight: 400; font-size: 16px; font-family: &quot;Open Sans&quot;; color: rgb(37, 41, 42);\">Seit fast 90 Jahren l\u00e4dt an der Universit\u00e4t Heidelberg das Institut f\u00fcr \u00dcbersetzen und Dolmetschen jedes Semester ein breites Publikum zur w\u00f6chentlichen Montagskonferenz ein. Sie widmet sich aktuellen gesellschaftlichen Themen, zu denen deutsche und internationale Experten referieren.<\/span><\/p>\r\n                  <\/div>\r\n                <\/div>\r\n                <div data-colibri-id=\"331-c155\" class=\"h-x-container style-2044 style-local-331-c155 position-relative h-element\">\r\n                  <!---->\r\n                  <div class=\"h-x-container-inner style-dynamic-331-c155-group style-2044-spacing style-local-331-c155-spacing\"><span class=\"h-button__outer style-2045-outer style-local-331-c156-outer d-inline-flex h-element\"><a h-use-smooth-scroll=\"true\" href=\"https:\/\/botschafter-menschenrechte.de\/?p=3501\"  data-colibri-id=\"331-c156\" class=\"d-flex w-100 align-items-center h-button justify-content-lg-center justify-content-md-center justify-content-center style-2045 style-local-331-c156 position-relative\"><!----><!----> <span>WEITERLESEN<\/span><\/a>\r\n                    <\/span>\r\n                  <\/div>\r\n                <\/div>\r\n              <\/div>\r\n            <\/div>\r\n          <\/div>\r\n        <\/div>\r\n      <\/div>\r\n    <\/div>\r\n  <\/div>\r\n  <div data-colibri-component=\"section\" data-colibri-id=\"331-c157\" id=\"custom-108\" class=\"h-section h-section-global-spacing d-flex align-items-lg-center align-items-md-center align-items-center style-2025 style-local-331-c157 position-relative\">\r\n    <!---->\r\n    <!---->\r\n    <div class=\"h-section-grid-container h-section-boxed-container\">\r\n      <!---->\r\n      <div data-colibri-id=\"331-c158\" class=\"h-row-container gutters-row-lg-2 gutters-row-md-2 gutters-row-0 gutters-row-v-lg-2 gutters-row-v-md-2 gutters-row-v-2 style-2026 style-local-331-c158 position-relative\">\r\n        <!---->\r\n        <div class=\"h-row justify-content-lg-center justify-content-md-center justify-content-center align-items-lg-stretch align-items-md-stretch align-items-stretch gutters-col-lg-2 gutters-col-md-2 gutters-col-0 gutters-col-v-lg-2 gutters-col-v-md-2 gutters-col-v-2\">\r\n          <!---->\r\n          <div class=\"h-column h-column-container d-flex h-col-lg-auto h-col-md-auto h-col-auto style-2027-outer style-local-331-c159-outer\">\r\n            <div data-colibri-id=\"331-c159\" class=\"d-flex h-flex-basis h-column__inner h-px-lg-2 h-px-md-2 h-px-2 v-inner-lg-2 v-inner-md-2 v-inner-2 style-2027 style-local-331-c159 position-relative\">\r\n              <!---->\r\n              <!---->\r\n              <div class=\"w-100 h-y-container h-column__content h-column__v-align flex-basis-100 align-self-lg-center align-self-md-center align-self-center\">\r\n                <!---->\r\n                <div data-colibri-id=\"331-c160\" class=\"d-block style-2029 style-local-331-c160 position-relative h-element\">\r\n                  <!---->\r\n                  <div class=\"h-image__frame-container-outer\">\r\n                    <div class=\"h-image__frame-container\">\r\n                      <!---->\r\n                      <!---->\r\n                      <img loading=\"lazy\" decoding=\"async\" width=\"1069\" height=\"816\" src=\"http:\/\/botschafter-menschenrechte.de\/wp-content\/uploads\/2024\/11\/cropped-GaesaHeader-scaled-1.jpg\" class=\"wp-image-3475 style-2029-image style-local-331-c160-image\" alt=\"\" srcset=\"https:\/\/botschafter-menschenrechte.de\/wp-content\/uploads\/2024\/11\/cropped-GaesaHeader-scaled-1.jpg 1069w, https:\/\/botschafter-menschenrechte.de\/wp-content\/uploads\/2024\/11\/cropped-GaesaHeader-scaled-1-300x229.jpg 300w, https:\/\/botschafter-menschenrechte.de\/wp-content\/uploads\/2024\/11\/cropped-GaesaHeader-scaled-1-1024x782.jpg 1024w, https:\/\/botschafter-menschenrechte.de\/wp-content\/uploads\/2024\/11\/cropped-GaesaHeader-scaled-1-768x586.jpg 768w\" sizes=\"auto, (max-width: 1069px) 100vw, 1069px\" \/>\r\n                      <div class=\"h-image__frame h-hide-lg h-hide-md h-hide-sm style-2029-frameImage style-local-331-c160-frameImage\"><\/div>\r\n                    <\/div>\r\n                  <\/div>\r\n                <\/div>\r\n              <\/div>\r\n            <\/div>\r\n          <\/div>\r\n          <div class=\"h-column h-column-container d-flex h-col-lg-auto h-col-md-auto h-col-auto style-2028-outer style-local-331-c161-outer\">\r\n            <div data-colibri-id=\"331-c161\" class=\"d-flex h-flex-basis h-column__inner h-px-lg-2 h-px-md-2 h-px-2 v-inner-lg-2 v-inner-md-2 v-inner-2 style-2028 style-local-331-c161 position-relative\">\r\n              <!---->\r\n              <!---->\r\n              <div class=\"w-100 h-y-container h-column__content h-column__v-align flex-basis-100 align-self-lg-center align-self-md-center align-self-center\">\r\n                <!---->\r\n                <div data-colibri-id=\"331-c162\" class=\"h-x-container style-2034 style-local-331-c162 position-relative h-element\">\r\n                  <!---->\r\n                  <div class=\"h-x-container-inner style-dynamic-331-c162-group style-2034-spacing style-local-331-c162-spacing\"><span class=\"h-link__outer style-2035-outer style-local-331-c163-outer d-inline-flex h-element\"><a h-use-smooth-scroll=\"true\" href=\"https:\/\/botschafter-menschenrechte.de\/?cat=17\"  data-colibri-id=\"331-c163\" class=\"d-flex w-100 align-items-center h-link style-2035 style-local-331-c163 position-relative\"><!----><!----> <span>KUBA<\/span><\/a>\r\n                    <\/span>\r\n                  <\/div>\r\n                <\/div>\r\n                <div data-colibri-id=\"331-c164\" class=\"h-global-transition-all h-heading style-2032 style-local-331-c164 position-relative h-element\">\r\n                  <!---->\r\n                  <div class=\"h-heading__outer style-2032 style-local-331-c164\">\r\n                    <!---->\r\n                    <!---->\r\n                    <h3 class=\"\">Diktatur Kuba:\r\n                      <br>BfM kl\u00e4rt auf und l\u00e4dt ein zum Netzwerken f\u00fcr Menschenw\u00fcrde und Menschenrechte<\/h3>\r\n                  <\/div>\r\n                <\/div>\r\n                <div data-colibri-id=\"331-c165\" class=\"h-text h-text-component style-2033 style-local-331-c165 position-relative h-element\">\r\n                  <!---->\r\n                  <!---->\r\n                  <div class=\"\">\r\n                    <p>Wollen auch Sie sich f\u00fcr die politischen Gefangenen und andere Opfer von Menschenrechtsverletzungen im \u201eFerienparadies\u201c Kuba einsetzen?<\/p>\r\n                    <p>Helfen Sie mit, den Urlaubern die Wahrheit \u00fcber das Leben der Kubaner zu berichten. Werden Sie Netzwerker(in) f\u00fcr Menschenrechte!\r\n                      <br>BfM bietet daf\u00fcr Flyer, Postkarten, Poster und Sticker an, die helfen die Propagandal\u00fcgen der kubanischen Milit\u00e4rdiktatur zu entlarven.\r\n                      <br> So leisten Sie einen Beitrag f\u00fcr die Unterdr\u00fcckten und helfen, dass die unschuldig Gefangenen nicht in Vergessenheit geraten.<\/p>\r\n                  <\/div>\r\n                <\/div>\r\n                <div data-colibri-id=\"331-c166\" class=\"h-x-container style-2030 style-local-331-c166 position-relative h-element\">\r\n                  <!---->\r\n                  <div class=\"h-x-container-inner style-dynamic-331-c166-group style-2030-spacing style-local-331-c166-spacing\"><span class=\"h-button__outer style-2031-outer style-local-331-c167-outer d-inline-flex h-element\"><a h-use-smooth-scroll=\"true\" href=\"https:\/\/botschafter-menschenrechte.de\/?p=3462\"  data-colibri-id=\"331-c167\" class=\"d-flex w-100 align-items-center h-button justify-content-lg-center justify-content-md-center justify-content-center style-2031 style-local-331-c167 position-relative\"><!----><!----> <span>Zur \u00dcbersicht<\/span><\/a>\r\n                    <\/span>\r\n                  <\/div>\r\n                <\/div>\r\n              <\/div>\r\n            <\/div>\r\n          <\/div>\r\n        <\/div>\r\n      <\/div>\r\n    <\/div>\r\n  <\/div>\r\n  <div data-colibri-component=\"section\" data-colibri-id=\"331-c168\" id=\"custom-107\" class=\"h-section h-section-global-spacing d-flex align-items-lg-center align-items-md-center align-items-center style-2018 style-local-331-c168 position-relative\">\r\n    <!---->\r\n    <!---->\r\n    <div class=\"h-section-grid-container h-section-boxed-container\">\r\n      <!---->\r\n      <div data-colibri-id=\"331-c169\" class=\"h-row-container gutters-row-lg-2 gutters-row-md-2 gutters-row-0 gutters-row-v-lg-2 gutters-row-v-md-2 gutters-row-v-2 style-2019 style-local-331-c169 position-relative\">\r\n        <!---->\r\n        <div class=\"h-row justify-content-lg-center justify-content-md-center justify-content-center align-items-lg-stretch align-items-md-stretch align-items-stretch gutters-col-lg-2 gutters-col-md-2 gutters-col-0 gutters-col-v-lg-2 gutters-col-v-md-2 gutters-col-v-2\">\r\n          <!---->\r\n          <div class=\"h-column h-column-container d-flex h-col-lg-auto h-col-md-auto h-col-auto style-2020-outer style-local-331-c170-outer\">\r\n            <div data-colibri-id=\"331-c170\" class=\"d-flex h-flex-basis h-column__inner h-px-lg-2 h-px-md-2 h-px-2 v-inner-lg-2 v-inner-md-2 v-inner-2 style-2020 style-local-331-c170 position-relative\">\r\n              <!---->\r\n              <!---->\r\n              <div class=\"w-100 h-y-container h-column__content h-column__v-align flex-basis-100 align-self-lg-start align-self-md-start align-self-start\">\r\n                <!---->\r\n                <div data-colibri-id=\"331-c171\" class=\"d-block style-2022 style-local-331-c171 position-relative h-element\">\r\n                  <!---->\r\n                  <div class=\"h-image__frame-container-outer\">\r\n                    <div class=\"h-image__frame-container\">\r\n                      <!---->\r\n                      <!---->\r\n                      <img loading=\"lazy\" decoding=\"async\" width=\"1036\" height=\"741\" src=\"http:\/\/botschafter-menschenrechte.de\/wp-content\/uploads\/2024\/06\/cropped-Foto.jpg\" class=\"wp-image-3411 style-2022-image style-local-331-c171-image\" alt=\"\" srcset=\"https:\/\/botschafter-menschenrechte.de\/wp-content\/uploads\/2024\/06\/cropped-Foto.jpg 1036w, https:\/\/botschafter-menschenrechte.de\/wp-content\/uploads\/2024\/06\/cropped-Foto-300x215.jpg 300w, https:\/\/botschafter-menschenrechte.de\/wp-content\/uploads\/2024\/06\/cropped-Foto-1024x732.jpg 1024w, https:\/\/botschafter-menschenrechte.de\/wp-content\/uploads\/2024\/06\/cropped-Foto-768x549.jpg 768w\" sizes=\"auto, (max-width: 1036px) 100vw, 1036px\" \/>\r\n                      <div class=\"h-image__frame h-hide-lg h-hide-md h-hide-sm style-2022-frameImage style-local-331-c171-frameImage\"><\/div>\r\n                    <\/div>\r\n                  <\/div>\r\n                <\/div>\r\n                <div data-colibri-id=\"331-c172\" class=\"h-text h-text-component style-2023 style-local-331-c172 position-relative h-element\">\r\n                  <!---->\r\n                  <!---->\r\n                  <div class=\"\">\r\n                    <p>Botschafter f\u00fcr Menschenrechte\r\n                      <br>unterst\u00fctzt die Demonstration f\u00fcr Menschenrechte\r\n                      <br>auf Kuba.&nbsp;<\/p>\r\n                  <\/div>\r\n                <\/div>\r\n                <div data-colibri-id=\"331-c173\" class=\"h-global-transition-all h-heading style-2024 style-local-331-c173 position-relative h-element\">\r\n                  <!---->\r\n                  <div class=\"h-heading__outer style-2024 style-local-331-c173\">\r\n                    <!---->\r\n                    <!---->\r\n                    <h3 class=\"\">Libertad!<\/h3>\r\n                  <\/div>\r\n                <\/div>\r\n              <\/div>\r\n            <\/div>\r\n          <\/div>\r\n        <\/div>\r\n      <\/div>\r\n    <\/div>\r\n  <\/div>\r\n  <div data-colibri-component=\"section\" data-colibri-id=\"331-c174\" id=\"custom-106\" class=\"h-section h-section-global-spacing d-flex align-items-lg-center align-items-md-center align-items-center style-1997 style-local-331-c174 position-relative\">\r\n    <!---->\r\n    <!---->\r\n    <div class=\"h-section-grid-container h-section-boxed-container\">\r\n      <!---->\r\n      <div data-colibri-id=\"331-c175\" class=\"h-row-container gutters-row-lg-2 gutters-row-md-2 gutters-row-0 gutters-row-v-lg-2 gutters-row-v-md-2 gutters-row-v-2 style-2015 style-local-331-c175 position-relative\">\r\n        <!---->\r\n        <div class=\"h-row justify-content-lg-center justify-content-md-center justify-content-center align-items-lg-stretch align-items-md-stretch align-items-stretch gutters-col-lg-2 gutters-col-md-2 gutters-col-0 gutters-col-v-lg-2 gutters-col-v-md-2 gutters-col-v-2\">\r\n          <!---->\r\n          <div class=\"h-column h-column-container d-flex h-col-lg-auto h-col-md-auto h-col-auto style-2016-outer style-local-331-c176-outer\">\r\n            <div data-colibri-id=\"331-c176\" class=\"d-flex h-flex-basis h-column__inner h-px-lg-2 h-px-md-2 h-px-2 v-inner-lg-2 v-inner-md-2 v-inner-2 style-2016 style-local-331-c176 position-relative\">\r\n              <!---->\r\n              <!---->\r\n              <div class=\"w-100 h-y-container h-column__content h-column__v-align flex-basis-100 align-self-lg-start align-self-md-start align-self-start\">\r\n                <!---->\r\n                <div data-colibri-id=\"331-c177\" class=\"d-block style-2017 style-local-331-c177 position-relative h-element\">\r\n                  <!---->\r\n                  <div class=\"h-image__frame-container-outer\">\r\n                    <div class=\"h-image__frame-container\">\r\n                      <!---->\r\n                      <!---->\r\n                      <img loading=\"lazy\" decoding=\"async\" width=\"1295\" height=\"466\" src=\"http:\/\/botschafter-menschenrechte.de\/wp-content\/uploads\/2024\/04\/cropped-Screenshot-2024-04-11-at-19.21.59.png\" class=\"wp-image-3383 style-2017-image style-local-331-c177-image\" alt=\"\" srcset=\"https:\/\/botschafter-menschenrechte.de\/wp-content\/uploads\/2024\/04\/cropped-Screenshot-2024-04-11-at-19.21.59.png 1295w, https:\/\/botschafter-menschenrechte.de\/wp-content\/uploads\/2024\/04\/cropped-Screenshot-2024-04-11-at-19.21.59-300x108.png 300w, https:\/\/botschafter-menschenrechte.de\/wp-content\/uploads\/2024\/04\/cropped-Screenshot-2024-04-11-at-19.21.59-1024x368.png 1024w, https:\/\/botschafter-menschenrechte.de\/wp-content\/uploads\/2024\/04\/cropped-Screenshot-2024-04-11-at-19.21.59-768x276.png 768w\" sizes=\"auto, (max-width: 1295px) 100vw, 1295px\" \/>\r\n                      <div class=\"h-image__frame h-hide-lg h-hide-md h-hide-sm style-2017-frameImage style-local-331-c177-frameImage\"><\/div>\r\n                    <\/div>\r\n                  <\/div>\r\n                <\/div>\r\n              <\/div>\r\n            <\/div>\r\n          <\/div>\r\n        <\/div>\r\n      <\/div>\r\n      <div data-colibri-id=\"331-c178\" class=\"h-row-container gutters-row-lg-2 gutters-row-md-2 gutters-row-0 gutters-row-v-lg-2 gutters-row-v-md-2 gutters-row-v-2 style-1998 style-local-331-c178 position-relative\">\r\n        <!---->\r\n        <div class=\"h-row justify-content-lg-center justify-content-md-center justify-content-center align-items-lg-stretch align-items-md-stretch align-items-stretch gutters-col-lg-2 gutters-col-md-2 gutters-col-0 gutters-col-v-lg-2 gutters-col-v-md-2 gutters-col-v-2\">\r\n          <!---->\r\n          <div class=\"h-column h-column-container d-flex h-col-lg-auto h-col-md-auto h-col-auto style-2000-outer style-local-331-c179-outer\">\r\n            <div data-colibri-id=\"331-c179\" class=\"d-flex h-flex-basis h-column__inner h-px-lg-2 h-px-md-2 h-px-2 v-inner-lg-2 v-inner-md-2 v-inner-2 style-2000 style-local-331-c179 position-relative\">\r\n              <!---->\r\n              <!---->\r\n              <div class=\"w-100 h-y-container h-column__content h-column__v-align flex-basis-100 align-self-lg-start align-self-md-start align-self-start\">\r\n                <!---->\r\n                <div data-colibri-id=\"331-c180\" class=\"h-x-container style-2005 style-local-331-c180 position-relative h-element\">\r\n                  <!---->\r\n                  <div class=\"h-x-container-inner style-dynamic-331-c180-group style-2005-spacing style-local-331-c180-spacing\"><span class=\"h-link__outer style-2006-outer style-local-331-c181-outer d-inline-flex h-element\"><a h-use-smooth-scroll=\"true\" href=\"https:\/\/botschafter-menschenrechte.de\/?cat=17\"  data-colibri-id=\"331-c181\" class=\"d-flex w-100 align-items-center h-link style-2006 style-local-331-c181 position-relative\"><!----><!----> <span>KUBA<\/span><\/a>\r\n                    <\/span>\r\n                  <\/div>\r\n                <\/div>\r\n                <div data-colibri-id=\"331-c182\" class=\"h-global-transition-all h-heading style-2010 style-local-331-c182 position-relative h-element\">\r\n                  <!---->\r\n                  <div class=\"h-heading__outer style-2010 style-local-331-c182\">\r\n                    <!---->\r\n                    <!---->\r\n                    <h1 class=\"\">1000 Tage\r\n                      <br>im kubanischen Horror-Gef\u00e4ngnis<\/h1>\r\n                  <\/div>\r\n                <\/div>\r\n                <div data-colibri-id=\"331-c183\" class=\"h-text h-text-component style-2011 style-local-331-c183 position-relative h-element\">\r\n                  <!---->\r\n                  <!---->\r\n                  <div class=\"\">\r\n                    <p><strong style=\"font-size: 14pt; font-family: &quot;Calibri Light&quot;, sans-serif;\">Dresdener Familienvater Luis Frometa ist Opfer politischer Justiz &#8211; Menschenrechtler fordern bedingungslose sofortige Freilassung<\/strong><\/p>\r\n                    <p><strong style=\"font-family: &quot;Calibri Light&quot;, sans-serif;\">Havanna\/Dresden\/Berlin &#8211; Politische Gefangene sind f\u00fcr Kuba genauso ein Markenzeichen wie Rum und karibische Sonne. Unter den \u00fcber 1100 politischen Gefangener ist ein Deutscher: Luis Frometa aus Dresden. Zusammen gesperrt mit gew\u00f6hnlichen Kriminellen wird der 61j\u00e4hrige am Freitag, dem 12. April, den 1000 Tag im ber\u00fcchtigten Hochsicherheitsgef\u00e4ngnis Combinando del Este verbringen. Luis hat zwei T\u00f6chter und eine Ehefrau, die in Dresden leben und mit Unterst\u00fctzung von Menschenrechtlern und Politikern alles versuchen, um seine Freilassung zu erreichen.<\/strong><\/p>\r\n                    <p>\r\n                      <br>\r\n                    <\/p>\r\n                  <\/div>\r\n                <\/div>\r\n                <div data-colibri-id=\"331-c184\" class=\"h-x-container style-2012 style-local-331-c184 position-relative h-element\">\r\n                  <!---->\r\n                  <div class=\"h-x-container-inner style-dynamic-331-c184-group style-2012-spacing style-local-331-c184-spacing\"><span class=\"h-button__outer style-2013-outer style-local-331-c185-outer d-inline-flex h-element\"><a h-use-smooth-scroll=\"true\" href=\"https:\/\/botschafter-menschenrechte.de\/?p=3374&amp;preview=true&amp;_thumbnail_id=3376\"  data-colibri-id=\"331-c185\" class=\"d-flex w-100 align-items-center h-button justify-content-lg-center justify-content-md-center justify-content-center style-2013 style-local-331-c185 position-relative\"><!----><!----> <span>ZUM BEITRAG<\/span><\/a>\r\n                    <\/span>\r\n                  <\/div>\r\n                <\/div>\r\n              <\/div>\r\n            <\/div>\r\n          <\/div>\r\n        <\/div>\r\n      <\/div>\r\n    <\/div>\r\n  <\/div>\r\n  <div data-colibri-component=\"section\" data-colibri-id=\"331-c186\" id=\"custom-105\" class=\"h-section h-section-global-spacing d-flex align-items-lg-center align-items-md-center align-items-center style-1982 style-local-331-c186 position-relative\">\r\n    <!---->\r\n    <!---->\r\n    <div class=\"h-section-grid-container h-section-boxed-container\">\r\n      <!---->\r\n      <div data-colibri-id=\"331-c187\" class=\"h-row-container gutters-row-lg-2 gutters-row-md-2 gutters-row-0 gutters-row-v-lg-2 gutters-row-v-md-2 gutters-row-v-2 style-1983 style-local-331-c187 position-relative\">\r\n        <!---->\r\n        <div class=\"h-row justify-content-lg-center justify-content-md-center justify-content-center align-items-lg-stretch align-items-md-stretch align-items-stretch gutters-col-lg-2 gutters-col-md-2 gutters-col-0 gutters-col-v-lg-2 gutters-col-v-md-2 gutters-col-v-2\">\r\n          <!---->\r\n          <div class=\"h-column h-column-container d-flex h-col-lg-auto h-col-md-auto h-col-auto style-1984-outer style-local-331-c188-outer\">\r\n            <div data-colibri-id=\"331-c188\" class=\"d-flex h-flex-basis h-column__inner h-px-lg-2 h-px-md-2 h-px-2 v-inner-lg-2 v-inner-md-2 v-inner-2 style-1984 style-local-331-c188 position-relative\">\r\n              <!---->\r\n              <!---->\r\n              <div class=\"w-100 h-y-container h-column__content h-column__v-align flex-basis-100 align-self-lg-center align-self-md-center align-self-center\">\r\n                <!---->\r\n                <div data-colibri-id=\"331-c189\" class=\"d-block style-1994 style-local-331-c189 position-relative h-element\">\r\n                  <!---->\r\n                  <div class=\"h-image__frame-container-outer\">\r\n                    <div class=\"h-image__frame-container\">\r\n                      <!---->\r\n                      <!---->\r\n                      <img loading=\"lazy\" decoding=\"async\" width=\"368\" height=\"368\" src=\"http:\/\/botschafter-menschenrechte.de\/wp-content\/uploads\/2024\/04\/cropped-Untitled-1.png\" class=\"wp-image-3366 style-1994-image style-local-331-c189-image\" alt=\"\" srcset=\"https:\/\/botschafter-menschenrechte.de\/wp-content\/uploads\/2024\/04\/cropped-Untitled-1.png 368w, https:\/\/botschafter-menschenrechte.de\/wp-content\/uploads\/2024\/04\/cropped-Untitled-1-300x300.png 300w, https:\/\/botschafter-menschenrechte.de\/wp-content\/uploads\/2024\/04\/cropped-Untitled-1-150x150.png 150w\" sizes=\"auto, (max-width: 368px) 100vw, 368px\" \/>\r\n                      <div class=\"h-image__frame h-hide-lg h-hide-md h-hide-sm style-1994-frameImage style-local-331-c189-frameImage\"><\/div>\r\n                    <\/div>\r\n                  <\/div>\r\n                <\/div>\r\n              <\/div>\r\n            <\/div>\r\n          <\/div>\r\n          <div class=\"h-column h-column-container d-flex h-col-lg-auto h-col-md-auto h-col-auto style-1985-outer style-local-331-c190-outer\">\r\n            <div data-colibri-id=\"331-c190\" class=\"d-flex h-flex-basis h-column__inner h-px-lg-2 h-px-md-2 h-px-2 v-inner-lg-2 v-inner-md-2 v-inner-2 style-1985 style-local-331-c190 position-relative\">\r\n              <!---->\r\n              <!---->\r\n              <div class=\"w-100 h-y-container h-column__content h-column__v-align flex-basis-100 align-self-lg-center align-self-md-center align-self-center\">\r\n                <!---->\r\n                <div data-colibri-id=\"331-c191\" class=\"h-x-container style-1988 style-local-331-c191 position-relative h-element\">\r\n                  <!---->\r\n                  <div class=\"h-x-container-inner style-dynamic-331-c191-group style-1988-spacing style-local-331-c191-spacing\"><span class=\"h-link__outer style-1989-outer style-local-331-c192-outer d-inline-flex h-element\"><a h-use-smooth-scroll=\"true\" href=\"https:\/\/botschafter-menschenrechte.de\/?cat=17\"  data-colibri-id=\"331-c192\" class=\"d-flex w-100 align-items-center h-link style-1989 style-local-331-c192 position-relative\"><!----><!----> <span>KUBA<\/span><\/a>\r\n                    <\/span>\r\n                  <\/div>\r\n                <\/div>\r\n                <div data-colibri-id=\"331-c193\" class=\"h-x-container style-1995 style-local-331-c193 position-relative h-element\">\r\n                  <!---->\r\n                  <div class=\"h-x-container-inner style-dynamic-331-c193-group style-1995-spacing style-local-331-c193-spacing\"><span class=\"h-link__outer style-1996-outer style-local-331-c194-outer d-inline-flex h-element\"><a h-use-smooth-scroll=\"true\" href=\"https:\/\/botschafter-menschenrechte.de\/?cat=19\"  data-colibri-id=\"331-c194\" class=\"d-flex w-100 align-items-center h-link style-1996 style-local-331-c194 position-relative\"><!----><!----> <span>RELIGIONSFREIHEIT<\/span><\/a>\r\n                    <\/span>\r\n                  <\/div>\r\n                <\/div>\r\n                <div data-colibri-id=\"331-c195\" class=\"h-global-transition-all h-heading style-1990 style-local-331-c195 position-relative h-element\">\r\n                  <!---->\r\n                  <div class=\"h-heading__outer style-1990 style-local-331-c195\">\r\n                    <!---->\r\n                    <!---->\r\n                    <h3 class=\"\">Kubanischen Machtelite f\u00fcrchtet sich vor regimekritischen Christen<\/h3>\r\n                  <\/div>\r\n                <\/div>\r\n                <div data-colibri-id=\"331-c196\" class=\"h-text h-text-component style-1993 style-local-331-c196 position-relative h-element\">\r\n                  <!---->\r\n                  <!---->\r\n                  <div class=\"\">\r\n                    <p><span style=\"font-weight: 400; font-size: 16px; font-family: &quot;Open Sans&quot;; color: rgb(37, 41, 42);\">Das kommunistische Regime auf Kuba hatte schon immer ein schwieriges Verh\u00e4ltnis zur Religion. W\u00e4hrend die Religionsaus\u00fcbung bis in die fr\u00fchen 1990er Jahre sogar offiziell ge\u00e4chtet war und massiv unterdr\u00fcckt wurde, lockerte das Regime seine (&#8230;)<\/span><\/p>\r\n                  <\/div>\r\n                <\/div>\r\n                <div data-colibri-id=\"331-c197\" class=\"h-x-container style-1991 style-local-331-c197 position-relative h-element\">\r\n                  <!---->\r\n                  <div class=\"h-x-container-inner style-dynamic-331-c197-group style-1991-spacing style-local-331-c197-spacing\"><span class=\"h-button__outer style-1992-outer style-local-331-c198-outer d-inline-flex h-element\"><a h-use-smooth-scroll=\"true\" href=\"https:\/\/botschafter-menschenrechte.de\/?p=3361\"  data-colibri-id=\"331-c198\" class=\"d-flex w-100 align-items-center h-button justify-content-lg-center justify-content-md-center justify-content-center style-1992 style-local-331-c198 position-relative\"><!----><!----> <span>WEITERLESEN<\/span><\/a>\r\n                    <\/span>\r\n                  <\/div>\r\n                <\/div>\r\n              <\/div>\r\n            <\/div>\r\n          <\/div>\r\n        <\/div>\r\n      <\/div>\r\n    <\/div>\r\n  <\/div>\r\n  <div data-colibri-component=\"section\" data-colibri-id=\"331-c199\" id=\"custom-104\" class=\"h-section h-section-global-spacing d-flex align-items-lg-center align-items-md-center align-items-center style-1971 style-local-331-c199 position-relative\">\r\n    <!---->\r\n    <!---->\r\n    <div class=\"h-section-grid-container h-section-boxed-container\">\r\n      <!---->\r\n      <div data-colibri-id=\"331-c200\" class=\"h-row-container gutters-row-lg-2 gutters-row-md-2 gutters-row-0 gutters-row-v-lg-2 gutters-row-v-md-2 gutters-row-v-2 style-1972 style-local-331-c200 position-relative\">\r\n        <!---->\r\n        <div class=\"h-row justify-content-lg-center justify-content-md-center justify-content-center align-items-lg-stretch align-items-md-stretch align-items-stretch gutters-col-lg-2 gutters-col-md-2 gutters-col-0 gutters-col-v-lg-2 gutters-col-v-md-2 gutters-col-v-2\">\r\n          <!---->\r\n          <div class=\"h-column h-column-container d-flex h-col-lg-auto h-col-md-auto h-col-auto style-1973-outer style-local-331-c201-outer\">\r\n            <div data-colibri-id=\"331-c201\" class=\"d-flex h-flex-basis h-column__inner h-px-lg-2 h-px-md-2 h-px-2 v-inner-lg-2 v-inner-md-2 v-inner-2 style-1973 style-local-331-c201 position-relative\">\r\n              <!---->\r\n              <!---->\r\n              <div class=\"w-100 h-y-container h-column__content h-column__v-align flex-basis-100 align-self-lg-center align-self-md-center align-self-center\">\r\n                <!---->\r\n                <div data-colibri-id=\"331-c202\" class=\"d-block style-1981 style-local-331-c202 position-relative h-element\">\r\n                  <!---->\r\n                  <div class=\"h-image__frame-container-outer\">\r\n                    <div class=\"h-image__frame-container\">\r\n                      <!---->\r\n                      <!---->\r\n                      <img loading=\"lazy\" decoding=\"async\" width=\"460\" height=\"408\" src=\"http:\/\/botschafter-menschenrechte.de\/wp-content\/uploads\/2024\/03\/cropped-Screenshot_2024-02-28_at_12.56.31_PM.png\" class=\"wp-image-3334 style-1981-image style-local-331-c202-image\" alt=\"\" srcset=\"https:\/\/botschafter-menschenrechte.de\/wp-content\/uploads\/2024\/03\/cropped-Screenshot_2024-02-28_at_12.56.31_PM.png 460w, https:\/\/botschafter-menschenrechte.de\/wp-content\/uploads\/2024\/03\/cropped-Screenshot_2024-02-28_at_12.56.31_PM-300x266.png 300w\" sizes=\"auto, (max-width: 460px) 100vw, 460px\" \/>\r\n                      <div class=\"h-image__frame h-hide-lg h-hide-md h-hide-sm style-1981-frameImage style-local-331-c202-frameImage\"><\/div>\r\n                    <\/div>\r\n                  <\/div>\r\n                <\/div>\r\n              <\/div>\r\n            <\/div>\r\n          <\/div>\r\n          <div class=\"h-column h-column-container d-flex h-col-lg-auto h-col-md-auto h-col-auto style-1974-outer style-local-331-c203-outer\">\r\n            <div data-colibri-id=\"331-c203\" class=\"d-flex h-flex-basis h-column__inner h-px-lg-2 h-px-md-2 h-px-2 v-inner-lg-2 v-inner-md-2 v-inner-2 style-1974 style-local-331-c203 position-relative\">\r\n              <!---->\r\n              <!---->\r\n              <div class=\"w-100 h-y-container h-column__content h-column__v-align flex-basis-100 align-self-lg-center align-self-md-center align-self-center\">\r\n                <!---->\r\n                <div data-colibri-id=\"331-c204\" class=\"h-x-container style-1975 style-local-331-c204 position-relative h-element\">\r\n                  <!---->\r\n                  <div class=\"h-x-container-inner style-dynamic-331-c204-group style-1975-spacing style-local-331-c204-spacing\"><span class=\"h-link__outer style-1976-outer style-local-331-c205-outer d-inline-flex h-element\"><a h-use-smooth-scroll=\"true\" href=\"https:\/\/botschafter-menschenrechte.de\/?cat=38\"  data-colibri-id=\"331-c205\" class=\"d-flex w-100 align-items-center h-link style-1976 style-local-331-c205 position-relative\"><!----><!----> <span>MEINUNG<\/span><\/a>\r\n                    <\/span>\r\n                  <\/div>\r\n                <\/div>\r\n                <div data-colibri-id=\"331-c206\" class=\"h-global-transition-all h-heading style-1977 style-local-331-c206 position-relative h-element\">\r\n                  <!---->\r\n                  <div class=\"h-heading__outer style-1977 style-local-331-c206\">\r\n                    <!---->\r\n                    <!---->\r\n                    <h1 class=\"\">Waren die Berlinale-G\u00e4ste dumm oder antisemitisch?<\/h1>\r\n                  <\/div>\r\n                <\/div>\r\n                <div data-colibri-id=\"331-c207\" class=\"h-text h-text-component style-1978 style-local-331-c207 position-relative h-element\">\r\n                  <!---->\r\n                  <!---->\r\n                  <div class=\"\">\r\n                    <p><strong style=\"font-size: 16px; font-family: &quot;Open Sans&quot;, sans-serif; color: rgb(63, 63, 63);\">Nie wieder oder so \u00e4hnlich: Michael Wolffsohns scharfsinniges Buch \u00fcber alten und neuen Antisemitismus beleuchtet, welche unterschiedlichen Lehren Deutsche und Juden aus dem Holocaust zogen.<\/strong><\/p>\r\n                  <\/div>\r\n                <\/div>\r\n                <div data-colibri-id=\"331-c208\" class=\"h-x-container style-1979 style-local-331-c208 position-relative h-element\">\r\n                  <!---->\r\n                  <div class=\"h-x-container-inner style-dynamic-331-c208-group style-1979-spacing style-local-331-c208-spacing\"><span class=\"h-button__outer style-1980-outer style-local-331-c209-outer d-inline-flex h-element\"><a h-use-smooth-scroll=\"true\" href=\"https:\/\/botschafter-menschenrechte.de\/?p=3329\"  data-colibri-id=\"331-c209\" class=\"d-flex w-100 align-items-center h-button justify-content-lg-center justify-content-md-center justify-content-center style-1980 style-local-331-c209 position-relative\"><!----><!----> <span>ZUM BEITRAG<\/span><\/a>\r\n                    <\/span>\r\n                  <\/div>\r\n                <\/div>\r\n              <\/div>\r\n            <\/div>\r\n          <\/div>\r\n        <\/div>\r\n      <\/div>\r\n    <\/div>\r\n  <\/div>\r\n  <div data-colibri-component=\"section\" data-colibri-id=\"331-c210\" id=\"custom-103\" class=\"h-section h-section-global-spacing d-flex align-items-lg-center align-items-md-center align-items-center style-1959 style-local-331-c210 position-relative\">\r\n    <!---->\r\n    <!---->\r\n    <div class=\"h-section-grid-container h-section-boxed-container\">\r\n      <!---->\r\n      <div data-colibri-id=\"331-c211\" class=\"h-row-container gutters-row-lg-2 gutters-row-md-2 gutters-row-0 gutters-row-v-lg-2 gutters-row-v-md-2 gutters-row-v-2 style-1960 style-local-331-c211 position-relative\">\r\n        <!---->\r\n        <div class=\"h-row justify-content-lg-center justify-content-md-center justify-content-center align-items-lg-stretch align-items-md-stretch align-items-stretch gutters-col-lg-2 gutters-col-md-2 gutters-col-0 gutters-col-v-lg-2 gutters-col-v-md-2 gutters-col-v-2\">\r\n          <!---->\r\n          <div class=\"h-column h-column-container d-flex h-col-lg-auto h-col-md-auto h-col-auto style-1961-outer style-local-331-c212-outer\">\r\n            <div data-colibri-id=\"331-c212\" class=\"d-flex h-flex-basis h-column__inner h-px-lg-2 h-px-md-2 h-px-2 v-inner-lg-2 v-inner-md-2 v-inner-2 style-1961 style-local-331-c212 position-relative\">\r\n              <!---->\r\n              <!---->\r\n              <div class=\"w-100 h-y-container h-column__content h-column__v-align flex-basis-100 align-self-lg-center align-self-md-center align-self-center\">\r\n                <!---->\r\n                <div data-colibri-id=\"331-c213\" class=\"d-block style-1969 style-local-331-c213 position-relative h-element\">\r\n                  <!---->\r\n                  <div class=\"h-image__frame-container-outer\">\r\n                    <div class=\"h-image__frame-container\">\r\n                      <!---->\r\n                      <!---->\r\n                      <img loading=\"lazy\" decoding=\"async\" width=\"674\" height=\"674\" src=\"http:\/\/botschafter-menschenrechte.de\/wp-content\/uploads\/2023\/09\/cropped-cropped-Screenshot-2023-09-28-at-15.19.48.png\" class=\"wp-image-3322 style-1969-image style-local-331-c213-image\" alt=\"\" srcset=\"https:\/\/botschafter-menschenrechte.de\/wp-content\/uploads\/2023\/09\/cropped-cropped-Screenshot-2023-09-28-at-15.19.48.png 674w, https:\/\/botschafter-menschenrechte.de\/wp-content\/uploads\/2023\/09\/cropped-cropped-Screenshot-2023-09-28-at-15.19.48-300x300.png 300w, https:\/\/botschafter-menschenrechte.de\/wp-content\/uploads\/2023\/09\/cropped-cropped-Screenshot-2023-09-28-at-15.19.48-150x150.png 150w\" sizes=\"auto, (max-width: 674px) 100vw, 674px\" \/>\r\n                      <div class=\"h-image__frame h-hide-lg h-hide-md h-hide-sm style-1969-frameImage style-local-331-c213-frameImage\"><\/div>\r\n                    <\/div>\r\n                  <\/div>\r\n                <\/div>\r\n              <\/div>\r\n            <\/div>\r\n          <\/div>\r\n          <div class=\"h-column h-column-container d-flex h-col-lg-auto h-col-md-auto h-col-auto style-1962-outer style-local-331-c214-outer\">\r\n            <div data-colibri-id=\"331-c214\" class=\"d-flex h-flex-basis h-column__inner h-px-lg-2 h-px-md-2 h-px-2 v-inner-lg-2 v-inner-md-2 v-inner-2 style-1962 style-local-331-c214 position-relative\">\r\n              <!---->\r\n              <!---->\r\n              <div class=\"w-100 h-y-container h-column__content h-column__v-align flex-basis-100 align-self-lg-center align-self-md-center align-self-center\">\r\n                <!---->\r\n                <div data-colibri-id=\"331-c215\" class=\"h-x-container style-1963 style-local-331-c215 position-relative h-element\">\r\n                  <!---->\r\n                  <div class=\"h-x-container-inner style-dynamic-331-c215-group style-1963-spacing style-local-331-c215-spacing\"><span class=\"h-link__outer style-1964-outer style-local-331-c216-outer d-inline-flex h-element\"><a h-use-smooth-scroll=\"true\" href=\"https:\/\/botschafter-menschenrechte.de\/?cat=20\"  data-colibri-id=\"331-c216\" class=\"d-flex w-100 align-items-center h-link style-1964 style-local-331-c216 position-relative\"><!----><!----> <span>\u00c4GYPTEN<\/span><\/a>\r\n                    <\/span>\r\n                  <\/div>\r\n                <\/div>\r\n                <div data-colibri-id=\"331-c217\" class=\"h-text h-text-component style-1970 style-local-331-c217 position-relative h-element\">\r\n                  <!---->\r\n                  <!---->\r\n                  <div class=\"\">\r\n                    <p><span style=\"color: rgb(70, 112, 127); font-family: &quot;Open Sans&quot;; font-size: 16px; font-weight: 400;\">Botschafter f\u00fcr Menschenrechte kritisiert <br>rechtliche Diskriminierung von Nichtmuslimen in \u00c4gypten:<\/span><\/p>\r\n                  <\/div>\r\n                <\/div>\r\n                <div data-colibri-id=\"331-c218\" class=\"h-global-transition-all h-heading style-1965 style-local-331-c218 position-relative h-element\">\r\n                  <!---->\r\n                  <div class=\"h-heading__outer style-1965 style-local-331-c218\">\r\n                    <!---->\r\n                    <!---->\r\n                    <h3 class=\"\">Die Konversion des Ehemannes zum Islam entzieht christlichen M\u00fcttern das Sorgerecht f\u00fcr ihre Kinder<\/h3>\r\n                  <\/div>\r\n                <\/div>\r\n                <div data-colibri-id=\"331-c219\" class=\"h-text h-text-component style-1966 style-local-331-c219 position-relative h-element\">\r\n                  <!---->\r\n                  <!---->\r\n                  <div class=\"\">\r\n                    <p>Klada: Familien stehen vor dem Zerfall durch Gesetze und Normen<\/p>\r\n                  <\/div>\r\n                <\/div>\r\n                <div data-colibri-id=\"331-c220\" class=\"h-x-container style-1967 style-local-331-c220 position-relative h-element\">\r\n                  <!---->\r\n                  <div class=\"h-x-container-inner style-dynamic-331-c220-group style-1967-spacing style-local-331-c220-spacing\"><span class=\"h-button__outer style-1968-outer style-local-331-c221-outer d-inline-flex h-element\"><a h-use-smooth-scroll=\"true\" href=\"https:\/\/botschafter-menschenrechte.de\/?p=3317&amp;_thumbnail_id=3214\"  data-colibri-id=\"331-c221\" class=\"d-flex w-100 align-items-center h-button justify-content-lg-center justify-content-md-center justify-content-center style-1968 style-local-331-c221 position-relative\"><!----><!----> <span>ZUM BEITRAG<\/span><\/a>\r\n                    <\/span>\r\n                  <\/div>\r\n                <\/div>\r\n              <\/div>\r\n            <\/div>\r\n          <\/div>\r\n        <\/div>\r\n      <\/div>\r\n    <\/div>\r\n  <\/div>\r\n  <div data-colibri-component=\"section\" data-colibri-id=\"331-c222\" id=\"custom-102\" class=\"h-section h-section-global-spacing d-flex align-items-lg-center align-items-md-center align-items-center style-1948 style-local-331-c222 position-relative\">\r\n    <!---->\r\n    <!---->\r\n    <div class=\"h-section-grid-container h-section-boxed-container\">\r\n      <!---->\r\n      <div data-colibri-id=\"331-c223\" class=\"h-row-container gutters-row-lg-2 gutters-row-md-2 gutters-row-0 gutters-row-v-lg-2 gutters-row-v-md-2 gutters-row-v-2 style-1949 style-local-331-c223 position-relative\">\r\n        <!---->\r\n        <div class=\"h-row justify-content-lg-center justify-content-md-center justify-content-center align-items-lg-stretch align-items-md-stretch align-items-stretch gutters-col-lg-2 gutters-col-md-2 gutters-col-0 gutters-col-v-lg-2 gutters-col-v-md-2 gutters-col-v-2\">\r\n          <!---->\r\n          <div class=\"h-column h-column-container d-flex h-col-lg-auto h-col-md-auto h-col-auto style-1950-outer style-local-331-c224-outer\">\r\n            <div data-colibri-id=\"331-c224\" class=\"d-flex h-flex-basis h-column__inner h-px-lg-2 h-px-md-2 h-px-2 v-inner-lg-2 v-inner-md-2 v-inner-2 style-1950 style-local-331-c224 position-relative\">\r\n              <!---->\r\n              <!---->\r\n              <div class=\"w-100 h-y-container h-column__content h-column__v-align flex-basis-100 align-self-lg-center align-self-md-center align-self-center\">\r\n                <!---->\r\n                <div data-colibri-id=\"331-c225\" class=\"d-block style-1958 style-local-331-c225 position-relative h-element\">\r\n                  <!---->\r\n                  <div class=\"h-image__frame-container-outer\">\r\n                    <div class=\"h-image__frame-container\">\r\n                      <!---->\r\n                      <!---->\r\n                      <img loading=\"lazy\" decoding=\"async\" width=\"429\" height=\"429\" src=\"http:\/\/botschafter-menschenrechte.de\/wp-content\/uploads\/2024\/01\/cropped-IMG_1652.jpg\" class=\"wp-image-3306 style-1958-image style-local-331-c225-image\" alt=\"\" srcset=\"https:\/\/botschafter-menschenrechte.de\/wp-content\/uploads\/2024\/01\/cropped-IMG_1652.jpg 429w, https:\/\/botschafter-menschenrechte.de\/wp-content\/uploads\/2024\/01\/cropped-IMG_1652-300x300.jpg 300w, https:\/\/botschafter-menschenrechte.de\/wp-content\/uploads\/2024\/01\/cropped-IMG_1652-150x150.jpg 150w\" sizes=\"auto, (max-width: 429px) 100vw, 429px\" \/>\r\n                      <div class=\"h-image__frame h-hide-lg h-hide-md h-hide-sm style-1958-frameImage style-local-331-c225-frameImage\"><\/div>\r\n                    <\/div>\r\n                  <\/div>\r\n                <\/div>\r\n              <\/div>\r\n            <\/div>\r\n          <\/div>\r\n          <div class=\"h-column h-column-container d-flex h-col-lg-auto h-col-md-auto h-col-auto style-1951-outer style-local-331-c226-outer\">\r\n            <div data-colibri-id=\"331-c226\" class=\"d-flex h-flex-basis h-column__inner h-px-lg-2 h-px-md-2 h-px-2 v-inner-lg-2 v-inner-md-2 v-inner-2 style-1951 style-local-331-c226 position-relative\">\r\n              <!---->\r\n              <!---->\r\n              <div class=\"w-100 h-y-container h-column__content h-column__v-align flex-basis-100 align-self-lg-center align-self-md-center align-self-center\">\r\n                <!---->\r\n                <div data-colibri-id=\"331-c227\" class=\"h-x-container style-1952 style-local-331-c227 position-relative h-element\">\r\n                  <!---->\r\n                  <div class=\"h-x-container-inner style-dynamic-331-c227-group style-1952-spacing style-local-331-c227-spacing\"><span class=\"h-link__outer style-1953-outer style-local-331-c228-outer d-inline-flex h-element\"><a h-use-smooth-scroll=\"true\" href=\"http:\/\/botschafter-menschenrechte.de\/?cat=17\"  data-colibri-id=\"331-c228\" class=\"d-flex w-100 align-items-center h-link style-1953 style-local-331-c228 position-relative\"><!----><!----> <span>KUBA<\/span><\/a>\r\n                    <\/span>\r\n                  <\/div>\r\n                <\/div>\r\n                <div data-colibri-id=\"331-c229\" class=\"h-global-transition-all h-heading style-1954 style-local-331-c229 position-relative h-element\">\r\n                  <!---->\r\n                  <div class=\"h-heading__outer style-1954 style-local-331-c229\">\r\n                    <!---->\r\n                    <!---->\r\n                    <h1 class=\"\">Das Regime braucht immer politische Gefangene<\/h1>\r\n                  <\/div>\r\n                <\/div>\r\n                <div data-colibri-id=\"331-c230\" class=\"h-text h-text-component style-1955 style-local-331-c230 position-relative h-element\">\r\n                  <!---->\r\n                  <!---->\r\n                  <div class=\"\">\r\n                    <p>Interview mit Omar Lopez Montenegro\r\n                      <br>\u00fcber politische Gefangene und die Rolle der katholischen Kirche&nbsp;<\/p>\r\n                  <\/div>\r\n                <\/div>\r\n                <div data-colibri-id=\"331-c231\" class=\"h-x-container style-1956 style-local-331-c231 position-relative h-element\">\r\n                  <!---->\r\n                  <div class=\"h-x-container-inner style-dynamic-331-c231-group style-1956-spacing style-local-331-c231-spacing\"><span class=\"h-button__outer style-1957-outer style-local-331-c232-outer d-inline-flex h-element\"><a h-use-smooth-scroll=\"true\" href=\"http:\/\/botschafter-menschenrechte.de\/?p=3299\"  data-colibri-id=\"331-c232\" class=\"d-flex w-100 align-items-center h-button justify-content-lg-center justify-content-md-center justify-content-center style-1957 style-local-331-c232 position-relative\"><!----><!----> <span>ZUM INTERVIEW<\/span><\/a>\r\n                    <\/span>\r\n                  <\/div>\r\n                <\/div>\r\n              <\/div>\r\n            <\/div>\r\n          <\/div>\r\n        <\/div>\r\n      <\/div>\r\n    <\/div>\r\n  <\/div>\r\n  <div data-colibri-component=\"section\" data-colibri-id=\"331-c233\" id=\"custom-101\" class=\"h-section h-section-global-spacing d-flex align-items-lg-center align-items-md-center align-items-center style-1937 style-local-331-c233 position-relative\">\r\n    <!---->\r\n    <!---->\r\n    <div class=\"h-section-grid-container h-section-boxed-container\">\r\n      <!---->\r\n      <div data-colibri-id=\"331-c234\" class=\"h-row-container gutters-row-lg-2 gutters-row-md-2 gutters-row-0 gutters-row-v-lg-2 gutters-row-v-md-2 gutters-row-v-2 style-1938 style-local-331-c234 position-relative\">\r\n        <!---->\r\n        <div class=\"h-row justify-content-lg-center justify-content-md-center justify-content-center align-items-lg-stretch align-items-md-stretch align-items-stretch gutters-col-lg-2 gutters-col-md-2 gutters-col-0 gutters-col-v-lg-2 gutters-col-v-md-2 gutters-col-v-2\">\r\n          <!---->\r\n          <div class=\"h-column h-column-container d-flex h-col-lg-auto h-col-md-auto h-col-auto style-1939-outer style-local-331-c235-outer\">\r\n            <div data-colibri-id=\"331-c235\" class=\"d-flex h-flex-basis h-column__inner h-px-lg-2 h-px-md-2 h-px-2 v-inner-lg-2 v-inner-md-2 v-inner-2 style-1939 style-local-331-c235 position-relative\">\r\n              <!---->\r\n              <!---->\r\n              <div class=\"w-100 h-y-container h-column__content h-column__v-align flex-basis-100 align-self-lg-center align-self-md-center align-self-center\">\r\n                <!---->\r\n                <div data-colibri-id=\"331-c236\" class=\"d-block style-1946 style-local-331-c236 position-relative h-element\">\r\n                  <!---->\r\n                  <div class=\"h-image__frame-container-outer\">\r\n                    <div class=\"h-image__frame-container\">\r\n                      <!---->\r\n                      <!---->\r\n                      <img loading=\"lazy\" decoding=\"async\" width=\"899\" height=\"897\" src=\"http:\/\/botschafter-menschenrechte.de\/wp-content\/uploads\/2023\/12\/cropped-image-1.jpeg\" class=\"wp-image-3291 style-1946-image style-local-331-c236-image\" alt=\"\" srcset=\"https:\/\/botschafter-menschenrechte.de\/wp-content\/uploads\/2023\/12\/cropped-image-1.jpeg 899w, https:\/\/botschafter-menschenrechte.de\/wp-content\/uploads\/2023\/12\/cropped-image-1-300x300.jpeg 300w, https:\/\/botschafter-menschenrechte.de\/wp-content\/uploads\/2023\/12\/cropped-image-1-150x150.jpeg 150w, https:\/\/botschafter-menschenrechte.de\/wp-content\/uploads\/2023\/12\/cropped-image-1-768x766.jpeg 768w\" sizes=\"auto, (max-width: 899px) 100vw, 899px\" \/>\r\n                      <div class=\"h-image__frame h-hide-lg h-hide-md h-hide-sm style-1946-frameImage style-local-331-c236-frameImage\"><\/div>\r\n                    <\/div>\r\n                  <\/div>\r\n                <\/div>\r\n              <\/div>\r\n            <\/div>\r\n          <\/div>\r\n          <div class=\"h-column h-column-container d-flex h-col-lg-auto h-col-md-auto h-col-auto style-1940-outer style-local-331-c237-outer\">\r\n            <div data-colibri-id=\"331-c237\" class=\"d-flex h-flex-basis h-column__inner h-px-lg-2 h-px-md-2 h-px-2 v-inner-lg-2 v-inner-md-2 v-inner-2 style-1940 style-local-331-c237 position-relative\">\r\n              <!---->\r\n              <!---->\r\n              <div class=\"w-100 h-y-container h-column__content h-column__v-align flex-basis-100 align-self-lg-center align-self-md-center align-self-center\">\r\n                <!---->\r\n                <div data-colibri-id=\"331-c238\" class=\"h-x-container style-1941 style-local-331-c238 position-relative h-element\">\r\n                  <!---->\r\n                  <div class=\"h-x-container-inner style-dynamic-331-c238-group style-1941-spacing style-local-331-c238-spacing\"><span class=\"h-link__outer style-1942-outer style-local-331-c239-outer d-inline-flex h-element\"><a h-use-smooth-scroll=\"true\" href=\"http:\/\/botschafter-menschenrechte.de\/?cat=21\"  data-colibri-id=\"331-c239\" class=\"d-flex w-100 align-items-center h-link style-1942 style-local-331-c239 position-relative\"><!----><!----> <span>MENSCHENRECHTE<\/span><\/a>\r\n                    <\/span>\r\n                  <\/div>\r\n                <\/div>\r\n                <div data-colibri-id=\"331-c240\" class=\"h-global-transition-all h-heading style-1943 style-local-331-c240 position-relative h-element\">\r\n                  <!---->\r\n                  <div class=\"h-heading__outer style-1943 style-local-331-c240\">\r\n                    <!---->\r\n                    <!---->\r\n                    <h3 class=\"\">Die entscheidenden Jahre f\u00fcr die DDR-Forschung sind genau jetzt<\/h3>\r\n                  <\/div>\r\n                <\/div>\r\n                <div data-colibri-id=\"331-c241\" class=\"h-text h-text-component style-1947 style-local-331-c241 position-relative h-element\">\r\n                  <!---->\r\n                  <!---->\r\n                  <div class=\"\">\r\n                    <p>Die wissenschaftliche Aufarbeitung der SED-Diktatur braucht eine langfristige Perspektive. Sie zu schaffen, ist Aufgabe der Bundesforschungsministerin. Ein Gastbeitrag von Lars Rohwer.<\/p>\r\n                  <\/div>\r\n                <\/div>\r\n                <div data-colibri-id=\"331-c242\" class=\"h-x-container style-1944 style-local-331-c242 position-relative h-element\">\r\n                  <!---->\r\n                  <div class=\"h-x-container-inner style-dynamic-331-c242-group style-1944-spacing style-local-331-c242-spacing\"><span class=\"h-button__outer style-1945-outer style-local-331-c243-outer d-inline-flex h-element\"><a h-use-smooth-scroll=\"true\" href=\"http:\/\/botschafter-menschenrechte.de\/?p=3284\"  data-colibri-id=\"331-c243\" class=\"d-flex w-100 align-items-center h-button justify-content-lg-center justify-content-md-center justify-content-center style-1945 style-local-331-c243 position-relative\"><!----><!----> <span>ZUM BEITRAG<\/span><\/a>\r\n                    <\/span>\r\n                  <\/div>\r\n                <\/div>\r\n              <\/div>\r\n            <\/div>\r\n          <\/div>\r\n        <\/div>\r\n      <\/div>\r\n    <\/div>\r\n  <\/div>\r\n  <div data-colibri-component=\"section\" data-colibri-id=\"331-c244\" id=\"custom-100\" class=\"h-section h-section-global-spacing d-flex align-items-lg-center align-items-md-center align-items-center style-1927 style-local-331-c244 position-relative\">\r\n    <!---->\r\n    <!---->\r\n    <div class=\"h-section-grid-container h-section-boxed-container\">\r\n      <!---->\r\n      <div data-colibri-id=\"331-c245\" class=\"h-row-container gutters-row-lg-2 gutters-row-md-2 gutters-row-0 gutters-row-v-lg-2 gutters-row-v-md-2 gutters-row-v-2 style-1928 style-local-331-c245 position-relative\">\r\n        <!---->\r\n        <div class=\"h-row justify-content-lg-center justify-content-md-center justify-content-center align-items-lg-stretch align-items-md-stretch align-items-stretch gutters-col-lg-2 gutters-col-md-2 gutters-col-0 gutters-col-v-lg-2 gutters-col-v-md-2 gutters-col-v-2\">\r\n          <!---->\r\n          <div class=\"h-column h-column-container d-flex h-col-lg-auto h-col-md-auto h-col-auto style-1929-outer style-local-331-c246-outer\">\r\n            <div data-colibri-id=\"331-c246\" class=\"d-flex h-flex-basis h-column__inner h-px-lg-2 h-px-md-2 h-px-2 v-inner-lg-2 v-inner-md-2 v-inner-2 style-1929 style-local-331-c246 position-relative\">\r\n              <!---->\r\n              <!---->\r\n              <div class=\"w-100 h-y-container h-column__content h-column__v-align flex-basis-100 align-self-lg-center align-self-md-center align-self-center\">\r\n                <!---->\r\n                <div data-colibri-id=\"331-c247\" class=\"d-block style-1936 style-local-331-c247 position-relative h-element\">\r\n                  <!---->\r\n                  <div class=\"h-image__frame-container-outer\">\r\n                    <div class=\"h-image__frame-container\">\r\n                      <!---->\r\n                      <!---->\r\n                      <img loading=\"lazy\" decoding=\"async\" width=\"600\" height=\"600\" src=\"http:\/\/botschafter-menschenrechte.de\/wp-content\/uploads\/2023\/12\/cropped-PHOTO-2023-12-14-11-30-40.jpg\" class=\"wp-image-3274 style-1936-image style-local-331-c247-image\" alt=\"\" srcset=\"https:\/\/botschafter-menschenrechte.de\/wp-content\/uploads\/2023\/12\/cropped-PHOTO-2023-12-14-11-30-40.jpg 600w, https:\/\/botschafter-menschenrechte.de\/wp-content\/uploads\/2023\/12\/cropped-PHOTO-2023-12-14-11-30-40-300x300.jpg 300w, https:\/\/botschafter-menschenrechte.de\/wp-content\/uploads\/2023\/12\/cropped-PHOTO-2023-12-14-11-30-40-150x150.jpg 150w\" sizes=\"auto, (max-width: 600px) 100vw, 600px\" \/>\r\n                      <div class=\"h-image__frame h-hide-lg h-hide-md h-hide-sm style-1936-frameImage style-local-331-c247-frameImage\"><\/div>\r\n                    <\/div>\r\n                  <\/div>\r\n                <\/div>\r\n              <\/div>\r\n            <\/div>\r\n          <\/div>\r\n          <div class=\"h-column h-column-container d-flex h-col-lg-auto h-col-md-auto h-col-auto style-1930-outer style-local-331-c248-outer\">\r\n            <div data-colibri-id=\"331-c248\" class=\"d-flex h-flex-basis h-column__inner h-px-lg-2 h-px-md-2 h-px-2 v-inner-lg-2 v-inner-md-2 v-inner-2 style-1930 style-local-331-c248 position-relative\">\r\n              <!---->\r\n              <!---->\r\n              <div class=\"w-100 h-y-container h-column__content h-column__v-align flex-basis-100 align-self-lg-center align-self-md-center align-self-center\">\r\n                <!---->\r\n                <div data-colibri-id=\"331-c249\" class=\"h-x-container style-1931 style-local-331-c249 position-relative h-element\">\r\n                  <!---->\r\n                  <div class=\"h-x-container-inner style-dynamic-331-c249-group style-1931-spacing style-local-331-c249-spacing\"><span class=\"h-link__outer style-1932-outer style-local-331-c250-outer d-inline-flex h-element\"><a h-use-smooth-scroll=\"true\" href=\"http:\/\/botschafter-menschenrechte.de\/?cat=17\"  data-colibri-id=\"331-c250\" class=\"d-flex w-100 align-items-center h-link style-1932 style-local-331-c250 position-relative\"><!----><!----> <span>KUBA<\/span><\/a>\r\n                    <\/span>\r\n                  <\/div>\r\n                <\/div>\r\n                <div data-colibri-id=\"331-c251\" class=\"h-global-transition-all h-heading style-1933 style-local-331-c251 position-relative h-element\">\r\n                  <!---->\r\n                  <div class=\"h-heading__outer style-1933 style-local-331-c251\">\r\n                    <!---->\r\n                    <!---->\r\n                    <h2 class=\"\">Kuba:\r\n                      <br>Statt Religionsfreiheit staatliche Zwangsregistrierung\r\n                      <br>und Repressalien<\/h2>\r\n                  <\/div>\r\n                <\/div>\r\n                <div data-colibri-id=\"331-c252\" class=\"h-x-container style-1934 style-local-331-c252 position-relative h-element\">\r\n                  <!---->\r\n                  <div class=\"h-x-container-inner style-dynamic-331-c252-group style-1934-spacing style-local-331-c252-spacing\"><span class=\"h-button__outer style-1935-outer style-local-331-c253-outer d-inline-flex h-element\"><a h-use-smooth-scroll=\"true\" href=\"http:\/\/botschafter-menschenrechte.de\/?p=3258\"  data-colibri-id=\"331-c253\" class=\"d-flex w-100 align-items-center h-button justify-content-lg-center justify-content-md-center justify-content-center style-1935 style-local-331-c253 position-relative\"><!----><!----> <span>ZUM BEITRAG<\/span><\/a>\r\n                    <\/span>\r\n                  <\/div>\r\n                <\/div>\r\n              <\/div>\r\n            <\/div>\r\n          <\/div>\r\n        <\/div>\r\n      <\/div>\r\n    <\/div>\r\n  <\/div>\r\n  <div data-colibri-component=\"section\" data-colibri-id=\"331-c254\" id=\"custom-99\" class=\"h-section h-section-global-spacing d-flex align-items-lg-center align-items-md-center align-items-center style-1922 style-local-331-c254 position-relative\">\r\n    <!---->\r\n    <!---->\r\n    <div class=\"h-section-grid-container h-section-boxed-container\">\r\n      <!---->\r\n      <div data-colibri-id=\"331-c255\" class=\"h-row-container gutters-row-lg-2 gutters-row-md-2 gutters-row-0 gutters-row-v-lg-2 gutters-row-v-md-2 gutters-row-v-2 style-1923 style-local-331-c255 position-relative\">\r\n        <!---->\r\n        <div class=\"h-row justify-content-lg-center justify-content-md-center justify-content-center align-items-lg-stretch align-items-md-stretch align-items-stretch gutters-col-lg-2 gutters-col-md-2 gutters-col-0 gutters-col-v-lg-2 gutters-col-v-md-2 gutters-col-v-2\">\r\n          <!---->\r\n          <div class=\"h-column h-column-container d-flex h-col-lg-auto h-col-md-auto h-col-auto style-1924-outer style-local-331-c256-outer\">\r\n            <div data-colibri-id=\"331-c256\" class=\"d-flex h-flex-basis h-column__inner h-px-lg-2 h-px-md-2 h-px-2 v-inner-lg-2 v-inner-md-2 v-inner-2 style-1924 style-local-331-c256 position-relative\">\r\n              <!---->\r\n              <!---->\r\n              <div class=\"w-100 h-y-container h-column__content h-column__v-align flex-basis-100 align-self-lg-start align-self-md-start align-self-start\">\r\n                <!---->\r\n                <div data-colibri-id=\"331-c257\" class=\"d-block style-1926 style-local-331-c257 position-relative h-element\">\r\n                  <!---->\r\n                  <div class=\"h-image__frame-container-outer\">\r\n                    <div class=\"h-image__frame-container\">\r\n                      <!---->\r\n                      <!---->\r\n                      <img loading=\"lazy\" decoding=\"async\" width=\"1714\" height=\"2434\" src=\"http:\/\/botschafter-menschenrechte.de\/wp-content\/uploads\/2023\/12\/cropped-Screenshot-2023-12-08-at-09.59.44.png\" class=\"wp-image-3243 style-1926-image style-local-331-c257-image\" alt=\"\" srcset=\"https:\/\/botschafter-menschenrechte.de\/wp-content\/uploads\/2023\/12\/cropped-Screenshot-2023-12-08-at-09.59.44.png 1714w, https:\/\/botschafter-menschenrechte.de\/wp-content\/uploads\/2023\/12\/cropped-Screenshot-2023-12-08-at-09.59.44-211x300.png 211w, https:\/\/botschafter-menschenrechte.de\/wp-content\/uploads\/2023\/12\/cropped-Screenshot-2023-12-08-at-09.59.44-721x1024.png 721w, https:\/\/botschafter-menschenrechte.de\/wp-content\/uploads\/2023\/12\/cropped-Screenshot-2023-12-08-at-09.59.44-768x1091.png 768w, https:\/\/botschafter-menschenrechte.de\/wp-content\/uploads\/2023\/12\/cropped-Screenshot-2023-12-08-at-09.59.44-1082x1536.png 1082w, https:\/\/botschafter-menschenrechte.de\/wp-content\/uploads\/2023\/12\/cropped-Screenshot-2023-12-08-at-09.59.44-1442x2048.png 1442w\" sizes=\"auto, (max-width: 1714px) 100vw, 1714px\" \/>\r\n                      <div class=\"h-image__frame h-hide-lg h-hide-md h-hide-sm style-1926-frameImage style-local-331-c257-frameImage\"><\/div>\r\n                    <\/div>\r\n                  <\/div>\r\n                <\/div>\r\n              <\/div>\r\n            <\/div>\r\n          <\/div>\r\n        <\/div>\r\n      <\/div>\r\n    <\/div>\r\n  <\/div>\r\n  <div data-colibri-component=\"section\" data-colibri-id=\"331-c258\" id=\"custom-98\" class=\"h-section h-section-global-spacing d-flex align-items-lg-center align-items-md-center align-items-center style-1912 style-local-331-c258 position-relative\">\r\n    <!---->\r\n    <!---->\r\n    <div class=\"h-section-grid-container h-section-boxed-container\">\r\n      <!---->\r\n      <div data-colibri-id=\"331-c259\" class=\"h-row-container gutters-row-lg-2 gutters-row-md-2 gutters-row-0 gutters-row-v-lg-2 gutters-row-v-md-2 gutters-row-v-2 style-1913 style-local-331-c259 position-relative\">\r\n        <!---->\r\n        <div class=\"h-row justify-content-lg-center justify-content-md-center justify-content-center align-items-lg-stretch align-items-md-stretch align-items-stretch gutters-col-lg-2 gutters-col-md-2 gutters-col-0 gutters-col-v-lg-2 gutters-col-v-md-2 gutters-col-v-2\">\r\n          <!---->\r\n          <div class=\"h-column h-column-container d-flex h-col-lg-auto h-col-md-auto h-col-auto style-1914-outer style-local-331-c260-outer\">\r\n            <div data-colibri-id=\"331-c260\" class=\"d-flex h-flex-basis h-column__inner h-px-lg-2 h-px-md-2 h-px-2 v-inner-lg-2 v-inner-md-2 v-inner-2 style-1914 style-local-331-c260 position-relative\">\r\n              <!---->\r\n              <!---->\r\n              <div class=\"w-100 h-y-container h-column__content h-column__v-align flex-basis-100 align-self-lg-center align-self-md-center align-self-center\">\r\n                <!---->\r\n                <div data-colibri-id=\"331-c261\" class=\"d-block style-1921 style-local-331-c261 position-relative h-element\">\r\n                  <!---->\r\n                  <div class=\"h-image__frame-container-outer\">\r\n                    <div class=\"h-image__frame-container\">\r\n                      <!---->\r\n                      <!---->\r\n                      <img loading=\"lazy\" decoding=\"async\" width=\"957\" height=\"957\" src=\"http:\/\/botschafter-menschenrechte.de\/wp-content\/uploads\/2023\/12\/cropped-csm_bezahlen_Flohmarkt_c_iStock.comSolStock_a014283719-e1701695358771.webp\" class=\"wp-image-3231 style-1921-image style-local-331-c261-image\" alt=\"\" srcset=\"https:\/\/botschafter-menschenrechte.de\/wp-content\/uploads\/2023\/12\/cropped-csm_bezahlen_Flohmarkt_c_iStock.comSolStock_a014283719-e1701695358771.webp 957w, https:\/\/botschafter-menschenrechte.de\/wp-content\/uploads\/2023\/12\/cropped-csm_bezahlen_Flohmarkt_c_iStock.comSolStock_a014283719-e1701695358771-300x300.webp 300w, https:\/\/botschafter-menschenrechte.de\/wp-content\/uploads\/2023\/12\/cropped-csm_bezahlen_Flohmarkt_c_iStock.comSolStock_a014283719-e1701695358771-150x150.webp 150w, https:\/\/botschafter-menschenrechte.de\/wp-content\/uploads\/2023\/12\/cropped-csm_bezahlen_Flohmarkt_c_iStock.comSolStock_a014283719-e1701695358771-768x768.webp 768w\" sizes=\"auto, (max-width: 957px) 100vw, 957px\" \/>\r\n                      <div class=\"h-image__frame h-hide-lg h-hide-md h-hide-sm style-1921-frameImage style-local-331-c261-frameImage\"><\/div>\r\n                    <\/div>\r\n                  <\/div>\r\n                <\/div>\r\n              <\/div>\r\n            <\/div>\r\n          <\/div>\r\n          <div class=\"h-column h-column-container d-flex h-col-lg-auto h-col-md-auto h-col-auto style-1915-outer style-local-331-c262-outer\">\r\n            <div data-colibri-id=\"331-c262\" class=\"d-flex h-flex-basis h-column__inner h-px-lg-2 h-px-md-2 h-px-2 v-inner-lg-2 v-inner-md-2 v-inner-2 style-1915 style-local-331-c262 position-relative\">\r\n              <!---->\r\n              <!---->\r\n              <div class=\"w-100 h-y-container h-column__content h-column__v-align flex-basis-100 align-self-lg-center align-self-md-center align-self-center\">\r\n                <!---->\r\n                <div data-colibri-id=\"331-c263\" class=\"h-x-container style-1916 style-local-331-c263 position-relative h-element\">\r\n                  <!---->\r\n                  <div class=\"h-x-container-inner style-dynamic-331-c263-group style-1916-spacing style-local-331-c263-spacing\"><span class=\"h-link__outer style-1917-outer style-local-331-c264-outer d-inline-flex h-element\"><a h-use-smooth-scroll=\"true\" href=\"http:\/\/botschafter-menschenrechte.de\/?cat=46\"  data-colibri-id=\"331-c264\" class=\"d-flex w-100 align-items-center h-link style-1917 style-local-331-c264 position-relative\"><!----><!----> <span>NACHRICHTEN &amp; PERSONEN<\/span><\/a>\r\n                    <\/span>\r\n                  <\/div>\r\n                <\/div>\r\n                <div data-colibri-id=\"331-c265\" class=\"h-global-transition-all h-heading style-1918 style-local-331-c265 position-relative h-element\">\r\n                  <!---->\r\n                  <div class=\"h-heading__outer style-1918 style-local-331-c265\">\r\n                    <!---->\r\n                    <!---->\r\n                    <h3 class=\"\">Menschenrechtsinstitut fordert mehr Einsatz f\u00fcr Inklusion und Selbstbestimmung von Menschen mit Behinderungen<\/h3>\r\n                  <\/div>\r\n                <\/div>\r\n                <div data-colibri-id=\"331-c266\" class=\"h-x-container style-1919 style-local-331-c266 position-relative h-element\">\r\n                  <!---->\r\n                  <div class=\"h-x-container-inner style-dynamic-331-c266-group style-1919-spacing style-local-331-c266-spacing\"><span class=\"h-button__outer style-1920-outer style-local-331-c267-outer d-inline-flex h-element\"><a h-use-smooth-scroll=\"true\" href=\"http:\/\/botschafter-menschenrechte.de\/?p=3227\"  data-colibri-id=\"331-c267\" class=\"d-flex w-100 align-items-center h-button justify-content-lg-center justify-content-md-center justify-content-center style-1920 style-local-331-c267 position-relative\"><!----><!----> <span>ZUM BEITRAG<\/span><\/a>\r\n                    <\/span>\r\n                  <\/div>\r\n                <\/div>\r\n              <\/div>\r\n            <\/div>\r\n          <\/div>\r\n        <\/div>\r\n      <\/div>\r\n    <\/div>\r\n  <\/div>\r\n  <div data-colibri-component=\"section\" data-colibri-id=\"331-c268\" id=\"custom-97\" class=\"h-section h-section-global-spacing d-flex align-items-lg-center align-items-md-center align-items-center style-1901 style-local-331-c268 position-relative\">\r\n    <!---->\r\n    <!---->\r\n    <div class=\"h-section-grid-container h-section-boxed-container\">\r\n      <!---->\r\n      <div data-colibri-id=\"331-c269\" class=\"h-row-container gutters-row-lg-2 gutters-row-md-2 gutters-row-0 gutters-row-v-lg-2 gutters-row-v-md-2 gutters-row-v-2 style-1902 style-local-331-c269 position-relative\">\r\n        <!---->\r\n        <div class=\"h-row justify-content-lg-center justify-content-md-center justify-content-center align-items-lg-stretch align-items-md-stretch align-items-stretch gutters-col-lg-2 gutters-col-md-2 gutters-col-0 gutters-col-v-lg-2 gutters-col-v-md-2 gutters-col-v-2\">\r\n          <!---->\r\n          <div class=\"h-column h-column-container d-flex h-col-lg-auto h-col-md-auto h-col-auto style-1903-outer style-local-331-c270-outer\">\r\n            <div data-colibri-id=\"331-c270\" class=\"d-flex h-flex-basis h-column__inner h-px-lg-2 h-px-md-2 h-px-2 v-inner-lg-2 v-inner-md-2 v-inner-2 style-1903 style-local-331-c270 position-relative\">\r\n              <!---->\r\n              <!---->\r\n              <div class=\"w-100 h-y-container h-column__content h-column__v-align flex-basis-100 align-self-lg-center align-self-md-center align-self-center\">\r\n                <!---->\r\n                <div data-colibri-id=\"331-c271\" class=\"d-block style-1911 style-local-331-c271 position-relative h-element\">\r\n                  <!---->\r\n                  <div class=\"h-image__frame-container-outer\">\r\n                    <div class=\"h-image__frame-container\">\r\n                      <!---->\r\n                      <!---->\r\n                      <img loading=\"lazy\" decoding=\"async\" width=\"674\" height=\"674\" src=\"http:\/\/botschafter-menschenrechte.de\/wp-content\/uploads\/2023\/09\/cropped-Screenshot-2023-09-28-at-15.19.48.png\" class=\"wp-image-3218 style-1911-image style-local-331-c271-image\" alt=\"\" srcset=\"https:\/\/botschafter-menschenrechte.de\/wp-content\/uploads\/2023\/09\/cropped-Screenshot-2023-09-28-at-15.19.48.png 674w, https:\/\/botschafter-menschenrechte.de\/wp-content\/uploads\/2023\/09\/cropped-Screenshot-2023-09-28-at-15.19.48-300x300.png 300w, https:\/\/botschafter-menschenrechte.de\/wp-content\/uploads\/2023\/09\/cropped-Screenshot-2023-09-28-at-15.19.48-150x150.png 150w\" sizes=\"auto, (max-width: 674px) 100vw, 674px\" \/>\r\n                      <div class=\"h-image__frame h-hide-lg h-hide-md h-hide-sm style-1911-frameImage style-local-331-c271-frameImage\"><\/div>\r\n                    <\/div>\r\n                  <\/div>\r\n                <\/div>\r\n              <\/div>\r\n            <\/div>\r\n          <\/div>\r\n          <div class=\"h-column h-column-container d-flex h-col-lg-auto h-col-md-auto h-col-auto style-1904-outer style-local-331-c272-outer\">\r\n            <div data-colibri-id=\"331-c272\" class=\"d-flex h-flex-basis h-column__inner h-px-lg-2 h-px-md-2 h-px-2 v-inner-lg-2 v-inner-md-2 v-inner-2 style-1904 style-local-331-c272 position-relative\">\r\n              <!---->\r\n              <!---->\r\n              <div class=\"w-100 h-y-container h-column__content h-column__v-align flex-basis-100 align-self-lg-center align-self-md-center align-self-center\">\r\n                <!---->\r\n                <div data-colibri-id=\"331-c273\" class=\"h-x-container style-1905 style-local-331-c273 position-relative h-element\">\r\n                  <!---->\r\n                  <div class=\"h-x-container-inner style-dynamic-331-c273-group style-1905-spacing style-local-331-c273-spacing\"><span class=\"h-link__outer style-1906-outer style-local-331-c274-outer d-inline-flex h-element\"><a h-use-smooth-scroll=\"true\" href=\"http:\/\/botschafter-menschenrechte.de\/?cat=20\"  data-colibri-id=\"331-c274\" class=\"d-flex w-100 align-items-center h-link style-1906 style-local-331-c274 position-relative\"><!----><!----> <span>\u00c4GYPTEN<\/span><\/a>\r\n                    <\/span>\r\n                  <\/div>\r\n                <\/div>\r\n                <div data-colibri-id=\"331-c275\" class=\"h-global-transition-all h-heading style-1907 style-local-331-c275 position-relative h-element\">\r\n                  <!---->\r\n                  <div class=\"h-heading__outer style-1907 style-local-331-c275\">\r\n                    <!---->\r\n                    <!---->\r\n                    <h4 class=\"\">Hamas sind Muslimbr\u00fcder\r\n                      <br>Islamistisch, gewaltbereit und Werkzeug des Iran<\/h4>\r\n                  <\/div>\r\n                <\/div>\r\n                <div data-colibri-id=\"331-c276\" class=\"h-text h-text-component style-1908 style-local-331-c276 position-relative h-element\">\r\n                  <!---->\r\n                  <!---->\r\n                  <div class=\"\">\r\n                    <p>Seit ihrer Gr\u00fcndung im Gazastreifen bekennt sich die islamistische Hamas-Organisation sowohl dazu, gewaltsam den Staat Israel vernichten zu wollen, als auch dazu eine innerpal\u00e4stinensische F\u00fchrungsrolle zu \u00fcbernehmen.<\/p>\r\n                  <\/div>\r\n                <\/div>\r\n                <div data-colibri-id=\"331-c277\" class=\"h-x-container style-1909 style-local-331-c277 position-relative h-element\">\r\n                  <!---->\r\n                  <div class=\"h-x-container-inner style-dynamic-331-c277-group style-1909-spacing style-local-331-c277-spacing\"><span class=\"h-button__outer style-1910-outer style-local-331-c278-outer d-inline-flex h-element\"><a h-use-smooth-scroll=\"true\" href=\"http:\/\/botschafter-menschenrechte.de\/?p=3213\"  data-colibri-id=\"331-c278\" class=\"d-flex w-100 align-items-center h-button justify-content-lg-center justify-content-md-center justify-content-center style-1910 style-local-331-c278 position-relative\"><!----><!----> <span>ZUM BEITRAG<\/span><\/a>\r\n                    <\/span>\r\n                  <\/div>\r\n                <\/div>\r\n              <\/div>\r\n            <\/div>\r\n          <\/div>\r\n        <\/div>\r\n      <\/div>\r\n    <\/div>\r\n  <\/div>\r\n  <div data-colibri-component=\"section\" data-colibri-id=\"331-c279\" id=\"custom-96\" class=\"h-section h-section-global-spacing d-flex align-items-lg-center align-items-md-center align-items-center style-1883 style-local-331-c279 position-relative\">\r\n    <!---->\r\n    <!---->\r\n    <div class=\"h-section-grid-container h-section-boxed-container\">\r\n      <!---->\r\n      <div data-colibri-id=\"331-c280\" class=\"h-row-container gutters-row-lg-2 gutters-row-md-2 gutters-row-0 gutters-row-v-lg-2 gutters-row-v-md-2 gutters-row-v-2 style-1884 style-local-331-c280 position-relative\">\r\n        <!---->\r\n        <div class=\"h-row justify-content-lg-center justify-content-md-center justify-content-center align-items-lg-stretch align-items-md-stretch align-items-stretch gutters-col-lg-2 gutters-col-md-2 gutters-col-0 gutters-col-v-lg-2 gutters-col-v-md-2 gutters-col-v-2\">\r\n          <!---->\r\n          <div class=\"h-column h-column-container d-flex h-col-lg-auto h-col-md-auto h-col-auto style-1885-outer style-local-331-c281-outer\">\r\n            <div data-colibri-id=\"331-c281\" class=\"d-flex h-flex-basis h-column__inner h-px-lg-2 h-px-md-2 h-px-2 v-inner-lg-2 v-inner-md-2 v-inner-2 style-1885 style-local-331-c281 position-relative\">\r\n              <!---->\r\n              <!---->\r\n              <div class=\"w-100 h-y-container h-column__content h-column__v-align flex-basis-100 align-self-lg-center align-self-md-center align-self-center\">\r\n                <!---->\r\n                <div data-colibri-id=\"331-c282\" class=\"d-block style-1900 style-local-331-c282 position-relative h-element\">\r\n                  <!---->\r\n                  <div class=\"h-image__frame-container-outer\">\r\n                    <div class=\"h-image__frame-container\">\r\n                      <!---->\r\n                      <!---->\r\n                      <img loading=\"lazy\" decoding=\"async\" width=\"1200\" height=\"1200\" src=\"http:\/\/botschafter-menschenrechte.de\/wp-content\/uploads\/2023\/11\/cropped-csm_Beate_Rudolf_Pressefoto_frontal_c_DIMR_A_Illing_8f7a00f8eb.webp\" class=\"wp-image-3205 style-1900-image style-local-331-c282-image\" alt=\"\" srcset=\"https:\/\/botschafter-menschenrechte.de\/wp-content\/uploads\/2023\/11\/cropped-csm_Beate_Rudolf_Pressefoto_frontal_c_DIMR_A_Illing_8f7a00f8eb.webp 1200w, https:\/\/botschafter-menschenrechte.de\/wp-content\/uploads\/2023\/11\/cropped-csm_Beate_Rudolf_Pressefoto_frontal_c_DIMR_A_Illing_8f7a00f8eb-300x300.webp 300w, https:\/\/botschafter-menschenrechte.de\/wp-content\/uploads\/2023\/11\/cropped-csm_Beate_Rudolf_Pressefoto_frontal_c_DIMR_A_Illing_8f7a00f8eb-1024x1024.webp 1024w, https:\/\/botschafter-menschenrechte.de\/wp-content\/uploads\/2023\/11\/cropped-csm_Beate_Rudolf_Pressefoto_frontal_c_DIMR_A_Illing_8f7a00f8eb-150x150.webp 150w, https:\/\/botschafter-menschenrechte.de\/wp-content\/uploads\/2023\/11\/cropped-csm_Beate_Rudolf_Pressefoto_frontal_c_DIMR_A_Illing_8f7a00f8eb-768x768.webp 768w\" sizes=\"auto, (max-width: 1200px) 100vw, 1200px\" \/>\r\n                      <div class=\"h-image__frame h-hide-lg h-hide-md h-hide-sm style-1900-frameImage style-local-331-c282-frameImage\"><\/div>\r\n                    <\/div>\r\n                  <\/div>\r\n                <\/div>\r\n              <\/div>\r\n            <\/div>\r\n          <\/div>\r\n          <div class=\"h-column h-column-container d-flex h-col-lg-auto h-col-md-auto h-col-auto style-1886-outer style-local-331-c283-outer\">\r\n            <div data-colibri-id=\"331-c283\" class=\"d-flex h-flex-basis h-column__inner h-px-lg-2 h-px-md-2 h-px-2 v-inner-lg-2 v-inner-md-2 v-inner-2 style-1886 style-local-331-c283 position-relative\">\r\n              <!---->\r\n              <!---->\r\n              <div class=\"w-100 h-y-container h-column__content h-column__v-align flex-basis-100 align-self-lg-center align-self-md-center align-self-center\">\r\n                <!---->\r\n                <div data-colibri-id=\"331-c284\" class=\"h-x-container style-1887 style-local-331-c284 position-relative h-element\">\r\n                  <!---->\r\n                  <div class=\"h-x-container-inner style-dynamic-331-c284-group style-1887-spacing style-local-331-c284-spacing\"><span class=\"h-link__outer style-1888-outer style-local-331-c285-outer d-inline-flex h-element\"><a h-use-smooth-scroll=\"true\" href=\"http:\/\/botschafter-menschenrechte.de\/?cat=46\"  data-colibri-id=\"331-c285\" class=\"d-flex w-100 align-items-center h-link style-1888 style-local-331-c285 position-relative\"><!----><!----> <span>NACHRICHTEN &amp; PERSONEN<\/span><\/a>\r\n                    <\/span>\r\n                  <\/div>\r\n                <\/div>\r\n                <div data-colibri-id=\"331-c286\" class=\"h-global-transition-all h-heading style-1889 style-local-331-c286 position-relative h-element\">\r\n                  <!---->\r\n                  <div class=\"h-heading__outer style-1889 style-local-331-c286\">\r\n                    <!---->\r\n                    <!---->\r\n                    <h1 class=\"\">Staat und Gesellschaft m\u00fcssen aktiv gegen Antisemitismus einstehen<\/h1>\r\n                  <\/div>\r\n                <\/div>\r\n                <div data-colibri-id=\"331-c287\" class=\"h-text h-text-component style-1897 style-local-331-c287 position-relative h-element\">\r\n                  <!---->\r\n                  <!---->\r\n                  <div class=\"\">\r\n                    <p>Zum 85. Jahrestag der Novemberpogrome am 9. November erkl\u00e4rt Beate Rudolf, Direktorin des Deutschen Instituts f\u00fcr Menschenrechte:<\/p>\r\n                    <p>\u201eAm 9. November 1938 wurden in einer vom NS-Regime organisierten und gelenkten Gewaltwelle in ganz Deutschland Synagogen, Betstuben und andere Versammlungsr\u00e4ume sowie Gesch\u00e4fte und Wohnungen j\u00fcdischer Menschen verw\u00fcstet und j\u00fcdische\r\n                      Friedh\u00f6fe gesch\u00e4ndet. J\u00fcdinnen und Juden wurden misshandelt und ermordet; etwa 30.000 wurden in Konzentrationslager verschleppt. An den Folgen der Misshandlungen oder der unmenschlichen Haftbedingungen starben Ungez\u00e4hlte oder nahmen\r\n                      sich das Leben.(&#8230;)&#8220;<\/p>\r\n                  <\/div>\r\n                <\/div>\r\n                <div data-colibri-id=\"331-c288\" class=\"h-x-container style-1898 style-local-331-c288 position-relative h-element\">\r\n                  <!---->\r\n                  <div class=\"h-x-container-inner style-dynamic-331-c288-group style-1898-spacing style-local-331-c288-spacing\"><span class=\"h-button__outer style-1899-outer style-local-331-c289-outer d-inline-flex h-element\"><a h-use-smooth-scroll=\"true\" href=\"http:\/\/botschafter-menschenrechte.de\/?p=3198\"  data-colibri-id=\"331-c289\" class=\"d-flex w-100 align-items-center h-button justify-content-lg-center justify-content-md-center justify-content-center style-1899 style-local-331-c289 position-relative\"><!----><!----> <span>WEITERLESEN<\/span><\/a>\r\n                    <\/span>\r\n                  <\/div>\r\n                <\/div>\r\n              <\/div>\r\n            <\/div>\r\n          <\/div>\r\n        <\/div>\r\n      <\/div>\r\n    <\/div>\r\n  <\/div>\r\n  <div data-colibri-component=\"section\" data-colibri-id=\"331-c290\" id=\"custom-95\" class=\"h-section h-section-global-spacing d-flex align-items-lg-center align-items-md-center align-items-center style-1870 style-local-331-c290 position-relative\">\r\n    <!---->\r\n    <!---->\r\n    <div class=\"h-section-grid-container h-section-boxed-container\">\r\n      <!---->\r\n      <div data-colibri-id=\"331-c291\" class=\"h-row-container gutters-row-lg-2 gutters-row-md-2 gutters-row-0 gutters-row-v-lg-2 gutters-row-v-md-2 gutters-row-v-2 style-1871 style-local-331-c291 position-relative\">\r\n        <!---->\r\n        <div class=\"h-row justify-content-lg-center justify-content-md-center justify-content-center align-items-lg-stretch align-items-md-stretch align-items-stretch gutters-col-lg-2 gutters-col-md-2 gutters-col-0 gutters-col-v-lg-2 gutters-col-v-md-2 gutters-col-v-2\">\r\n          <!---->\r\n          <div class=\"h-column h-column-container d-flex h-col-lg-auto h-col-md-auto h-col-auto style-1872-outer style-local-331-c292-outer\">\r\n            <div data-colibri-id=\"331-c292\" class=\"d-flex h-flex-basis h-column__inner h-px-lg-2 h-px-md-2 h-px-2 v-inner-lg-2 v-inner-md-2 v-inner-2 style-1872 style-local-331-c292 position-relative\">\r\n              <!---->\r\n              <!---->\r\n              <div class=\"w-100 h-y-container h-column__content h-column__v-align flex-basis-100 align-self-lg-center align-self-md-center align-self-center\">\r\n                <!---->\r\n                <div data-colibri-id=\"331-c293\" class=\"d-block style-1882 style-local-331-c293 position-relative h-element\">\r\n                  <!---->\r\n                  <div class=\"h-image__frame-container-outer\">\r\n                    <div class=\"h-image__frame-container\">\r\n                      <!---->\r\n                      <!---->\r\n                      <img loading=\"lazy\" decoding=\"async\" width=\"701\" height=\"701\" src=\"http:\/\/botschafter-menschenrechte.de\/wp-content\/uploads\/2023\/11\/cropped-Kuba2.jpg\" class=\"wp-image-3191 style-1882-image style-local-331-c293-image\" alt=\"\" srcset=\"https:\/\/botschafter-menschenrechte.de\/wp-content\/uploads\/2023\/11\/cropped-Kuba2.jpg 701w, https:\/\/botschafter-menschenrechte.de\/wp-content\/uploads\/2023\/11\/cropped-Kuba2-300x300.jpg 300w, https:\/\/botschafter-menschenrechte.de\/wp-content\/uploads\/2023\/11\/cropped-Kuba2-150x150.jpg 150w\" sizes=\"auto, (max-width: 701px) 100vw, 701px\" \/>\r\n                      <div class=\"h-image__frame h-hide-lg h-hide-md h-hide-sm style-1882-frameImage style-local-331-c293-frameImage\"><\/div>\r\n                    <\/div>\r\n                  <\/div>\r\n                <\/div>\r\n              <\/div>\r\n            <\/div>\r\n          <\/div>\r\n          <div class=\"h-column h-column-container d-flex h-col-lg-auto h-col-md-auto h-col-auto style-1873-outer style-local-331-c294-outer\">\r\n            <div data-colibri-id=\"331-c294\" class=\"d-flex h-flex-basis h-column__inner h-px-lg-2 h-px-md-2 h-px-2 v-inner-lg-2 v-inner-md-2 v-inner-2 style-1873 style-local-331-c294 position-relative\">\r\n              <!---->\r\n              <!---->\r\n              <div class=\"w-100 h-y-container h-column__content h-column__v-align flex-basis-100 align-self-lg-center align-self-md-center align-self-center\">\r\n                <!---->\r\n                <div data-colibri-id=\"331-c295\" class=\"h-x-container style-1874 style-local-331-c295 position-relative h-element\">\r\n                  <!---->\r\n                  <div class=\"h-x-container-inner style-dynamic-331-c295-group style-1874-spacing style-local-331-c295-spacing\"><span class=\"h-link__outer style-1875-outer style-local-331-c296-outer d-inline-flex h-element\"><a h-use-smooth-scroll=\"true\" href=\"http:\/\/botschafter-menschenrechte.de\/?cat=17\"  data-colibri-id=\"331-c296\" class=\"d-flex w-100 align-items-center h-link style-1875 style-local-331-c296 position-relative\"><!----><!----> <span>KUBA<\/span><\/a>\r\n                    <\/span>\r\n                  <\/div>\r\n                <\/div>\r\n                <div data-colibri-id=\"331-c297\" class=\"h-x-container style-1877 style-local-331-c297 position-relative h-element\">\r\n                  <!---->\r\n                  <div class=\"h-x-container-inner style-dynamic-331-c297-group style-1877-spacing style-local-331-c297-spacing\"><span class=\"h-link__outer style-1878-outer style-local-331-c298-outer d-inline-flex h-element\"><a h-use-smooth-scroll=\"true\" href=\"http:\/\/botschafter-menschenrechte.de\/?cat=29\"  data-colibri-id=\"331-c298\" class=\"d-flex w-100 align-items-center h-link style-1878 style-local-331-c298 position-relative\"><!----><!----> <span>LGBTQ<\/span><\/a>\r\n                    <\/span>\r\n                  <\/div>\r\n                <\/div>\r\n                <div data-colibri-id=\"331-c299\" class=\"h-global-transition-all h-heading style-1876 style-local-331-c299 position-relative h-element\">\r\n                  <!---->\r\n                  <div class=\"h-heading__outer style-1876 style-local-331-c299\">\r\n                    <!---->\r\n                    <!---->\r\n                    <h1 class=\"\">Kuba: Vom Arbeitslager zur Ehe f\u00fcr Alle \u2013 das neue LGBT Paradies in der Karibik?<\/h1>\r\n                  <\/div>\r\n                <\/div>\r\n                <div data-colibri-id=\"331-c300\" class=\"h-text h-text-component style-1879 style-local-331-c300 position-relative h-element\">\r\n                  <!---->\r\n                  <!---->\r\n                  <div class=\"\">\r\n                    <p><span style=\"font-weight: 400; font-size: 16px; font-family: &quot;Open Sans&quot;; color: rgb(37, 41, 42);\">Vor der kommunistischen Macht\u00fcbernahme von 1959 war Kuba schon kein guter Ort f\u00fcr Lesben und Schwule. Wie in vielen L\u00e4ndern zu dieser Zeit war Homosexualit\u00e4t sozial ge\u00e4chtet. Allerdings gab es auch keine aktive staatliche Verfolgung von Lesben und Schwulen. Dies \u00e4nderte sich nach 1959 schlagartig.<\/span><\/p>\r\n                  <\/div>\r\n                <\/div>\r\n                <div data-colibri-id=\"331-c301\" class=\"h-x-container style-1880 style-local-331-c301 position-relative h-element\">\r\n                  <!---->\r\n                  <div class=\"h-x-container-inner style-dynamic-331-c301-group style-1880-spacing style-local-331-c301-spacing\"><span class=\"h-button__outer style-1881-outer style-local-331-c302-outer d-inline-flex h-element\"><a h-use-smooth-scroll=\"true\" href=\"http:\/\/botschafter-menschenrechte.de\/?p=3186\"  data-colibri-id=\"331-c302\" class=\"d-flex w-100 align-items-center h-button justify-content-lg-center justify-content-md-center justify-content-center style-1881 style-local-331-c302 position-relative\"><!----><!----> <span>ZUM BEITRAG<\/span><\/a>\r\n                    <\/span>\r\n                  <\/div>\r\n                <\/div>\r\n              <\/div>\r\n            <\/div>\r\n          <\/div>\r\n        <\/div>\r\n      <\/div>\r\n    <\/div>\r\n  <\/div>\r\n  <div data-colibri-component=\"section\" data-colibri-id=\"331-c303\" id=\"custom-94\" class=\"h-section h-section-global-spacing d-flex align-items-lg-center align-items-md-center align-items-center style-1859 style-local-331-c303 position-relative\">\r\n    <!---->\r\n    <!---->\r\n    <div class=\"h-section-grid-container h-section-boxed-container\">\r\n      <!---->\r\n      <div data-colibri-id=\"331-c304\" class=\"h-row-container gutters-row-lg-2 gutters-row-md-2 gutters-row-0 gutters-row-v-lg-2 gutters-row-v-md-2 gutters-row-v-2 style-1860 style-local-331-c304 position-relative\">\r\n        <!---->\r\n        <div class=\"h-row justify-content-lg-center justify-content-md-center justify-content-center align-items-lg-stretch align-items-md-stretch align-items-stretch gutters-col-lg-2 gutters-col-md-2 gutters-col-0 gutters-col-v-lg-2 gutters-col-v-md-2 gutters-col-v-2\">\r\n          <!---->\r\n          <div class=\"h-column h-column-container d-flex h-col-lg-auto h-col-md-auto h-col-auto style-1861-outer style-local-331-c305-outer\">\r\n            <div data-colibri-id=\"331-c305\" class=\"d-flex h-flex-basis h-column__inner h-px-lg-2 h-px-md-2 h-px-2 v-inner-lg-2 v-inner-md-2 v-inner-2 style-1861 style-local-331-c305 position-relative\">\r\n              <!---->\r\n              <!---->\r\n              <div class=\"w-100 h-y-container h-column__content h-column__v-align flex-basis-100 align-self-lg-center align-self-md-center align-self-center\">\r\n                <!---->\r\n                <div data-colibri-id=\"331-c306\" class=\"d-block style-1863 style-local-331-c306 position-relative h-element\">\r\n                  <!---->\r\n                  <div class=\"h-image__frame-container-outer\">\r\n                    <div class=\"h-image__frame-container\">\r\n                      <!---->\r\n                      <!---->\r\n                      <img loading=\"lazy\" decoding=\"async\" width=\"2118\" height=\"2118\" src=\"http:\/\/botschafter-menschenrechte.de\/wp-content\/uploads\/2023\/10\/cropped-Screenshot-2023-10-12-at-14.45.36.png\" class=\"wp-image-3179 style-1863-image style-local-331-c306-image\" alt=\"\" srcset=\"https:\/\/botschafter-menschenrechte.de\/wp-content\/uploads\/2023\/10\/cropped-Screenshot-2023-10-12-at-14.45.36.png 2118w, https:\/\/botschafter-menschenrechte.de\/wp-content\/uploads\/2023\/10\/cropped-Screenshot-2023-10-12-at-14.45.36-300x300.png 300w, https:\/\/botschafter-menschenrechte.de\/wp-content\/uploads\/2023\/10\/cropped-Screenshot-2023-10-12-at-14.45.36-1024x1024.png 1024w, https:\/\/botschafter-menschenrechte.de\/wp-content\/uploads\/2023\/10\/cropped-Screenshot-2023-10-12-at-14.45.36-150x150.png 150w, https:\/\/botschafter-menschenrechte.de\/wp-content\/uploads\/2023\/10\/cropped-Screenshot-2023-10-12-at-14.45.36-768x768.png 768w, https:\/\/botschafter-menschenrechte.de\/wp-content\/uploads\/2023\/10\/cropped-Screenshot-2023-10-12-at-14.45.36-1536x1536.png 1536w, https:\/\/botschafter-menschenrechte.de\/wp-content\/uploads\/2023\/10\/cropped-Screenshot-2023-10-12-at-14.45.36-2048x2048.png 2048w\" sizes=\"auto, (max-width: 2118px) 100vw, 2118px\" \/>\r\n                      <div class=\"h-image__frame h-hide-lg h-hide-md h-hide-sm style-1863-frameImage style-local-331-c306-frameImage\"><\/div>\r\n                    <\/div>\r\n                  <\/div>\r\n                <\/div>\r\n              <\/div>\r\n            <\/div>\r\n          <\/div>\r\n          <div class=\"h-column h-column-container d-flex h-col-lg-auto h-col-md-auto h-col-auto style-1862-outer style-local-331-c307-outer\">\r\n            <div data-colibri-id=\"331-c307\" class=\"d-flex h-flex-basis h-column__inner h-px-lg-2 h-px-md-2 h-px-2 v-inner-lg-2 v-inner-md-2 v-inner-2 style-1862 style-local-331-c307 position-relative\">\r\n              <!---->\r\n              <!---->\r\n              <div class=\"w-100 h-y-container h-column__content h-column__v-align flex-basis-100 align-self-lg-center align-self-md-center align-self-center\">\r\n                <!---->\r\n                <div data-colibri-id=\"331-c308\" class=\"h-x-container style-1864 style-local-331-c308 position-relative h-element\">\r\n                  <!---->\r\n                  <div class=\"h-x-container-inner style-dynamic-331-c308-group style-1864-spacing style-local-331-c308-spacing\"><span class=\"h-link__outer style-1865-outer style-local-331-c309-outer d-inline-flex h-element\"><a h-use-smooth-scroll=\"true\" href=\"http:\/\/botschafter-menschenrechte.de\/?cat=46\"  data-colibri-id=\"331-c309\" class=\"d-flex w-100 align-items-center h-link style-1865 style-local-331-c309 position-relative\"><!----><!----> <span>NACHRICHTEN<\/span><\/a>\r\n                    <\/span>\r\n                  <\/div>\r\n                <\/div>\r\n                <div data-colibri-id=\"331-c310\" class=\"h-global-transition-all h-heading style-1866 style-local-331-c310 position-relative h-element\">\r\n                  <!---->\r\n                  <div class=\"h-heading__outer style-1866 style-local-331-c310\">\r\n                    <!---->\r\n                    <!---->\r\n                    <h3 class=\"\">Kinderrechte im Justizsystem \u2013 Erkl\u00e4rfilm informiert \u00fcber Rechte vor Gericht<\/h3>\r\n                  <\/div>\r\n                <\/div>\r\n                <div data-colibri-id=\"331-c311\" class=\"h-text h-text-component style-1869 style-local-331-c311 position-relative h-element\">\r\n                  <!---->\r\n                  <!---->\r\n                  <div class=\"\">\r\n                    <p><span style=\"font-weight: 400; font-size: 16px; font-family: &quot;Open Sans&quot;; color: rgb(37, 41, 42);\">Das Deutsche Kinderhilfswerk (DKHW) und das Deutsche Institut f\u00fcr Menschenrechte (DIMR) ver\u00f6ffentlichen heute den animierten Erkl\u00e4rfilm f\u00fcr Kinder \u201eDeine Rechte vor Gericht\u201c. Der Film richtet sich an alle Kinder, die unmittelbar von einem gerichtlichen Verfahren betroffen sind.<\/span><\/p>\r\n                  <\/div>\r\n                <\/div>\r\n                <div data-colibri-id=\"331-c312\" class=\"h-x-container style-1867 style-local-331-c312 position-relative h-element\">\r\n                  <!---->\r\n                  <div class=\"h-x-container-inner style-dynamic-331-c312-group style-1867-spacing style-local-331-c312-spacing\"><span class=\"h-button__outer style-1868-outer style-local-331-c313-outer d-inline-flex h-element\"><a h-use-smooth-scroll=\"true\" href=\"http:\/\/botschafter-menschenrechte.de\/?p=3174\"  data-colibri-id=\"331-c313\" class=\"d-flex w-100 align-items-center h-button justify-content-lg-center justify-content-md-center justify-content-center style-1868 style-local-331-c313 position-relative\"><!----><!----> <span>ZUM BEITRAG<\/span><\/a>\r\n                    <\/span>\r\n                  <\/div>\r\n                <\/div>\r\n              <\/div>\r\n            <\/div>\r\n          <\/div>\r\n        <\/div>\r\n      <\/div>\r\n    <\/div>\r\n  <\/div>\r\n  <div data-colibri-component=\"section\" data-colibri-id=\"331-c314\" id=\"custom-93\" class=\"h-section h-section-global-spacing d-flex align-items-lg-center align-items-md-center align-items-center style-1849 style-local-331-c314 position-relative\">\r\n    <!---->\r\n    <!---->\r\n    <div class=\"h-section-grid-container h-section-boxed-container\">\r\n      <!---->\r\n      <div data-colibri-id=\"331-c315\" class=\"h-row-container gutters-row-lg-2 gutters-row-md-2 gutters-row-0 gutters-row-v-lg-2 gutters-row-v-md-2 gutters-row-v-2 style-1850 style-local-331-c315 position-relative\">\r\n        <!---->\r\n        <div class=\"h-row justify-content-lg-center justify-content-md-center justify-content-center align-items-lg-stretch align-items-md-stretch align-items-stretch gutters-col-lg-2 gutters-col-md-2 gutters-col-0 gutters-col-v-lg-2 gutters-col-v-md-2 gutters-col-v-2\">\r\n          <!---->\r\n          <div class=\"h-column h-column-container d-flex h-col-lg-auto h-col-md-auto h-col-auto style-1851-outer style-local-331-c316-outer\">\r\n            <div data-colibri-id=\"331-c316\" class=\"d-flex h-flex-basis h-column__inner h-px-lg-2 h-px-md-2 h-px-2 v-inner-lg-2 v-inner-md-2 v-inner-2 style-1851 style-local-331-c316 position-relative\">\r\n              <!---->\r\n              <!---->\r\n              <div class=\"w-100 h-y-container h-column__content h-column__v-align flex-basis-100 align-self-lg-center align-self-md-center align-self-center\">\r\n                <!---->\r\n                <div data-colibri-id=\"331-c317\" class=\"d-block style-1858 style-local-331-c317 position-relative h-element\">\r\n                  <!---->\r\n                  <div class=\"h-image__frame-container-outer\">\r\n                    <div class=\"h-image__frame-container\">\r\n                      <!---->\r\n                      <!---->\r\n                      <img loading=\"lazy\" decoding=\"async\" width=\"357\" height=\"357\" src=\"http:\/\/botschafter-menschenrechte.de\/wp-content\/uploads\/2023\/09\/cropped-image001.jpg\" class=\"wp-image-3167 style-1858-image style-local-331-c317-image\" alt=\"\" srcset=\"https:\/\/botschafter-menschenrechte.de\/wp-content\/uploads\/2023\/09\/cropped-image001.jpg 357w, https:\/\/botschafter-menschenrechte.de\/wp-content\/uploads\/2023\/09\/cropped-image001-300x300.jpg 300w, https:\/\/botschafter-menschenrechte.de\/wp-content\/uploads\/2023\/09\/cropped-image001-150x150.jpg 150w\" sizes=\"auto, (max-width: 357px) 100vw, 357px\" \/>\r\n                      <div class=\"h-image__frame h-hide-lg h-hide-md h-hide-sm style-1858-frameImage style-local-331-c317-frameImage\"><\/div>\r\n                    <\/div>\r\n                  <\/div>\r\n                <\/div>\r\n              <\/div>\r\n            <\/div>\r\n          <\/div>\r\n          <div class=\"h-column h-column-container d-flex h-col-lg-auto h-col-md-auto h-col-auto style-1852-outer style-local-331-c318-outer\">\r\n            <div data-colibri-id=\"331-c318\" class=\"d-flex h-flex-basis h-column__inner h-px-lg-2 h-px-md-2 h-px-2 v-inner-lg-2 v-inner-md-2 v-inner-2 style-1852 style-local-331-c318 position-relative\">\r\n              <!---->\r\n              <!---->\r\n              <div class=\"w-100 h-y-container h-column__content h-column__v-align flex-basis-100 align-self-lg-center align-self-md-center align-self-center\">\r\n                <!---->\r\n                <div data-colibri-id=\"331-c319\" class=\"h-x-container style-1853 style-local-331-c319 position-relative h-element\">\r\n                  <!---->\r\n                  <div class=\"h-x-container-inner style-dynamic-331-c319-group style-1853-spacing style-local-331-c319-spacing\"><span class=\"h-link__outer style-1854-outer style-local-331-c320-outer d-inline-flex h-element\"><a h-use-smooth-scroll=\"true\" href=\"http:\/\/botschafter-menschenrechte.de\/?cat=20\"  data-colibri-id=\"331-c320\" class=\"d-flex w-100 align-items-center h-link style-1854 style-local-331-c320 position-relative\"><!----><!----> <span>\u00c4GYPTEN<\/span><\/a>\r\n                    <\/span>\r\n                  <\/div>\r\n                <\/div>\r\n                <div data-colibri-id=\"331-c321\" class=\"h-global-transition-all h-heading style-1855 style-local-331-c321 position-relative h-element\">\r\n                  <!---->\r\n                  <div class=\"h-heading__outer style-1855 style-local-331-c321\">\r\n                    <!---->\r\n                    <!---->\r\n                    <h2 class=\"\">Interview: Diskriminiert, kriminalisiert und ohne Rechte \u2013 Das Leiden der Kopten in \u00c4gypten<\/h2>\r\n                  <\/div>\r\n                <\/div>\r\n                <div data-colibri-id=\"331-c322\" class=\"h-x-container style-1856 style-local-331-c322 position-relative h-element\">\r\n                  <!---->\r\n                  <div class=\"h-x-container-inner style-dynamic-331-c322-group style-1856-spacing style-local-331-c322-spacing\"><span class=\"h-button__outer style-1857-outer style-local-331-c323-outer d-inline-flex h-element\"><a h-use-smooth-scroll=\"true\" href=\"http:\/\/botschafter-menschenrechte.de\/?p=3161\"  data-colibri-id=\"331-c323\" class=\"d-flex w-100 align-items-center h-button justify-content-lg-center justify-content-md-center justify-content-center style-1857 style-local-331-c323 position-relative\"><!----><!----> <span>ZUM BEITRAG<\/span><\/a>\r\n                    <\/span>\r\n                  <\/div>\r\n                <\/div>\r\n              <\/div>\r\n            <\/div>\r\n          <\/div>\r\n        <\/div>\r\n      <\/div>\r\n    <\/div>\r\n  <\/div>\r\n  <div data-colibri-component=\"section\" data-colibri-id=\"331-c324\" id=\"custom-92\" class=\"h-section h-section-global-spacing d-flex align-items-lg-center align-items-md-center align-items-center style-1837 style-local-331-c324 position-relative\">\r\n    <!---->\r\n    <!---->\r\n    <div class=\"h-section-grid-container h-section-boxed-container\">\r\n      <!---->\r\n      <div data-colibri-id=\"331-c325\" class=\"h-row-container gutters-row-lg-2 gutters-row-md-2 gutters-row-0 gutters-row-v-lg-2 gutters-row-v-md-2 gutters-row-v-2 style-1838 style-local-331-c325 position-relative\">\r\n        <!---->\r\n        <div class=\"h-row justify-content-lg-center justify-content-md-center justify-content-center align-items-lg-stretch align-items-md-stretch align-items-stretch gutters-col-lg-2 gutters-col-md-2 gutters-col-0 gutters-col-v-lg-2 gutters-col-v-md-2 gutters-col-v-2\">\r\n          <!---->\r\n          <div class=\"h-column h-column-container d-flex h-col-lg-auto h-col-md-auto h-col-auto style-1839-outer style-local-331-c326-outer\">\r\n            <div data-colibri-id=\"331-c326\" class=\"d-flex h-flex-basis h-column__inner h-px-lg-2 h-px-md-2 h-px-2 v-inner-lg-2 v-inner-md-2 v-inner-2 style-1839 style-local-331-c326 position-relative\">\r\n              <!---->\r\n              <!---->\r\n              <div class=\"w-100 h-y-container h-column__content h-column__v-align flex-basis-100 align-self-lg-center align-self-md-center align-self-center\">\r\n                <!---->\r\n                <div data-colibri-id=\"331-c327\" class=\"d-block style-1843 style-local-331-c327 position-relative h-element\">\r\n                  <!---->\r\n                  <div class=\"h-image__frame-container-outer\">\r\n                    <div class=\"h-image__frame-container\">\r\n                      <!---->\r\n                      <!---->\r\n                      <img loading=\"lazy\" decoding=\"async\" width=\"521\" height=\"372\" src=\"http:\/\/botschafter-menschenrechte.de\/wp-content\/uploads\/2023\/09\/cropped-MicrosoftTeams-image-1-1.jpg\" class=\"wp-image-3142 style-1843-image style-local-331-c327-image\" alt=\"\" srcset=\"https:\/\/botschafter-menschenrechte.de\/wp-content\/uploads\/2023\/09\/cropped-MicrosoftTeams-image-1-1.jpg 521w, https:\/\/botschafter-menschenrechte.de\/wp-content\/uploads\/2023\/09\/cropped-MicrosoftTeams-image-1-1-300x214.jpg 300w\" sizes=\"auto, (max-width: 521px) 100vw, 521px\" \/>\r\n                      <div class=\"h-image__frame h-hide-lg h-hide-md h-hide-sm style-1843-frameImage style-local-331-c327-frameImage\"><\/div>\r\n                    <\/div>\r\n                  <\/div>\r\n                <\/div>\r\n              <\/div>\r\n            <\/div>\r\n          <\/div>\r\n          <div class=\"h-column h-column-container d-flex h-col-lg-auto h-col-md-auto h-col-auto style-1840-outer style-local-331-c328-outer\">\r\n            <div data-colibri-id=\"331-c328\" class=\"d-flex h-flex-basis h-column__inner h-px-lg-2 h-px-md-2 h-px-2 v-inner-lg-2 v-inner-md-2 v-inner-2 style-1840 style-local-331-c328 position-relative\">\r\n              <!---->\r\n              <!---->\r\n              <div class=\"w-100 h-y-container h-column__content h-column__v-align flex-basis-100 align-self-lg-center align-self-md-center align-self-center\">\r\n                <!---->\r\n                <div data-colibri-id=\"331-c329\" class=\"h-x-container style-1841 style-local-331-c329 position-relative h-element\">\r\n                  <!---->\r\n                  <div class=\"h-x-container-inner style-dynamic-331-c329-group style-1841-spacing style-local-331-c329-spacing\"><span class=\"h-link__outer style-1842-outer style-local-331-c330-outer d-inline-flex h-element\"><a h-use-smooth-scroll=\"true\" href=\"http:\/\/botschafter-menschenrechte.de\/?cat=17\"  data-colibri-id=\"331-c330\" class=\"d-flex w-100 align-items-center h-link style-1842 style-local-331-c330 position-relative\"><!----><!----> <span>KUBA<\/span><\/a>\r\n                    <\/span>\r\n                  <\/div>\r\n                <\/div>\r\n                <div data-colibri-id=\"331-c331\" class=\"h-x-container style-1845 style-local-331-c331 position-relative h-element\">\r\n                  <!---->\r\n                  <div class=\"h-x-container-inner style-dynamic-331-c331-group style-1845-spacing style-local-331-c331-spacing\"><span class=\"h-link__outer style-1846-outer style-local-331-c332-outer d-inline-flex h-element\"><a h-use-smooth-scroll=\"true\" href=\"http:\/\/botschafter-menschenrechte.de\/?cat=24\"  data-colibri-id=\"331-c332\" class=\"d-flex w-100 align-items-center h-link style-1846 style-local-331-c332 position-relative\"><!----><!----> <span>RUSSLAND<\/span><\/a>\r\n                    <\/span>\r\n                  <\/div>\r\n                <\/div>\r\n                <div data-colibri-id=\"331-c333\" class=\"h-global-transition-all h-heading style-1844 style-local-331-c333 position-relative h-element\">\r\n                  <!---->\r\n                  <div class=\"h-heading__outer style-1844 style-local-331-c333\">\r\n                    <!---->\r\n                    <!---->\r\n                    <h1 class=\"\">Putin braucht Kubas S\u00f6ldner\r\n                      <br>D\u00edaz-Canel leugnet Gesch\u00e4fte mit dem Tod<\/h1>\r\n                  <\/div>\r\n                <\/div>\r\n                <div data-colibri-id=\"331-c334\" class=\"h-x-container style-1847 style-local-331-c334 position-relative h-element\">\r\n                  <!---->\r\n                  <div class=\"h-x-container-inner style-dynamic-331-c334-group style-1847-spacing style-local-331-c334-spacing\"><span class=\"h-button__outer style-1848-outer style-local-331-c335-outer d-inline-flex h-element\"><a h-use-smooth-scroll=\"true\" href=\"http:\/\/botschafter-menschenrechte.de\/?p=3133\"  data-colibri-id=\"331-c335\" class=\"d-flex w-100 align-items-center h-button justify-content-lg-center justify-content-md-center justify-content-center style-1848 style-local-331-c335 position-relative\"><!----><!----> <span>ZUM BEITRAG<\/span><\/a>\r\n                    <\/span>\r\n                  <\/div>\r\n                <\/div>\r\n              <\/div>\r\n            <\/div>\r\n          <\/div>\r\n        <\/div>\r\n      <\/div>\r\n    <\/div>\r\n  <\/div>\r\n  <div data-colibri-component=\"section\" data-colibri-id=\"331-c336\" id=\"custom-91\" class=\"h-section h-section-global-spacing d-flex align-items-lg-center align-items-md-center align-items-center style-1826 style-local-331-c336 position-relative\">\r\n    <!---->\r\n    <!---->\r\n    <div class=\"h-section-grid-container h-section-boxed-container\">\r\n      <!---->\r\n      <div data-colibri-id=\"331-c337\" class=\"h-row-container gutters-row-lg-2 gutters-row-md-2 gutters-row-0 gutters-row-v-lg-2 gutters-row-v-md-2 gutters-row-v-2 style-1827 style-local-331-c337 position-relative\">\r\n        <!---->\r\n        <div class=\"h-row justify-content-lg-center justify-content-md-center justify-content-center align-items-lg-stretch align-items-md-stretch align-items-stretch gutters-col-lg-2 gutters-col-md-2 gutters-col-0 gutters-col-v-lg-2 gutters-col-v-md-2 gutters-col-v-2\">\r\n          <!---->\r\n          <div class=\"h-column h-column-container d-flex h-col-lg-auto h-col-md-auto h-col-auto style-1828-outer style-local-331-c338-outer\">\r\n            <div data-colibri-id=\"331-c338\" class=\"d-flex h-flex-basis h-column__inner h-px-lg-2 h-px-md-2 h-px-2 v-inner-lg-2 v-inner-md-2 v-inner-2 style-1828 style-local-331-c338 position-relative\">\r\n              <!---->\r\n              <!---->\r\n              <div class=\"w-100 h-y-container h-column__content h-column__v-align flex-basis-100 align-self-lg-center align-self-md-center align-self-center\">\r\n                <!---->\r\n                <div data-colibri-id=\"331-c339\" class=\"d-block style-1836 style-local-331-c339 position-relative h-element\">\r\n                  <!---->\r\n                  <div class=\"h-image__frame-container-outer\">\r\n                    <div class=\"h-image__frame-container\">\r\n                      <!---->\r\n                      <!---->\r\n                      <img loading=\"lazy\" decoding=\"async\" width=\"767\" height=\"769\" src=\"http:\/\/botschafter-menschenrechte.de\/wp-content\/uploads\/2023\/09\/cropped-download-1.png\" class=\"wp-image-3118 style-1836-image style-local-331-c339-image\" alt=\"\" srcset=\"https:\/\/botschafter-menschenrechte.de\/wp-content\/uploads\/2023\/09\/cropped-download-1.png 767w, https:\/\/botschafter-menschenrechte.de\/wp-content\/uploads\/2023\/09\/cropped-download-1-300x300.png 300w, https:\/\/botschafter-menschenrechte.de\/wp-content\/uploads\/2023\/09\/cropped-download-1-150x150.png 150w\" sizes=\"auto, (max-width: 767px) 100vw, 767px\" \/>\r\n                      <div class=\"h-image__frame h-hide-lg h-hide-md h-hide-sm style-1836-frameImage style-local-331-c339-frameImage\"><\/div>\r\n                    <\/div>\r\n                  <\/div>\r\n                <\/div>\r\n              <\/div>\r\n            <\/div>\r\n          <\/div>\r\n          <div class=\"h-column h-column-container d-flex h-col-lg-auto h-col-md-auto h-col-auto style-1829-outer style-local-331-c340-outer\">\r\n            <div data-colibri-id=\"331-c340\" class=\"d-flex h-flex-basis h-column__inner h-px-lg-2 h-px-md-2 h-px-2 v-inner-lg-2 v-inner-md-2 v-inner-2 style-1829 style-local-331-c340 position-relative\">\r\n              <!---->\r\n              <!---->\r\n              <div class=\"w-100 h-y-container h-column__content h-column__v-align flex-basis-100 align-self-lg-center align-self-md-center align-self-center\">\r\n                <!---->\r\n                <div data-colibri-id=\"331-c341\" class=\"h-x-container style-1830 style-local-331-c341 position-relative h-element\">\r\n                  <!---->\r\n                  <div class=\"h-x-container-inner style-dynamic-331-c341-group style-1830-spacing style-local-331-c341-spacing\"><span class=\"h-link__outer style-1831-outer style-local-331-c342-outer d-inline-flex h-element\"><a h-use-smooth-scroll=\"true\" href=\"http:\/\/botschafter-menschenrechte.de\/?cat=17\"  data-colibri-id=\"331-c342\" class=\"d-flex w-100 align-items-center h-link style-1831 style-local-331-c342 position-relative\"><!----><!----> <span>KUBA<\/span><\/a>\r\n                    <\/span>\r\n                  <\/div>\r\n                <\/div>\r\n                <div data-colibri-id=\"331-c343\" class=\"h-global-transition-all h-heading style-1832 style-local-331-c343 position-relative h-element\">\r\n                  <!---->\r\n                  <div class=\"h-heading__outer style-1832 style-local-331-c343\">\r\n                    <!---->\r\n                    <!---->\r\n                    <h3 class=\"\">Free Luis\r\n                      <br>Freiheit f\u00fcr Luis Frometa Comte und alle politischen Gefangenen!<\/h3>\r\n                  <\/div>\r\n                <\/div>\r\n                <div data-colibri-id=\"331-c344\" class=\"h-text h-text-component style-1833 style-local-331-c344 position-relative h-element\">\r\n                  <!---->\r\n                  <!---->\r\n                  <div class=\"\">\r\n                    <p><span style=\"color: rgb(37, 41, 42); font-family: &quot;Open Sans&quot;; font-size: 16px; font-weight: 400;\">Der Ruf wird immer lauter: \u201eLuis wir vergessen Dich nicht!\u201c <\/span><\/p>\r\n                    <p><span style=\"color: rgb(37, 41, 42); font-family: &quot;Open Sans&quot;; font-size: 16px; font-weight: 400;\">In Dresden, Berlin, D\u00fcsseldorf, Frankfurt und M\u00fcnchen fordern Menschenrechtsaktivisten die Freilassung des politischen Gefangenen, Luis Frometa aus kubanischer Haft.<\/span><\/p>\r\n                  <\/div>\r\n                <\/div>\r\n                <div data-colibri-id=\"331-c345\" class=\"h-x-container style-1834 style-local-331-c345 position-relative h-element\">\r\n                  <!---->\r\n                  <div class=\"h-x-container-inner style-dynamic-331-c345-group style-1834-spacing style-local-331-c345-spacing\"><span class=\"h-button__outer style-1835-outer style-local-331-c346-outer d-inline-flex h-element\"><a h-use-smooth-scroll=\"true\" href=\"http:\/\/botschafter-menschenrechte.de\/?p=3097\"  data-colibri-id=\"331-c346\" class=\"d-flex w-100 align-items-center h-button justify-content-lg-center justify-content-md-center justify-content-center style-1835 style-local-331-c346 position-relative\"><!----><!----> <span>ZUM BEITRAG<\/span><\/a>\r\n                    <\/span>\r\n                  <\/div>\r\n                <\/div>\r\n              <\/div>\r\n            <\/div>\r\n          <\/div>\r\n        <\/div>\r\n      <\/div>\r\n    <\/div>\r\n  <\/div>\r\n  <div data-colibri-component=\"section\" data-colibri-id=\"331-c347\" id=\"custom-90\" class=\"h-section h-section-global-spacing d-flex align-items-lg-center align-items-md-center align-items-center style-1815 style-local-331-c347 position-relative\">\r\n    <!---->\r\n    <!---->\r\n    <div class=\"h-section-grid-container h-section-boxed-container\">\r\n      <!---->\r\n      <div data-colibri-id=\"331-c348\" class=\"h-row-container gutters-row-lg-2 gutters-row-md-2 gutters-row-0 gutters-row-v-lg-2 gutters-row-v-md-2 gutters-row-v-2 style-1816 style-local-331-c348 position-relative\">\r\n        <!---->\r\n        <div class=\"h-row justify-content-lg-center justify-content-md-center justify-content-center align-items-lg-stretch align-items-md-stretch align-items-stretch gutters-col-lg-2 gutters-col-md-2 gutters-col-0 gutters-col-v-lg-2 gutters-col-v-md-2 gutters-col-v-2\">\r\n          <!---->\r\n          <div class=\"h-column h-column-container d-flex h-col-lg-auto h-col-md-auto h-col-auto style-1817-outer style-local-331-c349-outer\">\r\n            <div data-colibri-id=\"331-c349\" class=\"d-flex h-flex-basis h-column__inner h-px-lg-2 h-px-md-2 h-px-2 v-inner-lg-2 v-inner-md-2 v-inner-2 style-1817 style-local-331-c349 position-relative\">\r\n              <!---->\r\n              <!---->\r\n              <div class=\"w-100 h-y-container h-column__content h-column__v-align flex-basis-100 align-self-lg-center align-self-md-center align-self-center\">\r\n                <!---->\r\n                <div data-colibri-id=\"331-c350\" class=\"d-block style-1825 style-local-331-c350 position-relative h-element\">\r\n                  <!---->\r\n                  <div class=\"h-image__frame-container-outer\">\r\n                    <div class=\"h-image__frame-container\">\r\n                      <!---->\r\n                      <!---->\r\n                      <img loading=\"lazy\" decoding=\"async\" width=\"1200\" height=\"1200\" src=\"http:\/\/botschafter-menschenrechte.de\/wp-content\/uploads\/2023\/08\/cropped-csm_Beate_Rudolf_c_DIMR_A_Illing_8160a785fc.webp\" class=\"wp-image-3088 style-1825-image style-local-331-c350-image\" alt=\"\" srcset=\"https:\/\/botschafter-menschenrechte.de\/wp-content\/uploads\/2023\/08\/cropped-csm_Beate_Rudolf_c_DIMR_A_Illing_8160a785fc.webp 1200w, https:\/\/botschafter-menschenrechte.de\/wp-content\/uploads\/2023\/08\/cropped-csm_Beate_Rudolf_c_DIMR_A_Illing_8160a785fc-300x300.webp 300w, https:\/\/botschafter-menschenrechte.de\/wp-content\/uploads\/2023\/08\/cropped-csm_Beate_Rudolf_c_DIMR_A_Illing_8160a785fc-1024x1024.webp 1024w, https:\/\/botschafter-menschenrechte.de\/wp-content\/uploads\/2023\/08\/cropped-csm_Beate_Rudolf_c_DIMR_A_Illing_8160a785fc-150x150.webp 150w, https:\/\/botschafter-menschenrechte.de\/wp-content\/uploads\/2023\/08\/cropped-csm_Beate_Rudolf_c_DIMR_A_Illing_8160a785fc-768x768.webp 768w\" sizes=\"auto, (max-width: 1200px) 100vw, 1200px\" \/>\r\n                      <div class=\"h-image__frame h-hide-lg h-hide-md h-hide-sm style-1825-frameImage style-local-331-c350-frameImage\"><\/div>\r\n                    <\/div>\r\n                  <\/div>\r\n                <\/div>\r\n              <\/div>\r\n            <\/div>\r\n          <\/div>\r\n          <div class=\"h-column h-column-container d-flex h-col-lg-auto h-col-md-auto h-col-auto style-1818-outer style-local-331-c351-outer\">\r\n            <div data-colibri-id=\"331-c351\" class=\"d-flex h-flex-basis h-column__inner h-px-lg-2 h-px-md-2 h-px-2 v-inner-lg-2 v-inner-md-2 v-inner-2 style-1818 style-local-331-c351 position-relative\">\r\n              <!---->\r\n              <!---->\r\n              <div class=\"w-100 h-y-container h-column__content h-column__v-align flex-basis-100 align-self-lg-center align-self-md-center align-self-center\">\r\n                <!---->\r\n                <div data-colibri-id=\"331-c352\" class=\"h-x-container style-1819 style-local-331-c352 position-relative h-element\">\r\n                  <!---->\r\n                  <div class=\"h-x-container-inner style-dynamic-331-c352-group style-1819-spacing style-local-331-c352-spacing\"><span class=\"h-link__outer style-1820-outer style-local-331-c353-outer d-inline-flex h-element\"><a h-use-smooth-scroll=\"true\" href=\"\"  data-colibri-id=\"331-c353\" class=\"d-flex w-100 align-items-center h-link style-1820 style-local-331-c353 position-relative\"><!----><!----> <span>this is a link<\/span><\/a>\r\n                    <\/span>\r\n                  <\/div>\r\n                <\/div>\r\n                <div data-colibri-id=\"331-c354\" class=\"h-text h-text-component style-1822 style-local-331-c354 position-relative h-element\">\r\n                  <!---->\r\n                  <!---->\r\n                  <div class=\"\">\r\n                    <p><strong style=\"font-family: inherit;\">Jahrestag Inkrafttreten CEDAW in Deutschland \u2013 9. August<\/strong><\/p>\r\n                  <\/div>\r\n                <\/div>\r\n                <div data-colibri-id=\"331-c355\" class=\"h-global-transition-all h-heading style-1821 style-local-331-c355 position-relative h-element\">\r\n                  <!---->\r\n                  <div class=\"h-heading__outer style-1821 style-local-331-c355\">\r\n                    <!---->\r\n                    <!---->\r\n                    <h2 class=\"\">UN-Frauenrechtskonvention ist verbindliche Leitlinie f\u00fcr die nationale Politikgestaltung und Gesetzgebung<\/h2>\r\n                  <\/div>\r\n                <\/div>\r\n                <div data-colibri-id=\"331-c356\" class=\"h-x-container style-1823 style-local-331-c356 position-relative h-element\">\r\n                  <!---->\r\n                  <div class=\"h-x-container-inner style-dynamic-331-c356-group style-1823-spacing style-local-331-c356-spacing\"><span class=\"h-button__outer style-1824-outer style-local-331-c357-outer d-inline-flex h-element\"><a h-use-smooth-scroll=\"true\" href=\"http:\/\/botschafter-menschenrechte.de\/?p=3084\"  data-colibri-id=\"331-c357\" class=\"d-flex w-100 align-items-center h-button justify-content-lg-center justify-content-md-center justify-content-center style-1824 style-local-331-c357 position-relative\"><!----><!----> <span>ZUR PRESSEMITTEILUNG<\/span><\/a>\r\n                    <\/span>\r\n                  <\/div>\r\n                <\/div>\r\n              <\/div>\r\n            <\/div>\r\n          <\/div>\r\n        <\/div>\r\n      <\/div>\r\n    <\/div>\r\n  <\/div>\r\n  <div data-colibri-component=\"section\" data-colibri-id=\"331-c358\" id=\"custom-89\" class=\"h-section h-section-global-spacing d-flex align-items-lg-center align-items-md-center align-items-center style-1804 style-local-331-c358 position-relative\">\r\n    <!---->\r\n    <!---->\r\n    <div class=\"h-section-grid-container h-section-boxed-container\">\r\n      <!---->\r\n      <div data-colibri-id=\"331-c359\" class=\"h-row-container gutters-row-lg-2 gutters-row-md-2 gutters-row-0 gutters-row-v-lg-2 gutters-row-v-md-2 gutters-row-v-2 style-1805 style-local-331-c359 position-relative\">\r\n        <!---->\r\n        <div class=\"h-row justify-content-lg-center justify-content-md-center justify-content-center align-items-lg-stretch align-items-md-stretch align-items-stretch gutters-col-lg-2 gutters-col-md-2 gutters-col-0 gutters-col-v-lg-2 gutters-col-v-md-2 gutters-col-v-2\">\r\n          <!---->\r\n          <div class=\"h-column h-column-container d-flex h-col-lg-auto h-col-md-auto h-col-auto style-1806-outer style-local-331-c360-outer\">\r\n            <div data-colibri-id=\"331-c360\" class=\"d-flex h-flex-basis h-column__inner h-px-lg-2 h-px-md-2 h-px-2 v-inner-lg-2 v-inner-md-2 v-inner-2 style-1806 style-local-331-c360 position-relative\">\r\n              <!---->\r\n              <!---->\r\n              <div class=\"w-100 h-y-container h-column__content h-column__v-align flex-basis-100 align-self-lg-center align-self-md-center align-self-center\">\r\n                <!---->\r\n                <div data-colibri-id=\"331-c361\" class=\"d-block style-1814 style-local-331-c361 position-relative h-element\">\r\n                  <!---->\r\n                  <div class=\"h-image__frame-container-outer\">\r\n                    <div class=\"h-image__frame-container\">\r\n                      <!---->\r\n                      <!---->\r\n                      <img loading=\"lazy\" decoding=\"async\" width=\"615\" height=\"615\" src=\"http:\/\/botschafter-menschenrechte.de\/wp-content\/uploads\/2023\/08\/cropped-042855b3-1daf-4a59-a97a-b1e1237fafec.jpg\" class=\"wp-image-3077 style-1814-image style-local-331-c361-image\" alt=\"\" srcset=\"https:\/\/botschafter-menschenrechte.de\/wp-content\/uploads\/2023\/08\/cropped-042855b3-1daf-4a59-a97a-b1e1237fafec.jpg 615w, https:\/\/botschafter-menschenrechte.de\/wp-content\/uploads\/2023\/08\/cropped-042855b3-1daf-4a59-a97a-b1e1237fafec-300x300.jpg 300w, https:\/\/botschafter-menschenrechte.de\/wp-content\/uploads\/2023\/08\/cropped-042855b3-1daf-4a59-a97a-b1e1237fafec-150x150.jpg 150w\" sizes=\"auto, (max-width: 615px) 100vw, 615px\" \/>\r\n                      <div class=\"h-image__frame h-hide-lg h-hide-md h-hide-sm style-1814-frameImage style-local-331-c361-frameImage\"><\/div>\r\n                    <\/div>\r\n                  <\/div>\r\n                <\/div>\r\n              <\/div>\r\n            <\/div>\r\n          <\/div>\r\n          <div class=\"h-column h-column-container d-flex h-col-lg-auto h-col-md-auto h-col-auto style-1807-outer style-local-331-c362-outer\">\r\n            <div data-colibri-id=\"331-c362\" class=\"d-flex h-flex-basis h-column__inner h-px-lg-2 h-px-md-2 h-px-2 v-inner-lg-2 v-inner-md-2 v-inner-2 style-1807 style-local-331-c362 position-relative\">\r\n              <!---->\r\n              <!---->\r\n              <div class=\"w-100 h-y-container h-column__content h-column__v-align flex-basis-100 align-self-lg-center align-self-md-center align-self-center\">\r\n                <!---->\r\n                <div data-colibri-id=\"331-c363\" class=\"h-x-container style-1808 style-local-331-c363 position-relative h-element\">\r\n                  <!---->\r\n                  <div class=\"h-x-container-inner style-dynamic-331-c363-group style-1808-spacing style-local-331-c363-spacing\"><span class=\"h-link__outer style-1809-outer style-local-331-c364-outer d-inline-flex h-element\"><a h-use-smooth-scroll=\"true\" href=\"http:\/\/botschafter-menschenrechte.de\/?cat=17\"  data-colibri-id=\"331-c364\" class=\"d-flex w-100 align-items-center h-link style-1809 style-local-331-c364 position-relative\"><!----><!----> <span>KUBA<\/span><\/a>\r\n                    <\/span>\r\n                  <\/div>\r\n                <\/div>\r\n                <div data-colibri-id=\"331-c365\" class=\"h-global-transition-all h-heading style-1810 style-local-331-c365 position-relative h-element\">\r\n                  <!---->\r\n                  <div class=\"h-heading__outer style-1810 style-local-331-c365\">\r\n                    <!---->\r\n                    <!---->\r\n                    <h1 class=\"\">Nachruf<\/h1>\r\n                  <\/div>\r\n                <\/div>\r\n                <div data-colibri-id=\"331-c366\" class=\"h-text h-text-component style-1811 style-local-331-c366 position-relative h-element\">\r\n                  <!---->\r\n                  <!---->\r\n                  <div class=\"\">\r\n                    <p>Vladimiro Roca Ant\u00fanez \u2013 Sozialdemokrat, politischer Gefangener und entschiedener Gegner des Castrismus Kubas Sozialdemokraten und demokratische Oppositionelle trauern um Vladimiro Roca Ant\u00fanez. <\/p>\r\n                    <p> Der am 30. Juli 2023 in Havanna verstorbene Politologe, Wirtschaftspolitiker und in der Sowjetunion ausgebildeter Kampfpilot, wurde am 21. Dezember 1942 in Havanna geboren. Sein Vater, der kubanische Marxist Blas Roca Calderio, war\r\n                      Mitbegr\u00fcnders und herausragender F\u00fchrer der kommunistischen Partei Kubas. <\/p>\r\n                  <\/div>\r\n                <\/div>\r\n                <div data-colibri-id=\"331-c367\" class=\"h-x-container style-1812 style-local-331-c367 position-relative h-element\">\r\n                  <!---->\r\n                  <div class=\"h-x-container-inner style-dynamic-331-c367-group style-1812-spacing style-local-331-c367-spacing\"><span class=\"h-button__outer style-1813-outer style-local-331-c368-outer d-inline-flex h-element\"><a h-use-smooth-scroll=\"true\" href=\"http:\/\/botschafter-menschenrechte.de\/?p=3073\"  data-colibri-id=\"331-c368\" class=\"d-flex w-100 align-items-center h-button justify-content-lg-center justify-content-md-center justify-content-center style-1813 style-local-331-c368 position-relative\"><!----><!----> <span>ZUM NACHRUF<\/span><\/a>\r\n                    <\/span>\r\n                  <\/div>\r\n                <\/div>\r\n              <\/div>\r\n            <\/div>\r\n          <\/div>\r\n        <\/div>\r\n      <\/div>\r\n    <\/div>\r\n  <\/div>\r\n  <div data-colibri-component=\"section\" data-colibri-id=\"331-c369\" id=\"custom-88\" class=\"h-section h-section-global-spacing d-flex align-items-lg-center align-items-md-center align-items-center style-1793 style-local-331-c369 position-relative\">\r\n    <!---->\r\n    <!---->\r\n    <div class=\"h-section-grid-container h-section-boxed-container\">\r\n      <!---->\r\n      <div data-colibri-id=\"331-c370\" class=\"h-row-container gutters-row-lg-2 gutters-row-md-2 gutters-row-0 gutters-row-v-lg-2 gutters-row-v-md-2 gutters-row-v-2 style-1794 style-local-331-c370 position-relative\">\r\n        <!---->\r\n        <div class=\"h-row justify-content-lg-center justify-content-md-center justify-content-center align-items-lg-stretch align-items-md-stretch align-items-stretch gutters-col-lg-2 gutters-col-md-2 gutters-col-0 gutters-col-v-lg-2 gutters-col-v-md-2 gutters-col-v-2\">\r\n          <!---->\r\n          <div class=\"h-column h-column-container d-flex h-col-lg-auto h-col-md-auto h-col-auto style-1795-outer style-local-331-c371-outer\">\r\n            <div data-colibri-id=\"331-c371\" class=\"d-flex h-flex-basis h-column__inner h-px-lg-2 h-px-md-2 h-px-2 v-inner-lg-2 v-inner-md-2 v-inner-2 style-1795 style-local-331-c371 position-relative\">\r\n              <!---->\r\n              <!---->\r\n              <div class=\"w-100 h-y-container h-column__content h-column__v-align flex-basis-100 align-self-lg-center align-self-md-center align-self-center\">\r\n                <!---->\r\n                <div data-colibri-id=\"331-c372\" class=\"d-block style-1803 style-local-331-c372 position-relative h-element\">\r\n                  <!---->\r\n                  <div class=\"h-image__frame-container-outer\">\r\n                    <div class=\"h-image__frame-container\">\r\n                      <!---->\r\n                      <!---->\r\n                      <img loading=\"lazy\" decoding=\"async\" width=\"883\" height=\"883\" src=\"http:\/\/botschafter-menschenrechte.de\/wp-content\/uploads\/2023\/06\/cropped-Michel_Torres_Corona_05-e1686656539697.jpg\" class=\"wp-image-3050 style-1803-image style-local-331-c372-image\" alt=\"\" srcset=\"https:\/\/botschafter-menschenrechte.de\/wp-content\/uploads\/2023\/06\/cropped-Michel_Torres_Corona_05-e1686656539697.jpg 883w, https:\/\/botschafter-menschenrechte.de\/wp-content\/uploads\/2023\/06\/cropped-Michel_Torres_Corona_05-e1686656539697-300x300.jpg 300w, https:\/\/botschafter-menschenrechte.de\/wp-content\/uploads\/2023\/06\/cropped-Michel_Torres_Corona_05-e1686656539697-150x150.jpg 150w, https:\/\/botschafter-menschenrechte.de\/wp-content\/uploads\/2023\/06\/cropped-Michel_Torres_Corona_05-e1686656539697-768x768.jpg 768w\" sizes=\"auto, (max-width: 883px) 100vw, 883px\" \/>\r\n                      <div class=\"h-image__frame h-hide-lg h-hide-md h-hide-sm style-1803-frameImage style-local-331-c372-frameImage\"><\/div>\r\n                    <\/div>\r\n                  <\/div>\r\n                <\/div>\r\n              <\/div>\r\n            <\/div>\r\n          <\/div>\r\n          <div class=\"h-column h-column-container d-flex h-col-lg-auto h-col-md-auto h-col-auto style-1796-outer style-local-331-c373-outer\">\r\n            <div data-colibri-id=\"331-c373\" class=\"d-flex h-flex-basis h-column__inner h-px-lg-2 h-px-md-2 h-px-2 v-inner-lg-2 v-inner-md-2 v-inner-2 style-1796 style-local-331-c373 position-relative\">\r\n              <!---->\r\n              <!---->\r\n              <div class=\"w-100 h-y-container h-column__content h-column__v-align flex-basis-100 align-self-lg-center align-self-md-center align-self-center\">\r\n                <!---->\r\n                <div data-colibri-id=\"331-c374\" class=\"h-x-container style-1797 style-local-331-c374 position-relative h-element\">\r\n                  <!---->\r\n                  <div class=\"h-x-container-inner style-dynamic-331-c374-group style-1797-spacing style-local-331-c374-spacing\"><span class=\"h-link__outer style-1798-outer style-local-331-c375-outer d-inline-flex h-element\"><a h-use-smooth-scroll=\"true\" href=\"http:\/\/botschafter-menschenrechte.de\/?cat=17\"  data-colibri-id=\"331-c375\" class=\"d-flex w-100 align-items-center h-link style-1798 style-local-331-c375 position-relative\"><!----><!----> <span>KUBA<\/span><\/a>\r\n                    <\/span>\r\n                  <\/div>\r\n                <\/div>\r\n                <div data-colibri-id=\"331-c376\" class=\"h-global-transition-all h-heading style-1799 style-local-331-c376 position-relative h-element\">\r\n                  <!---->\r\n                  <div class=\"h-heading__outer style-1799 style-local-331-c376\">\r\n                    <!---->\r\n                    <!---->\r\n                    <h1 class=\"\">Kubas\r\n                      <br>\u201eMedienkrieger\u201c\r\n                      <br>zu Gast bei Freunden<\/h1>\r\n                  <\/div>\r\n                <\/div>\r\n                <div data-colibri-id=\"331-c377\" class=\"h-text h-text-component style-1800 style-local-331-c377 position-relative h-element\">\r\n                  <!---->\r\n                  <!---->\r\n                  <div class=\"\">\r\n                    <p>Am Mittwoch startet in Bremen eine Vortragsreihe zur Unterst\u00fctzung des Regimes in Havanna. Dazu wurde kein geringerer als Michel Enrique Torres Corona, Agitator und Moderator der kubanischen TV-Sendung \u201eCon Filo\u201c, nach Deutschland\r\n                      eingeflogen. Sein Thema ist der angebliche Medienkrieg gegen Kuba.<\/p>\r\n                  <\/div>\r\n                <\/div>\r\n                <div data-colibri-id=\"331-c378\" class=\"h-x-container style-1801 style-local-331-c378 position-relative h-element\">\r\n                  <!---->\r\n                  <div class=\"h-x-container-inner style-dynamic-331-c378-group style-1801-spacing style-local-331-c378-spacing\"><span class=\"h-button__outer style-1802-outer style-local-331-c379-outer d-inline-flex h-element\"><a h-use-smooth-scroll=\"true\" href=\"http:\/\/botschafter-menschenrechte.de\/?p=3045\"  data-colibri-id=\"331-c379\" class=\"d-flex w-100 align-items-center h-button justify-content-lg-center justify-content-md-center justify-content-center style-1802 style-local-331-c379 position-relative\"><!----><!----> <span>zum beitrag<\/span><\/a>\r\n                    <\/span>\r\n                  <\/div>\r\n                <\/div>\r\n              <\/div>\r\n            <\/div>\r\n          <\/div>\r\n        <\/div>\r\n      <\/div>\r\n    <\/div>\r\n  <\/div>\r\n  <div data-colibri-component=\"section\" data-colibri-id=\"331-c380\" id=\"custom-87\" class=\"h-section h-section-global-spacing d-flex align-items-lg-center align-items-md-center align-items-center style-1782 style-local-331-c380 position-relative\">\r\n    <!---->\r\n    <!---->\r\n    <div class=\"h-section-grid-container h-section-boxed-container\">\r\n      <!---->\r\n      <div data-colibri-id=\"331-c381\" class=\"h-row-container gutters-row-lg-2 gutters-row-md-2 gutters-row-0 gutters-row-v-lg-2 gutters-row-v-md-2 gutters-row-v-2 style-1783 style-local-331-c381 position-relative\">\r\n        <!---->\r\n        <div class=\"h-row justify-content-lg-center justify-content-md-center justify-content-center align-items-lg-stretch align-items-md-stretch align-items-stretch gutters-col-lg-2 gutters-col-md-2 gutters-col-0 gutters-col-v-lg-2 gutters-col-v-md-2 gutters-col-v-2\">\r\n          <!---->\r\n          <div class=\"h-column h-column-container d-flex h-col-lg-auto h-col-md-auto h-col-auto style-1784-outer style-local-331-c382-outer\">\r\n            <div data-colibri-id=\"331-c382\" class=\"d-flex h-flex-basis h-column__inner h-px-lg-2 h-px-md-2 h-px-2 v-inner-lg-2 v-inner-md-2 v-inner-2 style-1784 style-local-331-c382 position-relative\">\r\n              <!---->\r\n              <!---->\r\n              <div class=\"w-100 h-y-container h-column__content h-column__v-align flex-basis-100 align-self-lg-center align-self-md-center align-self-center\">\r\n                <!---->\r\n                <div data-colibri-id=\"331-c383\" class=\"d-block style-1791 style-local-331-c383 position-relative h-element\">\r\n                  <!---->\r\n                  <div class=\"h-image__frame-container-outer\">\r\n                    <div class=\"h-image__frame-container\">\r\n                      <!---->\r\n                      <!---->\r\n                      <img loading=\"lazy\" decoding=\"async\" width=\"640\" height=\"640\" src=\"http:\/\/botschafter-menschenrechte.de\/wp-content\/uploads\/2023\/06\/cropped-csm_Grundgesetz_c_Tim_Reckmann_pixelio_de_cc3fa120b3.webp\" class=\"wp-image-3020 style-1791-image style-local-331-c383-image\" alt=\"\" srcset=\"https:\/\/botschafter-menschenrechte.de\/wp-content\/uploads\/2023\/06\/cropped-csm_Grundgesetz_c_Tim_Reckmann_pixelio_de_cc3fa120b3.webp 640w, https:\/\/botschafter-menschenrechte.de\/wp-content\/uploads\/2023\/06\/cropped-csm_Grundgesetz_c_Tim_Reckmann_pixelio_de_cc3fa120b3-300x300.webp 300w, https:\/\/botschafter-menschenrechte.de\/wp-content\/uploads\/2023\/06\/cropped-csm_Grundgesetz_c_Tim_Reckmann_pixelio_de_cc3fa120b3-150x150.webp 150w\" sizes=\"auto, (max-width: 640px) 100vw, 640px\" \/>\r\n                      <div class=\"h-image__frame h-hide-lg h-hide-md h-hide-sm style-1791-frameImage style-local-331-c383-frameImage\"><\/div>\r\n                    <\/div>\r\n                  <\/div>\r\n                <\/div>\r\n                <div data-colibri-id=\"331-c384\" class=\"h-text h-text-component style-1792 style-local-331-c384 position-relative h-element\">\r\n                  <!---->\r\n                  <!---->\r\n                  <div class=\"\">\r\n                    <p><span style=\"color: rgb(23, 37, 42); font-family: &quot;Open Sans&quot;; font-size: 14px; font-weight: 400;\">Die gleiche Menschenw\u00fcrde aller Menschen bildet den Kern der freiheitlichen demokratischen Grundordnung.<\/span><\/p>\r\n                    <p><span style=\"color: rgb(23, 37, 42); font-family: &quot;Open Sans&quot;; font-size: 14px; font-weight: 400;\">\u00a9&nbsp;Tim Reckmann\/pixelio.de<\/span><\/p>\r\n                  <\/div>\r\n                <\/div>\r\n              <\/div>\r\n            <\/div>\r\n          <\/div>\r\n          <div class=\"h-column h-column-container d-flex h-col-lg-auto h-col-md-auto h-col-auto style-1785-outer style-local-331-c385-outer\">\r\n            <div data-colibri-id=\"331-c385\" class=\"d-flex h-flex-basis h-column__inner h-px-lg-2 h-px-md-2 h-px-2 v-inner-lg-2 v-inner-md-2 v-inner-2 style-1785 style-local-331-c385 position-relative\">\r\n              <!---->\r\n              <!---->\r\n              <div class=\"w-100 h-y-container h-column__content h-column__v-align flex-basis-100 align-self-lg-center align-self-md-center align-self-center\">\r\n                <!---->\r\n                <div data-colibri-id=\"331-c386\" class=\"h-x-container style-1786 style-local-331-c386 position-relative h-element\">\r\n                  <!---->\r\n                  <div class=\"h-x-container-inner style-dynamic-331-c386-group style-1786-spacing style-local-331-c386-spacing\"><span class=\"h-link__outer style-1787-outer style-local-331-c387-outer d-inline-flex h-element\"><a h-use-smooth-scroll=\"true\" href=\"http:\/\/botschafter-menschenrechte.de\/?cat=38\"  data-colibri-id=\"331-c387\" class=\"d-flex w-100 align-items-center h-link style-1787 style-local-331-c387 position-relative\"><!----><!----> <span>MEINUNG<\/span><\/a>\r\n                    <\/span>\r\n                  <\/div>\r\n                <\/div>\r\n                <div data-colibri-id=\"331-c388\" class=\"h-global-transition-all h-heading style-1788 style-local-331-c388 position-relative h-element\">\r\n                  <!---->\r\n                  <div class=\"h-heading__outer style-1788 style-local-331-c388\">\r\n                    <!---->\r\n                    <!---->\r\n                    <h3 class=\"\">Menschenrechtsinstitut: Voraussetzungen f\u00fcr Verbot der AfD erf\u00fcllt<\/h3>\r\n                  <\/div>\r\n                <\/div>\r\n                <div data-colibri-id=\"331-c389\" class=\"h-x-container style-1789 style-local-331-c389 position-relative h-element\">\r\n                  <!---->\r\n                  <div class=\"h-x-container-inner style-dynamic-331-c389-group style-1789-spacing style-local-331-c389-spacing\"><span class=\"h-button__outer style-1790-outer style-local-331-c390-outer d-inline-flex h-element\"><a h-use-smooth-scroll=\"true\" href=\"http:\/\/botschafter-menschenrechte.de\/?p=3015\"  data-colibri-id=\"331-c390\" class=\"d-flex w-100 align-items-center h-button justify-content-lg-center justify-content-md-center justify-content-center style-1790 style-local-331-c390 position-relative\"><!----><!----> <span>zum beitrag<\/span><\/a>\r\n                    <\/span>\r\n                  <\/div>\r\n                <\/div>\r\n              <\/div>\r\n            <\/div>\r\n          <\/div>\r\n        <\/div>\r\n      <\/div>\r\n    <\/div>\r\n  <\/div>\r\n  <div data-colibri-component=\"section\" data-colibri-id=\"331-c391\" id=\"custom-86\" class=\"h-section h-section-global-spacing d-flex align-items-lg-center align-items-md-center align-items-center style-1771 style-local-331-c391 position-relative\">\r\n    <!---->\r\n    <!---->\r\n    <div class=\"h-section-grid-container h-section-boxed-container\">\r\n      <!---->\r\n      <div data-colibri-id=\"331-c392\" class=\"h-row-container gutters-row-lg-2 gutters-row-md-2 gutters-row-0 gutters-row-v-lg-2 gutters-row-v-md-2 gutters-row-v-2 style-1772 style-local-331-c392 position-relative\">\r\n        <!---->\r\n        <div class=\"h-row justify-content-lg-center justify-content-md-center justify-content-center align-items-lg-stretch align-items-md-stretch align-items-stretch gutters-col-lg-2 gutters-col-md-2 gutters-col-0 gutters-col-v-lg-2 gutters-col-v-md-2 gutters-col-v-2\">\r\n          <!---->\r\n          <div class=\"h-column h-column-container d-flex h-col-lg-auto h-col-md-auto h-col-auto style-1773-outer style-local-331-c393-outer\">\r\n            <div data-colibri-id=\"331-c393\" class=\"d-flex h-flex-basis h-column__inner h-px-lg-2 h-px-md-2 h-px-2 v-inner-lg-2 v-inner-md-2 v-inner-2 style-1773 style-local-331-c393 position-relative\">\r\n              <!---->\r\n              <!---->\r\n              <div class=\"w-100 h-y-container h-column__content h-column__v-align flex-basis-100 align-self-lg-center align-self-md-center align-self-center\">\r\n                <!---->\r\n                <div data-colibri-id=\"331-c394\" class=\"d-block style-1777 style-local-331-c394 position-relative h-element\">\r\n                  <!---->\r\n                  <div class=\"h-image__frame-container-outer\">\r\n                    <div class=\"h-image__frame-container\">\r\n                      <!---->\r\n                      <!---->\r\n                      <img loading=\"lazy\" decoding=\"async\" width=\"473\" height=\"582\" src=\"http:\/\/botschafter-menschenrechte.de\/wp-content\/uploads\/2023\/05\/cropped-MicrosoftTeams-image.jpg\" class=\"wp-image-3003 style-1777-image style-local-331-c394-image\" alt=\"\" srcset=\"https:\/\/botschafter-menschenrechte.de\/wp-content\/uploads\/2023\/05\/cropped-MicrosoftTeams-image.jpg 473w, https:\/\/botschafter-menschenrechte.de\/wp-content\/uploads\/2023\/05\/cropped-MicrosoftTeams-image-244x300.jpg 244w\" sizes=\"auto, (max-width: 473px) 100vw, 473px\" \/>\r\n                      <div class=\"h-image__frame h-hide-lg h-hide-md h-hide-sm style-1777-frameImage style-local-331-c394-frameImage\"><\/div>\r\n                    <\/div>\r\n                  <\/div>\r\n                <\/div>\r\n              <\/div>\r\n            <\/div>\r\n          <\/div>\r\n          <div class=\"h-column h-column-container d-flex h-col-lg-auto h-col-md-auto h-col-auto style-1774-outer style-local-331-c395-outer\">\r\n            <div data-colibri-id=\"331-c395\" class=\"d-flex h-flex-basis h-column__inner h-px-lg-2 h-px-md-2 h-px-2 v-inner-lg-2 v-inner-md-2 v-inner-2 style-1774 style-local-331-c395 position-relative\">\r\n              <!---->\r\n              <!---->\r\n              <div class=\"w-100 h-y-container h-column__content h-column__v-align flex-basis-100 align-self-lg-center align-self-md-center align-self-center\">\r\n                <!---->\r\n                <div data-colibri-id=\"331-c396\" class=\"h-x-container style-1775 style-local-331-c396 position-relative h-element\">\r\n                  <!---->\r\n                  <div class=\"h-x-container-inner style-dynamic-331-c396-group style-1775-spacing style-local-331-c396-spacing\"><span class=\"h-link__outer style-1776-outer style-local-331-c397-outer d-inline-flex h-element\"><a h-use-smooth-scroll=\"true\" href=\"http:\/\/botschafter-menschenrechte.de\/?cat=17\"  data-colibri-id=\"331-c397\" class=\"d-flex w-100 align-items-center h-link style-1776 style-local-331-c397 position-relative\"><!----><!----> <span>KUBA<\/span><\/a>\r\n                    <\/span>\r\n                  <\/div>\r\n                <\/div>\r\n                <div data-colibri-id=\"331-c398\" class=\"h-global-transition-all h-heading style-1778 style-local-331-c398 position-relative h-element\">\r\n                  <!---->\r\n                  <div class=\"h-heading__outer style-1778 style-local-331-c398\">\r\n                    <!---->\r\n                    <!---->\r\n                    <h1 class=\"\">Der Kuba-Tourismus st\u00fctzt das Regime<\/h1>\r\n                  <\/div>\r\n                <\/div>\r\n                <div data-colibri-id=\"331-c399\" class=\"h-text h-text-component style-1779 style-local-331-c399 position-relative h-element\">\r\n                  <!---->\r\n                  <!---->\r\n                  <div class=\"\">\r\n                    <h2>URLAUBER FINANZIEREN DIE CASTRISTISCHE DIKTATUR \u2013 DRESDENER FAMILIENVATER IST POLITISCHER GEFANGENER AUF KUBA<\/h2>\r\n                    <p>\r\n                      <br>\r\n                    <\/p>\r\n                  <\/div>\r\n                <\/div>\r\n                <div data-colibri-id=\"331-c400\" class=\"h-x-container style-1780 style-local-331-c400 position-relative h-element\">\r\n                  <!---->\r\n                  <div class=\"h-x-container-inner style-dynamic-331-c400-group style-1780-spacing style-local-331-c400-spacing\"><span class=\"h-button__outer style-1781-outer style-local-331-c401-outer d-inline-flex h-element\"><a h-use-smooth-scroll=\"true\" href=\"http:\/\/botschafter-menschenrechte.de\/?p=2996\"  data-colibri-id=\"331-c401\" class=\"d-flex w-100 align-items-center h-button justify-content-lg-center justify-content-md-center justify-content-center style-1781 style-local-331-c401 position-relative\"><!----><!----> <span>Weiterlesen<\/span><\/a>\r\n                    <\/span>\r\n                  <\/div>\r\n                <\/div>\r\n              <\/div>\r\n            <\/div>\r\n          <\/div>\r\n        <\/div>\r\n      <\/div>\r\n    <\/div>\r\n  <\/div>\r\n  <div data-colibri-component=\"section\" data-colibri-id=\"331-c402\" id=\"custom-85\" class=\"h-section h-section-global-spacing d-flex align-items-lg-center align-items-md-center align-items-center style-1754 style-local-331-c402 position-relative\">\r\n    <!---->\r\n    <!---->\r\n    <div class=\"h-section-grid-container h-section-boxed-container\">\r\n      <!---->\r\n      <div data-colibri-id=\"331-c403\" class=\"h-row-container gutters-row-lg-2 gutters-row-md-2 gutters-row-0 gutters-row-v-lg-2 gutters-row-v-md-2 gutters-row-v-2 style-1761 style-local-331-c403 position-relative\">\r\n        <!---->\r\n        <div class=\"h-row justify-content-lg-center justify-content-md-center justify-content-center align-items-lg-stretch align-items-md-stretch align-items-stretch gutters-col-lg-2 gutters-col-md-2 gutters-col-0 gutters-col-v-lg-2 gutters-col-v-md-2 gutters-col-v-2\">\r\n          <!---->\r\n          <div class=\"h-column h-column-container d-flex h-col-lg-auto h-col-md-auto h-col-auto style-1762-outer style-local-331-c404-outer\">\r\n            <div data-colibri-id=\"331-c404\" class=\"d-flex h-flex-basis h-column__inner h-px-lg-2 h-px-md-2 h-px-2 v-inner-lg-2 v-inner-md-2 v-inner-2 style-1762 style-local-331-c404 position-relative\">\r\n              <!---->\r\n              <!---->\r\n              <div class=\"w-100 h-y-container h-column__content h-column__v-align flex-basis-100 align-self-lg-start align-self-md-start align-self-start\">\r\n                <!---->\r\n                <div data-colibri-id=\"331-c405\" class=\"h-global-transition-all h-heading style-1770 style-local-331-c405 position-relative h-element\">\r\n                  <!---->\r\n                  <div class=\"h-heading__outer style-1770 style-local-331-c405\">\r\n                    <!---->\r\n                    <!---->\r\n                    <h4 class=\"\">3. Bonner Freiheitsforum<\/h4>\r\n                  <\/div>\r\n                <\/div>\r\n                <div data-colibri-id=\"331-c406\" class=\"h-global-transition-all h-heading style-1758 style-local-331-c406 position-relative h-element\">\r\n                  <!---->\r\n                  <div class=\"h-heading__outer style-1758 style-local-331-c406\">\r\n                    <!---->\r\n                    <!---->\r\n                    <h2 class=\"\">Menschenrechte in Nordkorea<\/h2>\r\n                  <\/div>\r\n                <\/div>\r\n              <\/div>\r\n            <\/div>\r\n          <\/div>\r\n        <\/div>\r\n      <\/div>\r\n      <div data-colibri-id=\"331-c407\" class=\"h-row-container gutters-row-lg-2 gutters-row-md-2 gutters-row-0 gutters-row-v-lg-2 gutters-row-v-md-2 gutters-row-v-2 style-1755 style-local-331-c407 position-relative\">\r\n        <!---->\r\n        <div class=\"h-row justify-content-lg-center justify-content-md-center justify-content-center align-items-lg-stretch align-items-md-stretch align-items-stretch gutters-col-lg-2 gutters-col-md-2 gutters-col-0 gutters-col-v-lg-2 gutters-col-v-md-2 gutters-col-v-2\">\r\n          <!---->\r\n          <div class=\"h-column h-column-container d-flex h-col-lg-auto h-col-md-auto h-col-auto style-1756-outer style-local-331-c408-outer\">\r\n            <div data-colibri-id=\"331-c408\" class=\"d-flex h-flex-basis h-column__inner h-px-lg-2 h-px-md-2 h-px-2 v-inner-lg-2 v-inner-md-2 v-inner-2 style-1756 style-local-331-c408 position-relative\">\r\n              <!---->\r\n              <!---->\r\n              <div class=\"w-100 h-y-container h-column__content h-column__v-align flex-basis-100 align-self-lg-start align-self-md-start align-self-start\">\r\n                <!---->\r\n                <div data-colibri-id=\"331-c409\" class=\"d-block style-1760 style-local-331-c409 position-relative h-element\">\r\n                  <!---->\r\n                  <div class=\"h-image__frame-container-outer\">\r\n                    <div class=\"h-image__frame-container\">\r\n                      <!---->\r\n                      <!---->\r\n                      <img loading=\"lazy\" decoding=\"async\" width=\"380\" height=\"380\" src=\"http:\/\/botschafter-menschenrechte.de\/wp-content\/uploads\/2023\/05\/cropped-I3L4G.jpg\" class=\"wp-image-2981 style-1760-image style-local-331-c409-image\" alt=\"\" srcset=\"https:\/\/botschafter-menschenrechte.de\/wp-content\/uploads\/2023\/05\/cropped-I3L4G.jpg 380w, https:\/\/botschafter-menschenrechte.de\/wp-content\/uploads\/2023\/05\/cropped-I3L4G-300x300.jpg 300w, https:\/\/botschafter-menschenrechte.de\/wp-content\/uploads\/2023\/05\/cropped-I3L4G-150x150.jpg 150w\" sizes=\"auto, (max-width: 380px) 100vw, 380px\" \/>\r\n                      <div class=\"h-image__frame h-hide-lg h-hide-md h-hide-sm style-1760-frameImage style-local-331-c409-frameImage\"><\/div>\r\n                    <\/div>\r\n                  <\/div>\r\n                <\/div>\r\n              <\/div>\r\n            <\/div>\r\n          <\/div>\r\n          <div class=\"h-column h-column-container d-flex h-col-lg-auto h-col-md-auto h-col-auto style-1757-outer style-local-331-c410-outer\">\r\n            <div data-colibri-id=\"331-c410\" class=\"d-flex h-flex-basis h-column__inner h-px-lg-2 h-px-md-2 h-px-2 v-inner-lg-2 v-inner-md-2 v-inner-2 style-1757 style-local-331-c410 position-relative\">\r\n              <!---->\r\n              <!---->\r\n              <div class=\"w-100 h-y-container h-column__content h-column__v-align flex-basis-100 align-self-lg-start align-self-md-start align-self-start\">\r\n                <!---->\r\n                <div data-colibri-id=\"331-c411\" class=\"h-text h-text-component style-1759 style-local-331-c411 position-relative h-element\">\r\n                  <!---->\r\n                  <!---->\r\n                  <div class=\"\">\r\n                    <p><span style=\"color: rgb(0, 0, 0); font-family: Roboto, &quot;Helvetica Neue&quot;, Helvetica, Arial, sans-serif; font-size: 18px; font-weight: 400;\">Menschenrechte werden von der nordkoreanischen Einheitspartei grunds\u00e4tzlich wenig geachtet. Und selbst Arbeitsmigranten aus Nordkorea sind in verschiedenen L\u00e4ndern der Welt extremen Bedingungen und Missbrauch ausgesetzt. Ohne Schutz des eigenen Staates werden sie oft skrupellos ausgenutzt.<\/span>\r\n                      <br>\r\n                      <br><span style=\"color: rgb(0, 0, 0); font-family: Roboto, &quot;Helvetica Neue&quot;, Helvetica, Arial, sans-serif; font-size: 18px; font-weight: 400;\">Das 3. Bonner Freiheitsforum bietet eine Gelegenheit, mehr \u00fcber die aktuelle Menschenrechtslage in Nordkorea zu erfahren. Eine gefl\u00fcchtete Nordkoreanerin und ein ehemaliger nordkoreanischer Arbeitsmigrant berichten \u00fcber die Lage in der kommunistischen Diktatur. Wie haben sie dort gelebt? Wie konnten sie fliehen? Und nicht zuletzt: Wie geht es ihnen und ihren Familien heute?<\/span>\r\n                      <br>\r\n                      <br>\r\n                      <br>\r\n                    <\/p>\r\n                  <\/div>\r\n                <\/div>\r\n              <\/div>\r\n            <\/div>\r\n          <\/div>\r\n        <\/div>\r\n      <\/div>\r\n      <div data-colibri-id=\"331-c412\" class=\"h-row-container gutters-row-lg-2 gutters-row-md-2 gutters-row-0 gutters-row-v-lg-2 gutters-row-v-md-2 gutters-row-v-2 style-1763 style-local-331-c412 position-relative\">\r\n        <!---->\r\n        <div class=\"h-row justify-content-lg-center justify-content-md-center justify-content-center align-items-lg-stretch align-items-md-stretch align-items-stretch gutters-col-lg-2 gutters-col-md-2 gutters-col-0 gutters-col-v-lg-2 gutters-col-v-md-2 gutters-col-v-2\">\r\n          <!---->\r\n          <div class=\"h-column h-column-container d-flex h-col-lg-auto h-col-md-auto h-col-auto style-1764-outer style-local-331-c413-outer\">\r\n            <div data-colibri-id=\"331-c413\" class=\"d-flex h-flex-basis h-column__inner h-px-lg-2 h-px-md-2 h-px-2 v-inner-lg-2 v-inner-md-2 v-inner-2 style-1764 style-local-331-c413 position-relative\">\r\n              <!---->\r\n              <!---->\r\n              <div class=\"w-100 h-y-container h-column__content h-column__v-align flex-basis-100 align-self-lg-start align-self-md-start align-self-start\">\r\n                <!---->\r\n                <div data-colibri-id=\"331-c414\" class=\"h-text h-text-component style-1765 style-local-331-c414 position-relative h-element\">\r\n                  <!---->\r\n                  <!---->\r\n                  <div class=\"\">\r\n                    <p><span style=\"font-size: 18px; font-family: Roboto, &quot;Helvetica Neue&quot;, Helvetica, Arial, sans-serif; color: rgb(0, 0, 0); font-weight: 400;\">Im Anschluss wollen wir mit Ihnen und unseren Expertinnen und Experten \u00fcber Perspektiven f\u00fcr eine Verbesserung der humanit\u00e4ren Lage in Nordkorea und das Fernziel einer koreanischen Wiedervereinigung diskutieren.<\/span>\r\n                      <br>\r\n                      <br><span style=\"font-size: 18px; font-family: Roboto, &quot;Helvetica Neue&quot;, Helvetica, Arial, sans-serif; color: rgb(0, 0, 0); font-weight: 400;\">Als Friedrich-Naumann-Stiftung f\u00fcr die Freiheit ist es uns wichtig, ein Bewusstsein f\u00fcr die globalen Herausforderungen im Bereich der Menschenrechte zu schaffen und uns f\u00fcr eine gerechte und freiheitliche Welt einzusetzen. Nur wenn wir die Stimmen derer h\u00f6ren, denen Menschenrechte vorenthalten werden, k\u00f6nnen wir positive Ver\u00e4nderungen bewirken.<\/span>\r\n                      <br>\r\n                      <br><span style=\"font-size: 18px; font-family: Roboto, &quot;Helvetica Neue&quot;, Helvetica, Arial, sans-serif; color: rgb(0, 0, 0); font-weight: 400;\">In Kooperation mit:&nbsp;<\/span><strong style=\"font-size: 18px; font-family: Roboto, &quot;Helvetica Neue&quot;, Helvetica, Arial, sans-serif; color: rgb(229, 0, 125); font-weight: 400;\">Deutsch-Koreanische Gesellschaft<\/strong><\/p>\r\n                  <\/div>\r\n                <\/div>\r\n              <\/div>\r\n            <\/div>\r\n          <\/div>\r\n        <\/div>\r\n      <\/div>\r\n      <div data-colibri-id=\"331-c415\" class=\"h-row-container gutters-row-lg-2 gutters-row-md-2 gutters-row-0 gutters-row-v-lg-2 gutters-row-v-md-2 gutters-row-v-2 style-1766 style-local-331-c415 position-relative\">\r\n        <!---->\r\n        <div class=\"h-row justify-content-lg-center justify-content-md-center justify-content-center align-items-lg-stretch align-items-md-stretch align-items-stretch gutters-col-lg-2 gutters-col-md-2 gutters-col-0 gutters-col-v-lg-2 gutters-col-v-md-2 gutters-col-v-2\">\r\n          <!---->\r\n          <div class=\"h-column h-column-container d-flex h-col-lg-auto h-col-md-auto h-col-auto style-1767-outer style-local-331-c416-outer\">\r\n            <div data-colibri-id=\"331-c416\" class=\"d-flex h-flex-basis h-column__inner h-px-lg-2 h-px-md-2 h-px-2 v-inner-lg-2 v-inner-md-2 v-inner-2 style-1767 style-local-331-c416 position-relative\">\r\n              <!---->\r\n              <!---->\r\n              <div class=\"w-100 h-y-container h-column__content h-column__v-align flex-basis-100 align-self-lg-start align-self-md-start align-self-start\">\r\n                <!---->\r\n                <div data-colibri-id=\"331-c417\" class=\"h-x-container style-1768 style-local-331-c417 position-relative h-element\">\r\n                  <!---->\r\n                  <div class=\"h-x-container-inner style-dynamic-331-c417-group style-1768-spacing style-local-331-c417-spacing\"><span class=\"h-button__outer style-1769-outer style-local-331-c418-outer d-inline-flex h-element\"><a h-use-smooth-scroll=\"true\" href=\"https:\/\/shop.freiheit.org\/#!\/Veranstaltung\/I3L4G\"  data-colibri-id=\"331-c418\" class=\"d-flex w-100 align-items-center h-button justify-content-lg-center justify-content-md-center justify-content-center style-1769 style-local-331-c418 position-relative\"><!----><!----> <span>Zum Original-Beitrag der Friedrich Naumann Stiftung<\/span><\/a>\r\n                    <\/span>\r\n                  <\/div>\r\n                <\/div>\r\n              <\/div>\r\n            <\/div>\r\n          <\/div>\r\n        <\/div>\r\n      <\/div>\r\n    <\/div>\r\n  <\/div>\r\n  <div data-colibri-component=\"section\" data-colibri-id=\"331-c419\" id=\"custom-84\" class=\"h-section h-section-global-spacing d-flex align-items-lg-center align-items-md-center align-items-center style-1743 style-local-331-c419 position-relative\">\r\n    <!---->\r\n    <!---->\r\n    <div class=\"h-section-grid-container h-section-boxed-container\">\r\n      <!---->\r\n      <div data-colibri-id=\"331-c420\" class=\"h-row-container gutters-row-lg-2 gutters-row-md-2 gutters-row-0 gutters-row-v-lg-2 gutters-row-v-md-2 gutters-row-v-2 style-1744 style-local-331-c420 position-relative\">\r\n        <!---->\r\n        <div class=\"h-row justify-content-lg-center justify-content-md-center justify-content-center align-items-lg-stretch align-items-md-stretch align-items-stretch gutters-col-lg-2 gutters-col-md-2 gutters-col-0 gutters-col-v-lg-2 gutters-col-v-md-2 gutters-col-v-2\">\r\n          <!---->\r\n          <div class=\"h-column h-column-container d-flex h-col-lg-auto h-col-md-auto h-col-auto style-1745-outer style-local-331-c421-outer\">\r\n            <div data-colibri-id=\"331-c421\" class=\"d-flex h-flex-basis h-column__inner h-px-lg-2 h-px-md-2 h-px-2 v-inner-lg-2 v-inner-md-2 v-inner-2 style-1745 style-local-331-c421 position-relative\">\r\n              <!---->\r\n              <!---->\r\n              <div class=\"w-100 h-y-container h-column__content h-column__v-align flex-basis-100 align-self-lg-center align-self-md-center align-self-center\">\r\n                <!---->\r\n                <div data-colibri-id=\"331-c422\" class=\"d-block style-1747 style-local-331-c422 position-relative h-element\">\r\n                  <!---->\r\n                  <div class=\"h-image__frame-container-outer\">\r\n                    <div class=\"h-image__frame-container\">\r\n                      <!---->\r\n                      <!---->\r\n                      <img loading=\"lazy\" decoding=\"async\" width=\"1721\" height=\"1428\" src=\"http:\/\/botschafter-menschenrechte.de\/wp-content\/uploads\/2023\/05\/cropped-Header-Kopie.png\" class=\"wp-image-2971 style-1747-image style-local-331-c422-image\" alt=\"\" srcset=\"https:\/\/botschafter-menschenrechte.de\/wp-content\/uploads\/2023\/05\/cropped-Header-Kopie.png 1721w, https:\/\/botschafter-menschenrechte.de\/wp-content\/uploads\/2023\/05\/cropped-Header-Kopie-300x249.png 300w, https:\/\/botschafter-menschenrechte.de\/wp-content\/uploads\/2023\/05\/cropped-Header-Kopie-1024x850.png 1024w, https:\/\/botschafter-menschenrechte.de\/wp-content\/uploads\/2023\/05\/cropped-Header-Kopie-768x637.png 768w, https:\/\/botschafter-menschenrechte.de\/wp-content\/uploads\/2023\/05\/cropped-Header-Kopie-1536x1274.png 1536w\" sizes=\"auto, (max-width: 1721px) 100vw, 1721px\" \/>\r\n                      <div class=\"h-image__frame h-hide-lg h-hide-md h-hide-sm style-1747-frameImage style-local-331-c422-frameImage\"><\/div>\r\n                    <\/div>\r\n                  <\/div>\r\n                <\/div>\r\n              <\/div>\r\n            <\/div>\r\n          <\/div>\r\n          <div class=\"h-column h-column-container d-flex h-col-lg-auto h-col-md-auto h-col-auto style-1746-outer style-local-331-c423-outer\">\r\n            <div data-colibri-id=\"331-c423\" class=\"d-flex h-flex-basis h-column__inner h-px-lg-2 h-px-md-2 h-px-2 v-inner-lg-2 v-inner-md-2 v-inner-2 style-1746 style-local-331-c423 position-relative\">\r\n              <!---->\r\n              <!---->\r\n              <div class=\"w-100 h-y-container h-column__content h-column__v-align flex-basis-100 align-self-lg-center align-self-md-center align-self-center\">\r\n                <!---->\r\n                <div data-colibri-id=\"331-c424\" class=\"h-x-container style-1748 style-local-331-c424 position-relative h-element\">\r\n                  <!---->\r\n                  <div class=\"h-x-container-inner style-dynamic-331-c424-group style-1748-spacing style-local-331-c424-spacing\"><span class=\"h-link__outer style-1749-outer style-local-331-c425-outer d-inline-flex h-element\"><a h-use-smooth-scroll=\"true\" href=\"http:\/\/botschafter-menschenrechte.de\/?cat=17\"  data-colibri-id=\"331-c425\" class=\"d-flex w-100 align-items-center h-link style-1749 style-local-331-c425 position-relative\"><!----><!----> <span>KUBA<\/span><\/a>\r\n                    <\/span>\r\n                  <\/div>\r\n                <\/div>\r\n                <div data-colibri-id=\"331-c426\" class=\"h-global-transition-all h-heading style-1750 style-local-331-c426 position-relative h-element\">\r\n                  <!---->\r\n                  <div class=\"h-heading__outer style-1750 style-local-331-c426\">\r\n                    <!---->\r\n                    <!---->\r\n                    <h2 class=\"\">Zwei Jahre nach dem \u201e11J\u201c:\r\n                      <br>F\u00fcr eine Zukunft in Freiheit!<\/h2>\r\n                  <\/div>\r\n                <\/div>\r\n                <div data-colibri-id=\"331-c427\" class=\"h-text h-text-component style-1753 style-local-331-c427 position-relative h-element\">\r\n                  <!---->\r\n                  <!---->\r\n                  <div class=\"\">\r\n                    <p><strong style=\"font-family: inherit;\">BfM unterst\u00fctzt Aktionstag f\u00fcr Menschenrechte in Kuba<\/strong><\/p>\r\n                  <\/div>\r\n                <\/div>\r\n                <div data-colibri-id=\"331-c428\" class=\"h-x-container style-1751 style-local-331-c428 position-relative h-element\">\r\n                  <!---->\r\n                  <div class=\"h-x-container-inner style-dynamic-331-c428-group style-1751-spacing style-local-331-c428-spacing\"><span class=\"h-button__outer style-1752-outer style-local-331-c429-outer d-inline-flex h-element\"><a h-use-smooth-scroll=\"true\" href=\"http:\/\/botschafter-menschenrechte.de\/?p=2964\"  data-colibri-id=\"331-c429\" class=\"d-flex w-100 align-items-center h-button justify-content-lg-center justify-content-md-center justify-content-center style-1752 style-local-331-c429 position-relative\"><!----><!----> <span>Zum Beitrag<\/span><\/a>\r\n                    <\/span>\r\n                  <\/div>\r\n                <\/div>\r\n              <\/div>\r\n            <\/div>\r\n          <\/div>\r\n        <\/div>\r\n      <\/div>\r\n    <\/div>\r\n  <\/div>\r\n  <div data-colibri-component=\"section\" data-colibri-id=\"331-c430\" id=\"custom-83\" class=\"h-section h-section-global-spacing d-flex align-items-lg-center align-items-md-center align-items-center style-1732 style-local-331-c430 position-relative\">\r\n    <!---->\r\n    <!---->\r\n    <div class=\"h-section-grid-container h-section-boxed-container\">\r\n      <!---->\r\n      <div data-colibri-id=\"331-c431\" class=\"h-row-container gutters-row-lg-2 gutters-row-md-2 gutters-row-0 gutters-row-v-lg-2 gutters-row-v-md-2 gutters-row-v-2 style-1733 style-local-331-c431 position-relative\">\r\n        <!---->\r\n        <div class=\"h-row justify-content-lg-center justify-content-md-center justify-content-center align-items-lg-stretch align-items-md-stretch align-items-stretch gutters-col-lg-2 gutters-col-md-2 gutters-col-0 gutters-col-v-lg-2 gutters-col-v-md-2 gutters-col-v-2\">\r\n          <!---->\r\n          <div class=\"h-column h-column-container d-flex h-col-lg-auto h-col-md-auto h-col-auto style-1734-outer style-local-331-c432-outer\">\r\n            <div data-colibri-id=\"331-c432\" class=\"d-flex h-flex-basis h-column__inner h-px-lg-2 h-px-md-2 h-px-2 v-inner-lg-2 v-inner-md-2 v-inner-2 style-1734 style-local-331-c432 position-relative\">\r\n              <!---->\r\n              <!---->\r\n              <div class=\"w-100 h-y-container h-column__content h-column__v-align flex-basis-100 align-self-lg-center align-self-md-center align-self-center\">\r\n                <!---->\r\n                <div data-colibri-id=\"331-c433\" class=\"d-block style-1742 style-local-331-c433 position-relative h-element\">\r\n                  <!---->\r\n                  <div class=\"h-image__frame-container-outer\">\r\n                    <div class=\"h-image__frame-container\">\r\n                      <!---->\r\n                      <!---->\r\n                      <img loading=\"lazy\" decoding=\"async\" width=\"603\" height=\"603\" src=\"http:\/\/botschafter-menschenrechte.de\/wp-content\/uploads\/2023\/05\/cropped-IMG_0011-q602q4u2z1j1jb39x92v44dor2xdqproplj8pa6f0u-1.jpeg\" class=\"wp-image-2952 style-1742-image style-local-331-c433-image\" alt=\"\" srcset=\"https:\/\/botschafter-menschenrechte.de\/wp-content\/uploads\/2023\/05\/cropped-IMG_0011-q602q4u2z1j1jb39x92v44dor2xdqproplj8pa6f0u-1.jpeg 603w, https:\/\/botschafter-menschenrechte.de\/wp-content\/uploads\/2023\/05\/cropped-IMG_0011-q602q4u2z1j1jb39x92v44dor2xdqproplj8pa6f0u-1-300x300.jpeg 300w, https:\/\/botschafter-menschenrechte.de\/wp-content\/uploads\/2023\/05\/cropped-IMG_0011-q602q4u2z1j1jb39x92v44dor2xdqproplj8pa6f0u-1-150x150.jpeg 150w\" sizes=\"auto, (max-width: 603px) 100vw, 603px\" \/>\r\n                      <div class=\"h-image__frame h-hide-lg h-hide-md h-hide-sm style-1742-frameImage style-local-331-c433-frameImage\"><\/div>\r\n                    <\/div>\r\n                  <\/div>\r\n                <\/div>\r\n              <\/div>\r\n            <\/div>\r\n          <\/div>\r\n          <div class=\"h-column h-column-container d-flex h-col-lg-auto h-col-md-auto h-col-auto style-1735-outer style-local-331-c434-outer\">\r\n            <div data-colibri-id=\"331-c434\" class=\"d-flex h-flex-basis h-column__inner h-px-lg-2 h-px-md-2 h-px-2 v-inner-lg-2 v-inner-md-2 v-inner-2 style-1735 style-local-331-c434 position-relative\">\r\n              <!---->\r\n              <!---->\r\n              <div class=\"w-100 h-y-container h-column__content h-column__v-align flex-basis-100 align-self-lg-center align-self-md-center align-self-center\">\r\n                <!---->\r\n                <div data-colibri-id=\"331-c435\" class=\"h-x-container style-1736 style-local-331-c435 position-relative h-element\">\r\n                  <!---->\r\n                  <div class=\"h-x-container-inner style-dynamic-331-c435-group style-1736-spacing style-local-331-c435-spacing\"><span class=\"h-link__outer style-1737-outer style-local-331-c436-outer d-inline-flex h-element\"><a h-use-smooth-scroll=\"true\" href=\"http:\/\/botschafter-menschenrechte.de\/?cat=16\"  data-colibri-id=\"331-c436\" class=\"d-flex w-100 align-items-center h-link style-1737 style-local-331-c436 position-relative\"><!----><!----> <span>IRAN<\/span><\/a>\r\n                    <\/span>\r\n                  <\/div>\r\n                <\/div>\r\n                <div data-colibri-id=\"331-c437\" class=\"h-global-transition-all h-heading style-1738 style-local-331-c437 position-relative h-element\">\r\n                  <!---->\r\n                  <div class=\"h-heading__outer style-1738 style-local-331-c437\">\r\n                    <!---->\r\n                    <!---->\r\n                    <h1 class=\"\">Vahid Beheshti\r\n                      <br>Einer, der es ernst meint.<\/h1>\r\n                  <\/div>\r\n                <\/div>\r\n                <div data-colibri-id=\"331-c438\" class=\"h-text h-text-component style-1739 style-local-331-c438 position-relative h-element\">\r\n                  <!---->\r\n                  <!---->\r\n                  <div class=\"\">\r\n                    <p><em style=\"font-family: inherit;\">Vahid Beheshti, Britisch-Iranischer Staatsb\u00fcrger, ist jetzt seit 70 Tagen im Hungerstreik. Er verlangt zusammen mit und stellvertretend f\u00fcr andere die Listung der Revolutionsgarden (IRGC) als Terrororganisation.<\/em><\/p>\r\n                  <\/div>\r\n                <\/div>\r\n                <div data-colibri-id=\"331-c439\" class=\"h-x-container style-1740 style-local-331-c439 position-relative h-element\">\r\n                  <!---->\r\n                  <div class=\"h-x-container-inner style-dynamic-331-c439-group style-1740-spacing style-local-331-c439-spacing\"><span class=\"h-button__outer style-1741-outer style-local-331-c440-outer d-inline-flex h-element\"><a h-use-smooth-scroll=\"true\" href=\"http:\/\/botschafter-menschenrechte.de\/?p=2947\"  data-colibri-id=\"331-c440\" class=\"d-flex w-100 align-items-center h-button justify-content-lg-center justify-content-md-center justify-content-center style-1741 style-local-331-c440 position-relative\"><!----><!----> <span>Weiterlesen<\/span><\/a>\r\n                    <\/span>\r\n                  <\/div>\r\n                <\/div>\r\n              <\/div>\r\n            <\/div>\r\n          <\/div>\r\n        <\/div>\r\n      <\/div>\r\n    <\/div>\r\n  <\/div>\r\n  <div data-colibri-component=\"section\" data-colibri-id=\"331-c441\" id=\"custom-82\" class=\"h-section h-section-global-spacing d-flex align-items-lg-center align-items-md-center align-items-center style-1719 style-local-331-c441 position-relative\">\r\n    <!---->\r\n    <!---->\r\n    <div class=\"h-section-grid-container h-section-boxed-container\">\r\n      <!---->\r\n      <div data-colibri-id=\"331-c442\" class=\"h-row-container gutters-row-lg-2 gutters-row-md-2 gutters-row-0 gutters-row-v-lg-2 gutters-row-v-md-2 gutters-row-v-2 style-1720 style-local-331-c442 position-relative\">\r\n        <!---->\r\n        <div class=\"h-row justify-content-lg-center justify-content-md-center justify-content-center align-items-lg-stretch align-items-md-stretch align-items-stretch gutters-col-lg-2 gutters-col-md-2 gutters-col-0 gutters-col-v-lg-2 gutters-col-v-md-2 gutters-col-v-2\">\r\n          <!---->\r\n          <div class=\"h-column h-column-container d-flex h-col-lg-auto h-col-md-auto h-col-auto style-1721-outer style-local-331-c443-outer\">\r\n            <div data-colibri-id=\"331-c443\" class=\"d-flex h-flex-basis h-column__inner h-px-lg-2 h-px-md-2 h-px-2 v-inner-lg-2 v-inner-md-2 v-inner-2 style-1721 style-local-331-c443 position-relative\">\r\n              <!---->\r\n              <!---->\r\n              <div class=\"w-100 h-y-container h-column__content h-column__v-align flex-basis-100 align-self-lg-center align-self-md-center align-self-center\">\r\n                <!---->\r\n                <div data-colibri-id=\"331-c444\" class=\"d-block style-1723 style-local-331-c444 position-relative h-element\">\r\n                  <!---->\r\n                  <div class=\"h-image__frame-container-outer\">\r\n                    <div class=\"h-image__frame-container\">\r\n                      <!---->\r\n                      <!---->\r\n                      <img loading=\"lazy\" decoding=\"async\" width=\"768\" height=\"768\" src=\"http:\/\/botschafter-menschenrechte.de\/wp-content\/uploads\/2023\/04\/cropped-PHOTO-2023-04-21-14-28-56.jpg\" class=\"wp-image-2939 style-1723-image style-local-331-c444-image\" alt=\"\" srcset=\"https:\/\/botschafter-menschenrechte.de\/wp-content\/uploads\/2023\/04\/cropped-PHOTO-2023-04-21-14-28-56.jpg 768w, https:\/\/botschafter-menschenrechte.de\/wp-content\/uploads\/2023\/04\/cropped-PHOTO-2023-04-21-14-28-56-300x300.jpg 300w, https:\/\/botschafter-menschenrechte.de\/wp-content\/uploads\/2023\/04\/cropped-PHOTO-2023-04-21-14-28-56-150x150.jpg 150w\" sizes=\"auto, (max-width: 768px) 100vw, 768px\" \/>\r\n                      <div class=\"h-image__frame h-hide-lg h-hide-md h-hide-sm style-1723-frameImage style-local-331-c444-frameImage\"><\/div>\r\n                    <\/div>\r\n                  <\/div>\r\n                <\/div>\r\n              <\/div>\r\n            <\/div>\r\n          <\/div>\r\n          <div class=\"h-column h-column-container d-flex h-col-lg-auto h-col-md-auto h-col-auto style-1722-outer style-local-331-c445-outer\">\r\n            <div data-colibri-id=\"331-c445\" class=\"d-flex h-flex-basis h-column__inner h-px-lg-2 h-px-md-2 h-px-2 v-inner-lg-2 v-inner-md-2 v-inner-2 style-1722 style-local-331-c445 position-relative\">\r\n              <!---->\r\n              <!---->\r\n              <div class=\"w-100 h-y-container h-column__content h-column__v-align flex-basis-100 align-self-lg-center align-self-md-center align-self-center\">\r\n                <!---->\r\n                <div data-colibri-id=\"331-c446\" class=\"h-x-container style-1724 style-local-331-c446 position-relative h-element\">\r\n                  <!---->\r\n                  <div class=\"h-x-container-inner style-dynamic-331-c446-group style-1724-spacing style-local-331-c446-spacing\"><span class=\"h-link__outer style-1725-outer style-local-331-c447-outer d-inline-flex h-element\"><a h-use-smooth-scroll=\"true\" href=\"http:\/\/botschafter-menschenrechte.de\/?cat=38\"  data-colibri-id=\"331-c447\" class=\"d-flex w-100 align-items-center h-link style-1725 style-local-331-c447 position-relative\"><!----><!----> <span>MEINUNG<\/span><\/a>\r\n                    <\/span>\r\n                  <\/div>\r\n                <\/div>\r\n                <div data-colibri-id=\"331-c448\" class=\"h-x-container style-1726 style-local-331-c448 position-relative h-element\">\r\n                  <!---->\r\n                  <div class=\"h-x-container-inner style-dynamic-331-c448-group style-1726-spacing style-local-331-c448-spacing\"><span class=\"h-link__outer style-1727-outer style-local-331-c449-outer d-inline-flex h-element\"><a h-use-smooth-scroll=\"true\" href=\"http:\/\/botschafter-menschenrechte.de\/?cat=17\"  data-colibri-id=\"331-c449\" class=\"d-flex w-100 align-items-center h-link style-1727 style-local-331-c449 position-relative\"><!----><!----> <span>KUBA<\/span><\/a>\r\n                    <\/span>\r\n                  <\/div>\r\n                <\/div>\r\n                <div data-colibri-id=\"331-c450\" class=\"h-global-transition-all h-heading style-1728 style-local-331-c450 position-relative h-element\">\r\n                  <!---->\r\n                  <div class=\"h-heading__outer style-1728 style-local-331-c450\">\r\n                    <!---->\r\n                    <!---->\r\n                    <h1 class=\"\">Kubas Satan residiert an Punkt Null<\/h1>\r\n                  <\/div>\r\n                <\/div>\r\n                <div data-colibri-id=\"331-c451\" class=\"h-text h-text-component style-1729 style-local-331-c451 position-relative h-element\">\r\n                  <!---->\r\n                  <!---->\r\n                  <div class=\"\">\r\n                    <h3>Kubanisches Leben mit und am Randes der Katastrophe<\/h3>\r\n                  <\/div>\r\n                <\/div>\r\n                <div data-colibri-id=\"331-c452\" class=\"h-x-container style-1730 style-local-331-c452 position-relative h-element\">\r\n                  <!---->\r\n                  <div class=\"h-x-container-inner style-dynamic-331-c452-group style-1730-spacing style-local-331-c452-spacing\"><span class=\"h-button__outer style-1731-outer style-local-331-c453-outer d-inline-flex h-element\"><a h-use-smooth-scroll=\"true\" href=\"http:\/\/botschafter-menschenrechte.de\/?p=2923\"  data-colibri-id=\"331-c453\" class=\"d-flex w-100 align-items-center h-button justify-content-lg-center justify-content-md-center justify-content-center style-1731 style-local-331-c453 position-relative\"><!----><!----> <span>ZUM BEITRAG<\/span><\/a>\r\n                    <\/span>\r\n                  <\/div>\r\n                <\/div>\r\n              <\/div>\r\n            <\/div>\r\n          <\/div>\r\n        <\/div>\r\n      <\/div>\r\n    <\/div>\r\n  <\/div>\r\n  <div data-colibri-component=\"section\" data-colibri-id=\"331-c454\" id=\"custom-81\" class=\"h-section h-section-global-spacing d-flex align-items-lg-center align-items-md-center align-items-center style-1708 style-local-331-c454 position-relative\">\r\n    <!---->\r\n    <!---->\r\n    <div class=\"h-section-grid-container h-section-boxed-container\">\r\n      <!---->\r\n      <div data-colibri-id=\"331-c455\" class=\"h-row-container gutters-row-lg-2 gutters-row-md-2 gutters-row-0 gutters-row-v-lg-2 gutters-row-v-md-2 gutters-row-v-2 style-1709 style-local-331-c455 position-relative\">\r\n        <!---->\r\n        <div class=\"h-row justify-content-lg-center justify-content-md-center justify-content-center align-items-lg-stretch align-items-md-stretch align-items-stretch gutters-col-lg-2 gutters-col-md-2 gutters-col-0 gutters-col-v-lg-2 gutters-col-v-md-2 gutters-col-v-2\">\r\n          <!---->\r\n          <div class=\"h-column h-column-container d-flex h-col-lg-auto h-col-md-auto h-col-auto style-1710-outer style-local-331-c456-outer\">\r\n            <div data-colibri-id=\"331-c456\" class=\"d-flex h-flex-basis h-column__inner h-px-lg-2 h-px-md-2 h-px-2 v-inner-lg-2 v-inner-md-2 v-inner-2 style-1710 style-local-331-c456 position-relative\">\r\n              <!---->\r\n              <!---->\r\n              <div class=\"w-100 h-y-container h-column__content h-column__v-align flex-basis-100 align-self-lg-center align-self-md-center align-self-center\">\r\n                <!---->\r\n                <div data-colibri-id=\"331-c457\" class=\"d-block style-1712 style-local-331-c457 position-relative h-element\">\r\n                  <!---->\r\n                  <div class=\"h-image__frame-container-outer\">\r\n                    <div class=\"h-image__frame-container\">\r\n                      <!---->\r\n                      <!---->\r\n                      <img loading=\"lazy\" decoding=\"async\" width=\"1315\" height=\"1317\" src=\"http:\/\/botschafter-menschenrechte.de\/wp-content\/uploads\/2023\/04\/cropped-MicrosoftTeams-image-1.jpg\" class=\"wp-image-2915 style-1712-image style-local-331-c457-image\" alt=\"\" srcset=\"https:\/\/botschafter-menschenrechte.de\/wp-content\/uploads\/2023\/04\/cropped-MicrosoftTeams-image-1.jpg 1315w, https:\/\/botschafter-menschenrechte.de\/wp-content\/uploads\/2023\/04\/cropped-MicrosoftTeams-image-1-300x300.jpg 300w, https:\/\/botschafter-menschenrechte.de\/wp-content\/uploads\/2023\/04\/cropped-MicrosoftTeams-image-1-1022x1024.jpg 1022w, https:\/\/botschafter-menschenrechte.de\/wp-content\/uploads\/2023\/04\/cropped-MicrosoftTeams-image-1-150x150.jpg 150w, https:\/\/botschafter-menschenrechte.de\/wp-content\/uploads\/2023\/04\/cropped-MicrosoftTeams-image-1-768x769.jpg 768w\" sizes=\"auto, (max-width: 1315px) 100vw, 1315px\" \/>\r\n                      <div class=\"h-image__frame h-hide-lg h-hide-md h-hide-sm style-1712-frameImage style-local-331-c457-frameImage\"><\/div>\r\n                    <\/div>\r\n                  <\/div>\r\n                <\/div>\r\n              <\/div>\r\n            <\/div>\r\n          <\/div>\r\n          <div class=\"h-column h-column-container d-flex h-col-lg-auto h-col-md-auto h-col-auto style-1711-outer style-local-331-c458-outer\">\r\n            <div data-colibri-id=\"331-c458\" class=\"d-flex h-flex-basis h-column__inner h-px-lg-2 h-px-md-2 h-px-2 v-inner-lg-2 v-inner-md-2 v-inner-2 style-1711 style-local-331-c458 position-relative\">\r\n              <!---->\r\n              <!---->\r\n              <div class=\"w-100 h-y-container h-column__content h-column__v-align flex-basis-100 align-self-lg-center align-self-md-center align-self-center\">\r\n                <!---->\r\n                <div data-colibri-id=\"331-c459\" class=\"h-x-container style-1713 style-local-331-c459 position-relative h-element\">\r\n                  <!---->\r\n                  <div class=\"h-x-container-inner style-dynamic-331-c459-group style-1713-spacing style-local-331-c459-spacing\"><span class=\"h-link__outer style-1714-outer style-local-331-c460-outer d-inline-flex h-element\"><a h-use-smooth-scroll=\"true\" href=\"http:\/\/botschafter-menschenrechte.de\/?cat=21\"  data-colibri-id=\"331-c460\" class=\"d-flex w-100 align-items-center h-link style-1714 style-local-331-c460 position-relative\"><!----><!----> <span>MENSCHENRECHTE<\/span><\/a>\r\n                    <\/span>\r\n                  <\/div>\r\n                <\/div>\r\n                <div data-colibri-id=\"331-c461\" class=\"h-global-transition-all h-heading style-1715 style-local-331-c461 position-relative h-element\">\r\n                  <!---->\r\n                  <div class=\"h-heading__outer style-1715 style-local-331-c461\">\r\n                    <!---->\r\n                    <!---->\r\n                    <h1 class=\"\">J\u00f3zef Pi\u0142sudski \u2013 die Biographie<\/h1>\r\n                  <\/div>\r\n                <\/div>\r\n                <div data-colibri-id=\"331-c462\" class=\"h-text h-text-component style-1716 style-local-331-c462 position-relative h-element\">\r\n                  <!---->\r\n                  <!---->\r\n                  <div class=\"\">\r\n                    <p><span style=\"font-weight: 400; font-size: 16px; font-family: &quot;Open Sans&quot;; color: rgb(37, 41, 42);\">Unseren Nachbarn Polen kann man nur verstehen, wenn man die ganze Geschichte des Landes kennt.<\/span><\/p>\r\n                    <p><span style=\"font-weight: 400; font-size: 16px; font-family: &quot;Open Sans&quot;; color: rgb(37, 41, 42);\">Tatsache ist aber: den meisten Deutschen ist genau diese reiche Geschichte kaum bekannt.<\/span><\/p>\r\n                  <\/div>\r\n                <\/div>\r\n                <div data-colibri-id=\"331-c463\" class=\"h-x-container style-1717 style-local-331-c463 position-relative h-element\">\r\n                  <!---->\r\n                  <div class=\"h-x-container-inner style-dynamic-331-c463-group style-1717-spacing style-local-331-c463-spacing\"><span class=\"h-button__outer style-1718-outer style-local-331-c464-outer d-inline-flex h-element\"><a h-use-smooth-scroll=\"true\" href=\"http:\/\/botschafter-menschenrechte.de\/?p=2910\"  data-colibri-id=\"331-c464\" class=\"d-flex w-100 align-items-center h-button justify-content-lg-center justify-content-md-center justify-content-center style-1718 style-local-331-c464 position-relative\"><!----><!----> <span>ZUR REZENSION<\/span><\/a>\r\n                    <\/span>\r\n                  <\/div>\r\n                <\/div>\r\n              <\/div>\r\n            <\/div>\r\n          <\/div>\r\n        <\/div>\r\n      <\/div>\r\n    <\/div>\r\n  <\/div>\r\n  <div data-colibri-component=\"section\" data-colibri-id=\"331-c465\" id=\"custom-80\" class=\"h-section h-section-global-spacing d-flex align-items-lg-center align-items-md-center align-items-center style-1697 style-local-331-c465 position-relative\">\r\n    <!---->\r\n    <!---->\r\n    <div class=\"h-section-grid-container h-section-boxed-container\">\r\n      <!---->\r\n      <div data-colibri-id=\"331-c466\" class=\"h-row-container gutters-row-lg-2 gutters-row-md-2 gutters-row-0 gutters-row-v-lg-2 gutters-row-v-md-2 gutters-row-v-2 style-1698 style-local-331-c466 position-relative\">\r\n        <!---->\r\n        <div class=\"h-row justify-content-lg-center justify-content-md-center justify-content-center align-items-lg-stretch align-items-md-stretch align-items-stretch gutters-col-lg-2 gutters-col-md-2 gutters-col-0 gutters-col-v-lg-2 gutters-col-v-md-2 gutters-col-v-2\">\r\n          <!---->\r\n          <div class=\"h-column h-column-container d-flex h-col-lg-auto h-col-md-auto h-col-auto style-1699-outer style-local-331-c467-outer\">\r\n            <div data-colibri-id=\"331-c467\" class=\"d-flex h-flex-basis h-column__inner h-px-lg-2 h-px-md-2 h-px-2 v-inner-lg-2 v-inner-md-2 v-inner-2 style-1699 style-local-331-c467 position-relative\">\r\n              <!---->\r\n              <!---->\r\n              <div class=\"w-100 h-y-container h-column__content h-column__v-align flex-basis-100 align-self-lg-center align-self-md-center align-self-center\">\r\n                <!---->\r\n                <div data-colibri-id=\"331-c468\" class=\"d-block style-1707 style-local-331-c468 position-relative h-element\">\r\n                  <!---->\r\n                  <div class=\"h-image__frame-container-outer\">\r\n                    <div class=\"h-image__frame-container\">\r\n                      <!---->\r\n                      <!---->\r\n                      <img loading=\"lazy\" decoding=\"async\" width=\"600\" height=\"381\" src=\"http:\/\/botschafter-menschenrechte.de\/wp-content\/uploads\/2023\/04\/cropped-flag-2292666_1280-600x381-2.png\" class=\"wp-image-2902 style-1707-image style-local-331-c468-image\" alt=\"\" srcset=\"https:\/\/botschafter-menschenrechte.de\/wp-content\/uploads\/2023\/04\/cropped-flag-2292666_1280-600x381-2.png 600w, https:\/\/botschafter-menschenrechte.de\/wp-content\/uploads\/2023\/04\/cropped-flag-2292666_1280-600x381-2-300x191.png 300w\" sizes=\"auto, (max-width: 600px) 100vw, 600px\" \/>\r\n                      <div class=\"h-image__frame h-hide-lg h-hide-md h-hide-sm style-1707-frameImage style-local-331-c468-frameImage\"><\/div>\r\n                    <\/div>\r\n                  <\/div>\r\n                <\/div>\r\n              <\/div>\r\n            <\/div>\r\n          <\/div>\r\n          <div class=\"h-column h-column-container d-flex h-col-lg-auto h-col-md-auto h-col-auto style-1700-outer style-local-331-c469-outer\">\r\n            <div data-colibri-id=\"331-c469\" class=\"d-flex h-flex-basis h-column__inner h-px-lg-2 h-px-md-2 h-px-2 v-inner-lg-2 v-inner-md-2 v-inner-2 style-1700 style-local-331-c469 position-relative\">\r\n              <!---->\r\n              <!---->\r\n              <div class=\"w-100 h-y-container h-column__content h-column__v-align flex-basis-100 align-self-lg-center align-self-md-center align-self-center\">\r\n                <!---->\r\n                <div data-colibri-id=\"331-c470\" class=\"h-x-container style-1701 style-local-331-c470 position-relative h-element\">\r\n                  <!---->\r\n                  <div class=\"h-x-container-inner style-dynamic-331-c470-group style-1701-spacing style-local-331-c470-spacing\"><span class=\"h-link__outer style-1702-outer style-local-331-c471-outer d-inline-flex h-element\"><a h-use-smooth-scroll=\"true\" href=\"http:\/\/botschafter-menschenrechte.de\/?cat=18\"  data-colibri-id=\"331-c471\" class=\"d-flex w-100 align-items-center h-link style-1702 style-local-331-c471 position-relative\"><!----><!----> <span>CHINA<\/span><\/a>\r\n                    <\/span>\r\n                  <\/div>\r\n                <\/div>\r\n                <div data-colibri-id=\"331-c472\" class=\"h-global-transition-all h-heading style-1703 style-local-331-c472 position-relative h-element\">\r\n                  <!---->\r\n                  <div class=\"h-heading__outer style-1703 style-local-331-c472\">\r\n                    <!---->\r\n                    <!---->\r\n                    <h2 class=\"\">China: \u201eEinheit \u00fcber Glaubensfreiheit \u2013 KP-treuer Bischof betreibt Sinisierung von Katholiken\u201c<\/h2>\r\n                  <\/div>\r\n                <\/div>\r\n                <div data-colibri-id=\"331-c473\" class=\"h-x-container style-1705 style-local-331-c473 position-relative h-element\">\r\n                  <!---->\r\n                  <div class=\"h-x-container-inner style-dynamic-331-c473-group style-1705-spacing style-local-331-c473-spacing\"><span class=\"h-button__outer style-1706-outer style-local-331-c474-outer d-inline-flex h-element\"><a h-use-smooth-scroll=\"true\" href=\"http:\/\/botschafter-menschenrechte.de\/?p=2897\"  data-colibri-id=\"331-c474\" class=\"d-flex w-100 align-items-center h-button justify-content-lg-center justify-content-md-center justify-content-center style-1706 style-local-331-c474 position-relative\"><!----><!----> <span>ZUM BEITRAG<\/span><\/a>\r\n                    <\/span>\r\n                  <\/div>\r\n                <\/div>\r\n              <\/div>\r\n            <\/div>\r\n          <\/div>\r\n        <\/div>\r\n      <\/div>\r\n    <\/div>\r\n  <\/div>\r\n  <div data-colibri-component=\"section\" data-colibri-id=\"331-c475\" id=\"custom-79\" class=\"h-section h-section-global-spacing d-flex align-items-lg-center align-items-md-center align-items-center style-1684 style-local-331-c475 position-relative\">\r\n    <!---->\r\n    <!---->\r\n    <div class=\"h-section-grid-container h-section-boxed-container\">\r\n      <!---->\r\n      <div data-colibri-id=\"331-c476\" class=\"h-row-container gutters-row-lg-2 gutters-row-md-2 gutters-row-0 gutters-row-v-lg-2 gutters-row-v-md-2 gutters-row-v-2 style-1685 style-local-331-c476 position-relative\">\r\n        <!---->\r\n        <div class=\"h-row justify-content-lg-center justify-content-md-center justify-content-center align-items-lg-stretch align-items-md-stretch align-items-stretch gutters-col-lg-2 gutters-col-md-2 gutters-col-0 gutters-col-v-lg-2 gutters-col-v-md-2 gutters-col-v-2\">\r\n          <!---->\r\n          <div class=\"h-column h-column-container d-flex h-col-lg-auto h-col-md-auto h-col-auto style-1686-outer style-local-331-c477-outer\">\r\n            <div data-colibri-id=\"331-c477\" class=\"d-flex h-flex-basis h-column__inner h-px-lg-2 h-px-md-2 h-px-2 v-inner-lg-2 v-inner-md-2 v-inner-2 style-1686 style-local-331-c477 position-relative\">\r\n              <!---->\r\n              <!---->\r\n              <div class=\"w-100 h-y-container h-column__content h-column__v-align flex-basis-100 align-self-lg-center align-self-md-center align-self-center\">\r\n                <!---->\r\n                <div data-colibri-id=\"331-c478\" class=\"d-block style-1688 style-local-331-c478 position-relative h-element\">\r\n                  <!---->\r\n                  <div class=\"h-image__frame-container-outer\">\r\n                    <div class=\"h-image__frame-container\">\r\n                      <!---->\r\n                      <!---->\r\n                      <img loading=\"lazy\" decoding=\"async\" width=\"810\" height=\"1080\" src=\"http:\/\/botschafter-menschenrechte.de\/wp-content\/uploads\/2023\/03\/cropped-cropped-Foto.jpg\" class=\"wp-image-2889 style-1688-image style-local-331-c478-image\" alt=\"\" srcset=\"https:\/\/botschafter-menschenrechte.de\/wp-content\/uploads\/2023\/03\/cropped-cropped-Foto.jpg 810w, https:\/\/botschafter-menschenrechte.de\/wp-content\/uploads\/2023\/03\/cropped-cropped-Foto-225x300.jpg 225w, https:\/\/botschafter-menschenrechte.de\/wp-content\/uploads\/2023\/03\/cropped-cropped-Foto-768x1024.jpg 768w\" sizes=\"auto, (max-width: 810px) 100vw, 810px\" \/>\r\n                      <div class=\"h-image__frame h-hide-lg h-hide-md h-hide-sm style-1688-frameImage style-local-331-c478-frameImage\"><\/div>\r\n                    <\/div>\r\n                  <\/div>\r\n                <\/div>\r\n              <\/div>\r\n            <\/div>\r\n          <\/div>\r\n          <div class=\"h-column h-column-container d-flex h-col-lg-auto h-col-md-auto h-col-auto style-1687-outer style-local-331-c479-outer\">\r\n            <div data-colibri-id=\"331-c479\" class=\"d-flex h-flex-basis h-column__inner h-px-lg-2 h-px-md-2 h-px-2 v-inner-lg-2 v-inner-md-2 v-inner-2 style-1687 style-local-331-c479 position-relative\">\r\n              <!---->\r\n              <!---->\r\n              <div class=\"w-100 h-y-container h-column__content h-column__v-align flex-basis-100 align-self-lg-center align-self-md-center align-self-center\">\r\n                <!---->\r\n                <div data-colibri-id=\"331-c480\" class=\"h-x-container style-1689 style-local-331-c480 position-relative h-element\">\r\n                  <!---->\r\n                  <div class=\"h-x-container-inner style-dynamic-331-c480-group style-1689-spacing style-local-331-c480-spacing\"><span class=\"h-link__outer style-1690-outer style-local-331-c481-outer d-inline-flex h-element\"><a h-use-smooth-scroll=\"true\" href=\"http:\/\/botschafter-menschenrechte.de\/?cat=17\"  data-colibri-id=\"331-c481\" class=\"d-flex w-100 align-items-center h-link style-1690 style-local-331-c481 position-relative\"><!----><!----> <span>KUBA<\/span><\/a>\r\n                    <\/span>\r\n                  <\/div>\r\n                <\/div>\r\n                <div data-colibri-id=\"331-c482\" class=\"h-x-container style-1695 style-local-331-c482 position-relative h-element\">\r\n                  <!---->\r\n                  <div class=\"h-x-container-inner style-dynamic-331-c482-group style-1695-spacing style-local-331-c482-spacing\"><span class=\"h-link__outer style-1696-outer style-local-331-c483-outer d-inline-flex h-element\"><a h-use-smooth-scroll=\"true\" href=\"http:\/\/botschafter-menschenrechte.de\/?cat=38\"  data-colibri-id=\"331-c483\" class=\"d-flex w-100 align-items-center h-link style-1696 style-local-331-c483 position-relative\"><!----><!----> <span>MEINUNG<\/span><\/a>\r\n                    <\/span>\r\n                  <\/div>\r\n                <\/div>\r\n                <div data-colibri-id=\"331-c484\" class=\"h-global-transition-all h-heading style-1691 style-local-331-c484 position-relative h-element\">\r\n                  <!---->\r\n                  <div class=\"h-heading__outer style-1691 style-local-331-c484\">\r\n                    <!---->\r\n                    <!---->\r\n                    <h1 class=\"\">Ich habe keinen Psychiater mehr<\/h1>\r\n                  <\/div>\r\n                <\/div>\r\n                <div data-colibri-id=\"331-c485\" class=\"h-text h-text-component style-1692 style-local-331-c485 position-relative h-element\">\r\n                  <!---->\r\n                  <!---->\r\n                  <div class=\"\">\r\n                    <p><strong style=\"font-family: inherit;\">Von Jorge Angel Perez*&nbsp;<\/strong><\/p>\r\n                    <p>Mein Fernseher steht im Esszimmer. Ich hoffe, der Leser sieht in diesem Umstand nicht nur ein Zeichen von Seichtheit. Ich erw\u00e4hne dieses kleine Detail, weil ich dank des Standorts des Apparats die Fernsehnachrichten mit \u201emeinem Abendessen\u201c\r\n                      verbinden kann&#8230;<\/p>\r\n                  <\/div>\r\n                <\/div>\r\n                <div data-colibri-id=\"331-c486\" class=\"h-x-container style-1693 style-local-331-c486 position-relative h-element\">\r\n                  <!---->\r\n                  <div class=\"h-x-container-inner style-dynamic-331-c486-group style-1693-spacing style-local-331-c486-spacing\"><span class=\"h-button__outer style-1694-outer style-local-331-c487-outer d-inline-flex h-element\"><a h-use-smooth-scroll=\"true\" href=\"http:\/\/botschafter-menschenrechte.de\/?p=2884\"  data-colibri-id=\"331-c487\" class=\"d-flex w-100 align-items-center h-button justify-content-lg-center justify-content-md-center justify-content-center style-1694 style-local-331-c487 position-relative\"><!----><!----> <span>ZUM BEITRAG<\/span><\/a>\r\n                    <\/span>\r\n                  <\/div>\r\n                <\/div>\r\n              <\/div>\r\n            <\/div>\r\n          <\/div>\r\n        <\/div>\r\n      <\/div>\r\n    <\/div>\r\n  <\/div>\r\n  <div data-colibri-component=\"section\" data-colibri-id=\"331-c488\" id=\"custom-78\" class=\"h-section h-section-global-spacing d-flex align-items-lg-center align-items-md-center align-items-center style-1641 style-local-331-c488 position-relative\">\r\n    <!---->\r\n    <!---->\r\n    <div class=\"h-section-grid-container h-section-boxed-container\">\r\n      <!---->\r\n      <div data-colibri-id=\"331-c489\" class=\"h-row-container gutters-row-lg-2 gutters-row-md-2 gutters-row-0 gutters-row-v-lg-2 gutters-row-v-md-2 gutters-row-v-2 style-1642 style-local-331-c489 position-relative\">\r\n        <!---->\r\n        <div class=\"h-row justify-content-lg-center justify-content-md-center justify-content-center align-items-lg-stretch align-items-md-stretch align-items-stretch gutters-col-lg-2 gutters-col-md-2 gutters-col-0 gutters-col-v-lg-2 gutters-col-v-md-2 gutters-col-v-2\">\r\n          <!---->\r\n          <div class=\"h-column h-column-container d-flex h-col-lg-auto h-col-md-auto h-col-auto style-1643-outer style-local-331-c490-outer\">\r\n            <div data-colibri-id=\"331-c490\" class=\"d-flex h-flex-basis h-column__inner h-px-lg-2 h-px-md-2 h-px-2 v-inner-lg-2 v-inner-md-2 v-inner-2 style-1643 style-local-331-c490 position-relative\">\r\n              <!---->\r\n              <!---->\r\n              <div class=\"w-100 h-y-container h-column__content h-column__v-align flex-basis-100 align-self-lg-center align-self-md-center align-self-center\">\r\n                <!---->\r\n                <div data-colibri-id=\"331-c491\" class=\"d-block style-1651 style-local-331-c491 position-relative h-element\">\r\n                  <!---->\r\n                  <div class=\"h-image__frame-container-outer\">\r\n                    <div class=\"h-image__frame-container\">\r\n                      <!---->\r\n                      <!---->\r\n                      <img loading=\"lazy\" decoding=\"async\" width=\"540\" height=\"540\" src=\"http:\/\/botschafter-menschenrechte.de\/wp-content\/uploads\/2023\/03\/cropped-61d228d9-9f79-4327-b25a-f45c33e3577b.jpg\" class=\"wp-image-2840 style-1651-image style-local-331-c491-image\" alt=\"\" srcset=\"https:\/\/botschafter-menschenrechte.de\/wp-content\/uploads\/2023\/03\/cropped-61d228d9-9f79-4327-b25a-f45c33e3577b.jpg 540w, https:\/\/botschafter-menschenrechte.de\/wp-content\/uploads\/2023\/03\/cropped-61d228d9-9f79-4327-b25a-f45c33e3577b-300x300.jpg 300w, https:\/\/botschafter-menschenrechte.de\/wp-content\/uploads\/2023\/03\/cropped-61d228d9-9f79-4327-b25a-f45c33e3577b-150x150.jpg 150w\" sizes=\"auto, (max-width: 540px) 100vw, 540px\" \/>\r\n                      <div class=\"h-image__frame h-hide-lg h-hide-md h-hide-sm style-1651-frameImage style-local-331-c491-frameImage\"><\/div>\r\n                    <\/div>\r\n                  <\/div>\r\n                <\/div>\r\n              <\/div>\r\n            <\/div>\r\n          <\/div>\r\n          <div class=\"h-column h-column-container d-flex h-col-lg-auto h-col-md-auto h-col-auto style-1644-outer style-local-331-c492-outer\">\r\n            <div data-colibri-id=\"331-c492\" class=\"d-flex h-flex-basis h-column__inner h-px-lg-2 h-px-md-2 h-px-2 v-inner-lg-2 v-inner-md-2 v-inner-2 style-1644 style-local-331-c492 position-relative\">\r\n              <!---->\r\n              <!---->\r\n              <div class=\"w-100 h-y-container h-column__content h-column__v-align flex-basis-100 align-self-lg-center align-self-md-center align-self-center\">\r\n                <!---->\r\n                <div data-colibri-id=\"331-c493\" class=\"h-x-container style-1645 style-local-331-c493 position-relative h-element\">\r\n                  <!---->\r\n                  <div class=\"h-x-container-inner style-dynamic-331-c493-group style-1645-spacing style-local-331-c493-spacing\"><span class=\"h-link__outer style-1646-outer style-local-331-c494-outer d-inline-flex h-element\"><a h-use-smooth-scroll=\"true\" href=\"http:\/\/botschafter-menschenrechte.de\/?cat=46\"  data-colibri-id=\"331-c494\" class=\"d-flex w-100 align-items-center h-link style-1646 style-local-331-c494 position-relative\"><!----><!----> <span>NACHRICHTEN &amp; PERSONEN<\/span><\/a>\r\n                    <\/span>\r\n                  <\/div>\r\n                <\/div>\r\n                <div data-colibri-id=\"331-c495\" class=\"h-global-transition-all h-heading style-1647 style-local-331-c495 position-relative h-element\">\r\n                  <!---->\r\n                  <div class=\"h-heading__outer style-1647 style-local-331-c495\">\r\n                    <!---->\r\n                    <!---->\r\n                    <h3 class=\"\">\u201eWir wollen neue Unterst\u00fctzer f\u00fcr unsere Menschenrechtsarbeit gewinnen!\u201c<\/h3>\r\n                  <\/div>\r\n                <\/div>\r\n                <div data-colibri-id=\"331-c496\" class=\"h-text h-text-component style-1650 style-local-331-c496 position-relative h-element\">\r\n                  <!---->\r\n                  <!---->\r\n                  <div class=\"\">\r\n                    <p>Das Radiowoche-Team sprach mit Ulrike Lessenthin. Sie ist Gr\u00fcnderin und Vorsitzende von \u201eBfM \u2013 Botschafter f\u00fcr Menschenrechte\u201c. BfM ist seit f\u00fcnf Jahren auf verschiedenen menschenrechtlichen Arbeitsfeldern als Netzwerk und eingetragener\r\n                      Verein aktiv.<\/p>\r\n                  <\/div>\r\n                <\/div>\r\n                <div data-colibri-id=\"331-c497\" class=\"h-x-container style-1648 style-local-331-c497 position-relative h-element\">\r\n                  <!---->\r\n                  <div class=\"h-x-container-inner style-dynamic-331-c497-group style-1648-spacing style-local-331-c497-spacing\"><span class=\"h-button__outer style-1649-outer style-local-331-c498-outer d-inline-flex h-element\"><a h-use-smooth-scroll=\"true\" href=\"http:\/\/botschafter-menschenrechte.de\/?p=2834\"  data-colibri-id=\"331-c498\" class=\"d-flex w-100 align-items-center h-button justify-content-lg-center justify-content-md-center justify-content-center style-1649 style-local-331-c498 position-relative\"><!----><!----> <span>ZUM INTERVIEW<\/span><\/a>\r\n                    <\/span>\r\n                  <\/div>\r\n                <\/div>\r\n              <\/div>\r\n            <\/div>\r\n          <\/div>\r\n        <\/div>\r\n      <\/div>\r\n    <\/div>\r\n  <\/div>\r\n  <div data-colibri-component=\"section\" data-colibri-id=\"331-c499\" id=\"custom-77\" class=\"h-section h-section-global-spacing d-flex align-items-lg-center align-items-md-center align-items-center style-1628 style-local-331-c499 position-relative\">\r\n    <!---->\r\n    <!---->\r\n    <div class=\"h-section-grid-container h-section-boxed-container\">\r\n      <!---->\r\n      <div data-colibri-id=\"331-c500\" class=\"h-row-container gutters-row-lg-2 gutters-row-md-2 gutters-row-0 gutters-row-v-lg-2 gutters-row-v-md-2 gutters-row-v-2 style-1629 style-local-331-c500 position-relative\">\r\n        <!---->\r\n        <div class=\"h-row justify-content-lg-center justify-content-md-center justify-content-center align-items-lg-stretch align-items-md-stretch align-items-stretch gutters-col-lg-2 gutters-col-md-2 gutters-col-0 gutters-col-v-lg-2 gutters-col-v-md-2 gutters-col-v-2\">\r\n          <!---->\r\n          <div class=\"h-column h-column-container d-flex h-col-lg-auto h-col-md-auto h-col-auto style-1630-outer style-local-331-c501-outer\">\r\n            <div data-colibri-id=\"331-c501\" class=\"d-flex h-flex-basis h-column__inner h-px-lg-2 h-px-md-2 h-px-2 v-inner-lg-2 v-inner-md-2 v-inner-2 style-1630 style-local-331-c501 position-relative\">\r\n              <!---->\r\n              <!---->\r\n              <div class=\"w-100 h-y-container h-column__content h-column__v-align flex-basis-100 align-self-lg-center align-self-md-center align-self-center\">\r\n                <!---->\r\n                <div data-colibri-id=\"331-c502\" class=\"d-block style-1632 style-local-331-c502 position-relative h-element\">\r\n                  <!---->\r\n                  <div class=\"h-image__frame-container-outer\">\r\n                    <div class=\"h-image__frame-container\">\r\n                      <!---->\r\n                      <!---->\r\n                      <img loading=\"lazy\" decoding=\"async\" width=\"768\" height=\"768\" src=\"http:\/\/botschafter-menschenrechte.de\/wp-content\/uploads\/2023\/03\/cropped-PHOTO-2023-03-13-17-33-12.jpg\" class=\"wp-image-2825 style-1632-image style-local-331-c502-image\" alt=\"\" srcset=\"https:\/\/botschafter-menschenrechte.de\/wp-content\/uploads\/2023\/03\/cropped-PHOTO-2023-03-13-17-33-12.jpg 768w, https:\/\/botschafter-menschenrechte.de\/wp-content\/uploads\/2023\/03\/cropped-PHOTO-2023-03-13-17-33-12-300x300.jpg 300w, https:\/\/botschafter-menschenrechte.de\/wp-content\/uploads\/2023\/03\/cropped-PHOTO-2023-03-13-17-33-12-150x150.jpg 150w\" sizes=\"auto, (max-width: 768px) 100vw, 768px\" \/>\r\n                      <div class=\"h-image__frame h-hide-lg h-hide-md h-hide-sm style-1632-frameImage style-local-331-c502-frameImage\"><\/div>\r\n                    <\/div>\r\n                  <\/div>\r\n                <\/div>\r\n              <\/div>\r\n            <\/div>\r\n          <\/div>\r\n          <div class=\"h-column h-column-container d-flex h-col-lg-auto h-col-md-auto h-col-auto style-1631-outer style-local-331-c503-outer\">\r\n            <div data-colibri-id=\"331-c503\" class=\"d-flex h-flex-basis h-column__inner h-px-lg-2 h-px-md-2 h-px-2 v-inner-lg-2 v-inner-md-2 v-inner-2 style-1631 style-local-331-c503 position-relative\">\r\n              <!---->\r\n              <!---->\r\n              <div class=\"w-100 h-y-container h-column__content h-column__v-align flex-basis-100 align-self-lg-center align-self-md-center align-self-center\">\r\n                <!---->\r\n                <div data-colibri-id=\"331-c504\" class=\"h-x-container style-1633 style-local-331-c504 position-relative h-element\">\r\n                  <!---->\r\n                  <div class=\"h-x-container-inner style-dynamic-331-c504-group style-1633-spacing style-local-331-c504-spacing\"><span class=\"h-link__outer style-1634-outer style-local-331-c505-outer d-inline-flex h-element\"><a h-use-smooth-scroll=\"true\" href=\"http:\/\/botschafter-menschenrechte.de\/?cat=38\"  data-colibri-id=\"331-c505\" class=\"d-flex w-100 align-items-center h-link style-1634 style-local-331-c505 position-relative\"><!----><!----> <span>MEINUNG<\/span><\/a>\r\n                    <\/span>\r\n                  <\/div>\r\n                <\/div>\r\n                <div data-colibri-id=\"331-c506\" class=\"h-x-container style-1639 style-local-331-c506 position-relative h-element\">\r\n                  <!---->\r\n                  <div class=\"h-x-container-inner style-dynamic-331-c506-group style-1639-spacing style-local-331-c506-spacing\"><span class=\"h-link__outer style-1640-outer style-local-331-c507-outer d-inline-flex h-element\"><a h-use-smooth-scroll=\"true\" href=\"http:\/\/botschafter-menschenrechte.de\/?cat=17\"  data-colibri-id=\"331-c507\" class=\"d-flex w-100 align-items-center h-link style-1640 style-local-331-c507 position-relative\"><!----><!----> <span>KUBA<\/span><\/a>\r\n                    <\/span>\r\n                  <\/div>\r\n                <\/div>\r\n                <div data-colibri-id=\"331-c508\" class=\"h-global-transition-all h-heading style-1635 style-local-331-c508 position-relative h-element\">\r\n                  <!---->\r\n                  <div class=\"h-heading__outer style-1635 style-local-331-c508\">\r\n                    <!---->\r\n                    <!---->\r\n                    <h1 class=\"\">In einer Diktatur geht man nicht w\u00e4hlen<\/h1>\r\n                  <\/div>\r\n                <\/div>\r\n                <div data-colibri-id=\"331-c509\" class=\"h-text h-text-component style-1636 style-local-331-c509 position-relative h-element\">\r\n                  <!---->\r\n                  <!---->\r\n                  <div class=\"\">\r\n                    <p><strong style=\"font-family: inherit;\"><em>Von Fernando Rivas&nbsp;<\/em><\/strong><\/p>\r\n                  <\/div>\r\n                <\/div>\r\n                <div data-colibri-id=\"331-c510\" class=\"h-x-container style-1637 style-local-331-c510 position-relative h-element\">\r\n                  <!---->\r\n                  <div class=\"h-x-container-inner style-dynamic-331-c510-group style-1637-spacing style-local-331-c510-spacing\"><span class=\"h-button__outer style-1638-outer style-local-331-c511-outer d-inline-flex h-element\"><a h-use-smooth-scroll=\"true\" href=\"http:\/\/botschafter-menschenrechte.de\/?p=2813\"  data-colibri-id=\"331-c511\" class=\"d-flex w-100 align-items-center h-button justify-content-lg-center justify-content-md-center justify-content-center style-1638 style-local-331-c511 position-relative\"><!----><!----> <span>ZUM BEITRAG<\/span><\/a>\r\n                    <\/span>\r\n                  <\/div>\r\n                <\/div>\r\n              <\/div>\r\n            <\/div>\r\n          <\/div>\r\n        <\/div>\r\n      <\/div>\r\n    <\/div>\r\n  <\/div>\r\n  <div data-colibri-component=\"section\" data-colibri-id=\"331-c512\" id=\"custom-76\" class=\"h-section h-section-global-spacing d-flex align-items-lg-center align-items-md-center align-items-center style-1617 style-local-331-c512 position-relative\">\r\n    <!---->\r\n    <!---->\r\n    <div class=\"h-section-grid-container h-section-boxed-container\">\r\n      <!---->\r\n      <div data-colibri-id=\"331-c513\" class=\"h-row-container gutters-row-lg-2 gutters-row-md-2 gutters-row-0 gutters-row-v-lg-2 gutters-row-v-md-2 gutters-row-v-2 style-1618 style-local-331-c513 position-relative\">\r\n        <!---->\r\n        <div class=\"h-row justify-content-lg-center justify-content-md-center justify-content-center align-items-lg-stretch align-items-md-stretch align-items-stretch gutters-col-lg-2 gutters-col-md-2 gutters-col-0 gutters-col-v-lg-2 gutters-col-v-md-2 gutters-col-v-2\">\r\n          <!---->\r\n          <div class=\"h-column h-column-container d-flex h-col-lg-auto h-col-md-auto h-col-auto style-1619-outer style-local-331-c514-outer\">\r\n            <div data-colibri-id=\"331-c514\" class=\"d-flex h-flex-basis h-column__inner h-px-lg-2 h-px-md-2 h-px-2 v-inner-lg-2 v-inner-md-2 v-inner-2 style-1619 style-local-331-c514 position-relative\">\r\n              <!---->\r\n              <!---->\r\n              <div class=\"w-100 h-y-container h-column__content h-column__v-align flex-basis-100 align-self-lg-center align-self-md-center align-self-center\">\r\n                <!---->\r\n                <div data-colibri-id=\"331-c515\" class=\"d-block style-1627 style-local-331-c515 position-relative h-element\">\r\n                  <!---->\r\n                  <div class=\"h-image__frame-container-outer\">\r\n                    <div class=\"h-image__frame-container\">\r\n                      <!---->\r\n                      <!---->\r\n                      <img loading=\"lazy\" decoding=\"async\" width=\"1920\" height=\"595\" src=\"http:\/\/botschafter-menschenrechte.de\/wp-content\/uploads\/2023\/03\/cropped-HeaderMenschenrechte-Kopie.jpg\" class=\"wp-image-2805 style-1627-image style-local-331-c515-image\" alt=\"\" srcset=\"https:\/\/botschafter-menschenrechte.de\/wp-content\/uploads\/2023\/03\/cropped-HeaderMenschenrechte-Kopie.jpg 1920w, https:\/\/botschafter-menschenrechte.de\/wp-content\/uploads\/2023\/03\/cropped-HeaderMenschenrechte-Kopie-300x93.jpg 300w, https:\/\/botschafter-menschenrechte.de\/wp-content\/uploads\/2023\/03\/cropped-HeaderMenschenrechte-Kopie-1024x317.jpg 1024w, https:\/\/botschafter-menschenrechte.de\/wp-content\/uploads\/2023\/03\/cropped-HeaderMenschenrechte-Kopie-768x238.jpg 768w, https:\/\/botschafter-menschenrechte.de\/wp-content\/uploads\/2023\/03\/cropped-HeaderMenschenrechte-Kopie-1536x476.jpg 1536w\" sizes=\"auto, (max-width: 1920px) 100vw, 1920px\" \/>\r\n                      <div class=\"h-image__frame h-hide-lg h-hide-md h-hide-sm style-1627-frameImage style-local-331-c515-frameImage\"><\/div>\r\n                    <\/div>\r\n                  <\/div>\r\n                <\/div>\r\n              <\/div>\r\n            <\/div>\r\n          <\/div>\r\n          <div class=\"h-column h-column-container d-flex h-col-lg-auto h-col-md-auto h-col-auto style-1620-outer style-local-331-c516-outer\">\r\n            <div data-colibri-id=\"331-c516\" class=\"d-flex h-flex-basis h-column__inner h-px-lg-2 h-px-md-2 h-px-2 v-inner-lg-2 v-inner-md-2 v-inner-2 style-1620 style-local-331-c516 position-relative\">\r\n              <!---->\r\n              <!---->\r\n              <div class=\"w-100 h-y-container h-column__content h-column__v-align flex-basis-100 align-self-lg-center align-self-md-center align-self-center\">\r\n                <!---->\r\n                <div data-colibri-id=\"331-c517\" class=\"h-x-container style-1621 style-local-331-c517 position-relative h-element\">\r\n                  <!---->\r\n                  <div class=\"h-x-container-inner style-dynamic-331-c517-group style-1621-spacing style-local-331-c517-spacing\"><span class=\"h-link__outer style-1622-outer style-local-331-c518-outer d-inline-flex h-element\"><a h-use-smooth-scroll=\"true\" href=\"http:\/\/botschafter-menschenrechte.de\/?cat=21\"  data-colibri-id=\"331-c518\" class=\"d-flex w-100 align-items-center h-link style-1622 style-local-331-c518 position-relative\"><!----><!----> <span>MENSCHENRECHTE<\/span><\/a>\r\n                    <\/span>\r\n                  <\/div>\r\n                <\/div>\r\n                <div data-colibri-id=\"331-c519\" class=\"h-global-transition-all h-heading style-1623 style-local-331-c519 position-relative h-element\">\r\n                  <!---->\r\n                  <div class=\"h-heading__outer style-1623 style-local-331-c519\">\r\n                    <!---->\r\n                    <!---->\r\n                    <h1 class=\"\">Wer sind Menschenrechts-verteidiger*innen?<\/h1>\r\n                  <\/div>\r\n                <\/div>\r\n                <div data-colibri-id=\"331-c520\" class=\"h-text h-text-component style-1624 style-local-331-c520 position-relative h-element\">\r\n                  <!---->\r\n                  <!---->\r\n                  <div class=\"\">\r\n                    <p>Weltweit setzen sich Menschen individuell oder als Gruppen f\u00fcr die Durchsetzung von Menschenrechten ein. Dabei riskieren diese Menschenrechtsverteidiger*innen mitunter sogar ihr Leben. Wir beleuchten, warum ihre Arbeit so riskant ist\r\n                      und welche Unterst\u00fctzungsmechanismen bestehen.<\/p>\r\n                  <\/div>\r\n                <\/div>\r\n                <div data-colibri-id=\"331-c521\" class=\"h-x-container style-1625 style-local-331-c521 position-relative h-element\">\r\n                  <!---->\r\n                  <div class=\"h-x-container-inner style-dynamic-331-c521-group style-1625-spacing style-local-331-c521-spacing\"><span class=\"h-button__outer style-1626-outer style-local-331-c522-outer d-inline-flex h-element\"><a h-use-smooth-scroll=\"true\" href=\"http:\/\/botschafter-menschenrechte.de\/?p=2800\"  data-colibri-id=\"331-c522\" class=\"d-flex w-100 align-items-center h-button justify-content-lg-center justify-content-md-center justify-content-center style-1626 style-local-331-c522 position-relative\"><!----><!----> <span>WEITERLESEN<\/span><\/a>\r\n                    <\/span>\r\n                  <\/div>\r\n                <\/div>\r\n              <\/div>\r\n            <\/div>\r\n          <\/div>\r\n        <\/div>\r\n      <\/div>\r\n    <\/div>\r\n  <\/div>\r\n  <div data-colibri-component=\"section\" data-colibri-id=\"331-c523\" id=\"custom-75\" class=\"h-section h-section-global-spacing d-flex align-items-lg-center align-items-md-center align-items-center style-1606 style-local-331-c523 position-relative\">\r\n    <!---->\r\n    <!---->\r\n    <div class=\"h-section-grid-container h-section-boxed-container\">\r\n      <!---->\r\n      <div data-colibri-id=\"331-c524\" class=\"h-row-container gutters-row-lg-2 gutters-row-md-2 gutters-row-0 gutters-row-v-lg-2 gutters-row-v-md-2 gutters-row-v-2 style-1607 style-local-331-c524 position-relative\">\r\n        <!---->\r\n        <div class=\"h-row justify-content-lg-center justify-content-md-center justify-content-center align-items-lg-stretch align-items-md-stretch align-items-stretch gutters-col-lg-2 gutters-col-md-2 gutters-col-0 gutters-col-v-lg-2 gutters-col-v-md-2 gutters-col-v-2\">\r\n          <!---->\r\n          <div class=\"h-column h-column-container d-flex h-col-lg-auto h-col-md-auto h-col-auto style-1608-outer style-local-331-c525-outer\">\r\n            <div data-colibri-id=\"331-c525\" class=\"d-flex h-flex-basis h-column__inner h-px-lg-2 h-px-md-2 h-px-2 v-inner-lg-2 v-inner-md-2 v-inner-2 style-1608 style-local-331-c525 position-relative\">\r\n              <!---->\r\n              <!---->\r\n              <div class=\"w-100 h-y-container h-column__content h-column__v-align flex-basis-100 align-self-lg-center align-self-md-center align-self-center\">\r\n                <!---->\r\n                <div data-colibri-id=\"331-c526\" class=\"d-block style-1616 style-local-331-c526 position-relative h-element\">\r\n                  <!---->\r\n                  <div class=\"h-image__frame-container-outer\">\r\n                    <div class=\"h-image__frame-container\">\r\n                      <!---->\r\n                      <!---->\r\n                      <img loading=\"lazy\" decoding=\"async\" width=\"642\" height=\"642\" src=\"http:\/\/botschafter-menschenrechte.de\/wp-content\/uploads\/2023\/03\/cropped-kw08_psp_rachel_bild-1.jpeg\" class=\"wp-image-2792 style-1616-image style-local-331-c526-image\" alt=\"\" srcset=\"https:\/\/botschafter-menschenrechte.de\/wp-content\/uploads\/2023\/03\/cropped-kw08_psp_rachel_bild-1.jpeg 642w, https:\/\/botschafter-menschenrechte.de\/wp-content\/uploads\/2023\/03\/cropped-kw08_psp_rachel_bild-1-300x300.jpeg 300w, https:\/\/botschafter-menschenrechte.de\/wp-content\/uploads\/2023\/03\/cropped-kw08_psp_rachel_bild-1-150x150.jpeg 150w\" sizes=\"auto, (max-width: 642px) 100vw, 642px\" \/>\r\n                      <div class=\"h-image__frame h-hide-lg h-hide-md h-hide-sm style-1616-frameImage style-local-331-c526-frameImage\"><\/div>\r\n                    <\/div>\r\n                  <\/div>\r\n                <\/div>\r\n              <\/div>\r\n            <\/div>\r\n          <\/div>\r\n          <div class=\"h-column h-column-container d-flex h-col-lg-auto h-col-md-auto h-col-auto style-1609-outer style-local-331-c527-outer\">\r\n            <div data-colibri-id=\"331-c527\" class=\"d-flex h-flex-basis h-column__inner h-px-lg-2 h-px-md-2 h-px-2 v-inner-lg-2 v-inner-md-2 v-inner-2 style-1609 style-local-331-c527 position-relative\">\r\n              <!---->\r\n              <!---->\r\n              <div class=\"w-100 h-y-container h-column__content h-column__v-align flex-basis-100 align-self-lg-center align-self-md-center align-self-center\">\r\n                <!---->\r\n                <div data-colibri-id=\"331-c528\" class=\"h-x-container style-1610 style-local-331-c528 position-relative h-element\">\r\n                  <!---->\r\n                  <div class=\"h-x-container-inner style-dynamic-331-c528-group style-1610-spacing style-local-331-c528-spacing\"><span class=\"h-link__outer style-1611-outer style-local-331-c529-outer d-inline-flex h-element\"><a h-use-smooth-scroll=\"true\" href=\"http:\/\/botschafter-menschenrechte.de\/?cat=46\"  data-colibri-id=\"331-c529\" class=\"d-flex w-100 align-items-center h-link style-1611 style-local-331-c529 position-relative\"><!----><!----> <span>NACHRICHTEN &amp; PERSONEN<\/span><\/a>\r\n                    <\/span>\r\n                  <\/div>\r\n                <\/div>\r\n                <div data-colibri-id=\"331-c530\" class=\"h-global-transition-all h-heading style-1612 style-local-331-c530 position-relative h-element\">\r\n                  <!---->\r\n                  <div class=\"h-heading__outer style-1612 style-local-331-c530\">\r\n                    <!---->\r\n                    <!---->\r\n                    <h3 class=\"\">Thomas Rachel k\u00e4mpft f\u00fcr Maria Kolesnikowa und die Opposition in Belarus<\/h3>\r\n                  <\/div>\r\n                <\/div>\r\n                <div data-colibri-id=\"331-c531\" class=\"h-text h-text-component style-1613 style-local-331-c531 position-relative h-element\">\r\n                  <!---->\r\n                  <!---->\r\n                  <div class=\"\">\r\n                    <p>Im Alter von 15 Jahren hat er zum ersten Mal in der Fu\u00dfg\u00e4ngerzone von D\u00fcren gestanden und Unterschriften gesammelt. Seit seinem damaligen&nbsp;Engagement&nbsp;f\u00fcr den DDR-B\u00fcrgerrechtler&nbsp;<strong>Niko H\u00fcbner<\/strong>&nbsp;setzt\r\n                      sich der Bundestagsabgeordnete&nbsp;<strong>Thomas Rachel (CDU\/CSU)<\/strong>&nbsp;f\u00fcr die Befreiung politischer Gefangener ein.<\/p>\r\n                  <\/div>\r\n                <\/div>\r\n                <div data-colibri-id=\"331-c532\" class=\"h-x-container style-1614 style-local-331-c532 position-relative h-element\">\r\n                  <!---->\r\n                  <div class=\"h-x-container-inner style-dynamic-331-c532-group style-1614-spacing style-local-331-c532-spacing\"><span class=\"h-button__outer style-1615-outer style-local-331-c533-outer d-inline-flex h-element\"><a h-use-smooth-scroll=\"true\" href=\"http:\/\/botschafter-menschenrechte.de\/?p=2787\"  data-colibri-id=\"331-c533\" class=\"d-flex w-100 align-items-center h-button justify-content-lg-center justify-content-md-center justify-content-center style-1615 style-local-331-c533 position-relative\"><!----><!----> <span>WEITERLESEN<\/span><\/a>\r\n                    <\/span>\r\n                  <\/div>\r\n                <\/div>\r\n              <\/div>\r\n            <\/div>\r\n          <\/div>\r\n        <\/div>\r\n      <\/div>\r\n    <\/div>\r\n  <\/div>\r\n  <div data-colibri-component=\"section\" data-colibri-id=\"331-c534\" id=\"custom-74\" class=\"h-section h-section-global-spacing d-flex align-items-lg-center align-items-md-center align-items-center style-1596 style-local-331-c534 position-relative\">\r\n    <!---->\r\n    <!---->\r\n    <div class=\"h-section-grid-container h-section-boxed-container\">\r\n      <!---->\r\n      <div data-colibri-id=\"331-c535\" class=\"h-row-container gutters-row-lg-2 gutters-row-md-2 gutters-row-0 gutters-row-v-lg-2 gutters-row-v-md-2 gutters-row-v-2 style-1597 style-local-331-c535 position-relative\">\r\n        <!---->\r\n        <div class=\"h-row justify-content-lg-center justify-content-md-center justify-content-center align-items-lg-stretch align-items-md-stretch align-items-stretch gutters-col-lg-2 gutters-col-md-2 gutters-col-0 gutters-col-v-lg-2 gutters-col-v-md-2 gutters-col-v-2\">\r\n          <!---->\r\n          <div class=\"h-column h-column-container d-flex h-col-lg-auto h-col-md-auto h-col-auto style-1598-outer style-local-331-c536-outer\">\r\n            <div data-colibri-id=\"331-c536\" class=\"d-flex h-flex-basis h-column__inner h-px-lg-2 h-px-md-2 h-px-2 v-inner-lg-2 v-inner-md-2 v-inner-2 style-1598 style-local-331-c536 position-relative\">\r\n              <!---->\r\n              <!---->\r\n              <div class=\"w-100 h-y-container h-column__content h-column__v-align flex-basis-100 align-self-lg-center align-self-md-center align-self-center\">\r\n                <!---->\r\n                <div data-colibri-id=\"331-c537\" class=\"d-block style-1605 style-local-331-c537 position-relative h-element\">\r\n                  <!---->\r\n                  <div class=\"h-image__frame-container-outer\">\r\n                    <div class=\"h-image__frame-container\">\r\n                      <!---->\r\n                      <!---->\r\n                      <img loading=\"lazy\" decoding=\"async\" width=\"1605\" height=\"1605\" src=\"http:\/\/botschafter-menschenrechte.de\/wp-content\/uploads\/2023\/01\/cropped-Mutti-nimm-mich-mit-nach-Haus_Gedenkstaette-Hadamar-2407x1605-1.jpeg\" class=\"wp-image-2772 style-1605-image style-local-331-c537-image\" alt=\"\" srcset=\"https:\/\/botschafter-menschenrechte.de\/wp-content\/uploads\/2023\/01\/cropped-Mutti-nimm-mich-mit-nach-Haus_Gedenkstaette-Hadamar-2407x1605-1.jpeg 1605w, https:\/\/botschafter-menschenrechte.de\/wp-content\/uploads\/2023\/01\/cropped-Mutti-nimm-mich-mit-nach-Haus_Gedenkstaette-Hadamar-2407x1605-1-300x300.jpeg 300w, https:\/\/botschafter-menschenrechte.de\/wp-content\/uploads\/2023\/01\/cropped-Mutti-nimm-mich-mit-nach-Haus_Gedenkstaette-Hadamar-2407x1605-1-1024x1024.jpeg 1024w, https:\/\/botschafter-menschenrechte.de\/wp-content\/uploads\/2023\/01\/cropped-Mutti-nimm-mich-mit-nach-Haus_Gedenkstaette-Hadamar-2407x1605-1-150x150.jpeg 150w, https:\/\/botschafter-menschenrechte.de\/wp-content\/uploads\/2023\/01\/cropped-Mutti-nimm-mich-mit-nach-Haus_Gedenkstaette-Hadamar-2407x1605-1-768x768.jpeg 768w, https:\/\/botschafter-menschenrechte.de\/wp-content\/uploads\/2023\/01\/cropped-Mutti-nimm-mich-mit-nach-Haus_Gedenkstaette-Hadamar-2407x1605-1-1536x1536.jpeg 1536w\" sizes=\"auto, (max-width: 1605px) 100vw, 1605px\" \/>\r\n                      <div class=\"h-image__frame h-hide-lg h-hide-md h-hide-sm style-1605-frameImage style-local-331-c537-frameImage\"><\/div>\r\n                    <\/div>\r\n                  <\/div>\r\n                <\/div>\r\n              <\/div>\r\n            <\/div>\r\n          <\/div>\r\n          <div class=\"h-column h-column-container d-flex h-col-lg-auto h-col-md-auto h-col-auto style-1599-outer style-local-331-c538-outer\">\r\n            <div data-colibri-id=\"331-c538\" class=\"d-flex h-flex-basis h-column__inner h-px-lg-2 h-px-md-2 h-px-2 v-inner-lg-2 v-inner-md-2 v-inner-2 style-1599 style-local-331-c538 position-relative\">\r\n              <!---->\r\n              <!---->\r\n              <div class=\"w-100 h-y-container h-column__content h-column__v-align flex-basis-100 align-self-lg-center align-self-md-center align-self-center\">\r\n                <!---->\r\n                <div data-colibri-id=\"331-c539\" class=\"h-x-container style-1600 style-local-331-c539 position-relative h-element\">\r\n                  <!---->\r\n                  <div class=\"h-x-container-inner style-dynamic-331-c539-group style-1600-spacing style-local-331-c539-spacing\"><span class=\"h-link__outer style-1601-outer style-local-331-c540-outer d-inline-flex h-element\"><a h-use-smooth-scroll=\"true\" href=\"http:\/\/botschafter-menschenrechte.de\/?cat=21\"  data-colibri-id=\"331-c540\" class=\"d-flex w-100 align-items-center h-link style-1601 style-local-331-c540 position-relative\"><!----><!----> <span>MENSCHENRECHTE<\/span><\/a>\r\n                    <\/span>\r\n                  <\/div>\r\n                <\/div>\r\n                <div data-colibri-id=\"331-c541\" class=\"h-global-transition-all h-heading style-1602 style-local-331-c541 position-relative h-element\">\r\n                  <!---->\r\n                  <div class=\"h-heading__outer style-1602 style-local-331-c541\">\r\n                    <!---->\r\n                    <!---->\r\n                    <h3 class=\"\">27. Januar \u2013 Ausstellungser\u00f6ffnung \u201eMutti, nimm mich mit nach Haus. \u201aJ\u00fcdische Mischlingskinder\u2018 in der T\u00f6tungsanstalt Hadamar 1943\u20131945\u201c<\/h3>\r\n                  <\/div>\r\n                <\/div>\r\n                <div data-colibri-id=\"331-c542\" class=\"h-x-container style-1603 style-local-331-c542 position-relative h-element\">\r\n                  <!---->\r\n                  <div class=\"h-x-container-inner style-dynamic-331-c542-group style-1603-spacing style-local-331-c542-spacing\"><span class=\"h-button__outer style-1604-outer style-local-331-c543-outer d-inline-flex h-element\"><a h-use-smooth-scroll=\"true\" href=\"http:\/\/botschafter-menschenrechte.de\/?p=2768\"  data-colibri-id=\"331-c543\" class=\"d-flex w-100 align-items-center h-button justify-content-lg-center justify-content-md-center justify-content-center style-1604 style-local-331-c543 position-relative\"><!----><!----> <span>ZUM BEITRAG<\/span><\/a>\r\n                    <\/span>\r\n                  <\/div>\r\n                <\/div>\r\n              <\/div>\r\n            <\/div>\r\n          <\/div>\r\n        <\/div>\r\n      <\/div>\r\n    <\/div>\r\n  <\/div>\r\n  <div data-colibri-component=\"section\" data-colibri-id=\"331-c544\" id=\"custom-73\" class=\"h-section h-section-global-spacing d-flex align-items-lg-center align-items-md-center align-items-center style-1582 style-local-331-c544 position-relative\">\r\n    <!---->\r\n    <!---->\r\n    <div class=\"h-section-grid-container h-section-boxed-container\">\r\n      <!---->\r\n      <div data-colibri-id=\"331-c545\" class=\"h-row-container gutters-row-lg-2 gutters-row-md-2 gutters-row-0 gutters-row-v-lg-2 gutters-row-v-md-2 gutters-row-v-2 style-1583 style-local-331-c545 position-relative\">\r\n        <!---->\r\n        <div class=\"h-row justify-content-lg-center justify-content-md-center justify-content-center align-items-lg-stretch align-items-md-stretch align-items-stretch gutters-col-lg-2 gutters-col-md-2 gutters-col-0 gutters-col-v-lg-2 gutters-col-v-md-2 gutters-col-v-2\">\r\n          <!---->\r\n          <div class=\"h-column h-column-container d-flex h-col-lg-auto h-col-md-auto h-col-auto style-1584-outer style-local-331-c546-outer\">\r\n            <div data-colibri-id=\"331-c546\" class=\"d-flex h-flex-basis h-column__inner h-px-lg-2 h-px-md-2 h-px-2 v-inner-lg-2 v-inner-md-2 v-inner-2 style-1584 style-local-331-c546 position-relative\">\r\n              <!---->\r\n              <!---->\r\n              <div class=\"w-100 h-y-container h-column__content h-column__v-align flex-basis-100 align-self-lg-start align-self-md-start align-self-start\">\r\n                <!---->\r\n                <div data-colibri-id=\"331-c547\" class=\"d-block style-1586 style-local-331-c547 position-relative h-element\">\r\n                  <!---->\r\n                  <div class=\"h-image__frame-container-outer\">\r\n                    <div class=\"h-image__frame-container\">\r\n                      <!---->\r\n                      <!---->\r\n                      <img loading=\"lazy\" decoding=\"async\" width=\"828\" height=\"485\" src=\"http:\/\/botschafter-menschenrechte.de\/wp-content\/uploads\/2023\/01\/cropped-CA3C6BDE-977F-4EEC-B666-7C780FAA18B4.jpeg\" class=\"wp-image-2761 style-1586-image style-local-331-c547-image\" alt=\"\" srcset=\"https:\/\/botschafter-menschenrechte.de\/wp-content\/uploads\/2023\/01\/cropped-CA3C6BDE-977F-4EEC-B666-7C780FAA18B4.jpeg 828w, https:\/\/botschafter-menschenrechte.de\/wp-content\/uploads\/2023\/01\/cropped-CA3C6BDE-977F-4EEC-B666-7C780FAA18B4-300x176.jpeg 300w, https:\/\/botschafter-menschenrechte.de\/wp-content\/uploads\/2023\/01\/cropped-CA3C6BDE-977F-4EEC-B666-7C780FAA18B4-768x450.jpeg 768w\" sizes=\"auto, (max-width: 828px) 100vw, 828px\" \/>\r\n                      <div class=\"h-image__frame h-hide-lg h-hide-md h-hide-sm style-1586-frameImage style-local-331-c547-frameImage\"><\/div>\r\n                    <\/div>\r\n                  <\/div>\r\n                <\/div>\r\n              <\/div>\r\n            <\/div>\r\n          <\/div>\r\n          <div class=\"h-column h-column-container d-flex h-col-lg-auto h-col-md-auto h-col-auto style-1585-outer style-local-331-c548-outer\">\r\n            <div data-colibri-id=\"331-c548\" class=\"d-flex h-flex-basis h-column__inner h-px-lg-2 h-px-md-2 h-px-2 v-inner-lg-2 v-inner-md-2 v-inner-2 style-1585 style-local-331-c548 position-relative\">\r\n              <!---->\r\n              <!---->\r\n              <div class=\"w-100 h-y-container h-column__content h-column__v-align flex-basis-100 align-self-lg-center align-self-md-center align-self-center\">\r\n                <!---->\r\n                <div data-colibri-id=\"331-c549\" class=\"h-x-container style-1587 style-local-331-c549 position-relative h-element\">\r\n                  <!---->\r\n                  <div class=\"h-x-container-inner style-dynamic-331-c549-group style-1587-spacing style-local-331-c549-spacing\"><span class=\"h-link__outer style-1588-outer style-local-331-c550-outer d-inline-flex h-element\"><a h-use-smooth-scroll=\"true\" href=\"http:\/\/botschafter-menschenrechte.de\/?cat=17\"  data-colibri-id=\"331-c550\" class=\"d-flex w-100 align-items-center h-link style-1588 style-local-331-c550 position-relative\"><!----><!----> <span>KUBA<\/span><\/a>\r\n                    <\/span>\r\n                  <\/div>\r\n                <\/div>\r\n                <div data-colibri-id=\"331-c551\" class=\"h-global-transition-all h-heading style-1592 style-local-331-c551 position-relative h-element\">\r\n                  <!---->\r\n                  <div class=\"h-heading__outer style-1592 style-local-331-c551\">\r\n                    <!---->\r\n                    <!---->\r\n                    <h1 class=\"\">Kuba:\r\n                      <br>Zum Sterben zu viel \u2026<\/h1>\r\n                  <\/div>\r\n                <\/div>\r\n                <div data-colibri-id=\"331-c552\" class=\"h-x-container style-1594 style-local-331-c552 position-relative h-element\">\r\n                  <!---->\r\n                  <div class=\"h-x-container-inner style-dynamic-331-c552-group style-1594-spacing style-local-331-c552-spacing\"><span class=\"h-button__outer style-1595-outer style-local-331-c553-outer d-inline-flex h-element\"><a h-use-smooth-scroll=\"true\" href=\"http:\/\/botschafter-menschenrechte.de\/?p=2753\"  data-colibri-id=\"331-c553\" class=\"d-flex w-100 align-items-center h-button justify-content-lg-center justify-content-md-center justify-content-center style-1595 style-local-331-c553 position-relative\"><!----><!----> <span>ZUM ARTIKEL<\/span><\/a>\r\n                    <\/span>\r\n                  <\/div>\r\n                <\/div>\r\n              <\/div>\r\n            <\/div>\r\n          <\/div>\r\n        <\/div>\r\n      <\/div>\r\n    <\/div>\r\n  <\/div>\r\n  <div data-colibri-component=\"section\" data-colibri-id=\"331-c554\" id=\"custom-72\" class=\"h-section h-section-global-spacing d-flex align-items-lg-center align-items-md-center align-items-center style-1571 style-local-331-c554 position-relative\">\r\n    <!---->\r\n    <!---->\r\n    <div class=\"h-section-grid-container h-section-boxed-container\">\r\n      <!---->\r\n      <div data-colibri-id=\"331-c555\" class=\"h-row-container gutters-row-lg-2 gutters-row-md-2 gutters-row-0 gutters-row-v-lg-2 gutters-row-v-md-2 gutters-row-v-2 style-1572 style-local-331-c555 position-relative\">\r\n        <!---->\r\n        <div class=\"h-row justify-content-lg-center justify-content-md-center justify-content-center align-items-lg-stretch align-items-md-stretch align-items-stretch gutters-col-lg-2 gutters-col-md-2 gutters-col-0 gutters-col-v-lg-2 gutters-col-v-md-2 gutters-col-v-2\">\r\n          <!---->\r\n          <div class=\"h-column h-column-container d-flex h-col-lg-auto h-col-md-auto h-col-auto style-1573-outer style-local-331-c556-outer\">\r\n            <div data-colibri-id=\"331-c556\" class=\"d-flex h-flex-basis h-column__inner h-px-lg-2 h-px-md-2 h-px-2 v-inner-lg-2 v-inner-md-2 v-inner-2 style-1573 style-local-331-c556 position-relative\">\r\n              <!---->\r\n              <!---->\r\n              <div class=\"w-100 h-y-container h-column__content h-column__v-align flex-basis-100 align-self-lg-center align-self-md-center align-self-center\">\r\n                <!---->\r\n                <div data-colibri-id=\"331-c557\" class=\"d-block style-1575 style-local-331-c557 position-relative h-element\">\r\n                  <!---->\r\n                  <div class=\"h-image__frame-container-outer\">\r\n                    <div class=\"h-image__frame-container\">\r\n                      <!---->\r\n                      <!---->\r\n                      <img loading=\"lazy\" decoding=\"async\" width=\"720\" height=\"720\" src=\"http:\/\/botschafter-menschenrechte.de\/wp-content\/uploads\/2023\/01\/cropped-Header.png\" class=\"wp-image-2736 style-1575-image style-local-331-c557-image\" alt=\"\" srcset=\"https:\/\/botschafter-menschenrechte.de\/wp-content\/uploads\/2023\/01\/cropped-Header.png 720w, https:\/\/botschafter-menschenrechte.de\/wp-content\/uploads\/2023\/01\/cropped-Header-300x300.png 300w, https:\/\/botschafter-menschenrechte.de\/wp-content\/uploads\/2023\/01\/cropped-Header-150x150.png 150w\" sizes=\"auto, (max-width: 720px) 100vw, 720px\" \/>\r\n                      <div class=\"h-image__frame h-hide-lg h-hide-md h-hide-sm style-1575-frameImage style-local-331-c557-frameImage\"><\/div>\r\n                    <\/div>\r\n                  <\/div>\r\n                <\/div>\r\n              <\/div>\r\n            <\/div>\r\n          <\/div>\r\n          <div class=\"h-column h-column-container d-flex h-col-lg-auto h-col-md-auto h-col-auto style-1574-outer style-local-331-c558-outer\">\r\n            <div data-colibri-id=\"331-c558\" class=\"d-flex h-flex-basis h-column__inner h-px-lg-2 h-px-md-2 h-px-2 v-inner-lg-2 v-inner-md-2 v-inner-2 style-1574 style-local-331-c558 position-relative\">\r\n              <!---->\r\n              <!---->\r\n              <div class=\"w-100 h-y-container h-column__content h-column__v-align flex-basis-100 align-self-lg-center align-self-md-center align-self-center\">\r\n                <!---->\r\n                <div data-colibri-id=\"331-c559\" class=\"h-x-container style-1576 style-local-331-c559 position-relative h-element\">\r\n                  <!---->\r\n                  <div class=\"h-x-container-inner style-dynamic-331-c559-group style-1576-spacing style-local-331-c559-spacing\"><span class=\"h-link__outer style-1577-outer style-local-331-c560-outer d-inline-flex h-element\"><a h-use-smooth-scroll=\"true\" href=\"http:\/\/botschafter-menschenrechte.de\/?cat=17\"  data-colibri-id=\"331-c560\" class=\"d-flex w-100 align-items-center h-link style-1577 style-local-331-c560 position-relative\"><!----><!----> <span>KUBA<\/span><\/a>\r\n                    <\/span>\r\n                  <\/div>\r\n                <\/div>\r\n                <div data-colibri-id=\"331-c561\" class=\"h-global-transition-all h-heading style-1578 style-local-331-c561 position-relative h-element\">\r\n                  <!---->\r\n                  <div class=\"h-heading__outer style-1578 style-local-331-c561\">\r\n                    <!---->\r\n                    <!---->\r\n                    <h1 class=\"\">Kuba- Thema im Deutschen Bundestag:<\/h1>\r\n                  <\/div>\r\n                <\/div>\r\n                <div data-colibri-id=\"331-c562\" class=\"h-text h-text-component style-1579 style-local-331-c562 position-relative h-element\">\r\n                  <!---->\r\n                  <!---->\r\n                  <div class=\"\">\r\n                    <p><span style=\"color: rgb(37, 41, 42); font-family: &quot;Open Sans&quot;; font-size: 16px; font-weight: 400;\">Knut Abraham (CDU), Mitglied des Menscherechtsausschusses im Deutschen Bundestag, w\u00fcrdigt, dass die Menschenrechtsbeauftragte Luise Amtsberg (B90\/Gr\u00fcne), Menschenrechtsverletzungen auf Kuba beim Namen nennt.<\/span><\/p>\r\n                  <\/div>\r\n                <\/div>\r\n                <div data-colibri-id=\"331-c563\" class=\"h-x-container style-1580 style-local-331-c563 position-relative h-element\">\r\n                  <!---->\r\n                  <div class=\"h-x-container-inner style-dynamic-331-c563-group style-1580-spacing style-local-331-c563-spacing\"><span class=\"h-button__outer style-1581-outer style-local-331-c564-outer d-inline-flex h-element\"><a h-use-smooth-scroll=\"true\" href=\"http:\/\/botschafter-menschenrechte.de\/?p=2731\"  data-colibri-id=\"331-c564\" class=\"d-flex w-100 align-items-center h-button justify-content-lg-center justify-content-md-center justify-content-center style-1581 style-local-331-c564 position-relative\"><!----><!----> <span>ZUM VIDEO<\/span><\/a>\r\n                    <\/span>\r\n                  <\/div>\r\n                <\/div>\r\n              <\/div>\r\n            <\/div>\r\n          <\/div>\r\n        <\/div>\r\n      <\/div>\r\n    <\/div>\r\n  <\/div>\r\n  <div data-colibri-component=\"section\" data-colibri-id=\"331-c565\" id=\"custom-71\" class=\"h-section h-section-global-spacing d-flex align-items-lg-center align-items-md-center align-items-center style-1560 style-local-331-c565 position-relative\">\r\n    <!---->\r\n    <!---->\r\n    <div class=\"h-section-grid-container h-section-boxed-container\">\r\n      <!---->\r\n      <div data-colibri-id=\"331-c566\" class=\"h-row-container gutters-row-lg-2 gutters-row-md-2 gutters-row-0 gutters-row-v-lg-2 gutters-row-v-md-2 gutters-row-v-2 style-1561 style-local-331-c566 position-relative\">\r\n        <!---->\r\n        <div class=\"h-row justify-content-lg-center justify-content-md-center justify-content-center align-items-lg-stretch align-items-md-stretch align-items-stretch gutters-col-lg-2 gutters-col-md-2 gutters-col-0 gutters-col-v-lg-2 gutters-col-v-md-2 gutters-col-v-2\">\r\n          <!---->\r\n          <div class=\"h-column h-column-container d-flex h-col-lg-auto h-col-md-auto h-col-auto style-1562-outer style-local-331-c567-outer\">\r\n            <div data-colibri-id=\"331-c567\" class=\"d-flex h-flex-basis h-column__inner h-px-lg-2 h-px-md-2 h-px-2 v-inner-lg-2 v-inner-md-2 v-inner-2 style-1562 style-local-331-c567 position-relative\">\r\n              <!---->\r\n              <!---->\r\n              <div class=\"w-100 h-y-container h-column__content h-column__v-align flex-basis-100 align-self-lg-center align-self-md-center align-self-center\">\r\n                <!---->\r\n                <div data-colibri-id=\"331-c568\" class=\"d-block style-1570 style-local-331-c568 position-relative h-element\">\r\n                  <!---->\r\n                  <div class=\"h-image__frame-container-outer\">\r\n                    <div class=\"h-image__frame-container\">\r\n                      <!---->\r\n                      <!---->\r\n                      <img loading=\"lazy\" decoding=\"async\" width=\"1440\" height=\"1440\" src=\"http:\/\/botschafter-menschenrechte.de\/wp-content\/uploads\/2023\/01\/cropped-Bildschirmfoto-2023-01-09-um-09.17.43.png\" class=\"wp-image-2724 style-1570-image style-local-331-c568-image\" alt=\"\" srcset=\"https:\/\/botschafter-menschenrechte.de\/wp-content\/uploads\/2023\/01\/cropped-Bildschirmfoto-2023-01-09-um-09.17.43.png 1440w, https:\/\/botschafter-menschenrechte.de\/wp-content\/uploads\/2023\/01\/cropped-Bildschirmfoto-2023-01-09-um-09.17.43-300x300.png 300w, https:\/\/botschafter-menschenrechte.de\/wp-content\/uploads\/2023\/01\/cropped-Bildschirmfoto-2023-01-09-um-09.17.43-1024x1024.png 1024w, https:\/\/botschafter-menschenrechte.de\/wp-content\/uploads\/2023\/01\/cropped-Bildschirmfoto-2023-01-09-um-09.17.43-150x150.png 150w, https:\/\/botschafter-menschenrechte.de\/wp-content\/uploads\/2023\/01\/cropped-Bildschirmfoto-2023-01-09-um-09.17.43-768x768.png 768w\" sizes=\"auto, (max-width: 1440px) 100vw, 1440px\" \/>\r\n                      <div class=\"h-image__frame h-hide-lg h-hide-md h-hide-sm style-1570-frameImage style-local-331-c568-frameImage\"><\/div>\r\n                    <\/div>\r\n                  <\/div>\r\n                <\/div>\r\n              <\/div>\r\n            <\/div>\r\n          <\/div>\r\n          <div class=\"h-column h-column-container d-flex h-col-lg-auto h-col-md-auto h-col-auto style-1563-outer style-local-331-c569-outer\">\r\n            <div data-colibri-id=\"331-c569\" class=\"d-flex h-flex-basis h-column__inner h-px-lg-2 h-px-md-2 h-px-2 v-inner-lg-2 v-inner-md-2 v-inner-2 style-1563 style-local-331-c569 position-relative\">\r\n              <!---->\r\n              <!---->\r\n              <div class=\"w-100 h-y-container h-column__content h-column__v-align flex-basis-100 align-self-lg-center align-self-md-center align-self-center\">\r\n                <!---->\r\n                <div data-colibri-id=\"331-c570\" class=\"h-x-container style-1564 style-local-331-c570 position-relative h-element\">\r\n                  <!---->\r\n                  <div class=\"h-x-container-inner style-dynamic-331-c570-group style-1564-spacing style-local-331-c570-spacing\"><span class=\"h-link__outer style-1565-outer style-local-331-c571-outer d-inline-flex h-element\"><a h-use-smooth-scroll=\"true\" href=\"http:\/\/botschafter-menschenrechte.de\/?cat=16\"  data-colibri-id=\"331-c571\" class=\"d-flex w-100 align-items-center h-link style-1565 style-local-331-c571 position-relative\"><!----><!----> <span>IRAN<\/span><\/a>\r\n                    <\/span>\r\n                  <\/div>\r\n                <\/div>\r\n                <div data-colibri-id=\"331-c572\" class=\"h-global-transition-all h-heading style-1566 style-local-331-c572 position-relative h-element\">\r\n                  <!---->\r\n                  <div class=\"h-heading__outer style-1566 style-local-331-c572\">\r\n                    <!---->\r\n                    <!---->\r\n                    <h1 class=\"\">Maryam Blumenthal: \u201eDie Iran-Revolution geht uns alle etwas an\u201c<\/h1>\r\n                  <\/div>\r\n                <\/div>\r\n                <div data-colibri-id=\"331-c573\" class=\"h-text h-text-component style-1567 style-local-331-c573 position-relative h-element\">\r\n                  <!---->\r\n                  <!---->\r\n                  <div class=\"\">\r\n                    <p><span style=\"font-weight: 400; font-size: 16px; font-family: &quot;Open Sans&quot;; color: rgb(37, 41, 42);\">Als im September die Menschen im Iran f\u00fcr Freiheit und Frauenrechte auf die Stra\u00dfen gehen, kommen Maryam Blumenthal Erinnerungen hoch.<\/span><\/p>\r\n                  <\/div>\r\n                <\/div>\r\n                <div data-colibri-id=\"331-c574\" class=\"h-x-container style-1568 style-local-331-c574 position-relative h-element\">\r\n                  <!---->\r\n                  <div class=\"h-x-container-inner style-dynamic-331-c574-group style-1568-spacing style-local-331-c574-spacing\"><span class=\"h-button__outer style-1569-outer style-local-331-c575-outer d-inline-flex h-element\"><a h-use-smooth-scroll=\"true\" href=\"http:\/\/botschafter-menschenrechte.de\/?p=2718\"  data-colibri-id=\"331-c575\" class=\"d-flex w-100 align-items-center h-button justify-content-lg-center justify-content-md-center justify-content-center style-1569 style-local-331-c575 position-relative\"><!----><!----> <span>ZUM BEITRAG<\/span><\/a>\r\n                    <\/span>\r\n                  <\/div>\r\n                <\/div>\r\n              <\/div>\r\n            <\/div>\r\n          <\/div>\r\n        <\/div>\r\n      <\/div>\r\n    <\/div>\r\n  <\/div>\r\n  <div data-colibri-component=\"section\" data-colibri-id=\"331-c576\" id=\"custom-70\" class=\"h-section h-section-global-spacing d-flex align-items-lg-center align-items-md-center align-items-center style-1549 style-local-331-c576 position-relative\">\r\n    <!---->\r\n    <!---->\r\n    <div class=\"h-section-grid-container h-section-boxed-container\">\r\n      <!---->\r\n      <div data-colibri-id=\"331-c577\" class=\"h-row-container gutters-row-lg-2 gutters-row-md-2 gutters-row-0 gutters-row-v-lg-2 gutters-row-v-md-2 gutters-row-v-2 style-1550 style-local-331-c577 position-relative\">\r\n        <!---->\r\n        <div class=\"h-row justify-content-lg-center justify-content-md-center justify-content-center align-items-lg-stretch align-items-md-stretch align-items-stretch gutters-col-lg-2 gutters-col-md-2 gutters-col-0 gutters-col-v-lg-2 gutters-col-v-md-2 gutters-col-v-2\">\r\n          <!---->\r\n          <div class=\"h-column h-column-container d-flex h-col-lg-auto h-col-md-auto h-col-auto style-1551-outer style-local-331-c578-outer\">\r\n            <div data-colibri-id=\"331-c578\" class=\"d-flex h-flex-basis h-column__inner h-px-lg-2 h-px-md-2 h-px-2 v-inner-lg-2 v-inner-md-2 v-inner-2 style-1551 style-local-331-c578 position-relative\">\r\n              <!---->\r\n              <!---->\r\n              <div class=\"w-100 h-y-container h-column__content h-column__v-align flex-basis-100 align-self-lg-center align-self-md-center align-self-center\">\r\n                <!---->\r\n                <div data-colibri-id=\"331-c579\" class=\"d-block style-1553 style-local-331-c579 position-relative h-element\">\r\n                  <!---->\r\n                  <div class=\"h-image__frame-container-outer\">\r\n                    <div class=\"h-image__frame-container\">\r\n                      <!---->\r\n                      <!---->\r\n                      <img loading=\"lazy\" decoding=\"async\" width=\"270\" height=\"270\" src=\"http:\/\/botschafter-menschenrechte.de\/wp-content\/uploads\/2023\/01\/cropped-image001.jpg\" class=\"wp-image-2709 style-1553-image style-local-331-c579-image\" alt=\"\" srcset=\"https:\/\/botschafter-menschenrechte.de\/wp-content\/uploads\/2023\/01\/cropped-image001.jpg 270w, https:\/\/botschafter-menschenrechte.de\/wp-content\/uploads\/2023\/01\/cropped-image001-150x150.jpg 150w\" sizes=\"auto, (max-width: 270px) 100vw, 270px\" \/>\r\n                      <div class=\"h-image__frame h-hide-lg h-hide-md h-hide-sm style-1553-frameImage style-local-331-c579-frameImage\"><\/div>\r\n                    <\/div>\r\n                  <\/div>\r\n                <\/div>\r\n              <\/div>\r\n            <\/div>\r\n          <\/div>\r\n          <div class=\"h-column h-column-container d-flex h-col-lg-auto h-col-md-auto h-col-auto style-1552-outer style-local-331-c580-outer\">\r\n            <div data-colibri-id=\"331-c580\" class=\"d-flex h-flex-basis h-column__inner h-px-lg-2 h-px-md-2 h-px-2 v-inner-lg-2 v-inner-md-2 v-inner-2 style-1552 style-local-331-c580 position-relative\">\r\n              <!---->\r\n              <!---->\r\n              <div class=\"w-100 h-y-container h-column__content h-column__v-align flex-basis-100 align-self-lg-start align-self-md-start align-self-start\">\r\n                <!---->\r\n                <div data-colibri-id=\"331-c581\" class=\"h-x-container style-1554 style-local-331-c581 position-relative h-element\">\r\n                  <!---->\r\n                  <div class=\"h-x-container-inner style-dynamic-331-c581-group style-1554-spacing style-local-331-c581-spacing\"><span class=\"h-link__outer style-1555-outer style-local-331-c582-outer d-inline-flex h-element\"><a h-use-smooth-scroll=\"true\" href=\"http:\/\/botschafter-menschenrechte.de\/?cat=46\"  data-colibri-id=\"331-c582\" class=\"d-flex w-100 align-items-center h-link style-1555 style-local-331-c582 position-relative\"><!----><!----> <span>NACHRICHTEN<\/span><\/a>\r\n                    <\/span>\r\n                  <\/div>\r\n                <\/div>\r\n                <div data-colibri-id=\"331-c583\" class=\"h-global-transition-all h-heading style-1556 style-local-331-c583 position-relative h-element\">\r\n                  <!---->\r\n                  <div class=\"h-heading__outer style-1556 style-local-331-c583\">\r\n                    <!---->\r\n                    <!---->\r\n                    <h3 class=\"\">H\u00e4rtefallfonds unterst\u00fctzt SED-Opfer in besonderen Notlagen<\/h3>\r\n                  <\/div>\r\n                <\/div>\r\n                <div data-colibri-id=\"331-c584\" class=\"h-text h-text-component style-1557 style-local-331-c584 position-relative h-element\">\r\n                  <!---->\r\n                  <!---->\r\n                  <div class=\"\">\r\n                    <p>Unterst\u00fctzung f\u00fcr SED-Opfer<\/p>\r\n                    <p>2023 stellt Berlin 100.000 Euro f\u00fcr H\u00e4rtef\u00e4lle zur Verf\u00fcgung<\/p>\r\n                  <\/div>\r\n                <\/div>\r\n                <div data-colibri-id=\"331-c585\" class=\"h-x-container style-1558 style-local-331-c585 position-relative h-element\">\r\n                  <!---->\r\n                  <div class=\"h-x-container-inner style-dynamic-331-c585-group style-1558-spacing style-local-331-c585-spacing\"><span class=\"h-button__outer style-1559-outer style-local-331-c586-outer d-inline-flex h-element\"><a h-use-smooth-scroll=\"true\" href=\"http:\/\/botschafter-menschenrechte.de\/?p=2703\"  data-colibri-id=\"331-c586\" class=\"d-flex w-100 align-items-center h-button justify-content-lg-center justify-content-md-center justify-content-center style-1559 style-local-331-c586 position-relative\"><!----><!----> <span>ZUM ARTIKEL<\/span><\/a>\r\n                    <\/span>\r\n                  <\/div>\r\n                <\/div>\r\n              <\/div>\r\n            <\/div>\r\n          <\/div>\r\n        <\/div>\r\n      <\/div>\r\n    <\/div>\r\n  <\/div>\r\n  <div data-colibri-component=\"section\" data-colibri-id=\"331-c587\" id=\"custom-69\" class=\"h-section h-section-global-spacing d-flex align-items-lg-center align-items-md-center align-items-center style-1494 style-local-331-c587 position-relative\">\r\n    <!---->\r\n    <!---->\r\n    <div class=\"h-section-grid-container h-section-boxed-container\">\r\n      <!---->\r\n      <div data-colibri-id=\"331-c588\" class=\"h-row-container gutters-row-lg-2 gutters-row-md-2 gutters-row-0 gutters-row-v-lg-2 gutters-row-v-md-2 gutters-row-v-2 style-1527 style-local-331-c588 position-relative\">\r\n        <!---->\r\n        <div class=\"h-row justify-content-lg-center justify-content-md-center justify-content-center align-items-lg-stretch align-items-md-stretch align-items-stretch gutters-col-lg-2 gutters-col-md-2 gutters-col-0 gutters-col-v-lg-2 gutters-col-v-md-2 gutters-col-v-2\">\r\n          <!---->\r\n          <div class=\"h-column h-column-container d-flex h-col-lg-auto h-col-md-auto h-col-auto style-1528-outer style-local-331-c589-outer\">\r\n            <div data-colibri-id=\"331-c589\" class=\"d-flex h-flex-basis h-column__inner h-px-lg-2 h-px-md-2 h-px-2 v-inner-lg-2 v-inner-md-2 v-inner-2 style-1528 style-local-331-c589 position-relative\">\r\n              <!---->\r\n              <!---->\r\n              <div class=\"w-100 h-y-container h-column__content h-column__v-align flex-basis-100 align-self-lg-start align-self-md-start align-self-start\">\r\n                <!---->\r\n                <div data-colibri-id=\"331-c590\" class=\"d-block style-1529 style-local-331-c590 position-relative h-element\">\r\n                  <!---->\r\n                  <div class=\"h-image__frame-container-outer\">\r\n                    <div class=\"h-image__frame-container\">\r\n                      <!---->\r\n                      <!---->\r\n                      <img loading=\"lazy\" decoding=\"async\" width=\"1279\" height=\"644\" src=\"http:\/\/botschafter-menschenrechte.de\/wp-content\/uploads\/2022\/12\/cropped-5CE86481-AE7E-49D8-A445-8CCF1FBD6192.jpeg\" class=\"wp-image-2647 style-1529-image style-local-331-c590-image\" alt=\"\" srcset=\"https:\/\/botschafter-menschenrechte.de\/wp-content\/uploads\/2022\/12\/cropped-5CE86481-AE7E-49D8-A445-8CCF1FBD6192.jpeg 1279w, https:\/\/botschafter-menschenrechte.de\/wp-content\/uploads\/2022\/12\/cropped-5CE86481-AE7E-49D8-A445-8CCF1FBD6192-300x151.jpeg 300w, https:\/\/botschafter-menschenrechte.de\/wp-content\/uploads\/2022\/12\/cropped-5CE86481-AE7E-49D8-A445-8CCF1FBD6192-1024x516.jpeg 1024w, https:\/\/botschafter-menschenrechte.de\/wp-content\/uploads\/2022\/12\/cropped-5CE86481-AE7E-49D8-A445-8CCF1FBD6192-768x387.jpeg 768w\" sizes=\"auto, (max-width: 1279px) 100vw, 1279px\" \/>\r\n                      <div class=\"h-image__frame h-hide-lg h-hide-md h-hide-sm style-1529-frameImage style-local-331-c590-frameImage\"><\/div>\r\n                    <\/div>\r\n                  <\/div>\r\n                <\/div>\r\n              <\/div>\r\n            <\/div>\r\n          <\/div>\r\n        <\/div>\r\n      <\/div>\r\n      <div data-colibri-id=\"331-c591\" class=\"h-row-container gutters-row-lg-2 gutters-row-md-2 gutters-row-0 gutters-row-v-lg-2 gutters-row-v-md-2 gutters-row-v-2 style-1495 style-local-331-c591 position-relative\">\r\n        <!---->\r\n        <div class=\"h-row justify-content-lg-center justify-content-md-center justify-content-center align-items-lg-stretch align-items-md-stretch align-items-stretch gutters-col-lg-2 gutters-col-md-2 gutters-col-0 gutters-col-v-lg-2 gutters-col-v-md-2 gutters-col-v-2\">\r\n          <!---->\r\n          <div class=\"h-column h-column-container d-flex h-col-lg-auto h-col-md-auto h-col-auto style-1497-outer style-local-331-c592-outer\">\r\n            <div data-colibri-id=\"331-c592\" class=\"d-flex h-flex-basis h-column__inner h-px-lg-2 h-px-md-2 h-px-2 v-inner-lg-2 v-inner-md-2 v-inner-2 style-1497 style-local-331-c592 position-relative\">\r\n              <!---->\r\n              <!---->\r\n              <div class=\"w-100 h-y-container h-column__content h-column__v-align flex-basis-100 align-self-lg-start align-self-md-start align-self-start\">\r\n                <!---->\r\n                <div data-colibri-id=\"331-c593\" class=\"h-global-transition-all h-heading style-1498 style-local-331-c593 position-relative h-element\">\r\n                  <!---->\r\n                  <div class=\"h-heading__outer style-1498 style-local-331-c593\">\r\n                    <!---->\r\n                    <!---->\r\n                    <h3 class=\"\">Licht und Hoffnung f\u00fcr 2023 &#8211; Wir z\u00fcnden eine Kerze an<\/h3>\r\n                  <\/div>\r\n                <\/div>\r\n                <div data-colibri-id=\"331-c594\" class=\"h-text h-text-component style-1502 style-local-331-c594 position-relative h-element\">\r\n                  <!---->\r\n                  <!---->\r\n                  <div class=\"\">\r\n                    <p>Sie leuchtet ins neue Jahr f\u00fcr die unschuldigen Opfer von Menschenrechtsverletzungen und f\u00fcr ihre Familien.<\/p>\r\n                  <\/div>\r\n                <\/div>\r\n              <\/div>\r\n            <\/div>\r\n          <\/div>\r\n        <\/div>\r\n      <\/div>\r\n      <div data-colibri-id=\"331-c595\" class=\"h-row-container gutters-row-lg-2 gutters-row-md-2 gutters-row-0 gutters-row-v-lg-2 gutters-row-v-md-2 gutters-row-v-2 style-1520 style-local-331-c595 position-relative\">\r\n        <!---->\r\n        <div class=\"h-row justify-content-lg-center justify-content-md-center justify-content-center align-items-lg-stretch align-items-md-stretch align-items-stretch gutters-col-lg-2 gutters-col-md-2 gutters-col-0 gutters-col-v-lg-2 gutters-col-v-md-2 gutters-col-v-2\">\r\n          <!---->\r\n          <div class=\"h-column h-column-container d-flex h-col-lg-auto h-col-md-auto h-col-auto style-1521-outer style-local-331-c596-outer\">\r\n            <div data-colibri-id=\"331-c596\" class=\"d-flex h-flex-basis h-column__inner h-px-lg-2 h-px-md-2 h-px-2 v-inner-lg-2 v-inner-md-2 v-inner-2 style-1521 style-local-331-c596 position-relative\">\r\n              <!---->\r\n              <!---->\r\n              <div class=\"w-100 h-y-container h-column__content h-column__v-align flex-basis-100 align-self-lg-start align-self-md-start align-self-start\">\r\n                <!---->\r\n                <div data-colibri-id=\"331-c597\" class=\"d-block style-1523 style-local-331-c597 position-relative h-element\">\r\n                  <!---->\r\n                  <div class=\"h-image__frame-container-outer\">\r\n                    <div class=\"h-image__frame-container\">\r\n                      <!---->\r\n                      <!---->\r\n                      <img loading=\"lazy\" decoding=\"async\" width=\"350\" height=\"350\" src=\"http:\/\/botschafter-menschenrechte.de\/wp-content\/uploads\/2022\/12\/cropped-cropped-0471E609-A5B9-4CE8-A90C-7379B2D0CA78.jpeg\" class=\"wp-image-2672 style-1523-image style-local-331-c597-image\" alt=\"\" srcset=\"https:\/\/botschafter-menschenrechte.de\/wp-content\/uploads\/2022\/12\/cropped-cropped-0471E609-A5B9-4CE8-A90C-7379B2D0CA78.jpeg 350w, https:\/\/botschafter-menschenrechte.de\/wp-content\/uploads\/2022\/12\/cropped-cropped-0471E609-A5B9-4CE8-A90C-7379B2D0CA78-300x300.jpeg 300w, https:\/\/botschafter-menschenrechte.de\/wp-content\/uploads\/2022\/12\/cropped-cropped-0471E609-A5B9-4CE8-A90C-7379B2D0CA78-150x150.jpeg 150w\" sizes=\"auto, (max-width: 350px) 100vw, 350px\" \/>\r\n                      <div class=\"h-image__frame h-hide-lg h-hide-md h-hide-sm style-1523-frameImage style-local-331-c597-frameImage\"><\/div>\r\n                    <\/div>\r\n                    <div class=\"style-1523-caption style-local-331-c597-caption\">\r\n                      Kuba: Louis Frometa Comte, Forstarbeiter\r\n                    <\/div>\r\n                  <\/div>\r\n                <\/div>\r\n              <\/div>\r\n            <\/div>\r\n          <\/div>\r\n          <div class=\"h-column h-column-container d-flex h-col-lg-auto h-col-md-auto h-col-auto style-1522-outer style-local-331-c598-outer\">\r\n            <div data-colibri-id=\"331-c598\" class=\"d-flex h-flex-basis h-column__inner h-px-lg-2 h-px-md-2 h-px-2 v-inner-lg-2 v-inner-md-2 v-inner-2 style-1522 style-local-331-c598 position-relative\">\r\n              <!---->\r\n              <!---->\r\n              <div class=\"w-100 h-y-container h-column__content h-column__v-align flex-basis-100 align-self-lg-start align-self-md-start align-self-start\">\r\n                <!---->\r\n                <div data-colibri-id=\"331-c599\" class=\"d-block style-1525 style-local-331-c599 position-relative h-element\">\r\n                  <!---->\r\n                  <div class=\"h-image__frame-container-outer\">\r\n                    <div class=\"h-image__frame-container\">\r\n                      <!---->\r\n                      <!---->\r\n                      <img loading=\"lazy\" decoding=\"async\" width=\"1280\" height=\"720\" src=\"http:\/\/botschafter-menschenrechte.de\/wp-content\/uploads\/2022\/12\/cropped-cropped-94D669AF-089D-47EF-8FD6-C84129A5E082-1-e1672499647732.jpeg\" class=\"wp-image-2674 style-1525-image style-local-331-c599-image\" alt=\"\" srcset=\"https:\/\/botschafter-menschenrechte.de\/wp-content\/uploads\/2022\/12\/cropped-cropped-94D669AF-089D-47EF-8FD6-C84129A5E082-1-e1672499647732.jpeg 1280w, https:\/\/botschafter-menschenrechte.de\/wp-content\/uploads\/2022\/12\/cropped-cropped-94D669AF-089D-47EF-8FD6-C84129A5E082-1-e1672499647732-300x169.jpeg 300w, https:\/\/botschafter-menschenrechte.de\/wp-content\/uploads\/2022\/12\/cropped-cropped-94D669AF-089D-47EF-8FD6-C84129A5E082-1-e1672499647732-1024x576.jpeg 1024w, https:\/\/botschafter-menschenrechte.de\/wp-content\/uploads\/2022\/12\/cropped-cropped-94D669AF-089D-47EF-8FD6-C84129A5E082-1-e1672499647732-768x432.jpeg 768w\" sizes=\"auto, (max-width: 1280px) 100vw, 1280px\" \/>\r\n                      <div class=\"h-image__frame h-hide-lg h-hide-md h-hide-sm style-1525-frameImage style-local-331-c599-frameImage\"><\/div>\r\n                    <\/div>\r\n                    <div class=\"style-1525-caption style-local-331-c599-caption\">\r\n                      Kuba: Sayli und Felix Navarro, Journalistin und Agrarwirt\r\n                    <\/div>\r\n                  <\/div>\r\n                <\/div>\r\n              <\/div>\r\n            <\/div>\r\n          <\/div>\r\n        <\/div>\r\n      <\/div>\r\n      <div data-colibri-id=\"331-c600\" class=\"h-row-container gutters-row-lg-2 gutters-row-md-2 gutters-row-0 gutters-row-v-lg-2 gutters-row-v-md-2 gutters-row-v-2 style-1530 style-local-331-c600 position-relative\">\r\n        <!---->\r\n        <div class=\"h-row justify-content-lg-center justify-content-md-center justify-content-center align-items-lg-stretch align-items-md-stretch align-items-stretch gutters-col-lg-2 gutters-col-md-2 gutters-col-0 gutters-col-v-lg-2 gutters-col-v-md-2 gutters-col-v-2\">\r\n          <!---->\r\n          <div class=\"h-column h-column-container d-flex h-col-lg-auto h-col-md-auto h-col-auto style-1531-outer style-local-331-c601-outer\">\r\n            <div data-colibri-id=\"331-c601\" class=\"d-flex h-flex-basis h-column__inner h-px-lg-2 h-px-md-2 h-px-2 v-inner-lg-2 v-inner-md-2 v-inner-2 style-1531 style-local-331-c601 position-relative\">\r\n              <!---->\r\n              <!---->\r\n              <div class=\"w-100 h-y-container h-column__content h-column__v-align flex-basis-100 align-self-lg-start align-self-md-start align-self-start\">\r\n                <!---->\r\n                <div data-colibri-id=\"331-c602\" class=\"d-block style-1533 style-local-331-c602 position-relative h-element\">\r\n                  <!---->\r\n                  <div class=\"h-image__frame-container-outer\">\r\n                    <div class=\"h-image__frame-container\">\r\n                      <!---->\r\n                      <!---->\r\n                      <img decoding=\"async\" src=\"http:\/\/botschafter-menschenrechte.de\/wp-content\/uploads\/2022\/12\/cropped-7B2B5218-5B2F-4497-96AA-CC813CDD8E91.jpeg\" class=\"wp-image-2658 style-1533-image style-local-331-c602-image\" alt=\"\" \/>\r\n                      <div class=\"h-image__frame h-hide-lg h-hide-md h-hide-sm style-1533-frameImage style-local-331-c602-frameImage\"><\/div>\r\n                    <\/div>\r\n                    <div class=\"style-1533-caption style-local-331-c602-caption\">\r\n                      Iran: Nahid Taghavi, Architektin\r\n                    <\/div>\r\n                  <\/div>\r\n                <\/div>\r\n              <\/div>\r\n            <\/div>\r\n          <\/div>\r\n          <div class=\"h-column h-column-container d-flex h-col-lg-auto h-col-md-auto h-col-auto style-1532-outer style-local-331-c603-outer\">\r\n            <div data-colibri-id=\"331-c603\" class=\"d-flex h-flex-basis h-column__inner h-px-lg-2 h-px-md-2 h-px-2 v-inner-lg-2 v-inner-md-2 v-inner-2 style-1532 style-local-331-c603 position-relative\">\r\n              <!---->\r\n              <!---->\r\n              <div class=\"w-100 h-y-container h-column__content h-column__v-align flex-basis-100 align-self-lg-start align-self-md-start align-self-start\">\r\n                <!---->\r\n                <div data-colibri-id=\"331-c604\" class=\"d-block style-1534 style-local-331-c604 position-relative h-element\">\r\n                  <!---->\r\n                  <div class=\"h-image__frame-container-outer\">\r\n                    <div class=\"h-image__frame-container\">\r\n                      <!---->\r\n                      <!---->\r\n                      <img loading=\"lazy\" decoding=\"async\" width=\"329\" height=\"329\" src=\"http:\/\/botschafter-menschenrechte.de\/wp-content\/uploads\/2022\/12\/cropped-cropped-503E5E59-4C26-437B-8DED-5BC384E4C6E3-e1672499721598.jpeg\" class=\"wp-image-2675 style-1534-image style-local-331-c604-image\" alt=\"\" srcset=\"https:\/\/botschafter-menschenrechte.de\/wp-content\/uploads\/2022\/12\/cropped-cropped-503E5E59-4C26-437B-8DED-5BC384E4C6E3-e1672499721598.jpeg 329w, https:\/\/botschafter-menschenrechte.de\/wp-content\/uploads\/2022\/12\/cropped-cropped-503E5E59-4C26-437B-8DED-5BC384E4C6E3-e1672499721598-300x300.jpeg 300w, https:\/\/botschafter-menschenrechte.de\/wp-content\/uploads\/2022\/12\/cropped-cropped-503E5E59-4C26-437B-8DED-5BC384E4C6E3-e1672499721598-150x150.jpeg 150w\" sizes=\"auto, (max-width: 329px) 100vw, 329px\" \/>\r\n                      <div class=\"h-image__frame h-hide-lg h-hide-md h-hide-sm style-1534-frameImage style-local-331-c604-frameImage\"><\/div>\r\n                    <\/div>\r\n                    <div class=\"style-1534-caption style-local-331-c604-caption\">\r\n                      Iran: Jamshid Sharmahd, Moderator\r\n                    <\/div>\r\n                  <\/div>\r\n                <\/div>\r\n              <\/div>\r\n            <\/div>\r\n          <\/div>\r\n          <div class=\"h-column h-column-container d-flex h-col-lg-auto h-col-md-auto h-col-auto style-1535-outer style-local-331-c605-outer\">\r\n            <div data-colibri-id=\"331-c605\" class=\"d-flex h-flex-basis h-column__inner h-px-lg-2 h-px-md-2 h-px-2 v-inner-lg-2 v-inner-md-2 v-inner-2 style-1535 style-local-331-c605 position-relative\">\r\n              <!---->\r\n              <!---->\r\n              <div class=\"w-100 h-y-container h-column__content h-column__v-align flex-basis-100 align-self-lg-start align-self-md-start align-self-start\">\r\n                <!---->\r\n                <div data-colibri-id=\"331-c606\" class=\"d-block style-1536 style-local-331-c606 position-relative h-element\">\r\n                  <!---->\r\n                  <div class=\"h-image__frame-container-outer\">\r\n                    <div class=\"h-image__frame-container\">\r\n                      <!---->\r\n                      <!---->\r\n                      <img loading=\"lazy\" decoding=\"async\" width=\"225\" height=\"225\" src=\"http:\/\/botschafter-menschenrechte.de\/wp-content\/uploads\/2022\/12\/cropped-6BE456C1-ACC9-464F-9D79-CE51206829DF.jpeg\" class=\"wp-image-2660 style-1536-image style-local-331-c606-image\" alt=\"\" srcset=\"https:\/\/botschafter-menschenrechte.de\/wp-content\/uploads\/2022\/12\/cropped-6BE456C1-ACC9-464F-9D79-CE51206829DF.jpeg 225w, https:\/\/botschafter-menschenrechte.de\/wp-content\/uploads\/2022\/12\/cropped-6BE456C1-ACC9-464F-9D79-CE51206829DF-150x150.jpeg 150w\" sizes=\"auto, (max-width: 225px) 100vw, 225px\" \/>\r\n                      <div class=\"h-image__frame h-hide-lg h-hide-md h-hide-sm style-1536-frameImage style-local-331-c606-frameImage\"><\/div>\r\n                    <\/div>\r\n                    <div class=\"style-1536-caption style-local-331-c606-caption\">\r\n                      China: Ilham Tothi, Wirtschafts-Wissenschaftler\r\n                    <\/div>\r\n                  <\/div>\r\n                <\/div>\r\n              <\/div>\r\n            <\/div>\r\n          <\/div>\r\n        <\/div>\r\n      <\/div>\r\n      <div data-colibri-id=\"331-c607\" class=\"h-row-container gutters-row-lg-2 gutters-row-md-2 gutters-row-0 gutters-row-v-lg-2 gutters-row-v-md-2 gutters-row-v-2 style-1537 style-local-331-c607 position-relative\">\r\n        <!---->\r\n        <div class=\"h-row justify-content-lg-center justify-content-md-center justify-content-center align-items-lg-stretch align-items-md-stretch align-items-stretch gutters-col-lg-2 gutters-col-md-2 gutters-col-0 gutters-col-v-lg-2 gutters-col-v-md-2 gutters-col-v-2\">\r\n          <!---->\r\n          <div class=\"h-column h-column-container d-flex h-col-lg-auto h-col-md-auto h-col-auto style-1538-outer style-local-331-c608-outer\">\r\n            <div data-colibri-id=\"331-c608\" class=\"d-flex h-flex-basis h-column__inner h-px-lg-2 h-px-md-2 h-px-2 v-inner-lg-2 v-inner-md-2 v-inner-2 style-1538 style-local-331-c608 position-relative\">\r\n              <!---->\r\n              <!---->\r\n              <div class=\"w-100 h-y-container h-column__content h-column__v-align flex-basis-100 align-self-lg-start align-self-md-start align-self-start\">\r\n                <!---->\r\n                <div data-colibri-id=\"331-c609\" class=\"d-block style-1541 style-local-331-c609 position-relative h-element\">\r\n                  <!---->\r\n                  <div class=\"h-image__frame-container-outer\">\r\n                    <div class=\"h-image__frame-container\">\r\n                      <!---->\r\n                      <!---->\r\n                      <img loading=\"lazy\" decoding=\"async\" width=\"348\" height=\"348\" src=\"http:\/\/botschafter-menschenrechte.de\/wp-content\/uploads\/2022\/12\/cropped-61884026-8CBF-4668-844F-C1E60533BB13.jpeg\" class=\"wp-image-2661 style-1541-image style-local-331-c609-image\" alt=\"\" srcset=\"https:\/\/botschafter-menschenrechte.de\/wp-content\/uploads\/2022\/12\/cropped-61884026-8CBF-4668-844F-C1E60533BB13.jpeg 348w, https:\/\/botschafter-menschenrechte.de\/wp-content\/uploads\/2022\/12\/cropped-61884026-8CBF-4668-844F-C1E60533BB13-300x300.jpeg 300w, https:\/\/botschafter-menschenrechte.de\/wp-content\/uploads\/2022\/12\/cropped-61884026-8CBF-4668-844F-C1E60533BB13-150x150.jpeg 150w\" sizes=\"auto, (max-width: 348px) 100vw, 348px\" \/>\r\n                      <div class=\"h-image__frame h-hide-lg h-hide-md h-hide-sm style-1541-frameImage style-local-331-c609-frameImage\"><\/div>\r\n                    <\/div>\r\n                    <div class=\"style-1541-caption style-local-331-c609-caption\">\r\n                      China: Zhang Zhan, Journalistin\r\n                    <\/div>\r\n                  <\/div>\r\n                <\/div>\r\n              <\/div>\r\n            <\/div>\r\n          <\/div>\r\n          <div class=\"h-column h-column-container d-flex h-col-lg-auto h-col-md-auto h-col-auto style-1539-outer style-local-331-c610-outer\">\r\n            <div data-colibri-id=\"331-c610\" class=\"d-flex h-flex-basis h-column__inner h-px-lg-2 h-px-md-2 h-px-2 v-inner-lg-2 v-inner-md-2 v-inner-2 style-1539 style-local-331-c610 position-relative\">\r\n              <!---->\r\n              <!---->\r\n              <div class=\"w-100 h-y-container h-column__content h-column__v-align flex-basis-100 align-self-lg-start align-self-md-start align-self-start\">\r\n                <!---->\r\n                <div data-colibri-id=\"331-c611\" class=\"d-block style-1542 style-local-331-c611 position-relative h-element\">\r\n                  <!---->\r\n                  <div class=\"h-image__frame-container-outer\">\r\n                    <div class=\"h-image__frame-container\">\r\n                      <!---->\r\n                      <!---->\r\n                      <img loading=\"lazy\" decoding=\"async\" width=\"360\" height=\"360\" src=\"http:\/\/botschafter-menschenrechte.de\/wp-content\/uploads\/2022\/12\/cropped-6C7F709E-637A-4387-9851-DDA8A3EBDBE5.jpeg\" class=\"wp-image-2662 style-1542-image style-local-331-c611-image\" alt=\"\" srcset=\"https:\/\/botschafter-menschenrechte.de\/wp-content\/uploads\/2022\/12\/cropped-6C7F709E-637A-4387-9851-DDA8A3EBDBE5.jpeg 360w, https:\/\/botschafter-menschenrechte.de\/wp-content\/uploads\/2022\/12\/cropped-6C7F709E-637A-4387-9851-DDA8A3EBDBE5-300x300.jpeg 300w, https:\/\/botschafter-menschenrechte.de\/wp-content\/uploads\/2022\/12\/cropped-6C7F709E-637A-4387-9851-DDA8A3EBDBE5-150x150.jpeg 150w\" sizes=\"auto, (max-width: 360px) 100vw, 360px\" \/>\r\n                      <div class=\"h-image__frame h-hide-lg h-hide-md h-hide-sm style-1542-frameImage style-local-331-c611-frameImage\"><\/div>\r\n                    <\/div>\r\n                    <div class=\"style-1542-caption style-local-331-c611-caption\">\r\n                      Russland: Iwan Safronow, Journalist\r\n                    <\/div>\r\n                  <\/div>\r\n                <\/div>\r\n              <\/div>\r\n            <\/div>\r\n          <\/div>\r\n          <div class=\"h-column h-column-container d-flex h-col-lg-auto h-col-md-auto h-col-auto style-1540-outer style-local-331-c612-outer\">\r\n            <div data-colibri-id=\"331-c612\" class=\"d-flex h-flex-basis h-column__inner h-px-lg-2 h-px-md-2 h-px-2 v-inner-lg-2 v-inner-md-2 v-inner-2 style-1540 style-local-331-c612 position-relative\">\r\n              <!---->\r\n              <!---->\r\n              <div class=\"w-100 h-y-container h-column__content h-column__v-align flex-basis-100 align-self-lg-start align-self-md-start align-self-start\">\r\n                <!---->\r\n                <div data-colibri-id=\"331-c613\" class=\"d-block style-1543 style-local-331-c613 position-relative h-element\">\r\n                  <!---->\r\n                  <div class=\"h-image__frame-container-outer\">\r\n                    <div class=\"h-image__frame-container\">\r\n                      <!---->\r\n                      <!---->\r\n                      <img loading=\"lazy\" decoding=\"async\" width=\"838\" height=\"840\" src=\"http:\/\/botschafter-menschenrechte.de\/wp-content\/uploads\/2022\/12\/cropped-AFD9804F-3BEF-4653-BA23-392204FF4F97.jpeg\" class=\"wp-image-2663 style-1543-image style-local-331-c613-image\" alt=\"\" srcset=\"https:\/\/botschafter-menschenrechte.de\/wp-content\/uploads\/2022\/12\/cropped-AFD9804F-3BEF-4653-BA23-392204FF4F97.jpeg 838w, https:\/\/botschafter-menschenrechte.de\/wp-content\/uploads\/2022\/12\/cropped-AFD9804F-3BEF-4653-BA23-392204FF4F97-300x300.jpeg 300w, https:\/\/botschafter-menschenrechte.de\/wp-content\/uploads\/2022\/12\/cropped-AFD9804F-3BEF-4653-BA23-392204FF4F97-150x150.jpeg 150w, https:\/\/botschafter-menschenrechte.de\/wp-content\/uploads\/2022\/12\/cropped-AFD9804F-3BEF-4653-BA23-392204FF4F97-768x770.jpeg 768w\" sizes=\"auto, (max-width: 838px) 100vw, 838px\" \/>\r\n                      <div class=\"h-image__frame h-hide-lg h-hide-md h-hide-sm style-1543-frameImage style-local-331-c613-frameImage\"><\/div>\r\n                    <\/div>\r\n                    <div class=\"style-1543-caption style-local-331-c613-caption\">\r\n                      Russland: Alexei Anatoljewitsch Nawalny, Rechtsanwalt und Dokumentarfilmer\r\n                    <\/div>\r\n                  <\/div>\r\n                <\/div>\r\n              <\/div>\r\n            <\/div>\r\n          <\/div>\r\n        <\/div>\r\n      <\/div>\r\n      <div data-colibri-id=\"331-c614\" class=\"h-row-container gutters-row-lg-2 gutters-row-md-2 gutters-row-0 gutters-row-v-lg-2 gutters-row-v-md-2 gutters-row-v-2 style-1544 style-local-331-c614 position-relative\">\r\n        <!---->\r\n        <div class=\"h-row justify-content-lg-center justify-content-md-center justify-content-center align-items-lg-stretch align-items-md-stretch align-items-stretch gutters-col-lg-2 gutters-col-md-2 gutters-col-0 gutters-col-v-lg-2 gutters-col-v-md-2 gutters-col-v-2\">\r\n          <!---->\r\n          <div class=\"h-column h-column-container d-flex h-col-lg-auto h-col-md-auto h-col-auto style-1545-outer style-local-331-c615-outer\">\r\n            <div data-colibri-id=\"331-c615\" class=\"d-flex h-flex-basis h-column__inner h-px-lg-2 h-px-md-2 h-px-2 v-inner-lg-2 v-inner-md-2 v-inner-2 style-1545 style-local-331-c615 position-relative\">\r\n              <!---->\r\n              <!---->\r\n              <div class=\"w-100 h-y-container h-column__content h-column__v-align flex-basis-100 align-self-lg-start align-self-md-start align-self-start\">\r\n                <!---->\r\n                <div data-colibri-id=\"331-c616\" class=\"d-block style-1547 style-local-331-c616 position-relative h-element\">\r\n                  <!---->\r\n                  <div class=\"h-image__frame-container-outer\">\r\n                    <div class=\"h-image__frame-container\">\r\n                      <!---->\r\n                      <!---->\r\n                      <img loading=\"lazy\" decoding=\"async\" width=\"963\" height=\"965\" src=\"http:\/\/botschafter-menschenrechte.de\/wp-content\/uploads\/2022\/12\/cropped-CABD6670-B254-4960-ABF7-38480A7788D4.jpeg\" class=\"wp-image-2664 style-1547-image style-local-331-c616-image\" alt=\"\" srcset=\"https:\/\/botschafter-menschenrechte.de\/wp-content\/uploads\/2022\/12\/cropped-CABD6670-B254-4960-ABF7-38480A7788D4.jpeg 963w, https:\/\/botschafter-menschenrechte.de\/wp-content\/uploads\/2022\/12\/cropped-CABD6670-B254-4960-ABF7-38480A7788D4-300x300.jpeg 300w, https:\/\/botschafter-menschenrechte.de\/wp-content\/uploads\/2022\/12\/cropped-CABD6670-B254-4960-ABF7-38480A7788D4-150x150.jpeg 150w, https:\/\/botschafter-menschenrechte.de\/wp-content\/uploads\/2022\/12\/cropped-CABD6670-B254-4960-ABF7-38480A7788D4-768x770.jpeg 768w\" sizes=\"auto, (max-width: 963px) 100vw, 963px\" \/>\r\n                      <div class=\"h-image__frame h-hide-lg h-hide-md h-hide-sm style-1547-frameImage style-local-331-c616-frameImage\"><\/div>\r\n                    <\/div>\r\n                    <div class=\"style-1547-caption style-local-331-c616-caption\">\r\n                      T\u00fcrkei: deutsch-yezidische Feleknas Uca, Soziologin\r\n                    <\/div>\r\n                  <\/div>\r\n                <\/div>\r\n              <\/div>\r\n            <\/div>\r\n          <\/div>\r\n          <div class=\"h-column h-column-container d-flex h-col-lg-auto h-col-md-auto h-col-auto style-1546-outer style-local-331-c617-outer\">\r\n            <div data-colibri-id=\"331-c617\" class=\"d-flex h-flex-basis h-column__inner h-px-lg-2 h-px-md-2 h-px-2 v-inner-lg-2 v-inner-md-2 v-inner-2 style-1546 style-local-331-c617 position-relative\">\r\n              <!---->\r\n              <!---->\r\n              <div class=\"w-100 h-y-container h-column__content h-column__v-align flex-basis-100 align-self-lg-start align-self-md-start align-self-start\">\r\n                <!---->\r\n                <div data-colibri-id=\"331-c618\" class=\"d-block style-1548 style-local-331-c618 position-relative h-element\">\r\n                  <!---->\r\n                  <div class=\"h-image__frame-container-outer\">\r\n                    <div class=\"h-image__frame-container\">\r\n                      <!---->\r\n                      <!---->\r\n                      <img loading=\"lazy\" decoding=\"async\" width=\"556\" height=\"556\" src=\"http:\/\/botschafter-menschenrechte.de\/wp-content\/uploads\/2022\/12\/cropped-EBE77007-598B-4F57-B5CC-2D139A601CCC.jpeg\" class=\"wp-image-2665 style-1548-image style-local-331-c618-image\" alt=\"\" srcset=\"https:\/\/botschafter-menschenrechte.de\/wp-content\/uploads\/2022\/12\/cropped-EBE77007-598B-4F57-B5CC-2D139A601CCC.jpeg 556w, https:\/\/botschafter-menschenrechte.de\/wp-content\/uploads\/2022\/12\/cropped-EBE77007-598B-4F57-B5CC-2D139A601CCC-300x300.jpeg 300w, https:\/\/botschafter-menschenrechte.de\/wp-content\/uploads\/2022\/12\/cropped-EBE77007-598B-4F57-B5CC-2D139A601CCC-150x150.jpeg 150w\" sizes=\"auto, (max-width: 556px) 100vw, 556px\" \/>\r\n                      <div class=\"h-image__frame h-hide-lg h-hide-md h-hide-sm style-1548-frameImage style-local-331-c618-frameImage\"><\/div>\r\n                    <\/div>\r\n                    <div class=\"style-1548-caption style-local-331-c618-caption\">\r\n                      T\u00fcrkei: Safiye Alaga\u015f, kurdische Journalistin\r\n                    <\/div>\r\n                  <\/div>\r\n                <\/div>\r\n              <\/div>\r\n            <\/div>\r\n          <\/div>\r\n        <\/div>\r\n      <\/div>\r\n    <\/div>\r\n  <\/div>\r\n  <div data-colibri-component=\"section\" data-colibri-id=\"331-c619\" id=\"custom-68\" class=\"h-section h-section-global-spacing d-flex align-items-lg-center align-items-md-center align-items-center style-1482 style-local-331-c619 position-relative\">\r\n    <!---->\r\n    <!---->\r\n    <div class=\"h-section-grid-container h-section-boxed-container\">\r\n      <!---->\r\n      <div data-colibri-id=\"331-c620\" class=\"h-row-container gutters-row-lg-2 gutters-row-md-2 gutters-row-0 gutters-row-v-lg-2 gutters-row-v-md-2 gutters-row-v-2 style-1483 style-local-331-c620 position-relative\">\r\n        <!---->\r\n        <div class=\"h-row justify-content-lg-center justify-content-md-center justify-content-center align-items-lg-stretch align-items-md-stretch align-items-stretch gutters-col-lg-2 gutters-col-md-2 gutters-col-0 gutters-col-v-lg-2 gutters-col-v-md-2 gutters-col-v-2\">\r\n          <!---->\r\n          <div class=\"h-column h-column-container d-flex h-col-lg-auto h-col-md-auto h-col-auto style-1484-outer style-local-331-c621-outer\">\r\n            <div data-colibri-id=\"331-c621\" class=\"d-flex h-flex-basis h-column__inner h-px-lg-2 h-px-md-2 h-px-2 v-inner-lg-2 v-inner-md-2 v-inner-2 style-1484 style-local-331-c621 position-relative\">\r\n              <!---->\r\n              <!---->\r\n              <div class=\"w-100 h-y-container h-column__content h-column__v-align flex-basis-100 align-self-lg-center align-self-md-center align-self-center\">\r\n                <!---->\r\n                <div data-colibri-id=\"331-c622\" class=\"d-block style-1486 style-local-331-c622 position-relative h-element\">\r\n                  <!---->\r\n                  <div class=\"h-image__frame-container-outer\">\r\n                    <div class=\"h-image__frame-container\">\r\n                      <!---->\r\n                      <!---->\r\n                      <img loading=\"lazy\" decoding=\"async\" width=\"491\" height=\"714\" src=\"http:\/\/botschafter-menschenrechte.de\/wp-content\/uploads\/2022\/12\/cropped-PHOTO-2022-12-15-10-51-01-1.jpg\" class=\"wp-image-2600 style-1486-image style-local-331-c622-image\" alt=\"\" srcset=\"https:\/\/botschafter-menschenrechte.de\/wp-content\/uploads\/2022\/12\/cropped-PHOTO-2022-12-15-10-51-01-1.jpg 491w, https:\/\/botschafter-menschenrechte.de\/wp-content\/uploads\/2022\/12\/cropped-PHOTO-2022-12-15-10-51-01-1-206x300.jpg 206w\" sizes=\"auto, (max-width: 491px) 100vw, 491px\" \/>\r\n                      <div class=\"h-image__frame h-hide-lg h-hide-md h-hide-sm style-1486-frameImage style-local-331-c622-frameImage\"><\/div>\r\n                    <\/div>\r\n                  <\/div>\r\n                <\/div>\r\n              <\/div>\r\n            <\/div>\r\n          <\/div>\r\n          <div class=\"h-column h-column-container d-flex h-col-lg-auto h-col-md-auto h-col-auto style-1485-outer style-local-331-c623-outer\">\r\n            <div data-colibri-id=\"331-c623\" class=\"d-flex h-flex-basis h-column__inner h-px-lg-2 h-px-md-2 h-px-2 v-inner-lg-2 v-inner-md-2 v-inner-2 style-1485 style-local-331-c623 position-relative\">\r\n              <!---->\r\n              <!---->\r\n              <div class=\"w-100 h-y-container h-column__content h-column__v-align flex-basis-100 align-self-lg-center align-self-md-center align-self-center\">\r\n                <!---->\r\n                <div data-colibri-id=\"331-c624\" class=\"h-x-container style-1487 style-local-331-c624 position-relative h-element\">\r\n                  <!---->\r\n                  <div class=\"h-x-container-inner style-dynamic-331-c624-group style-1487-spacing style-local-331-c624-spacing\"><span class=\"h-link__outer style-1488-outer style-local-331-c625-outer d-inline-flex h-element\"><a h-use-smooth-scroll=\"true\" href=\"http:\/\/botschafter-menschenrechte.de\/?cat=17\"  data-colibri-id=\"331-c625\" class=\"d-flex w-100 align-items-center h-link style-1488 style-local-331-c625 position-relative\"><!----><!----> <span>KUBA<\/span><\/a>\r\n                    <\/span>\r\n                  <\/div>\r\n                <\/div>\r\n                <div data-colibri-id=\"331-c626\" class=\"h-global-transition-all h-heading style-1493 style-local-331-c626 position-relative h-element\">\r\n                  <!---->\r\n                  <div class=\"h-heading__outer style-1493 style-local-331-c626\">\r\n                    <!---->\r\n                    <!---->\r\n                    <h4 class=\"\">Kuba 2022:<\/h4>\r\n                  <\/div>\r\n                <\/div>\r\n                <div data-colibri-id=\"331-c627\" class=\"h-global-transition-all h-heading style-1489 style-local-331-c627 position-relative h-element\">\r\n                  <!---->\r\n                  <div class=\"h-heading__outer style-1489 style-local-331-c627\">\r\n                    <!---->\r\n                    <!---->\r\n                    <h2 class=\"\">\u00dcber 1000 politische Gefangene \u2013 Massenexodus der Jugend<\/h2>\r\n                  <\/div>\r\n                <\/div>\r\n                <div data-colibri-id=\"331-c628\" class=\"h-text h-text-component style-1490 style-local-331-c628 position-relative h-element\">\r\n                  <!---->\r\n                  <!---->\r\n                  <div class=\"\">\r\n                    <p>Innerhalb von zwei Jahren haben \u00fcber 200.000 Kubanerinnen und Kubaner die Karibikinsel verlassen, weil sie in ihrer Heimat f\u00fcr sich keine erstrebenswerte Zukunft sehen. Die meisten von ihnen sind j\u00fcnger als 30 Jahre. Sie nehmen gef\u00e4hrliche\r\n                      und beschwerliche Wege \u2013 zum Beispiel \u00fcber Nicaragua \u2013 in Kauf. Ihr Ziel sind die USA.<\/p>\r\n                  <\/div>\r\n                <\/div>\r\n                <div data-colibri-id=\"331-c629\" class=\"h-x-container style-1491 style-local-331-c629 position-relative h-element\">\r\n                  <!---->\r\n                  <div class=\"h-x-container-inner style-dynamic-331-c629-group style-1491-spacing style-local-331-c629-spacing\"><span class=\"h-button__outer style-1492-outer style-local-331-c630-outer d-inline-flex h-element\"><a h-use-smooth-scroll=\"true\" href=\"http:\/\/botschafter-menschenrechte.de\/?p=2612\"  data-colibri-id=\"331-c630\" class=\"d-flex w-100 align-items-center h-button justify-content-lg-center justify-content-md-center justify-content-center style-1492 style-local-331-c630 position-relative\"><!----><!----> <span>WEITERLESEN<\/span><\/a>\r\n                    <\/span>\r\n                  <\/div>\r\n                <\/div>\r\n              <\/div>\r\n            <\/div>\r\n          <\/div>\r\n        <\/div>\r\n      <\/div>\r\n    <\/div>\r\n  <\/div>\r\n  <div data-colibri-component=\"section\" data-colibri-id=\"331-c631\" id=\"custom-67\" class=\"h-section h-section-global-spacing d-flex align-items-lg-center align-items-md-center align-items-center style-1471 style-local-331-c631 position-relative\">\r\n    <!---->\r\n    <!---->\r\n    <div class=\"h-section-grid-container h-section-boxed-container\">\r\n      <!---->\r\n      <div data-colibri-id=\"331-c632\" class=\"h-row-container gutters-row-lg-2 gutters-row-md-2 gutters-row-0 gutters-row-v-lg-2 gutters-row-v-md-2 gutters-row-v-2 style-1472 style-local-331-c632 position-relative\">\r\n        <!---->\r\n        <div class=\"h-row justify-content-lg-center justify-content-md-center justify-content-center align-items-lg-stretch align-items-md-stretch align-items-stretch gutters-col-lg-2 gutters-col-md-2 gutters-col-0 gutters-col-v-lg-2 gutters-col-v-md-2 gutters-col-v-2\">\r\n          <!---->\r\n          <div class=\"h-column h-column-container d-flex h-col-lg-auto h-col-md-auto h-col-auto style-1473-outer style-local-331-c633-outer\">\r\n            <div data-colibri-id=\"331-c633\" class=\"d-flex h-flex-basis h-column__inner h-px-lg-2 h-px-md-2 h-px-2 v-inner-lg-2 v-inner-md-2 v-inner-2 style-1473 style-local-331-c633 position-relative\">\r\n              <!---->\r\n              <!---->\r\n              <div class=\"w-100 h-y-container h-column__content h-column__v-align flex-basis-100 align-self-lg-center align-self-md-center align-self-center\">\r\n                <!---->\r\n                <div data-colibri-id=\"331-c634\" class=\"d-block style-1481 style-local-331-c634 position-relative h-element\">\r\n                  <!---->\r\n                  <div class=\"h-image__frame-container-outer\">\r\n                    <div class=\"h-image__frame-container\">\r\n                      <!---->\r\n                      <!---->\r\n                      <img loading=\"lazy\" decoding=\"async\" width=\"627\" height=\"627\" src=\"http:\/\/botschafter-menschenrechte.de\/wp-content\/uploads\/2022\/11\/cropped-image006.jpg\" class=\"wp-image-2580 style-1481-image style-local-331-c634-image\" alt=\"\" srcset=\"https:\/\/botschafter-menschenrechte.de\/wp-content\/uploads\/2022\/11\/cropped-image006.jpg 627w, https:\/\/botschafter-menschenrechte.de\/wp-content\/uploads\/2022\/11\/cropped-image006-300x300.jpg 300w, https:\/\/botschafter-menschenrechte.de\/wp-content\/uploads\/2022\/11\/cropped-image006-150x150.jpg 150w\" sizes=\"auto, (max-width: 627px) 100vw, 627px\" \/>\r\n                      <div class=\"h-image__frame h-hide-lg h-hide-md h-hide-sm style-1481-frameImage style-local-331-c634-frameImage\"><\/div>\r\n                    <\/div>\r\n                  <\/div>\r\n                <\/div>\r\n              <\/div>\r\n            <\/div>\r\n          <\/div>\r\n          <div class=\"h-column h-column-container d-flex h-col-lg-auto h-col-md-auto h-col-auto style-1474-outer style-local-331-c635-outer\">\r\n            <div data-colibri-id=\"331-c635\" class=\"d-flex h-flex-basis h-column__inner h-px-lg-2 h-px-md-2 h-px-2 v-inner-lg-2 v-inner-md-2 v-inner-2 style-1474 style-local-331-c635 position-relative\">\r\n              <!---->\r\n              <!---->\r\n              <div class=\"w-100 h-y-container h-column__content h-column__v-align flex-basis-100 align-self-lg-center align-self-md-center align-self-center\">\r\n                <!---->\r\n                <div data-colibri-id=\"331-c636\" class=\"h-x-container style-1476 style-local-331-c636 position-relative h-element\">\r\n                  <!---->\r\n                  <div class=\"h-x-container-inner style-dynamic-331-c636-group style-1476-spacing style-local-331-c636-spacing\"><span class=\"h-link__outer style-1477-outer style-local-331-c637-outer d-inline-flex h-element\"><a h-use-smooth-scroll=\"true\" href=\"http:\/\/botschafter-menschenrechte.de\/?cat=17\"  data-colibri-id=\"331-c637\" class=\"d-flex w-100 align-items-center h-link style-1477 style-local-331-c637 position-relative\"><!----><!----> <span>KUBA<\/span><\/a>\r\n                    <\/span>\r\n                  <\/div>\r\n                <\/div>\r\n                <div data-colibri-id=\"331-c638\" class=\"h-global-transition-all h-heading style-1478 style-local-331-c638 position-relative h-element\">\r\n                  <!---->\r\n                  <div class=\"h-heading__outer style-1478 style-local-331-c638\">\r\n                    <!---->\r\n                    <!---->\r\n                    <h1 class=\"\">Kuba: T\u00f6dlicher Wehrdienst<\/h1>\r\n                  <\/div>\r\n                <\/div>\r\n                <div data-colibri-id=\"331-c639\" class=\"h-text h-text-component style-1475 style-local-331-c639 position-relative h-element\">\r\n                  <!---->\r\n                  <!---->\r\n                  <div class=\"\">\r\n                    <p>Die Medien in Deutschland sind voll mit Berichten zur offiziellen und verdeckten Mobilmachung in Russland. So wie es aussieht, versuchen weiterhin zehntausende wehrf\u00e4hige Russen aus Russland zu fliehen, um nicht eingezogen zu werden.\r\n                      Sie wollen nicht als Kanonenfutter f\u00fcr Putins verbrecherischen Angriffskrieg benutzt werden. Aber auch andere L\u00e4nder zwingen ihre B\u00fcrger dazu Dienst an der Waffe zu leisten. Eins diese L\u00e4nder ist Kuba.<\/p>\r\n                  <\/div>\r\n                <\/div>\r\n                <div data-colibri-id=\"331-c640\" class=\"h-x-container style-1479 style-local-331-c640 position-relative h-element\">\r\n                  <!---->\r\n                  <div class=\"h-x-container-inner style-dynamic-331-c640-group style-1479-spacing style-local-331-c640-spacing\"><span class=\"h-button__outer style-1480-outer style-local-331-c641-outer d-inline-flex h-element\"><a h-use-smooth-scroll=\"true\" href=\"http:\/\/botschafter-menschenrechte.de\/?p=2575\"  data-colibri-id=\"331-c641\" class=\"d-flex w-100 align-items-center h-button justify-content-lg-center justify-content-md-center justify-content-center style-1480 style-local-331-c641 position-relative\"><!----><!----> <span>ZUM ARTIKEL<\/span><\/a>\r\n                    <\/span>\r\n                  <\/div>\r\n                <\/div>\r\n              <\/div>\r\n            <\/div>\r\n          <\/div>\r\n        <\/div>\r\n      <\/div>\r\n    <\/div>\r\n  <\/div>\r\n  <div data-colibri-component=\"section\" data-colibri-id=\"331-c642\" id=\"custom-66\" class=\"h-section h-section-global-spacing d-flex align-items-lg-center align-items-md-center align-items-center style-1460 style-local-331-c642 position-relative\">\r\n    <!---->\r\n    <!---->\r\n    <div class=\"h-section-grid-container h-section-boxed-container\">\r\n      <!---->\r\n      <div data-colibri-id=\"331-c643\" class=\"h-row-container gutters-row-lg-2 gutters-row-md-2 gutters-row-0 gutters-row-v-lg-2 gutters-row-v-md-2 gutters-row-v-2 style-1461 style-local-331-c643 position-relative\">\r\n        <!---->\r\n        <div class=\"h-row justify-content-lg-center justify-content-md-center justify-content-center align-items-lg-stretch align-items-md-stretch align-items-stretch gutters-col-lg-2 gutters-col-md-2 gutters-col-0 gutters-col-v-lg-2 gutters-col-v-md-2 gutters-col-v-2\">\r\n          <!---->\r\n          <div class=\"h-column h-column-container d-flex h-col-lg-auto h-col-md-auto h-col-auto style-1462-outer style-local-331-c644-outer\">\r\n            <div data-colibri-id=\"331-c644\" class=\"d-flex h-flex-basis h-column__inner h-px-lg-2 h-px-md-2 h-px-2 v-inner-lg-2 v-inner-md-2 v-inner-2 style-1462 style-local-331-c644 position-relative\">\r\n              <!---->\r\n              <!---->\r\n              <div class=\"w-100 h-y-container h-column__content h-column__v-align flex-basis-100 align-self-lg-center align-self-md-center align-self-center\">\r\n                <!---->\r\n                <div data-colibri-id=\"331-c645\" class=\"d-block style-1470 style-local-331-c645 position-relative h-element\">\r\n                  <!---->\r\n                  <div class=\"h-image__frame-container-outer\">\r\n                    <div class=\"h-image__frame-container\">\r\n                      <!---->\r\n                      <!---->\r\n                      <img loading=\"lazy\" decoding=\"async\" width=\"342\" height=\"342\" src=\"http:\/\/botschafter-menschenrechte.de\/wp-content\/uploads\/2022\/11\/cropped-Bild-von-iOS.jpg\" class=\"wp-image-2568 style-1470-image style-local-331-c645-image\" alt=\"\" srcset=\"https:\/\/botschafter-menschenrechte.de\/wp-content\/uploads\/2022\/11\/cropped-Bild-von-iOS.jpg 342w, https:\/\/botschafter-menschenrechte.de\/wp-content\/uploads\/2022\/11\/cropped-Bild-von-iOS-300x300.jpg 300w, https:\/\/botschafter-menschenrechte.de\/wp-content\/uploads\/2022\/11\/cropped-Bild-von-iOS-150x150.jpg 150w\" sizes=\"auto, (max-width: 342px) 100vw, 342px\" \/>\r\n                      <div class=\"h-image__frame h-hide-lg h-hide-md h-hide-sm style-1470-frameImage style-local-331-c645-frameImage\"><\/div>\r\n                    <\/div>\r\n                  <\/div>\r\n                <\/div>\r\n              <\/div>\r\n            <\/div>\r\n          <\/div>\r\n          <div class=\"h-column h-column-container d-flex h-col-lg-auto h-col-md-auto h-col-auto style-1463-outer style-local-331-c646-outer\">\r\n            <div data-colibri-id=\"331-c646\" class=\"d-flex h-flex-basis h-column__inner h-px-lg-2 h-px-md-2 h-px-2 v-inner-lg-2 v-inner-md-2 v-inner-2 style-1463 style-local-331-c646 position-relative\">\r\n              <!---->\r\n              <!---->\r\n              <div class=\"w-100 h-y-container h-column__content h-column__v-align flex-basis-100 align-self-lg-center align-self-md-center align-self-center\">\r\n                <!---->\r\n                <div data-colibri-id=\"331-c647\" class=\"h-x-container style-1464 style-local-331-c647 position-relative h-element\">\r\n                  <!---->\r\n                  <div class=\"h-x-container-inner style-dynamic-331-c647-group style-1464-spacing style-local-331-c647-spacing\"><span class=\"h-link__outer style-1465-outer style-local-331-c648-outer d-inline-flex h-element\"><a h-use-smooth-scroll=\"true\" href=\"http:\/\/botschafter-menschenrechte.de\/?cat=16\"  data-colibri-id=\"331-c648\" class=\"d-flex w-100 align-items-center h-link style-1465 style-local-331-c648 position-relative\"><!----><!----> <span>IRAN<\/span><\/a>\r\n                    <\/span>\r\n                  <\/div>\r\n                <\/div>\r\n                <div data-colibri-id=\"331-c649\" class=\"h-global-transition-all h-heading style-1466 style-local-331-c649 position-relative h-element\">\r\n                  <!---->\r\n                  <div class=\"h-heading__outer style-1466 style-local-331-c649\">\r\n                    <!---->\r\n                    <!---->\r\n                    <h2 class=\"\">Kranke deutsch-iranische Frauenrechtlerin Nahid Taghavi wieder im Evin Gef\u00e4ngnis<\/h2>\r\n                  <\/div>\r\n                <\/div>\r\n                <div data-colibri-id=\"331-c650\" class=\"h-text h-text-component style-1467 style-local-331-c650 position-relative h-element\">\r\n                  <!---->\r\n                  <!---->\r\n                  <div class=\"\">\r\n                    <p><span style=\"font-weight: 400; font-size: 15px; font-family: Slack-Lato, Slack-Fractions, appleLogo, sans-serif; color: rgb(29, 28, 29);\">Die Tochter von Nahid Taghavi, Mariam Claren, berichtet:Trotz nicht abgeschlossener medizinischer Behandlung aber mit erhobenem Haupt wurde meine Mutter Nahid Taghavi am Sonntag, den 13. November 2022 gezwungen zur\u00fcck ins Evin Gef\u00e4ngnis zu gehen.<\/span><\/p>\r\n                  <\/div>\r\n                <\/div>\r\n                <div data-colibri-id=\"331-c651\" class=\"h-x-container style-1468 style-local-331-c651 position-relative h-element\">\r\n                  <!---->\r\n                  <div class=\"h-x-container-inner style-dynamic-331-c651-group style-1468-spacing style-local-331-c651-spacing\"><span class=\"h-button__outer style-1469-outer style-local-331-c652-outer d-inline-flex h-element\"><a h-use-smooth-scroll=\"true\" href=\"http:\/\/botschafter-menschenrechte.de\/?p=2562\"  data-colibri-id=\"331-c652\" class=\"d-flex w-100 align-items-center h-button justify-content-lg-center justify-content-md-center justify-content-center style-1469 style-local-331-c652 position-relative\"><!----><!----> <span>WEITERLESEN<\/span><\/a>\r\n                    <\/span>\r\n                  <\/div>\r\n                <\/div>\r\n              <\/div>\r\n            <\/div>\r\n          <\/div>\r\n        <\/div>\r\n      <\/div>\r\n    <\/div>\r\n  <\/div>\r\n  <div data-colibri-component=\"section\" data-colibri-id=\"331-c653\" id=\"custom-65\" class=\"h-section h-section-global-spacing d-flex align-items-lg-center align-items-md-center align-items-center style-1450 style-local-331-c653 position-relative\">\r\n    <!---->\r\n    <!---->\r\n    <div class=\"h-section-grid-container h-section-boxed-container\">\r\n      <!---->\r\n      <div data-colibri-id=\"331-c654\" class=\"h-row-container gutters-row-lg-2 gutters-row-md-2 gutters-row-0 gutters-row-v-lg-2 gutters-row-v-md-2 gutters-row-v-2 style-1451 style-local-331-c654 position-relative\">\r\n        <!---->\r\n        <div class=\"h-row justify-content-lg-center justify-content-md-center justify-content-center align-items-lg-stretch align-items-md-stretch align-items-stretch gutters-col-lg-2 gutters-col-md-2 gutters-col-0 gutters-col-v-lg-2 gutters-col-v-md-2 gutters-col-v-2\">\r\n          <!---->\r\n          <div class=\"h-column h-column-container d-flex h-col-lg-auto h-col-md-auto h-col-auto style-1452-outer style-local-331-c655-outer\">\r\n            <div data-colibri-id=\"331-c655\" class=\"d-flex h-flex-basis h-column__inner h-px-lg-2 h-px-md-2 h-px-2 v-inner-lg-2 v-inner-md-2 v-inner-2 style-1452 style-local-331-c655 position-relative\">\r\n              <!---->\r\n              <!---->\r\n              <div class=\"w-100 h-y-container h-column__content h-column__v-align flex-basis-100 align-self-lg-start align-self-md-start align-self-start\">\r\n                <!---->\r\n                <div data-colibri-id=\"331-c656\" class=\"d-block style-1454 style-local-331-c656 position-relative h-element\">\r\n                  <!---->\r\n                  <div class=\"h-image__frame-container-outer\">\r\n                    <div class=\"h-image__frame-container\">\r\n                      <!---->\r\n                      <!---->\r\n                      <img loading=\"lazy\" decoding=\"async\" width=\"1023\" height=\"1023\" src=\"http:\/\/botschafter-menschenrechte.de\/wp-content\/uploads\/2022\/08\/cropped-thumbnail-1.jpeg\" class=\"wp-image-2544 style-1454-image style-local-331-c656-image\" alt=\"\" srcset=\"https:\/\/botschafter-menschenrechte.de\/wp-content\/uploads\/2022\/08\/cropped-thumbnail-1.jpeg 1023w, https:\/\/botschafter-menschenrechte.de\/wp-content\/uploads\/2022\/08\/cropped-thumbnail-1-300x300.jpeg 300w, https:\/\/botschafter-menschenrechte.de\/wp-content\/uploads\/2022\/08\/cropped-thumbnail-1-150x150.jpeg 150w, https:\/\/botschafter-menschenrechte.de\/wp-content\/uploads\/2022\/08\/cropped-thumbnail-1-768x768.jpeg 768w\" sizes=\"auto, (max-width: 1023px) 100vw, 1023px\" \/>\r\n                      <div class=\"h-image__frame h-hide-lg h-hide-md h-hide-sm style-1454-frameImage style-local-331-c656-frameImage\"><\/div>\r\n                    <\/div>\r\n                  <\/div>\r\n                <\/div>\r\n              <\/div>\r\n            <\/div>\r\n          <\/div>\r\n          <div class=\"h-column h-column-container d-flex h-col-lg-auto h-col-md-auto h-col-auto style-1453-outer style-local-331-c657-outer\">\r\n            <div data-colibri-id=\"331-c657\" class=\"d-flex h-flex-basis h-column__inner h-px-lg-2 h-px-md-2 h-px-2 v-inner-lg-2 v-inner-md-2 v-inner-2 style-1453 style-local-331-c657 position-relative\">\r\n              <!---->\r\n              <!---->\r\n              <div class=\"w-100 h-y-container h-column__content h-column__v-align flex-basis-100 align-self-lg-start align-self-md-start align-self-start\">\r\n                <!---->\r\n                <div data-colibri-id=\"331-c658\" class=\"h-x-container style-1458 style-local-331-c658 position-relative h-element\">\r\n                  <!---->\r\n                  <div class=\"h-x-container-inner style-dynamic-331-c658-group style-1458-spacing style-local-331-c658-spacing\"><span class=\"h-link__outer style-1459-outer style-local-331-c659-outer d-inline-flex h-element\"><a h-use-smooth-scroll=\"true\" href=\"http:\/\/botschafter-menschenrechte.de\/?cat=17\"  data-colibri-id=\"331-c659\" class=\"d-flex w-100 align-items-center h-link style-1459 style-local-331-c659 position-relative\"><!----><!----> <span>KUBA<\/span><\/a>\r\n                    <\/span>\r\n                  <\/div>\r\n                <\/div>\r\n                <div data-colibri-id=\"331-c660\" class=\"h-global-transition-all h-heading style-1455 style-local-331-c660 position-relative h-element\">\r\n                  <!---->\r\n                  <div class=\"h-heading__outer style-1455 style-local-331-c660\">\r\n                    <!---->\r\n                    <!---->\r\n                    <h1 class=\"\">Wie versorgt unsere Familie auf Kuba unseren Papa im Gef\u00e4ngnis eigentlich?<\/h1>\r\n                  <\/div>\r\n                <\/div>\r\n                <div data-colibri-id=\"331-c661\" class=\"h-x-container style-1456 style-local-331-c661 position-relative h-element\">\r\n                  <!---->\r\n                  <div class=\"h-x-container-inner style-dynamic-331-c661-group style-1456-spacing style-local-331-c661-spacing\"><span class=\"h-button__outer style-1457-outer style-local-331-c662-outer d-inline-flex h-element\"><a h-use-smooth-scroll=\"true\" href=\"http:\/\/botschafter-menschenrechte.de\/?p=2534\"  data-colibri-id=\"331-c662\" class=\"d-flex w-100 align-items-center h-button justify-content-lg-center justify-content-md-center justify-content-center style-1457 style-local-331-c662 position-relative\"><!----><!----> <span>ZUM ARTIKEL<\/span><\/a>\r\n                    <\/span>\r\n                  <\/div>\r\n                <\/div>\r\n              <\/div>\r\n            <\/div>\r\n          <\/div>\r\n        <\/div>\r\n      <\/div>\r\n    <\/div>\r\n  <\/div>\r\n  <div data-colibri-component=\"section\" data-colibri-id=\"331-c663\" id=\"custom-64\" class=\"h-section h-section-global-spacing d-flex align-items-lg-center align-items-md-center align-items-center style-1437 style-local-331-c663 position-relative\">\r\n    <!---->\r\n    <!---->\r\n    <div class=\"h-section-grid-container h-section-boxed-container\">\r\n      <!---->\r\n      <div data-colibri-id=\"331-c664\" class=\"h-row-container gutters-row-lg-2 gutters-row-md-2 gutters-row-0 gutters-row-v-lg-2 gutters-row-v-md-2 gutters-row-v-2 style-1438 style-local-331-c664 position-relative\">\r\n        <!---->\r\n        <div class=\"h-row justify-content-lg-center justify-content-md-center justify-content-center align-items-lg-stretch align-items-md-stretch align-items-stretch gutters-col-lg-2 gutters-col-md-2 gutters-col-0 gutters-col-v-lg-2 gutters-col-v-md-2 gutters-col-v-2\">\r\n          <!---->\r\n          <div class=\"h-column h-column-container d-flex h-col-lg-auto h-col-md-auto h-col-auto style-1439-outer style-local-331-c665-outer\">\r\n            <div data-colibri-id=\"331-c665\" class=\"d-flex h-flex-basis h-column__inner h-px-lg-2 h-px-md-2 h-px-2 v-inner-lg-2 v-inner-md-2 v-inner-2 style-1439 style-local-331-c665 position-relative\">\r\n              <!---->\r\n              <!---->\r\n              <div class=\"w-100 h-y-container h-column__content h-column__v-align flex-basis-100 align-self-lg-start align-self-md-start align-self-start\">\r\n                <!---->\r\n                <div data-colibri-id=\"331-c666\" class=\"d-block style-1449 style-local-331-c666 position-relative h-element\">\r\n                  <!---->\r\n                  <div class=\"h-image__frame-container-outer\">\r\n                    <div class=\"h-image__frame-container\">\r\n                      <!---->\r\n                      <!---->\r\n                      <img loading=\"lazy\" decoding=\"async\" width=\"1190\" height=\"1190\" src=\"http:\/\/botschafter-menschenrechte.de\/wp-content\/uploads\/2022\/07\/cropped-Flag-scaled-1.jpg\" class=\"wp-image-2516 style-1449-image style-local-331-c666-image\" alt=\"\" srcset=\"https:\/\/botschafter-menschenrechte.de\/wp-content\/uploads\/2022\/07\/cropped-Flag-scaled-1.jpg 1190w, https:\/\/botschafter-menschenrechte.de\/wp-content\/uploads\/2022\/07\/cropped-Flag-scaled-1-300x300.jpg 300w, https:\/\/botschafter-menschenrechte.de\/wp-content\/uploads\/2022\/07\/cropped-Flag-scaled-1-1024x1024.jpg 1024w, https:\/\/botschafter-menschenrechte.de\/wp-content\/uploads\/2022\/07\/cropped-Flag-scaled-1-150x150.jpg 150w, https:\/\/botschafter-menschenrechte.de\/wp-content\/uploads\/2022\/07\/cropped-Flag-scaled-1-768x768.jpg 768w\" sizes=\"auto, (max-width: 1190px) 100vw, 1190px\" \/>\r\n                      <div class=\"h-image__frame h-hide-lg h-hide-md h-hide-sm style-1449-frameImage style-local-331-c666-frameImage\"><\/div>\r\n                    <\/div>\r\n                  <\/div>\r\n                <\/div>\r\n              <\/div>\r\n            <\/div>\r\n          <\/div>\r\n          <div class=\"h-column h-column-container d-flex h-col-lg-auto h-col-md-auto h-col-auto style-1440-outer style-local-331-c667-outer\">\r\n            <div data-colibri-id=\"331-c667\" class=\"d-flex h-flex-basis h-column__inner h-px-lg-2 h-px-md-2 h-px-2 v-inner-lg-2 v-inner-md-2 v-inner-2 style-1440 style-local-331-c667 position-relative\">\r\n              <!---->\r\n              <!---->\r\n              <div class=\"w-100 h-y-container h-column__content h-column__v-align flex-basis-100 align-self-lg-start align-self-md-start align-self-start\">\r\n                <!---->\r\n                <div data-colibri-id=\"331-c668\" class=\"h-x-container style-1447 style-local-331-c668 position-relative h-element\">\r\n                  <!---->\r\n                  <div class=\"h-x-container-inner style-dynamic-331-c668-group style-1447-spacing style-local-331-c668-spacing\"><span class=\"h-link__outer style-1448-outer style-local-331-c669-outer d-inline-flex h-element\"><a h-use-smooth-scroll=\"true\" href=\"http:\/\/botschafter-menschenrechte.de\/?cat=163\"  data-colibri-id=\"331-c669\" class=\"d-flex w-100 align-items-center h-link style-1448 style-local-331-c669 position-relative\"><!----><!----> <span>UKRAINE<\/span><\/a>\r\n                    <\/span>\r\n                  <\/div>\r\n                <\/div>\r\n                <div data-colibri-id=\"331-c670\" class=\"h-global-transition-all h-heading style-1446 style-local-331-c670 position-relative h-element\">\r\n                  <!---->\r\n                  <div class=\"h-heading__outer style-1446 style-local-331-c670\">\r\n                    <!---->\r\n                    <!---->\r\n                    <h3 class=\"\">Widerstand per Laptop: Wie Softwareentwickler und IT-Spezialisten die ukrainische Wirtschaft inmitten eines Krieges am Laufen halten<\/h3>\r\n                  <\/div>\r\n                <\/div>\r\n                <div data-colibri-id=\"331-c671\" class=\"h-x-container style-1441 style-local-331-c671 position-relative h-element\">\r\n                  <!---->\r\n                  <div class=\"h-x-container-inner style-dynamic-331-c671-group style-1441-spacing style-local-331-c671-spacing\"><span class=\"h-button__outer style-1442-outer style-local-331-c672-outer d-inline-flex h-element\"><a h-use-smooth-scroll=\"true\" href=\"http:\/\/botschafter-menschenrechte.de\/?p=2502\"  data-colibri-id=\"331-c672\" class=\"d-flex w-100 align-items-center h-button justify-content-lg-center justify-content-md-center justify-content-center style-1442 style-local-331-c672 position-relative\"><!----><!----> <span>ZUM ARTIKEL<\/span><\/a>\r\n                    <\/span>\r\n                  <\/div>\r\n                <\/div>\r\n              <\/div>\r\n            <\/div>\r\n          <\/div>\r\n        <\/div>\r\n      <\/div>\r\n    <\/div>\r\n  <\/div>\r\n  <div data-colibri-component=\"section\" data-colibri-id=\"331-c673\" id=\"custom-63\" class=\"h-section h-section-global-spacing d-flex align-items-lg-center align-items-md-center align-items-center style-1426 style-local-331-c673 position-relative\">\r\n    <!---->\r\n    <!---->\r\n    <div class=\"h-section-grid-container h-section-boxed-container\">\r\n      <!---->\r\n      <div data-colibri-id=\"331-c674\" class=\"h-row-container gutters-row-lg-2 gutters-row-md-2 gutters-row-0 gutters-row-v-lg-2 gutters-row-v-md-2 gutters-row-v-2 style-1427 style-local-331-c674 position-relative\">\r\n        <!---->\r\n        <div class=\"h-row justify-content-lg-center justify-content-md-center justify-content-center align-items-lg-stretch align-items-md-stretch align-items-stretch gutters-col-lg-2 gutters-col-md-2 gutters-col-0 gutters-col-v-lg-2 gutters-col-v-md-2 gutters-col-v-2\">\r\n          <!---->\r\n          <div class=\"h-column h-column-container d-flex h-col-lg-auto h-col-md-auto h-col-auto style-1428-outer style-local-331-c675-outer\">\r\n            <div data-colibri-id=\"331-c675\" class=\"d-flex h-flex-basis h-column__inner h-px-lg-2 h-px-md-2 h-px-2 v-inner-lg-2 v-inner-md-2 v-inner-2 style-1428 style-local-331-c675 position-relative\">\r\n              <!---->\r\n              <!---->\r\n              <div class=\"w-100 h-y-container h-column__content h-column__v-align flex-basis-100 align-self-lg-center align-self-md-center align-self-center\">\r\n                <!---->\r\n                <div data-colibri-id=\"331-c676\" class=\"d-block style-1430 style-local-331-c676 position-relative h-element\">\r\n                  <!---->\r\n                  <div class=\"h-image__frame-container-outer\">\r\n                    <div class=\"h-image__frame-container\">\r\n                      <!---->\r\n                      <!---->\r\n                      <img loading=\"lazy\" decoding=\"async\" width=\"1008\" height=\"1008\" src=\"http:\/\/botschafter-menschenrechte.de\/wp-content\/uploads\/2022\/07\/cropped-be1e2c0b-8d9d-42f1-84ad-b8d2a8a6b6cd.jpg\" class=\"wp-image-2475 style-1430-image style-local-331-c676-image\" alt=\"\" srcset=\"https:\/\/botschafter-menschenrechte.de\/wp-content\/uploads\/2022\/07\/cropped-be1e2c0b-8d9d-42f1-84ad-b8d2a8a6b6cd.jpg 1008w, https:\/\/botschafter-menschenrechte.de\/wp-content\/uploads\/2022\/07\/cropped-be1e2c0b-8d9d-42f1-84ad-b8d2a8a6b6cd-300x300.jpg 300w, https:\/\/botschafter-menschenrechte.de\/wp-content\/uploads\/2022\/07\/cropped-be1e2c0b-8d9d-42f1-84ad-b8d2a8a6b6cd-150x150.jpg 150w, https:\/\/botschafter-menschenrechte.de\/wp-content\/uploads\/2022\/07\/cropped-be1e2c0b-8d9d-42f1-84ad-b8d2a8a6b6cd-768x768.jpg 768w\" sizes=\"auto, (max-width: 1008px) 100vw, 1008px\" \/>\r\n                      <div class=\"h-image__frame h-hide-lg h-hide-md h-hide-sm style-1430-frameImage style-local-331-c676-frameImage\"><\/div>\r\n                    <\/div>\r\n                  <\/div>\r\n                <\/div>\r\n              <\/div>\r\n            <\/div>\r\n          <\/div>\r\n          <div class=\"h-column h-column-container d-flex h-col-lg-auto h-col-md-auto h-col-auto style-1429-outer style-local-331-c677-outer\">\r\n            <div data-colibri-id=\"331-c677\" class=\"d-flex h-flex-basis h-column__inner h-px-lg-2 h-px-md-2 h-px-2 v-inner-lg-2 v-inner-md-2 v-inner-2 style-1429 style-local-331-c677 position-relative\">\r\n              <!---->\r\n              <!---->\r\n              <div class=\"w-100 h-y-container h-column__content h-column__v-align flex-basis-100 align-self-lg-center align-self-md-center align-self-center\">\r\n                <!---->\r\n                <div data-colibri-id=\"331-c678\" class=\"h-x-container style-1435 style-local-331-c678 position-relative h-element\">\r\n                  <!---->\r\n                  <div class=\"h-x-container-inner style-dynamic-331-c678-group style-1435-spacing style-local-331-c678-spacing\"><span class=\"h-link__outer style-1436-outer style-local-331-c679-outer d-inline-flex h-element\"><a h-use-smooth-scroll=\"true\" href=\"http:\/\/botschafter-menschenrechte.de\/?cat=17\"  data-colibri-id=\"331-c679\" class=\"d-flex w-100 align-items-center h-link style-1436 style-local-331-c679 position-relative\"><!----><!----> <span>KUBA<\/span><\/a>\r\n                    <\/span>\r\n                  <\/div>\r\n                <\/div>\r\n                <div data-colibri-id=\"331-c680\" class=\"h-global-transition-all h-heading style-1433 style-local-331-c680 position-relative h-element\">\r\n                  <!---->\r\n                  <div class=\"h-heading__outer style-1433 style-local-331-c680\">\r\n                    <!---->\r\n                    <!---->\r\n                    <h1 class=\"\">Free Luis &#8211; Freiheit f\u00fcr alle politischen Gefangenen auf Kuba!<\/h1>\r\n                  <\/div>\r\n                <\/div>\r\n                <div data-colibri-id=\"331-c681\" class=\"h-text h-text-component style-1434 style-local-331-c681 position-relative h-element\">\r\n                  <!---->\r\n                  <!---->\r\n                  <div class=\"\">\r\n                    <p><span style=\"font-weight: 400; font-size: 15px; font-family: Slack-Lato, Slack-Fractions, appleLogo, sans-serif; color: rgb(29, 28, 29);\">Luis Frometa Comte ist unschuldig! <\/span><\/p>\r\n                    <p><span style=\"font-weight: 400; font-size: 15px; font-family: Slack-Lato, Slack-Fractions, appleLogo, sans-serif; color: rgb(29, 28, 29);\">Als er am 11. Juli 2021 Bilder einer Demonstration in Havanna mit seinem Handy filmte, war dies eine gute Tat, kein Verbrechen!<\/span><\/p>\r\n                  <\/div>\r\n                <\/div>\r\n                <div data-colibri-id=\"331-c682\" class=\"h-x-container style-1431 style-local-331-c682 position-relative h-element\">\r\n                  <!---->\r\n                  <div class=\"h-x-container-inner style-dynamic-331-c682-group style-1431-spacing style-local-331-c682-spacing\"><span class=\"h-button__outer style-1432-outer style-local-331-c683-outer d-inline-flex h-element\"><a h-use-smooth-scroll=\"true\" href=\"http:\/\/botschafter-menschenrechte.de\/?p=2467\"  data-colibri-id=\"331-c683\" class=\"d-flex w-100 align-items-center h-button justify-content-lg-center justify-content-md-center justify-content-center style-1432 style-local-331-c683 position-relative\"><!----><!----> <span>ZUM ARTIKEL<\/span><\/a>\r\n                    <\/span>\r\n                  <\/div>\r\n                <\/div>\r\n              <\/div>\r\n            <\/div>\r\n          <\/div>\r\n        <\/div>\r\n      <\/div>\r\n    <\/div>\r\n  <\/div>\r\n  <div data-colibri-component=\"section\" data-colibri-id=\"331-c684\" id=\"custom-62\" class=\"h-section h-section-global-spacing d-flex align-items-lg-center align-items-md-center align-items-center style-1414 style-local-331-c684 position-relative\">\r\n    <!---->\r\n    <!---->\r\n    <div class=\"h-section-grid-container h-section-boxed-container\">\r\n      <!---->\r\n      <div data-colibri-id=\"331-c685\" class=\"h-row-container gutters-row-lg-2 gutters-row-md-2 gutters-row-0 gutters-row-v-lg-2 gutters-row-v-md-2 gutters-row-v-2 style-1415 style-local-331-c685 position-relative\">\r\n        <!---->\r\n        <div class=\"h-row justify-content-lg-center justify-content-md-center justify-content-center align-items-lg-stretch align-items-md-stretch align-items-stretch gutters-col-lg-2 gutters-col-md-2 gutters-col-0 gutters-col-v-lg-2 gutters-col-v-md-2 gutters-col-v-2\">\r\n          <!---->\r\n          <div class=\"h-column h-column-container d-flex h-col-lg-auto h-col-md-auto h-col-auto style-1417-outer style-local-331-c686-outer\">\r\n            <div data-colibri-id=\"331-c686\" class=\"d-flex h-flex-basis h-column__inner h-px-lg-2 h-px-md-2 h-px-2 v-inner-lg-2 v-inner-md-2 v-inner-2 style-1417 style-local-331-c686 position-relative\">\r\n              <!---->\r\n              <!---->\r\n              <div class=\"w-100 h-y-container h-column__content h-column__v-align flex-basis-100 align-self-lg-start align-self-md-start align-self-start\">\r\n                <!---->\r\n                <div data-colibri-id=\"331-c687\" class=\"h-global-transition-all h-heading style-1419 style-local-331-c687 position-relative h-element\">\r\n                  <!---->\r\n                  <div class=\"h-heading__outer style-1419 style-local-331-c687\">\r\n                    <!---->\r\n                    <!---->\r\n                    <h6 class=\"\">20 Jahre Internationaler Strafgerichtshof<\/h6>\r\n                  <\/div>\r\n                <\/div>\r\n                <div data-colibri-id=\"331-c688\" class=\"h-global-transition-all h-heading style-1418 style-local-331-c688 position-relative h-element\">\r\n                  <!---->\r\n                  <div class=\"h-heading__outer style-1418 style-local-331-c688\">\r\n                    <!---->\r\n                    <!---->\r\n                    <h3 class=\"\">\u201eWer f\u00fcr Kriegsverbrechen verantwortlich ist,\r\n                      <br>muss zur Rechenschaft gezogen werden\u201c<\/h3>\r\n                  <\/div>\r\n                <\/div>\r\n              <\/div>\r\n            <\/div>\r\n          <\/div>\r\n        <\/div>\r\n      <\/div>\r\n      <div data-colibri-id=\"331-c689\" class=\"h-row-container gutters-row-lg-2 gutters-row-md-2 gutters-row-0 gutters-row-v-lg-2 gutters-row-v-md-2 gutters-row-v-2 style-1420 style-local-331-c689 position-relative\">\r\n        <!---->\r\n        <div class=\"h-row justify-content-lg-center justify-content-md-center justify-content-center align-items-lg-stretch align-items-md-stretch align-items-stretch gutters-col-lg-2 gutters-col-md-2 gutters-col-0 gutters-col-v-lg-2 gutters-col-v-md-2 gutters-col-v-2\">\r\n          <!---->\r\n          <div class=\"h-column h-column-container d-flex h-col-lg-auto h-col-md-auto h-col-auto style-1421-outer style-local-331-c690-outer\">\r\n            <div data-colibri-id=\"331-c690\" class=\"d-flex h-flex-basis h-column__inner h-px-lg-2 h-px-md-2 h-px-2 v-inner-lg-2 v-inner-md-2 v-inner-2 style-1421 style-local-331-c690 position-relative\">\r\n              <!---->\r\n              <!---->\r\n              <div class=\"w-100 h-y-container h-column__content h-column__v-align flex-basis-100 align-self-lg-start align-self-md-start align-self-start\">\r\n                <!---->\r\n                <div data-colibri-id=\"331-c691\" class=\"h-text h-text-component style-1422 style-local-331-c691 position-relative h-element\">\r\n                  <!---->\r\n                  <!---->\r\n                  <div class=\"\">\r\n                    <p><strong style=\"color: inherit; font-size: inherit; font-family: inherit; font-weight: 700;\">30.06.2022&nbsp;<\/strong>\u00b7&nbsp;<span style=\"color: inherit; font-size: inherit; font-family: inherit;\">Pressemitteilung<\/span><\/p>\r\n                    <p>Berlin \u2013 Vor 20 Jahren, am 1. Juli 2002, nahm der Internationale Strafgerichtshof in Den Haag seine Arbeit auf. Anl\u00e4sslich dieses Jahrestags erkl\u00e4rt Beate Rudolf, Direktorin des Deutschen Instituts f\u00fcr Menschenrechte:<\/p>\r\n                    <p>\u201eDie Schaffung des Internationalen Strafgerichtshofs war ein Meilenstein f\u00fcr den Schutz der Menschenrechte. Seitdem ist klar: Wer f\u00fcr schwerste Menschenrechtsverletzungen oder die Missachtung des Gewaltverbots verantwortlich ist, kann\r\n                      durch den Strafgerichtshof zur Rechenschaft gezogen werden \u2013 auch Staats- oder Regierungschefs und Regierungsmitglieder. Es gibt keine Immunit\u00e4t f\u00fcr die politische F\u00fchrung eines Staates.<\/p>\r\n                    <p>Mit dem Inkrafttreten des R\u00f6mischen Statuts, der Rechtsgrundlage des Strafgerichtshofs, am 1. Juli 2002 wurde erstmals in der Geschichte ein internationales Gericht geschaffen, das auf Dauer angelegt und f\u00fcr die Strafverfolgung von\r\n                      schwersten Menschenrechtsverletzungen zust\u00e4ndig ist: V\u00f6lkermord, Verbrechen gegen die Menschlichkeit und Kriegsverbrechen. Seit 2018 ahndet der Strafgerichtshof auch Verbrechen der Aggression, also die Planung, Vorbereitung oder\r\n                      F\u00fchrung eines Angriffskrieges.<\/p>\r\n                    <p>Es ist daher richtig, dass der Chefankl\u00e4ger des Internationalen Strafgerichtshofs Ermittlungen im Zusammenhang mit dem Krieg Russlands gegen die Ukraine er\u00f6ffnet hat. Denn diejenigen, die Angriffe auf die Zivilbev\u00f6lkerung, Folter,\r\n                      sexualisierte Gewalt und die Ermordung von Zivilpersonen in besetzten Ortschaften zu verantworten haben, m\u00fcssen strafrechtlich zur Rechenschaft gezogen werden. Damit wird den Opfern dieser Menschenrechtsverletzungen Gerechtigkeit\r\n                      zuteil, und die Weltgemeinschaft bekr\u00e4ftigt die Geltung der Menschenrechte als Fundament des friedlichen Zusammenlebens.<\/p>\r\n                    <p>Alle Staaten sind deshalb aufgerufen, den Chefankl\u00e4ger bei der Sammlung und Sicherung von Beweisen zu unterst\u00fctzen. Die Ahndung schwerster Menschenrechtsverletzungen ist ein gemeinsames Anliegen der Weltgemeinschaft. Ganz besonders\r\n                      wichtig ist es, psychosoziale Unterst\u00fctzung f\u00fcr Betroffene und andere Zeuginnen und Zeugen sicherzustellen \u2013 vor, w\u00e4hrend und nach ihrer Aussage. Hierf\u00fcr sollten die Staaten finanzielle und praktische Hilfe leisten. Deutschland ist\r\n                      aufgerufen, hier beispielhaft voranzugehen.\u201c<\/p>\r\n                  <\/div>\r\n                <\/div>\r\n                <div data-colibri-id=\"331-c692\" class=\"h-global-transition-all h-heading style-1425 style-local-331-c692 position-relative h-element\">\r\n                  <!---->\r\n                  <div class=\"h-heading__outer style-1425 style-local-331-c692\">\r\n                    <!---->\r\n                    <!---->\r\n                    <h4 class=\"\">Zur Original-Pressemitteilung&nbsp;auf der Seite des Deutschen Instituts f\u00fcr Menschenrechte:<\/h4>\r\n                  <\/div>\r\n                <\/div>\r\n                <div data-colibri-id=\"331-c693\" class=\"h-x-container style-1423 style-local-331-c693 position-relative h-element\">\r\n                  <!---->\r\n                  <div class=\"h-x-container-inner style-dynamic-331-c693-group style-1423-spacing style-local-331-c693-spacing\"><span class=\"h-button__outer style-1424-outer style-local-331-c694-outer d-inline-flex h-element\"><a h-use-smooth-scroll=\"true\" href=\"https:\/\/www.institut-fuer-menschenrechte.de\/aktuelles\/detail\/wer-fuer-kriegsverbrechen-verantwortlich-ist-muss-zur-rechenschaft-gezogen-werden\"  data-colibri-id=\"331-c694\" class=\"d-flex w-100 align-items-center h-button justify-content-lg-center justify-content-md-center justify-content-center style-1424 style-local-331-c694 position-relative\"><!----><!----> <span>Deutsches Institut f\u00fcr Menschenrechte<\/span><\/a>\r\n                    <\/span>\r\n                  <\/div>\r\n                <\/div>\r\n              <\/div>\r\n            <\/div>\r\n          <\/div>\r\n        <\/div>\r\n      <\/div>\r\n    <\/div>\r\n  <\/div>\r\n  <div data-colibri-component=\"section\" data-colibri-id=\"331-c695\" id=\"custom-61\" class=\"h-section h-section-global-spacing d-flex align-items-lg-center align-items-md-center align-items-center style-1389 style-local-331-c695 position-relative\">\r\n    <!---->\r\n    <!---->\r\n    <div class=\"h-section-grid-container h-section-boxed-container\">\r\n      <!---->\r\n      <div data-colibri-id=\"331-c696\" class=\"h-row-container gutters-row-lg-2 gutters-row-md-2 gutters-row-0 gutters-row-v-lg-2 gutters-row-v-md-2 gutters-row-v-2 style-1390 style-local-331-c696 position-relative\">\r\n        <!---->\r\n        <div class=\"h-row justify-content-lg-center justify-content-md-center justify-content-center align-items-lg-stretch align-items-md-stretch align-items-stretch gutters-col-lg-2 gutters-col-md-2 gutters-col-0 gutters-col-v-lg-2 gutters-col-v-md-2 gutters-col-v-2\">\r\n          <!---->\r\n          <div class=\"h-column h-column-container d-flex h-col-lg-auto h-col-md-auto h-col-auto style-1391-outer style-local-331-c697-outer\">\r\n            <div data-colibri-id=\"331-c697\" class=\"d-flex h-flex-basis h-column__inner h-px-lg-2 h-px-md-2 h-px-2 v-inner-lg-2 v-inner-md-2 v-inner-2 style-1391 style-local-331-c697 position-relative\">\r\n              <!---->\r\n              <!---->\r\n              <div class=\"w-100 h-y-container h-column__content h-column__v-align flex-basis-100 align-self-lg-center align-self-md-center align-self-center\">\r\n                <!---->\r\n                <div data-colibri-id=\"331-c698\" class=\"d-block style-1393 style-local-331-c698 position-relative h-element\">\r\n                  <!---->\r\n                  <div class=\"h-image__frame-container-outer\">\r\n                    <div class=\"h-image__frame-container\">\r\n                      <!---->\r\n                      <!---->\r\n                      <img loading=\"lazy\" decoding=\"async\" width=\"780\" height=\"780\" src=\"http:\/\/botschafter-menschenrechte.de\/wp-content\/uploads\/2022\/04\/cropped-Schriftsteller.png\" class=\"wp-image-2376 style-1393-image style-local-331-c698-image\" alt=\"\" srcset=\"https:\/\/botschafter-menschenrechte.de\/wp-content\/uploads\/2022\/04\/cropped-Schriftsteller.png 780w, https:\/\/botschafter-menschenrechte.de\/wp-content\/uploads\/2022\/04\/cropped-Schriftsteller-300x300.png 300w, https:\/\/botschafter-menschenrechte.de\/wp-content\/uploads\/2022\/04\/cropped-Schriftsteller-150x150.png 150w, https:\/\/botschafter-menschenrechte.de\/wp-content\/uploads\/2022\/04\/cropped-Schriftsteller-768x768.png 768w\" sizes=\"auto, (max-width: 780px) 100vw, 780px\" \/>\r\n                      <div class=\"h-image__frame h-hide-lg h-hide-md h-hide-sm style-1393-frameImage style-local-331-c698-frameImage\"><\/div>\r\n                    <\/div>\r\n                  <\/div>\r\n                <\/div>\r\n              <\/div>\r\n            <\/div>\r\n          <\/div>\r\n          <div class=\"h-column h-column-container d-flex h-col-lg-auto h-col-md-auto h-col-auto style-1392-outer style-local-331-c699-outer\">\r\n            <div data-colibri-id=\"331-c699\" class=\"d-flex h-flex-basis h-column__inner h-px-lg-2 h-px-md-2 h-px-2 v-inner-lg-2 v-inner-md-2 v-inner-2 style-1392 style-local-331-c699 position-relative\">\r\n              <!---->\r\n              <!---->\r\n              <div class=\"w-100 h-y-container h-column__content h-column__v-align flex-basis-100 align-self-lg-center align-self-md-center align-self-center\">\r\n                <!---->\r\n                <div data-colibri-id=\"331-c700\" class=\"h-x-container style-1394 style-local-331-c700 position-relative h-element\">\r\n                  <!---->\r\n                  <div class=\"h-x-container-inner style-dynamic-331-c700-group style-1394-spacing style-local-331-c700-spacing\"><span class=\"h-link__outer style-1395-outer style-local-331-c701-outer d-inline-flex h-element\"><a h-use-smooth-scroll=\"true\" href=\"http:\/\/botschafter-menschenrechte.de\/?cat=17\"  data-colibri-id=\"331-c701\" class=\"d-flex w-100 align-items-center h-link style-1395 style-local-331-c701 position-relative\"><!----><!----> <span>KUBA<\/span><\/a>\r\n                    <\/span>\r\n                  <\/div>\r\n                <\/div>\r\n                <div data-colibri-id=\"331-c702\" class=\"h-global-transition-all h-heading style-1396 style-local-331-c702 position-relative h-element\">\r\n                  <!---->\r\n                  <div class=\"h-heading__outer style-1396 style-local-331-c702\">\r\n                    <!---->\r\n                    <!---->\r\n                    <h1 class=\"\">Vom Arbeitslager ins Axel Hotel<\/h1>\r\n                  <\/div>\r\n                <\/div>\r\n                <div data-colibri-id=\"331-c703\" class=\"h-text h-text-component style-1397 style-local-331-c703 position-relative h-element\">\r\n                  <!---->\r\n                  <!---->\r\n                  <div class=\"\">\r\n                    <p><span style=\"font-weight: 400; font-size: 16px; font-family: &quot;Open Sans&quot;; color: rgb(37, 41, 42);\">Ich schrieb noch nicht f\u00fcr die oppositionelle Online-Zeitung Cubanet, als mein Freund, der Schriftsteller Albertico Ya\u00f1ez, ermordet wurde. Wir haben die genaue Todesursache nie erfahren. Wir haben nie erfahren, ob die Polizei richtig ermittelt hat und ob es ihr gelungen ist, die Identit\u00e4t seines M\u00f6rders festzustellen.<\/span><\/p>\r\n                  <\/div>\r\n                <\/div>\r\n                <div data-colibri-id=\"331-c704\" class=\"h-x-container style-1398 style-local-331-c704 position-relative h-element\">\r\n                  <!---->\r\n                  <div class=\"h-x-container-inner style-dynamic-331-c704-group style-1398-spacing style-local-331-c704-spacing\"><span class=\"h-button__outer style-1399-outer style-local-331-c705-outer d-inline-flex h-element\"><a h-use-smooth-scroll=\"true\" href=\"http:\/\/botschafter-menschenrechte.de\/?p=2369\"  data-colibri-id=\"331-c705\" class=\"d-flex w-100 align-items-center h-button justify-content-lg-center justify-content-md-center justify-content-center style-1399 style-local-331-c705 position-relative\"><!----><!----> <span>WEITERLESEN<\/span><\/a>\r\n                    <\/span>\r\n                  <\/div>\r\n                <\/div>\r\n              <\/div>\r\n            <\/div>\r\n          <\/div>\r\n        <\/div>\r\n      <\/div>\r\n    <\/div>\r\n  <\/div>\r\n  <div data-colibri-component=\"section\" data-colibri-id=\"331-c706\" id=\"custom-60\" class=\"h-section h-section-global-spacing d-flex align-items-lg-center align-items-md-center align-items-center style-1371 style-local-331-c706 position-relative\">\r\n    <!---->\r\n    <!---->\r\n    <div class=\"h-section-grid-container h-section-boxed-container\">\r\n      <!---->\r\n      <div data-colibri-id=\"331-c707\" class=\"h-row-container gutters-row-lg-2 gutters-row-md-2 gutters-row-0 gutters-row-v-lg-2 gutters-row-v-md-2 gutters-row-v-2 style-1376 style-local-331-c707 position-relative\">\r\n        <!---->\r\n        <div class=\"h-row justify-content-lg-center justify-content-md-center justify-content-center align-items-lg-stretch align-items-md-stretch align-items-stretch gutters-col-lg-2 gutters-col-md-2 gutters-col-0 gutters-col-v-lg-2 gutters-col-v-md-2 gutters-col-v-2\">\r\n          <!---->\r\n          <div class=\"h-column h-column-container d-flex h-col-lg-auto h-col-md-auto h-col-auto style-1377-outer style-local-331-c708-outer\">\r\n            <div data-colibri-id=\"331-c708\" class=\"d-flex h-flex-basis h-column__inner h-px-lg-2 h-px-md-2 h-px-2 v-inner-lg-2 v-inner-md-2 v-inner-2 style-1377 style-local-331-c708 position-relative\">\r\n              <!---->\r\n              <!---->\r\n              <div class=\"w-100 h-y-container h-column__content h-column__v-align flex-basis-100 align-self-lg-start align-self-md-start align-self-start\">\r\n                <!---->\r\n                <div data-colibri-id=\"331-c709\" class=\"h-global-transition-all h-heading style-1378 style-local-331-c709 position-relative h-element\">\r\n                  <!---->\r\n                  <div class=\"h-heading__outer style-1378 style-local-331-c709\">\r\n                    <!---->\r\n                    <!---->\r\n                    <h1 class=\"\">Wir zeigen Flagge &#8211; Freiheit f\u00fcr die Ukraine!<\/h1>\r\n                  <\/div>\r\n                <\/div>\r\n              <\/div>\r\n            <\/div>\r\n          <\/div>\r\n        <\/div>\r\n      <\/div>\r\n      <div data-colibri-id=\"331-c710\" class=\"h-row-container gutters-row-lg-2 gutters-row-md-2 gutters-row-0 gutters-row-v-lg-2 gutters-row-v-md-2 gutters-row-v-2 style-1372 style-local-331-c710 position-relative\">\r\n        <!---->\r\n        <div class=\"h-row justify-content-lg-center justify-content-md-center justify-content-center align-items-lg-stretch align-items-md-stretch align-items-stretch gutters-col-lg-2 gutters-col-md-2 gutters-col-0 gutters-col-v-lg-2 gutters-col-v-md-2 gutters-col-v-2\">\r\n          <!---->\r\n          <div class=\"h-column h-column-container d-flex h-col-lg-auto h-col-md-auto h-col-auto style-1373-outer style-local-331-c711-outer\">\r\n            <div data-colibri-id=\"331-c711\" class=\"d-flex h-flex-basis h-column__inner h-px-lg-2 h-px-md-2 h-px-2 v-inner-lg-2 v-inner-md-2 v-inner-2 style-1373 style-local-331-c711 position-relative\">\r\n              <!---->\r\n              <!---->\r\n              <div class=\"w-100 h-y-container h-column__content h-column__v-align flex-basis-100 align-self-lg-start align-self-md-start align-self-start\">\r\n                <!---->\r\n                <div data-colibri-id=\"331-c712\" class=\"d-block style-1375 style-local-331-c712 position-relative h-element\">\r\n                  <!---->\r\n                  <div class=\"h-image__frame-container-outer\">\r\n                    <div class=\"h-image__frame-container\">\r\n                      <!---->\r\n                      <!---->\r\n                      <img loading=\"lazy\" decoding=\"async\" width=\"2560\" height=\"853\" src=\"http:\/\/botschafter-menschenrechte.de\/wp-content\/uploads\/2022\/03\/cropped-Aufkleber_final-scaled-1.jpg\" class=\"wp-image-2313 style-1375-image style-local-331-c712-image\" alt=\"\" srcset=\"https:\/\/botschafter-menschenrechte.de\/wp-content\/uploads\/2022\/03\/cropped-Aufkleber_final-scaled-1.jpg 2560w, https:\/\/botschafter-menschenrechte.de\/wp-content\/uploads\/2022\/03\/cropped-Aufkleber_final-scaled-1-300x100.jpg 300w, https:\/\/botschafter-menschenrechte.de\/wp-content\/uploads\/2022\/03\/cropped-Aufkleber_final-scaled-1-1024x341.jpg 1024w, https:\/\/botschafter-menschenrechte.de\/wp-content\/uploads\/2022\/03\/cropped-Aufkleber_final-scaled-1-768x256.jpg 768w, https:\/\/botschafter-menschenrechte.de\/wp-content\/uploads\/2022\/03\/cropped-Aufkleber_final-scaled-1-1536x512.jpg 1536w, https:\/\/botschafter-menschenrechte.de\/wp-content\/uploads\/2022\/03\/cropped-Aufkleber_final-scaled-1-2048x682.jpg 2048w\" sizes=\"auto, (max-width: 2560px) 100vw, 2560px\" \/>\r\n                      <div class=\"h-image__frame h-hide-lg h-hide-md h-hide-sm style-1375-frameImage style-local-331-c712-frameImage\"><\/div>\r\n                    <\/div>\r\n                  <\/div>\r\n                <\/div>\r\n              <\/div>\r\n            <\/div>\r\n          <\/div>\r\n        <\/div>\r\n      <\/div>\r\n      <div data-colibri-id=\"331-c713\" class=\"h-row-container gutters-row-lg-2 gutters-row-md-2 gutters-row-0 gutters-row-v-lg-2 gutters-row-v-md-2 gutters-row-v-2 style-1379 style-local-331-c713 position-relative\">\r\n        <!---->\r\n        <div class=\"h-row justify-content-lg-center justify-content-md-center justify-content-center align-items-lg-stretch align-items-md-stretch align-items-stretch gutters-col-lg-2 gutters-col-md-2 gutters-col-0 gutters-col-v-lg-2 gutters-col-v-md-2 gutters-col-v-2\">\r\n          <!---->\r\n          <div class=\"h-column h-column-container d-flex h-col-lg-auto h-col-md-auto h-col-auto style-1380-outer style-local-331-c714-outer\">\r\n            <div data-colibri-id=\"331-c714\" class=\"d-flex h-flex-basis h-column__inner h-px-lg-2 h-px-md-2 h-px-2 v-inner-lg-2 v-inner-md-2 v-inner-2 style-1380 style-local-331-c714 position-relative\">\r\n              <!---->\r\n              <!---->\r\n              <div class=\"w-100 h-y-container h-column__content h-column__v-align flex-basis-100 align-self-lg-start align-self-md-start align-self-start\">\r\n                <!---->\r\n                <div data-colibri-id=\"331-c715\" class=\"h-text h-text-component style-1381 style-local-331-c715 position-relative h-element\">\r\n                  <!---->\r\n                  <!---->\r\n                  <div class=\"\">\r\n                    <p><span style=\"color: rgb(29, 28, 29); font-family: Slack-Lato, Slack-Fractions, appleLogo, sans-serif; font-size: 15px; font-weight: 400;\">Zeigen auch Sie Solidarit\u00e4t ! <br>Der Aufkleber (Gr\u00f6sse 3,5 x 10,5 cm) kann gegen eine Schutzgeb\u00fchr von 1 Euro bestellt werden. <br>Mindestabnahme f\u00fcnf Aufkleber f\u00fcr 5 Euro zuz\u00fcglich Porto.<br><\/span><\/p>\r\n                  <\/div>\r\n                <\/div>\r\n                <div data-colibri-id=\"331-c716\" class=\"h-text h-text-component style-1388 style-local-331-c716 position-relative h-element\">\r\n                  <!---->\r\n                  <!---->\r\n                  <div class=\"\">\r\n                    <p><span style=\"color: rgb(29, 28, 29); font-family: Slack-Lato, Slack-Fractions, appleLogo, sans-serif; font-size: 15px; font-weight: 400;\">Bestellungen bitte an:&nbsp;<\/span>\r\n                      <a href=\"mailto:Info@Botschafter-Menschenrechte.de\" rel=\"noopener noreferrer\"\r\n                        target=\"_blank\" style=\"color: rgba(var(--sk_highlight,18,100,163),1); font-family: Slack-Lato, Slack-Fractions, appleLogo, sans-serif; font-size: 15px; font-weight: 400;\">\r\n                        <br>Info@Botschafter-Menschenrechte.de<\/a>\r\n                    <\/p>\r\n                  <\/div>\r\n                <\/div>\r\n              <\/div>\r\n            <\/div>\r\n          <\/div>\r\n        <\/div>\r\n      <\/div>\r\n    <\/div>\r\n  <\/div>\r\n  <div data-colibri-component=\"section\" data-colibri-id=\"331-c717\" id=\"custom-59\" class=\"h-section h-section-global-spacing d-flex align-items-lg-center align-items-md-center align-items-center style-1360 style-local-331-c717 position-relative\">\r\n    <!---->\r\n    <!---->\r\n    <div class=\"h-section-grid-container h-section-boxed-container\">\r\n      <!---->\r\n      <div data-colibri-id=\"331-c718\" class=\"h-row-container gutters-row-lg-2 gutters-row-md-2 gutters-row-0 gutters-row-v-lg-2 gutters-row-v-md-2 gutters-row-v-2 style-1361 style-local-331-c718 position-relative\">\r\n        <!---->\r\n        <div class=\"h-row justify-content-lg-center justify-content-md-center justify-content-center align-items-lg-stretch align-items-md-stretch align-items-stretch gutters-col-lg-2 gutters-col-md-2 gutters-col-0 gutters-col-v-lg-2 gutters-col-v-md-2 gutters-col-v-2\">\r\n          <!---->\r\n          <div class=\"h-column h-column-container d-flex h-col-lg-auto h-col-md-auto h-col-auto style-1362-outer style-local-331-c719-outer\">\r\n            <div data-colibri-id=\"331-c719\" class=\"d-flex h-flex-basis h-column__inner h-px-lg-2 h-px-md-2 h-px-2 v-inner-lg-2 v-inner-md-2 v-inner-2 style-1362 style-local-331-c719 position-relative\">\r\n              <!---->\r\n              <!---->\r\n              <div class=\"w-100 h-y-container h-column__content h-column__v-align flex-basis-100 align-self-lg-center align-self-md-center align-self-center\">\r\n                <!---->\r\n                <div data-colibri-id=\"331-c720\" class=\"d-block style-1364 style-local-331-c720 position-relative h-element\">\r\n                  <!---->\r\n                  <div class=\"h-image__frame-container-outer\">\r\n                    <div class=\"h-image__frame-container\">\r\n                      <!---->\r\n                      <!---->\r\n                      <img loading=\"lazy\" decoding=\"async\" width=\"384\" height=\"384\" src=\"http:\/\/botschafter-menschenrechte.de\/wp-content\/uploads\/2022\/03\/cropped-thumbnail_image001.jpeg\" class=\"wp-image-2299 style-1364-image style-local-331-c720-image\" alt=\"\" srcset=\"https:\/\/botschafter-menschenrechte.de\/wp-content\/uploads\/2022\/03\/cropped-thumbnail_image001.jpeg 384w, https:\/\/botschafter-menschenrechte.de\/wp-content\/uploads\/2022\/03\/cropped-thumbnail_image001-300x300.jpeg 300w, https:\/\/botschafter-menschenrechte.de\/wp-content\/uploads\/2022\/03\/cropped-thumbnail_image001-150x150.jpeg 150w\" sizes=\"auto, (max-width: 384px) 100vw, 384px\" \/>\r\n                      <div class=\"h-image__frame h-hide-lg h-hide-md h-hide-sm style-1364-frameImage style-local-331-c720-frameImage\"><\/div>\r\n                    <\/div>\r\n                  <\/div>\r\n                <\/div>\r\n              <\/div>\r\n            <\/div>\r\n          <\/div>\r\n          <div class=\"h-column h-column-container d-flex h-col-lg-auto h-col-md-auto h-col-auto style-1363-outer style-local-331-c721-outer\">\r\n            <div data-colibri-id=\"331-c721\" class=\"d-flex h-flex-basis h-column__inner h-px-lg-2 h-px-md-2 h-px-2 v-inner-lg-2 v-inner-md-2 v-inner-2 style-1363 style-local-331-c721 position-relative\">\r\n              <!---->\r\n              <!---->\r\n              <div class=\"w-100 h-y-container h-column__content h-column__v-align flex-basis-100 align-self-lg-center align-self-md-center align-self-center\">\r\n                <!---->\r\n                <div data-colibri-id=\"331-c722\" class=\"h-x-container style-1365 style-local-331-c722 position-relative h-element\">\r\n                  <!---->\r\n                  <div class=\"h-x-container-inner style-dynamic-331-c722-group style-1365-spacing style-local-331-c722-spacing\"><span class=\"h-link__outer style-1366-outer style-local-331-c723-outer d-inline-flex h-element\"><a h-use-smooth-scroll=\"true\" href=\"http:\/\/botschafter-menschenrechte.de\/?cat=17\"  data-colibri-id=\"331-c723\" class=\"d-flex w-100 align-items-center h-link style-1366 style-local-331-c723 position-relative\"><!----><!----> <span>KUBA<\/span><\/a>\r\n                    <\/span>\r\n                  <\/div>\r\n                <\/div>\r\n                <div data-colibri-id=\"331-c724\" class=\"h-global-transition-all h-heading style-1367 style-local-331-c724 position-relative h-element\">\r\n                  <!---->\r\n                  <div class=\"h-heading__outer style-1367 style-local-331-c724\">\r\n                    <!---->\r\n                    <!---->\r\n                    <h1 class=\"\">Anamely Ramos Gomez fordert Recht auf R\u00fcckkehr<\/h1>\r\n                  <\/div>\r\n                <\/div>\r\n                <div data-colibri-id=\"331-c725\" class=\"h-text h-text-component style-1368 style-local-331-c725 position-relative h-element\">\r\n                  <!---->\r\n                  <!---->\r\n                  <div class=\"\">\r\n                    <p><strong style=\"font-family: inherit;\">Die regimekritische kubanische K\u00fcnstlerin Anamely Ramos Gonz\u00e1lez protestiert vor der kubanischen Botschaft in Washington<\/strong><\/p>\r\n                    <p>Von Iliana Hernandez<\/p>\r\n                    <p>Prominente Kubaner, die das Regime kritisieren oder sich f\u00fcr die Freiheit von politischen Gefangenen einsetzen, werden ausgesperrt: Am 16. Februar wollte die K\u00fcnstlerin Anamely Ramos nach etwas mehr als einem Jahr im Ausland nach Kuba\r\n                      zur\u00fcckkehren. Sie konnte aber den Flug mit American Airlines nicht antreten, weil die Fluggesellschaft eine E-Mail aus Havanna erhalten hatte, in der stand, dass ihr die Einreise untersagt sei.<\/p>\r\n                  <\/div>\r\n                <\/div>\r\n                <div data-colibri-id=\"331-c726\" class=\"h-x-container style-1369 style-local-331-c726 position-relative h-element\">\r\n                  <!---->\r\n                  <div class=\"h-x-container-inner style-dynamic-331-c726-group style-1369-spacing style-local-331-c726-spacing\"><span class=\"h-button__outer style-1370-outer style-local-331-c727-outer d-inline-flex h-element\"><a h-use-smooth-scroll=\"true\" href=\"http:\/\/botschafter-menschenrechte.de\/?p=2292\"  data-colibri-id=\"331-c727\" class=\"d-flex w-100 align-items-center h-button justify-content-lg-center justify-content-md-center justify-content-center style-1370 style-local-331-c727 position-relative\"><!----><!----> <span>WEITERLESEN<\/span><\/a>\r\n                    <\/span>\r\n                  <\/div>\r\n                <\/div>\r\n              <\/div>\r\n            <\/div>\r\n          <\/div>\r\n        <\/div>\r\n      <\/div>\r\n    <\/div>\r\n  <\/div>\r\n  <div data-colibri-component=\"section\" data-colibri-id=\"331-c728\" id=\"custom-58\" class=\"h-section h-section-global-spacing d-flex align-items-lg-center align-items-md-center align-items-center style-1349 style-local-331-c728 position-relative\">\r\n    <!---->\r\n    <!---->\r\n    <div class=\"h-section-grid-container h-section-boxed-container\">\r\n      <!---->\r\n      <div data-colibri-id=\"331-c729\" class=\"h-row-container gutters-row-lg-2 gutters-row-md-2 gutters-row-0 gutters-row-v-lg-2 gutters-row-v-md-2 gutters-row-v-2 style-1350 style-local-331-c729 position-relative\">\r\n        <!---->\r\n        <div class=\"h-row justify-content-lg-center justify-content-md-center justify-content-center align-items-lg-stretch align-items-md-stretch align-items-stretch gutters-col-lg-2 gutters-col-md-2 gutters-col-0 gutters-col-v-lg-2 gutters-col-v-md-2 gutters-col-v-2\">\r\n          <!---->\r\n          <div class=\"h-column h-column-container d-flex h-col-lg-auto h-col-md-auto h-col-auto style-1351-outer style-local-331-c730-outer\">\r\n            <div data-colibri-id=\"331-c730\" class=\"d-flex h-flex-basis h-column__inner h-px-lg-2 h-px-md-2 h-px-2 v-inner-lg-2 v-inner-md-2 v-inner-2 style-1351 style-local-331-c730 position-relative\">\r\n              <!---->\r\n              <!---->\r\n              <div class=\"w-100 h-y-container h-column__content h-column__v-align flex-basis-100 align-self-lg-center align-self-md-center align-self-center\">\r\n                <!---->\r\n                <div data-colibri-id=\"331-c731\" class=\"d-block style-1359 style-local-331-c731 position-relative h-element\">\r\n                  <!---->\r\n                  <div class=\"h-image__frame-container-outer\">\r\n                    <div class=\"h-image__frame-container\">\r\n                      <!---->\r\n                      <!---->\r\n                      <img loading=\"lazy\" decoding=\"async\" width=\"992\" height=\"992\" src=\"http:\/\/botschafter-menschenrechte.de\/wp-content\/uploads\/2022\/01\/cropped-Header-scaled-1.jpg\" class=\"wp-image-2261 style-1359-image style-local-331-c731-image\" alt=\"\" srcset=\"https:\/\/botschafter-menschenrechte.de\/wp-content\/uploads\/2022\/01\/cropped-Header-scaled-1.jpg 992w, https:\/\/botschafter-menschenrechte.de\/wp-content\/uploads\/2022\/01\/cropped-Header-scaled-1-300x300.jpg 300w, https:\/\/botschafter-menschenrechte.de\/wp-content\/uploads\/2022\/01\/cropped-Header-scaled-1-150x150.jpg 150w, https:\/\/botschafter-menschenrechte.de\/wp-content\/uploads\/2022\/01\/cropped-Header-scaled-1-768x768.jpg 768w\" sizes=\"auto, (max-width: 992px) 100vw, 992px\" \/>\r\n                      <div class=\"h-image__frame h-hide-lg h-hide-md h-hide-sm style-1359-frameImage style-local-331-c731-frameImage\"><\/div>\r\n                    <\/div>\r\n                  <\/div>\r\n                <\/div>\r\n              <\/div>\r\n            <\/div>\r\n          <\/div>\r\n          <div class=\"h-column h-column-container d-flex h-col-lg-auto h-col-md-auto h-col-auto style-1352-outer style-local-331-c732-outer\">\r\n            <div data-colibri-id=\"331-c732\" class=\"d-flex h-flex-basis h-column__inner h-px-lg-2 h-px-md-2 h-px-2 v-inner-lg-2 v-inner-md-2 v-inner-2 style-1352 style-local-331-c732 position-relative\">\r\n              <!---->\r\n              <!---->\r\n              <div class=\"w-100 h-y-container h-column__content h-column__v-align flex-basis-100 align-self-lg-center align-self-md-center align-self-center\">\r\n                <!---->\r\n                <div data-colibri-id=\"331-c733\" class=\"h-x-container style-1353 style-local-331-c733 position-relative h-element\">\r\n                  <!---->\r\n                  <div class=\"h-x-container-inner style-dynamic-331-c733-group style-1353-spacing style-local-331-c733-spacing\"><span class=\"h-link__outer style-1354-outer style-local-331-c734-outer d-inline-flex h-element\"><a h-use-smooth-scroll=\"true\" href=\"http:\/\/botschafter-menschenrechte.de\/?cat=38\"  data-colibri-id=\"331-c734\" class=\"d-flex w-100 align-items-center h-link style-1354 style-local-331-c734 position-relative\"><!----><!----> <span>MEINUNG<\/span><\/a>\r\n                    <\/span>\r\n                  <\/div>\r\n                <\/div>\r\n                <div data-colibri-id=\"331-c735\" class=\"h-global-transition-all h-heading style-1355 style-local-331-c735 position-relative h-element\">\r\n                  <!---->\r\n                  <div class=\"h-heading__outer style-1355 style-local-331-c735\">\r\n                    <!---->\r\n                    <!---->\r\n                    <h3 class=\"\">Kulturelle Vielfalt vergeblich gesucht- Warum es so wenige Politiker mit Migrationshintergrund gibt<\/h3>\r\n                  <\/div>\r\n                <\/div>\r\n                <div data-colibri-id=\"331-c736\" class=\"h-text h-text-component style-1356 style-local-331-c736 position-relative h-element\">\r\n                  <!---->\r\n                  <!---->\r\n                  <div class=\"\">\r\n                    <p><span style=\"font-weight: 400; font-size: 16px; font-family: &quot;Open Sans&quot;; color: rgb(37, 41, 42);\">In Deutschland haben viele Auswanderer ein neues Zuhause gefunden, im Parlament hat jedoch nur jeder 10. Abgeordnete einen Migrationshintergrund. Wie kann das sein und werden die Interessen dieser 26 Prozent unserer Bev\u00f6lkerung somit \u00fcberhaupt richtig vertreten?<\/span><\/p>\r\n                  <\/div>\r\n                <\/div>\r\n                <div data-colibri-id=\"331-c737\" class=\"h-x-container style-1357 style-local-331-c737 position-relative h-element\">\r\n                  <!---->\r\n                  <div class=\"h-x-container-inner style-dynamic-331-c737-group style-1357-spacing style-local-331-c737-spacing\"><span class=\"h-button__outer style-1358-outer style-local-331-c738-outer d-inline-flex h-element\"><a h-use-smooth-scroll=\"true\" href=\"http:\/\/botschafter-menschenrechte.de\/?p=2245\"  data-colibri-id=\"331-c738\" class=\"d-flex w-100 align-items-center h-button justify-content-lg-center justify-content-md-center justify-content-center style-1358 style-local-331-c738 position-relative\"><!----><!----> <span>WEITERLESEN<\/span><\/a>\r\n                    <\/span>\r\n                  <\/div>\r\n                <\/div>\r\n              <\/div>\r\n            <\/div>\r\n          <\/div>\r\n        <\/div>\r\n      <\/div>\r\n    <\/div>\r\n  <\/div>\r\n  <div data-colibri-component=\"section\" data-colibri-id=\"331-c739\" id=\"custom-57\" class=\"h-section h-section-global-spacing d-flex align-items-lg-center align-items-md-center align-items-center style-1342 style-local-331-c739 position-relative\">\r\n    <!---->\r\n    <!---->\r\n    <div class=\"h-section-grid-container h-section-boxed-container\">\r\n      <!---->\r\n      <div data-colibri-id=\"331-c740\" class=\"h-row-container gutters-row-lg-2 gutters-row-md-2 gutters-row-0 gutters-row-v-lg-2 gutters-row-v-md-2 gutters-row-v-2 style-1343 style-local-331-c740 position-relative\">\r\n        <!---->\r\n        <div class=\"h-row justify-content-lg-center justify-content-md-center justify-content-center align-items-lg-stretch align-items-md-stretch align-items-stretch gutters-col-lg-2 gutters-col-md-2 gutters-col-0 gutters-col-v-lg-2 gutters-col-v-md-2 gutters-col-v-2\">\r\n          <!---->\r\n          <div class=\"h-column h-column-container d-flex h-col-lg-auto h-col-md-auto h-col-auto style-1344-outer style-local-331-c741-outer\">\r\n            <div data-colibri-id=\"331-c741\" class=\"d-flex h-flex-basis h-column__inner h-px-lg-2 h-px-md-2 h-px-2 v-inner-lg-2 v-inner-md-2 v-inner-2 style-1344 style-local-331-c741 position-relative\">\r\n              <!---->\r\n              <!---->\r\n              <div class=\"w-100 h-y-container h-column__content h-column__v-align flex-basis-100 align-self-lg-center align-self-md-center align-self-center\">\r\n                <!---->\r\n                <div data-colibri-id=\"331-c742\" class=\"d-block style-1348 style-local-331-c742 position-relative h-element\">\r\n                  <!---->\r\n                  <div class=\"h-image__frame-container-outer\">\r\n                    <div class=\"h-image__frame-container\">\r\n                      <!---->\r\n                      <!---->\r\n                      <img loading=\"lazy\" decoding=\"async\" width=\"1364\" height=\"1366\" src=\"http:\/\/botschafter-menschenrechte.de\/wp-content\/uploads\/2022\/01\/cropped-237400638_4296399853806565_5395916986734528768_n.jpg\" class=\"wp-image-2217 style-1348-image style-local-331-c742-image\" alt=\"\" srcset=\"https:\/\/botschafter-menschenrechte.de\/wp-content\/uploads\/2022\/01\/cropped-237400638_4296399853806565_5395916986734528768_n.jpg 1364w, https:\/\/botschafter-menschenrechte.de\/wp-content\/uploads\/2022\/01\/cropped-237400638_4296399853806565_5395916986734528768_n-300x300.jpg 300w, https:\/\/botschafter-menschenrechte.de\/wp-content\/uploads\/2022\/01\/cropped-237400638_4296399853806565_5395916986734528768_n-150x150.jpg 150w, https:\/\/botschafter-menschenrechte.de\/wp-content\/uploads\/2022\/01\/cropped-237400638_4296399853806565_5395916986734528768_n-768x769.jpg 768w\" sizes=\"auto, (max-width: 1364px) 100vw, 1364px\" \/>\r\n                      <div class=\"h-image__frame h-hide-lg h-hide-md h-hide-sm style-1348-frameImage style-local-331-c742-frameImage\"><\/div>\r\n                    <\/div>\r\n                    <div class=\"style-1348-caption style-local-331-c742-caption\">\r\n                      Thomas Rachel, Religionspolitischer Sprecher der CDU\/CSU-Bundestagsfraktion\r\n                    <\/div>\r\n                  <\/div>\r\n                <\/div>\r\n              <\/div>\r\n            <\/div>\r\n          <\/div>\r\n          <div class=\"h-column h-column-container d-flex h-col-lg-auto h-col-md-auto h-col-auto style-1345-outer style-local-331-c743-outer\">\r\n            <div data-colibri-id=\"331-c743\" class=\"d-flex h-flex-basis h-column__inner h-px-lg-2 h-px-md-2 h-px-2 v-inner-lg-2 v-inner-md-2 v-inner-2 style-1345 style-local-331-c743 position-relative\">\r\n              <!---->\r\n              <!---->\r\n              <div class=\"w-100 h-y-container h-column__content h-column__v-align flex-basis-100 align-self-lg-center align-self-md-center align-self-center\">\r\n                <!---->\r\n                <div data-colibri-id=\"331-c744\" class=\"h-global-transition-all h-heading style-1346 style-local-331-c744 position-relative h-element\">\r\n                  <!---->\r\n                  <div class=\"h-heading__outer style-1346 style-local-331-c744\">\r\n                    <!---->\r\n                    <!---->\r\n                    <h1 class=\"\">Religionsfreiheit tr\u00e4gt zum Frieden bei<\/h1>\r\n                  <\/div>\r\n                <\/div>\r\n                <div data-colibri-id=\"331-c745\" class=\"h-text h-text-component style-1347 style-local-331-c745 position-relative h-element\">\r\n                  <!---->\r\n                  <!---->\r\n                  <div class=\"\">\r\n                    <p><span style=\"color: rgb(29, 28, 29); font-family: Slack-Lato, appleLogo, sans-serif; font-size: 15px; font-weight: 400;\">Am 16. Januar ist Weltreligionstag. Dieser Tag erinnert daran, dass jeder ein Recht auf freie Religionsaus\u00fcbung hat und betont die Gemeinsamkeiten der Religionen. Dazu erkl\u00e4rt der Fachsprecher der CDU\/CSU-Bundestagsfraktion f\u00fcr Kirchen und Religionsgemeinschaften, Thomas Rachel:<\/span><\/p>\r\n                    <p><span style=\"color: rgb(29, 28, 29); font-family: Slack-Lato, appleLogo, sans-serif; font-size: 15px; font-weight: 400;\">\u201eDie Religionsfreiheit ist eine der wesentlichen Errungenschaften freiheitlicher Demokratien. Das Recht, seine Religion oder \u00dcberzeugung zu leben ist nicht nur ein grundlegendes Menschenrecht, sondern tr\u00e4gt auch zum Frieden innerhalb einer Gesellschaft und zwischen Staaten bei. Der Einsatz f\u00fcr Religionsfreiheit und f\u00fcr den Schutz verfolgter christlicher Minderheiten und Angeh\u00f6riger anderer Religionsgemeinschaften in der Welt ist daher ein Kernanliegen der CDU\/CSU Bundestagsfraktion. Die Durchsetzung des Menschrechts auf Religionsfreiheit darf nicht nur in Papier oder auf Vertr\u00e4gen stehen, sondern sie muss in der politischen Wirklichkeit stattfinden. Der weltweite Einsatz f\u00fcr die Religionsfreiheit muss daher ein zentrales Ziel deutscher Au\u00dfenpolitik sein.\u201c<\/span><\/p>\r\n                  <\/div>\r\n                <\/div>\r\n              <\/div>\r\n            <\/div>\r\n          <\/div>\r\n        <\/div>\r\n      <\/div>\r\n    <\/div>\r\n  <\/div>\r\n  <div data-colibri-component=\"section\" data-colibri-id=\"331-c746\" id=\"custom-56\" class=\"h-section h-section-global-spacing d-flex align-items-lg-center align-items-md-center align-items-center style-1329 style-local-331-c746 position-relative\">\r\n    <!---->\r\n    <!---->\r\n    <div class=\"h-section-grid-container h-section-boxed-container\">\r\n      <!---->\r\n      <div data-colibri-id=\"331-c747\" class=\"h-row-container gutters-row-lg-2 gutters-row-md-2 gutters-row-0 gutters-row-v-lg-2 gutters-row-v-md-2 gutters-row-v-2 style-1330 style-local-331-c747 position-relative\">\r\n        <!---->\r\n        <div class=\"h-row justify-content-lg-center justify-content-md-center justify-content-center align-items-lg-stretch align-items-md-stretch align-items-stretch gutters-col-lg-2 gutters-col-md-2 gutters-col-0 gutters-col-v-lg-2 gutters-col-v-md-2 gutters-col-v-2\">\r\n          <!---->\r\n          <div class=\"h-column h-column-container d-flex h-col-lg-auto h-col-md-auto h-col-auto style-1340-outer style-local-331-c748-outer\">\r\n            <div data-colibri-id=\"331-c748\" class=\"d-flex h-flex-basis h-column__inner h-px-lg-2 h-px-md-2 h-px-2 v-inner-lg-2 v-inner-md-2 v-inner-2 style-1340 style-local-331-c748 position-relative\">\r\n              <!---->\r\n              <!---->\r\n              <div class=\"w-100 h-y-container h-column__content h-column__v-align flex-basis-100 align-self-lg-center align-self-md-center align-self-center\">\r\n                <!---->\r\n                <div data-colibri-id=\"331-c749\" class=\"d-block style-1341 style-local-331-c749 position-relative h-element\">\r\n                  <!---->\r\n                  <div class=\"h-image__frame-container-outer\">\r\n                    <div class=\"h-image__frame-container\">\r\n                      <!---->\r\n                      <!---->\r\n                      <img loading=\"lazy\" decoding=\"async\" width=\"452\" height=\"452\" src=\"http:\/\/botschafter-menschenrechte.de\/wp-content\/uploads\/2021\/12\/cropped-thumbnail_image003.jpeg\" class=\"wp-image-2187 style-1341-image style-local-331-c749-image\" alt=\"\" srcset=\"https:\/\/botschafter-menschenrechte.de\/wp-content\/uploads\/2021\/12\/cropped-thumbnail_image003.jpeg 452w, https:\/\/botschafter-menschenrechte.de\/wp-content\/uploads\/2021\/12\/cropped-thumbnail_image003-300x300.jpeg 300w, https:\/\/botschafter-menschenrechte.de\/wp-content\/uploads\/2021\/12\/cropped-thumbnail_image003-150x150.jpeg 150w\" sizes=\"auto, (max-width: 452px) 100vw, 452px\" \/>\r\n                      <div class=\"h-image__frame h-hide-lg h-hide-md h-hide-sm style-1341-frameImage style-local-331-c749-frameImage\"><\/div>\r\n                    <\/div>\r\n                  <\/div>\r\n                <\/div>\r\n              <\/div>\r\n            <\/div>\r\n          <\/div>\r\n          <div class=\"h-column h-column-container d-flex h-col-lg-auto h-col-md-auto h-col-auto style-1332-outer style-local-331-c750-outer\">\r\n            <div data-colibri-id=\"331-c750\" class=\"d-flex h-flex-basis h-column__inner h-px-lg-2 h-px-md-2 h-px-2 v-inner-lg-2 v-inner-md-2 v-inner-2 style-1332 style-local-331-c750 position-relative\">\r\n              <!---->\r\n              <!---->\r\n              <div class=\"w-100 h-y-container h-column__content h-column__v-align flex-basis-100 align-self-lg-center align-self-md-center align-self-center\">\r\n                <!---->\r\n                <div data-colibri-id=\"331-c751\" class=\"h-x-container style-1333 style-local-331-c751 position-relative h-element\">\r\n                  <!---->\r\n                  <div class=\"h-x-container-inner style-dynamic-331-c751-group style-1333-spacing style-local-331-c751-spacing\"><span class=\"h-link__outer style-1334-outer style-local-331-c752-outer d-inline-flex h-element\"><a h-use-smooth-scroll=\"true\" href=\"http:\/\/botschafter-menschenrechte.de\/?cat=17\"  data-colibri-id=\"331-c752\" class=\"d-flex w-100 align-items-center h-link style-1334 style-local-331-c752 position-relative\"><!----><!----> <span>KUBA<\/span><\/a>\r\n                    <\/span>\r\n                  <\/div>\r\n                <\/div>\r\n                <div data-colibri-id=\"331-c753\" class=\"h-global-transition-all h-heading style-1335 style-local-331-c753 position-relative h-element\">\r\n                  <!---->\r\n                  <div class=\"h-heading__outer style-1335 style-local-331-c753\">\r\n                    <!---->\r\n                    <!---->\r\n                    <h1 class=\"\">Zwei Latin Grammys f\u00fcr Patria Y Vida \u2013 Hymne der Demokratiebewegung<\/h1>\r\n                  <\/div>\r\n                <\/div>\r\n                <div data-colibri-id=\"331-c754\" class=\"h-text h-text-component style-1336 style-local-331-c754 position-relative h-element\">\r\n                  <!---->\r\n                  <!---->\r\n                  <div class=\"\">\r\n                    <p><strong style=\"font-size: 14pt; font-family: Arial-BoldMT, serif; color: black;\">R\u00fcckenwind f\u00fcr die kubanischen Demokratiebewegung<\/strong><\/p>\r\n                  <\/div>\r\n                <\/div>\r\n                <div data-colibri-id=\"331-c755\" class=\"h-text h-text-component style-1339 style-local-331-c755 position-relative h-element\">\r\n                  <!---->\r\n                  <!---->\r\n                  <div class=\"\">\r\n                    <p><span style=\"font-weight: 400; font-size: 16px; font-family: Arial, sans-serif; color: rgb(0, 0, 0);\">Der kubanische Protestsong Patria y Vida (Vaterland und Leben) hat bei der prestigetr\u00e4chtigen Musikpreisverleihung der Latin Grammys den Preis f\u00fcr den Song des Jahres und den besten Urbanen Song gewonnen. Bei der Verleihung ging es dieses mal nicht alleine darum das musikalische Talent der Gewinner zu w\u00fcrdigen, sondern auch darum ein politisches Zeichen zu setzen.<\/span><\/p>\r\n                  <\/div>\r\n                <\/div>\r\n                <div data-colibri-id=\"331-c756\" class=\"h-x-container style-1337 style-local-331-c756 position-relative h-element\">\r\n                  <!---->\r\n                  <div class=\"h-x-container-inner style-dynamic-331-c756-group style-1337-spacing style-local-331-c756-spacing\"><span class=\"h-button__outer style-1338-outer style-local-331-c757-outer d-inline-flex h-element\"><a h-use-smooth-scroll=\"true\" href=\"http:\/\/botschafter-menschenrechte.de\/?p=2175\"  data-colibri-id=\"331-c757\" class=\"d-flex w-100 align-items-center h-button justify-content-lg-center justify-content-md-center justify-content-center style-1338 style-local-331-c757 position-relative\"><!----><!----> <span>WEITERLESEN<\/span><\/a>\r\n                    <\/span>\r\n                  <\/div>\r\n                <\/div>\r\n              <\/div>\r\n            <\/div>\r\n          <\/div>\r\n        <\/div>\r\n      <\/div>\r\n    <\/div>\r\n  <\/div>\r\n  <div data-colibri-component=\"section\" data-colibri-id=\"331-c758\" id=\"custom-55\" class=\"h-section h-section-global-spacing d-flex align-items-lg-center align-items-md-center align-items-center style-1313 style-local-331-c758 position-relative\">\r\n    <!---->\r\n    <!---->\r\n    <div class=\"h-section-grid-container h-section-boxed-container\">\r\n      <!---->\r\n      <div data-colibri-id=\"331-c759\" class=\"h-row-container gutters-row-lg-2 gutters-row-md-2 gutters-row-0 gutters-row-v-lg-2 gutters-row-v-md-2 gutters-row-v-2 style-1325 style-local-331-c759 position-relative\">\r\n        <!---->\r\n        <div class=\"h-row justify-content-lg-center justify-content-md-center justify-content-center align-items-lg-stretch align-items-md-stretch align-items-stretch gutters-col-lg-2 gutters-col-md-2 gutters-col-0 gutters-col-v-lg-2 gutters-col-v-md-2 gutters-col-v-2\">\r\n          <!---->\r\n          <div class=\"h-column h-column-container d-flex h-col-lg-auto h-col-md-auto h-col-auto style-1326-outer style-local-331-c760-outer\">\r\n            <div data-colibri-id=\"331-c760\" class=\"d-flex h-flex-basis h-column__inner h-px-lg-2 h-px-md-2 h-px-2 v-inner-lg-2 v-inner-md-2 v-inner-2 style-1326 style-local-331-c760 position-relative\">\r\n              <!---->\r\n              <!---->\r\n              <div class=\"w-100 h-y-container h-column__content h-column__v-align flex-basis-100 align-self-lg-start align-self-md-start align-self-start\">\r\n                <!---->\r\n                <div data-colibri-id=\"331-c761\" class=\"d-block style-1324 style-local-331-c761 position-relative h-element\">\r\n                  <!---->\r\n                  <div class=\"h-image__frame-container-outer\">\r\n                    <div class=\"h-image__frame-container\">\r\n                      <!---->\r\n                      <!---->\r\n                      <img loading=\"lazy\" decoding=\"async\" width=\"2560\" height=\"1145\" src=\"http:\/\/botschafter-menschenrechte.de\/wp-content\/uploads\/2021\/11\/cropped-Headerbild-scaled-1.jpg\" class=\"wp-image-2166 style-1324-image style-local-331-c761-image\" alt=\"\" srcset=\"https:\/\/botschafter-menschenrechte.de\/wp-content\/uploads\/2021\/11\/cropped-Headerbild-scaled-1.jpg 2560w, https:\/\/botschafter-menschenrechte.de\/wp-content\/uploads\/2021\/11\/cropped-Headerbild-scaled-1-300x134.jpg 300w, https:\/\/botschafter-menschenrechte.de\/wp-content\/uploads\/2021\/11\/cropped-Headerbild-scaled-1-1024x458.jpg 1024w, https:\/\/botschafter-menschenrechte.de\/wp-content\/uploads\/2021\/11\/cropped-Headerbild-scaled-1-768x344.jpg 768w, https:\/\/botschafter-menschenrechte.de\/wp-content\/uploads\/2021\/11\/cropped-Headerbild-scaled-1-1536x687.jpg 1536w, https:\/\/botschafter-menschenrechte.de\/wp-content\/uploads\/2021\/11\/cropped-Headerbild-scaled-1-2048x916.jpg 2048w\" sizes=\"auto, (max-width: 2560px) 100vw, 2560px\" \/>\r\n                      <div class=\"h-image__frame h-hide-lg h-hide-md h-hide-sm style-1324-frameImage style-local-331-c761-frameImage\"><\/div>\r\n                    <\/div>\r\n                  <\/div>\r\n                <\/div>\r\n              <\/div>\r\n            <\/div>\r\n          <\/div>\r\n        <\/div>\r\n      <\/div>\r\n      <div data-colibri-id=\"331-c762\" class=\"h-row-container gutters-row-lg-2 gutters-row-md-2 gutters-row-0 gutters-row-v-lg-2 gutters-row-v-md-2 gutters-row-v-2 style-1322 style-local-331-c762 position-relative\">\r\n        <!---->\r\n        <div class=\"h-row justify-content-lg-center justify-content-md-center justify-content-center align-items-lg-stretch align-items-md-stretch align-items-stretch gutters-col-lg-2 gutters-col-md-2 gutters-col-0 gutters-col-v-lg-2 gutters-col-v-md-2 gutters-col-v-2\">\r\n          <!---->\r\n          <div class=\"h-column h-column-container d-flex h-col-lg-auto h-col-md-auto h-col-auto style-1323-outer style-local-331-c763-outer\">\r\n            <div data-colibri-id=\"331-c763\" class=\"d-flex h-flex-basis h-column__inner h-px-lg-2 h-px-md-2 h-px-2 v-inner-lg-2 v-inner-md-2 v-inner-2 style-1323 style-local-331-c763 position-relative\">\r\n              <!---->\r\n              <!---->\r\n              <div class=\"w-100 h-y-container h-column__content h-column__v-align flex-basis-100 align-self-lg-start align-self-md-start align-self-start\">\r\n                <!---->\r\n                <div data-colibri-id=\"331-c764\" class=\"h-x-container style-1327 style-local-331-c764 position-relative h-element\">\r\n                  <!---->\r\n                  <div class=\"h-x-container-inner style-dynamic-331-c764-group style-1327-spacing style-local-331-c764-spacing\"><span class=\"h-link__outer style-1328-outer style-local-331-c765-outer d-inline-flex h-element\"><a h-use-smooth-scroll=\"true\" href=\"http:\/\/botschafter-menschenrechte.de\/?cat=17\"  data-colibri-id=\"331-c765\" class=\"d-flex w-100 align-items-center h-link style-1328 style-local-331-c765 position-relative\"><!----><!----> <span>KUBA<\/span><\/a>\r\n                    <\/span>\r\n                  <\/div>\r\n                <\/div>\r\n              <\/div>\r\n            <\/div>\r\n          <\/div>\r\n        <\/div>\r\n      <\/div>\r\n      <div data-colibri-id=\"331-c766\" class=\"h-row-container gutters-row-lg-2 gutters-row-md-2 gutters-row-0 gutters-row-v-lg-2 gutters-row-v-md-2 gutters-row-v-2 style-1314 style-local-331-c766 position-relative\">\r\n        <!---->\r\n        <div class=\"h-row justify-content-lg-center justify-content-md-center justify-content-center align-items-lg-stretch align-items-md-stretch align-items-stretch gutters-col-lg-2 gutters-col-md-2 gutters-col-0 gutters-col-v-lg-2 gutters-col-v-md-2 gutters-col-v-2\">\r\n          <!---->\r\n          <div class=\"h-column h-column-container d-flex h-col-lg-auto h-col-md-auto h-col-auto style-1316-outer style-local-331-c767-outer\">\r\n            <div data-colibri-id=\"331-c767\" class=\"d-flex h-flex-basis h-column__inner h-px-lg-2 h-px-md-2 h-px-2 v-inner-lg-2 v-inner-md-2 v-inner-2 style-1316 style-local-331-c767 position-relative\">\r\n              <!---->\r\n              <!---->\r\n              <div class=\"w-100 h-y-container h-column__content h-column__v-align flex-basis-100 align-self-lg-start align-self-md-start align-self-start\">\r\n                <!---->\r\n                <div data-colibri-id=\"331-c768\" class=\"h-global-transition-all h-heading style-1320 style-local-331-c768 position-relative h-element\">\r\n                  <!---->\r\n                  <div class=\"h-heading__outer style-1320 style-local-331-c768\">\r\n                    <!---->\r\n                    <!---->\r\n                    <h5 class=\"\">Das sind die Massnahmen die wir, kurz nach den Protesten am 11. JULI, um die Diktatur zu isolieren,&nbsp; vorgeschlagen haben:<\/h5>\r\n                  <\/div>\r\n                <\/div>\r\n                <div data-colibri-id=\"331-c769\" class=\"h-global-transition-all h-heading style-1319 style-local-331-c769 position-relative h-element\">\r\n                  <!---->\r\n                  <div class=\"h-heading__outer style-1319 style-local-331-c769\">\r\n                    <!---->\r\n                    <!---->\r\n                    <h3 class=\"\">Die Vorschl\u00e4ge der christlichen Befreiungsbewegung<\/h3>\r\n                  <\/div>\r\n                <\/div>\r\n                <div data-colibri-id=\"331-c770\" class=\"h-text h-text-component style-1321 style-local-331-c770 position-relative h-element\">\r\n                  <!---->\r\n                  <!---->\r\n                  <div class=\"\">\r\n                    <p>Die 11 konkreten Ma\u00dfnahmen, die im Rahmen der Kampagne vorgeschlagen werden, sind:<\/p>\r\n                    <p>Die Teilnahme des kubanischen Regimes an allen internationalen Foren, Gipfeltreffen und Veranstaltungen sollte ausgeschlossen werden.<\/p>\r\n                    <p>Kuba sollte im Rahmen des UN-Menschenrechtsrates wegen seiner Verst\u00f6\u00dfe untersucht und verurteilt werden.<\/p>\r\n                    <p>Aussetzung aller wirtschaftlichen und milit\u00e4rischen Kooperationsabkommen mit der kubanischen Diktatur, wie z. B. des EU-Kuba-Abkommens.<\/p>\r\n                    <p>Dem kubanischen Regime werden keine Kreditlinien gew\u00e4hrt.<\/p>\r\n                    <p>Von ausl\u00e4ndischen Investitionen und internationalem Tourismus nach Kuba wird abgeraten.<\/p>\r\n                    <p>Ein Boykott von Produkten, die aus Kuba exportiert werden, entweder direkt vom Regime oder \u00fcber ausl\u00e4ndische Unternehmen, die mit der Tyrannei in Verbindung stehen.<\/p>\r\n                    <p>Ein internationales Embargo f\u00fcr Waffen und repressive Ausr\u00fcstung gegen Kuba wird verh\u00e4ngt.<\/p>\r\n                    <p>Die Teilnahme Kubas an allen internationalen sportlichen, kulturellen und akademischen Veranstaltungen zu unterbinden.<\/p>\r\n                    <p>Die Erteilung oder der Entzug von Visa f\u00fcr Beamte der politisch-milit\u00e4rischen Junta und ihre Familien sowie f\u00fcr Mitglieder der Kommunistischen Partei Kubas und alle Mitglieder von Organisationen und Institutionen, die die repressiven\r\n                      Ma\u00dfnahmen gegen das Volk unterst\u00fctzen oder sich daran beteiligen.<\/p>\r\n                    <p>Die Kan\u00e4le f\u00fcr humanit\u00e4re Hilfe im Rahmen dieser Kampagne zur Isolierung des Regimes und in Solidarit\u00e4t mit dem kubanischen Volk m\u00fcssen erleichtert werden.<\/p>\r\n                    <p>Die Einrichtung einer internationalen Kommission zur Unterst\u00fctzung der Demokratie in Kuba, die die Umsetzung dieser und anderer Ma\u00dfnahmen f\u00f6rdert und ihre Einhaltung<\/p>\r\n                    <p>\r\n                      <br>\r\n                    <\/p>\r\n                  <\/div>\r\n                <\/div>\r\n              <\/div>\r\n            <\/div>\r\n          <\/div>\r\n        <\/div>\r\n      <\/div>\r\n    <\/div>\r\n  <\/div>\r\n  <div data-colibri-component=\"section\" data-colibri-id=\"331-c771\" id=\"custom-54\" class=\"h-section h-section-global-spacing d-flex align-items-lg-center align-items-md-center align-items-center style-1293 style-local-331-c771 position-relative\">\r\n    <!---->\r\n    <!---->\r\n    <div class=\"h-section-grid-container h-section-boxed-container\">\r\n      <!---->\r\n      <div data-colibri-id=\"331-c772\" class=\"h-row-container gutters-row-lg-2 gutters-row-md-2 gutters-row-0 gutters-row-v-lg-2 gutters-row-v-md-2 gutters-row-v-2 style-1309 style-local-331-c772 position-relative\">\r\n        <!---->\r\n        <div class=\"h-row justify-content-lg-center justify-content-md-center justify-content-center align-items-lg-stretch align-items-md-stretch align-items-stretch gutters-col-lg-2 gutters-col-md-2 gutters-col-0 gutters-col-v-lg-2 gutters-col-v-md-2 gutters-col-v-2\">\r\n          <!---->\r\n          <div class=\"h-column h-column-container d-flex h-col-lg-auto h-col-md-auto h-col-auto style-1310-outer style-local-331-c773-outer\">\r\n            <div data-colibri-id=\"331-c773\" class=\"d-flex h-flex-basis h-column__inner h-px-lg-2 h-px-md-2 h-px-2 v-inner-lg-2 v-inner-md-2 v-inner-2 style-1310 style-local-331-c773 position-relative\">\r\n              <!---->\r\n              <!---->\r\n              <div class=\"w-100 h-y-container h-column__content h-column__v-align flex-basis-100 align-self-lg-start align-self-md-start align-self-start\">\r\n                <!---->\r\n                <div data-colibri-id=\"331-c774\" class=\"h-x-container style-1311 style-local-331-c774 position-relative h-element\">\r\n                  <!---->\r\n                  <div class=\"h-x-container-inner style-dynamic-331-c774-group style-1311-spacing style-local-331-c774-spacing\"><span class=\"h-link__outer style-1312-outer style-local-331-c775-outer d-inline-flex h-element\"><a h-use-smooth-scroll=\"true\" href=\"http:\/\/botschafter-menschenrechte.de\/?cat=17\"  data-colibri-id=\"331-c775\" class=\"d-flex w-100 align-items-center h-link style-1312 style-local-331-c775 position-relative\"><!----><!----> <span>KUBA<\/span><\/a>\r\n                    <\/span>\r\n                  <\/div>\r\n                <\/div>\r\n              <\/div>\r\n            <\/div>\r\n          <\/div>\r\n        <\/div>\r\n      <\/div>\r\n      <div data-colibri-id=\"331-c776\" class=\"h-row-container gutters-row-lg-2 gutters-row-md-2 gutters-row-0 gutters-row-v-lg-2 gutters-row-v-md-2 gutters-row-v-2 style-1302 style-local-331-c776 position-relative\">\r\n        <!---->\r\n        <div class=\"h-row justify-content-lg-center justify-content-md-center justify-content-center align-items-lg-stretch align-items-md-stretch align-items-stretch gutters-col-lg-2 gutters-col-md-2 gutters-col-0 gutters-col-v-lg-2 gutters-col-v-md-2 gutters-col-v-2\">\r\n          <!---->\r\n          <div class=\"h-column h-column-container d-flex h-col-lg-auto h-col-md-auto h-col-auto style-1303-outer style-local-331-c777-outer\">\r\n            <div data-colibri-id=\"331-c777\" class=\"d-flex h-flex-basis h-column__inner h-px-lg-2 h-px-md-2 h-px-2 v-inner-lg-2 v-inner-md-2 v-inner-2 style-1303 style-local-331-c777 position-relative\">\r\n              <!---->\r\n              <!---->\r\n              <div class=\"w-100 h-y-container h-column__content h-column__v-align flex-basis-100 align-self-lg-start align-self-md-start align-self-start\">\r\n                <!---->\r\n                <div data-colibri-id=\"331-c778\" class=\"d-block style-1308 style-local-331-c778 position-relative h-element\">\r\n                  <!---->\r\n                  <div class=\"h-image__frame-container-outer\">\r\n                    <div class=\"h-image__frame-container\">\r\n                      <!---->\r\n                      <!---->\r\n                      <img loading=\"lazy\" decoding=\"async\" width=\"1206\" height=\"216\" src=\"http:\/\/botschafter-menschenrechte.de\/wp-content\/uploads\/2021\/11\/cropped-Screenshot-2021-11-12-at-09.34.29.png\" class=\"wp-image-2145 style-1308-image style-local-331-c778-image\" alt=\"\" srcset=\"https:\/\/botschafter-menschenrechte.de\/wp-content\/uploads\/2021\/11\/cropped-Screenshot-2021-11-12-at-09.34.29.png 1206w, https:\/\/botschafter-menschenrechte.de\/wp-content\/uploads\/2021\/11\/cropped-Screenshot-2021-11-12-at-09.34.29-300x54.png 300w, https:\/\/botschafter-menschenrechte.de\/wp-content\/uploads\/2021\/11\/cropped-Screenshot-2021-11-12-at-09.34.29-1024x183.png 1024w, https:\/\/botschafter-menschenrechte.de\/wp-content\/uploads\/2021\/11\/cropped-Screenshot-2021-11-12-at-09.34.29-768x138.png 768w\" sizes=\"auto, (max-width: 1206px) 100vw, 1206px\" \/>\r\n                      <div class=\"h-image__frame h-hide-lg h-hide-md h-hide-sm style-1308-frameImage style-local-331-c778-frameImage\"><\/div>\r\n                    <\/div>\r\n                  <\/div>\r\n                <\/div>\r\n                <div data-colibri-id=\"331-c779\" class=\"h-global-transition-all h-heading style-1304 style-local-331-c779 position-relative h-element\">\r\n                  <!---->\r\n                  <div class=\"h-heading__outer style-1304 style-local-331-c779\">\r\n                    <!---->\r\n                    <!---->\r\n                    <h1 class=\"\">OFFENER APPELL ZUR VERMEIDUNG EINES BLUTVERGIESSENS IN KUBA<\/h1>\r\n                  <\/div>\r\n                <\/div>\r\n              <\/div>\r\n            <\/div>\r\n          <\/div>\r\n        <\/div>\r\n      <\/div>\r\n      <div data-colibri-id=\"331-c780\" class=\"h-row-container gutters-row-lg-2 gutters-row-md-2 gutters-row-0 gutters-row-v-lg-2 gutters-row-v-md-2 gutters-row-v-2 style-1305 style-local-331-c780 position-relative\">\r\n        <!---->\r\n        <div class=\"h-row justify-content-lg-center justify-content-md-center justify-content-center align-items-lg-stretch align-items-md-stretch align-items-stretch gutters-col-lg-2 gutters-col-md-2 gutters-col-0 gutters-col-v-lg-2 gutters-col-v-md-2 gutters-col-v-2\">\r\n          <!---->\r\n          <div class=\"h-column h-column-container d-flex h-col-lg-auto h-col-md-auto h-col-auto style-1306-outer style-local-331-c781-outer\">\r\n            <div data-colibri-id=\"331-c781\" class=\"d-flex h-flex-basis h-column__inner h-px-lg-2 h-px-md-2 h-px-2 v-inner-lg-2 v-inner-md-2 v-inner-2 style-1306 style-local-331-c781 position-relative\">\r\n              <!---->\r\n              <!---->\r\n              <div class=\"w-100 h-y-container h-column__content h-column__v-align flex-basis-100 align-self-lg-start align-self-md-start align-self-start\">\r\n                <!---->\r\n                <div data-colibri-id=\"331-c782\" class=\"h-global-transition-all h-heading style-1307 style-local-331-c782 position-relative h-element\">\r\n                  <!---->\r\n                  <div class=\"h-heading__outer style-1307 style-local-331-c782\">\r\n                    <!---->\r\n                    <!---->\r\n                    <h4 class=\"\"> An alle Demokratischen und Progressiven Kr\u00e4ften in Deutschland und in der Welt.<\/h4>\r\n                  <\/div>\r\n                <\/div>\r\n              <\/div>\r\n            <\/div>\r\n          <\/div>\r\n        <\/div>\r\n      <\/div>\r\n      <div data-colibri-id=\"331-c783\" class=\"h-row-container gutters-row-lg-2 gutters-row-md-2 gutters-row-0 gutters-row-v-lg-2 gutters-row-v-md-2 gutters-row-v-2 style-1299 style-local-331-c783 position-relative\">\r\n        <!---->\r\n        <div class=\"h-row justify-content-lg-center justify-content-md-center justify-content-center align-items-lg-stretch align-items-md-stretch align-items-stretch gutters-col-lg-2 gutters-col-md-2 gutters-col-0 gutters-col-v-lg-2 gutters-col-v-md-2 gutters-col-v-2\">\r\n          <!---->\r\n          <div class=\"h-column h-column-container d-flex h-col-lg-auto h-col-md-auto h-col-auto style-1300-outer style-local-331-c784-outer\">\r\n            <div data-colibri-id=\"331-c784\" class=\"d-flex h-flex-basis h-column__inner h-px-lg-2 h-px-md-2 h-px-2 v-inner-lg-2 v-inner-md-2 v-inner-2 style-1300 style-local-331-c784 position-relative\">\r\n              <!---->\r\n              <!---->\r\n              <div class=\"w-100 h-y-container h-column__content h-column__v-align flex-basis-100 align-self-lg-start align-self-md-start align-self-start\">\r\n                <!---->\r\n                <div data-colibri-id=\"331-c785\" class=\"h-text h-text-component style-1301 style-local-331-c785 position-relative h-element\">\r\n                  <!---->\r\n                  <!---->\r\n                  <div class=\"\">\r\n                    <p>Am kommenden 15. November wird in Kuba und zeitgleich in rund 100 St\u00e4dten verschiedener L\u00e4nder der Welt zu Demonstrationen aufgerufen. Mitglieder der kubanischen Zivilgesellschaft und der Gruppe Archipi\u00e9lago haben zu einem zivilen\r\n                      pazifistischen MARSCH f\u00fcr die Achtung der Rechte aller Kubaner, die Freilassung politischer Gefangener, f\u00fcr ein Ende der Gewalt gegen Dissidenten und f\u00fcr Demokratie und Freiheit auf der Insel aufgerufen. <\/p>\r\n                    <p>Angesichts des von der Regierung gesch\u00fcrten hasserf\u00fcllten, aggressiven und konfrontativen Klimas gegen diesen Marsch, sind wir als deutsch- kubanischer Verein BERLIN OPUS CUBA (i.G) erschrocken und alarmiert und bef\u00fcrchten eine Eskalation.\r\n                      Die Bedrohungen gegen Organisatoren und die in den Netzwerken kursierenden Bilder, auf denen die Kampfbereitschaft und Aggression der staatlich organisierten \u201eRevolution\u00e4re\u201c auch mit Waffen demonstriert wird, sind Vorboten einer\r\n                      staatlich forcierten gewaltt\u00e4tigen Konfrontation zwischen Kubanern und Kubanern und einer bevorstehenden gewaltsamen Unterdr\u00fcckung friedlicher Proteste. <\/p>\r\n                    <p>Wir, BERLIN OPUS CUBA (i.G), verstehen uns als unabh\u00e4ngige Organisation freier Kubaner, die sich mit den Gef\u00fchlen der Opposition und unserer Familien und Freunde in Kuba artikuliert, die hier als Stimme der Kubaner in einer freien\r\n                      Gesellschaft fungiert, die nicht durch die Willk\u00fcr des kubanischen Regimes zum Schweigen gebracht werden kann.<\/p>\r\n                    <p>Aus Berlin, der Deutschen Hauptstadt, in der die ber\u00fcchtigte Mauer fiel, dem Symbol f\u00fcr Unfreiheit und Unterdr\u00fcckung in der DDR, der Hauptstadt, die sich heute mit weltbekannten Institutionen r\u00fchmen kann, die sich in ihrer Arbeit dem\r\n                      FRIEDEN und der FREIHEIT in der Welt verschreiben, rufen wir heute mit Nachdruck dazu auf, mit erh\u00f6hter Wachsamkeit den Blick auf Kuba zu richten und auf die Handlungen der kubanischen Regierung und auf die m\u00f6glichen Konsequenzen\r\n                      f\u00fcr die Zivilgesellschaft zu achten, um durch internationalen Druck ein Blutvergie\u00dfen am 15. November in Kuba zu vermeiden.<\/p>\r\n                    <p>WIR FORDERN DIE KUBANISCHE REGIERUNG AUF,<\/p>\r\n                    <p>&#8211; die Repressionswelle gegen die Demonstranten vom 11. Juli bedingungslos einzustellen und die politischen Gefangenen freizulassen, die zum Teil mit jahrzehntelangen Haftstrafen belegt wurden, weil sie anders denken oder sich frei\r\n                      in ihrem Gesang oder ihrer Kunst ausdr\u00fccken wollen.<\/p>\r\n                    <p>&#8211; jedem Kubaner die politisch-gesellschaftlichen Rechte zu gew\u00e4hren, die in der kubanische Verfassung und in der von Kuba unterzeichneten Allgemeinen Erkl\u00e4rung der Menschenrechte zugesichert werden (Artikel: 1, 9, 18, 19, 20), nach\r\n                      der sie sich als Rechtsperson frei von Diskriminierung \u00e4u\u00dfern, organisieren und gesellschaftlich politisch partizipieren k\u00f6nnen, damit Bed\u00fcrfnisse und Interessen aller Kubaner in der Gesellschaft repr\u00e4sentiert werden.<\/p>\r\n                    <p>WIR FORDERN DEN DEUTSCHEN BUNDESTAG AUF,<\/p>\r\n                    <p>&#8211; eine eindringliche Warnung an das kubanische Regime zu richten, den politischen Willen eines gro\u00dfen Teils der kubanischen Zivilgesellschaft zu respektieren, das von seinem Demonstrationsrecht Gebrauch machen m\u00f6chte, um seinen politischen\r\n                      Willen friedlich und \u00f6ffentlich wahrnehmbar zu demonstrieren.<\/p>\r\n                    <p>&#8211; auf die Verantwortlichkeit der kubanischen Regierung hinzuweisen, die k\u00f6rperliche Unversehrtheit der friedlich demonstrierenden B\u00fcrgerinnen und B\u00fcrger sicherzustellen, indem sie es unterl\u00e4sst, zu gewaltsamen Abwehraktionen aufzurufen\r\n                      und ein Eskalieren durch staatlich aktivierte bewaffnete paramilit\u00e4rische Kampfgruppen und -verb\u00e4nde verhindert.<\/p>\r\n                    <p>&#8211; den Entschlie\u00dfungen Nachdruck zu verleihen, indem harte politische Konsequenzen f\u00fcr den Fall in den Raum gestellt werden, dass die Regierung die Stimmung weiterhin aktiv anheizt und seine B\u00fcrgerinnen und B\u00fcrger mit Repression und\r\n                      Gewalt bedroht.<\/p>\r\n                    <p>WIR FORDERN DAS EUROP\u00c4ISCHE PARLAMENT AUF,<\/p>\r\n                    <p>&#8211; sich zu einer eindeutigen Erkl\u00e4rung an die kubanische Regierung zu entschlie\u00dfen, die eine klare Position gegen\u00fcber der Regierung einnimmt, um die Bedrohung durch bewaffnete paramilit\u00e4rische Kr\u00e4fte zu verurteilen, die drohen, gegen\r\n                      unbewaffnete friedliche B\u00fcrgerinnen und B\u00fcrger vorzugehen, die am 15. November in ganz Kuba pazifistisch ihr Grundrecht auf politische Meinungs\u00e4u\u00dferung und Versammlungsfreiheit wahrnehmen wollen.<\/p>\r\n                    <p>BERLIN OPUS CUBA steht f\u00fcr das Ende einer totalit\u00e4ren Diktatur und den \u00dcbergang zu einer starken Demokratie, in der sich die Interessen- und Bed\u00fcrfnisvielfalt der kubanischen Bev\u00f6lkerung wiederspiegeln kann.<\/p>\r\n                    <p>Wir stehen ebenso f\u00fcr die \u00d6ffnung der kubanischen Wirtschaft als wesentliche Triebkraft f\u00fcr gesellschaftliche Entwicklung und Wohlstand. Unterzeichnet am Vorabend der Feierlichkeiten zum Tag des Schicksals in Deutschland. Am Vorabend\r\n                      des Tages, an dem der Abriss der Berliner Mauer begann.<\/p>\r\n                    <p>Unser Appell ist ein Riss in der Mauer der Diktatur.<\/p>\r\n                    <p>F\u00fcr ein freies Kuba Hochachtungsvoll, BERLIN OPUS CUBA<\/p>\r\n                  <\/div>\r\n                <\/div>\r\n              <\/div>\r\n            <\/div>\r\n          <\/div>\r\n        <\/div>\r\n      <\/div>\r\n      <div data-colibri-id=\"331-c786\" class=\"h-row-container gutters-row-lg-2 gutters-row-md-2 gutters-row-0 gutters-row-v-lg-2 gutters-row-v-md-2 gutters-row-v-2 style-1294 style-local-331-c786 position-relative\">\r\n        <!---->\r\n        <div class=\"h-row justify-content-lg-center justify-content-md-center justify-content-center align-items-lg-stretch align-items-md-stretch align-items-stretch gutters-col-lg-2 gutters-col-md-2 gutters-col-0 gutters-col-v-lg-2 gutters-col-v-md-2 gutters-col-v-2\">\r\n          <!---->\r\n          <div class=\"h-column h-column-container d-flex h-col-lg-auto h-col-md-auto h-col-auto style-1296-outer style-local-331-c787-outer\">\r\n            <div data-colibri-id=\"331-c787\" class=\"d-flex h-flex-basis h-column__inner h-px-lg-2 h-px-md-2 h-px-2 v-inner-lg-2 v-inner-md-2 v-inner-2 style-1296 style-local-331-c787 position-relative\">\r\n              <!---->\r\n              <!---->\r\n              <div class=\"w-100 h-y-container h-column__content h-column__v-align flex-basis-100 align-self-lg-start align-self-md-start align-self-start\">\r\n                <!---->\r\n                <div data-colibri-id=\"331-c788\" class=\"h-x-container style-1297 style-local-331-c788 position-relative h-element\">\r\n                  <!---->\r\n                  <div class=\"h-x-container-inner style-dynamic-331-c788-group style-1297-spacing style-local-331-c788-spacing\"><span class=\"h-button__outer style-1298-outer style-local-331-c789-outer d-inline-flex h-element\"><a h-use-smooth-scroll=\"true\" href=\"http:\/\/botschafter-menschenrechte.de\/?p=2139\"  data-colibri-id=\"331-c789\" class=\"d-flex w-100 align-items-center h-button justify-content-lg-center justify-content-md-center justify-content-center style-1298 style-local-331-c789 position-relative\"><!----><!----> <span>ZUR LISTE DER UNTERZEICHNENDEN<\/span><\/a>\r\n                    <\/span>\r\n                  <\/div>\r\n                <\/div>\r\n              <\/div>\r\n            <\/div>\r\n          <\/div>\r\n        <\/div>\r\n      <\/div>\r\n    <\/div>\r\n  <\/div>\r\n  <div data-colibri-component=\"section\" data-colibri-id=\"331-c790\" id=\"custom-53\" class=\"h-section h-section-global-spacing d-flex align-items-lg-center align-items-md-center align-items-center style-1283 style-local-331-c790 position-relative\">\r\n    <!---->\r\n    <!---->\r\n    <div class=\"h-section-grid-container h-section-boxed-container\">\r\n      <!---->\r\n      <div data-colibri-id=\"331-c791\" class=\"h-row-container gutters-row-lg-2 gutters-row-md-2 gutters-row-0 gutters-row-v-lg-2 gutters-row-v-md-2 gutters-row-v-2 style-1284 style-local-331-c791 position-relative\">\r\n        <!---->\r\n        <div class=\"h-row justify-content-lg-center justify-content-md-center justify-content-center align-items-lg-stretch align-items-md-stretch align-items-stretch gutters-col-lg-2 gutters-col-md-2 gutters-col-0 gutters-col-v-lg-2 gutters-col-v-md-2 gutters-col-v-2\">\r\n          <!---->\r\n          <div class=\"h-column h-column-container d-flex h-col-lg-auto h-col-md-auto h-col-auto style-1285-outer style-local-331-c792-outer\">\r\n            <div data-colibri-id=\"331-c792\" class=\"d-flex h-flex-basis h-column__inner h-px-lg-2 h-px-md-2 h-px-2 v-inner-lg-2 v-inner-md-2 v-inner-2 style-1285 style-local-331-c792 position-relative\">\r\n              <!---->\r\n              <!---->\r\n              <div class=\"w-100 h-y-container h-column__content h-column__v-align flex-basis-100 align-self-lg-center align-self-md-center align-self-center\">\r\n                <!---->\r\n                <div data-colibri-id=\"331-c793\" class=\"d-block style-1292 style-local-331-c793 position-relative h-element\">\r\n                  <!---->\r\n                  <div class=\"h-image__frame-container-outer\">\r\n                    <div class=\"h-image__frame-container\">\r\n                      <!---->\r\n                      <!---->\r\n                      <img loading=\"lazy\" decoding=\"async\" width=\"505\" height=\"505\" src=\"http:\/\/botschafter-menschenrechte.de\/wp-content\/uploads\/2021\/11\/cropped-thumbnail_image001.jpeg\" class=\"wp-image-2131 style-1292-image style-local-331-c793-image\" alt=\"\" srcset=\"https:\/\/botschafter-menschenrechte.de\/wp-content\/uploads\/2021\/11\/cropped-thumbnail_image001.jpeg 505w, https:\/\/botschafter-menschenrechte.de\/wp-content\/uploads\/2021\/11\/cropped-thumbnail_image001-300x300.jpeg 300w, https:\/\/botschafter-menschenrechte.de\/wp-content\/uploads\/2021\/11\/cropped-thumbnail_image001-150x150.jpeg 150w\" sizes=\"auto, (max-width: 505px) 100vw, 505px\" \/>\r\n                      <div class=\"h-image__frame h-hide-lg h-hide-md h-hide-sm style-1292-frameImage style-local-331-c793-frameImage\"><\/div>\r\n                    <\/div>\r\n                  <\/div>\r\n                <\/div>\r\n              <\/div>\r\n            <\/div>\r\n          <\/div>\r\n          <div class=\"h-column h-column-container d-flex h-col-lg-auto h-col-md-auto h-col-auto style-1286-outer style-local-331-c794-outer\">\r\n            <div data-colibri-id=\"331-c794\" class=\"d-flex h-flex-basis h-column__inner h-px-lg-2 h-px-md-2 h-px-2 v-inner-lg-2 v-inner-md-2 v-inner-2 style-1286 style-local-331-c794 position-relative\">\r\n              <!---->\r\n              <!---->\r\n              <div class=\"w-100 h-y-container h-column__content h-column__v-align flex-basis-100 align-self-lg-center align-self-md-center align-self-center\">\r\n                <!---->\r\n                <div data-colibri-id=\"331-c795\" class=\"h-x-container style-1289 style-local-331-c795 position-relative h-element\">\r\n                  <!---->\r\n                  <div class=\"h-x-container-inner style-dynamic-331-c795-group style-1289-spacing style-local-331-c795-spacing\"><span class=\"h-link__outer style-1290-outer style-local-331-c796-outer d-inline-flex h-element\"><a h-use-smooth-scroll=\"true\" href=\"http:\/\/botschafter-menschenrechte.de\/?cat=17\"  data-colibri-id=\"331-c796\" class=\"d-flex w-100 align-items-center h-link style-1290 style-local-331-c796 position-relative\"><!----><!----> <span>KUBA<\/span><\/a>\r\n                    <\/span>\r\n                  <\/div>\r\n                <\/div>\r\n                <div data-colibri-id=\"331-c797\" class=\"h-global-transition-all h-heading style-1291 style-local-331-c797 position-relative h-element\">\r\n                  <!---->\r\n                  <div class=\"h-heading__outer style-1291 style-local-331-c797\">\r\n                    <!---->\r\n                    <!---->\r\n                    <h1 class=\"\">Reporter ohne Grenzen:\r\n                      <br>Keine Pressefreiheit in Kuba<\/h1>\r\n                  <\/div>\r\n                <\/div>\r\n                <div data-colibri-id=\"331-c798\" class=\"h-x-container style-1287 style-local-331-c798 position-relative h-element\">\r\n                  <!---->\r\n                  <div class=\"h-x-container-inner style-dynamic-331-c798-group style-1287-spacing style-local-331-c798-spacing\"><span class=\"h-button__outer style-1288-outer style-local-331-c799-outer d-inline-flex h-element\"><a h-use-smooth-scroll=\"true\" href=\"http:\/\/botschafter-menschenrechte.de\/?p=2126\"  data-colibri-id=\"331-c799\" class=\"d-flex w-100 align-items-center h-button justify-content-lg-center justify-content-md-center justify-content-center style-1288 style-local-331-c799 position-relative\"><!----><!----> <span>ZUM ARTIKEL<\/span><\/a>\r\n                    <\/span>\r\n                  <\/div>\r\n                <\/div>\r\n              <\/div>\r\n            <\/div>\r\n          <\/div>\r\n        <\/div>\r\n      <\/div>\r\n    <\/div>\r\n  <\/div>\r\n  <div data-colibri-component=\"section\" data-colibri-id=\"331-c800\" id=\"custom-52\" class=\"h-section h-section-global-spacing d-flex align-items-lg-center align-items-md-center align-items-center style-1272 style-local-331-c800 position-relative\">\r\n    <!---->\r\n    <!---->\r\n    <div class=\"h-section-grid-container h-section-boxed-container\">\r\n      <!---->\r\n      <div data-colibri-id=\"331-c801\" class=\"h-row-container gutters-row-lg-2 gutters-row-md-2 gutters-row-0 gutters-row-v-lg-2 gutters-row-v-md-2 gutters-row-v-2 style-1273 style-local-331-c801 position-relative\">\r\n        <!---->\r\n        <div class=\"h-row justify-content-lg-center justify-content-md-center justify-content-center align-items-lg-stretch align-items-md-stretch align-items-stretch gutters-col-lg-2 gutters-col-md-2 gutters-col-0 gutters-col-v-lg-2 gutters-col-v-md-2 gutters-col-v-2\">\r\n          <!---->\r\n          <div class=\"h-column h-column-container d-flex h-col-lg-auto h-col-md-auto h-col-auto style-1274-outer style-local-331-c802-outer\">\r\n            <div data-colibri-id=\"331-c802\" class=\"d-flex h-flex-basis h-column__inner h-px-lg-2 h-px-md-2 h-px-2 v-inner-lg-2 v-inner-md-2 v-inner-2 style-1274 style-local-331-c802 position-relative\">\r\n              <!---->\r\n              <!---->\r\n              <div class=\"w-100 h-y-container h-column__content h-column__v-align flex-basis-100 align-self-lg-center align-self-md-center align-self-center\">\r\n                <!---->\r\n                <div data-colibri-id=\"331-c803\" class=\"d-block style-1282 style-local-331-c803 position-relative h-element\">\r\n                  <!---->\r\n                  <div class=\"h-image__frame-container-outer\">\r\n                    <div class=\"h-image__frame-container\">\r\n                      <!---->\r\n                      <!---->\r\n                      <img loading=\"lazy\" decoding=\"async\" width=\"440\" height=\"440\" src=\"http:\/\/botschafter-menschenrechte.de\/wp-content\/uploads\/2021\/11\/cropped-Bild2-1.jpg\" class=\"wp-image-2119 style-1282-image style-local-331-c803-image\" alt=\"\" srcset=\"https:\/\/botschafter-menschenrechte.de\/wp-content\/uploads\/2021\/11\/cropped-Bild2-1.jpg 440w, https:\/\/botschafter-menschenrechte.de\/wp-content\/uploads\/2021\/11\/cropped-Bild2-1-300x300.jpg 300w, https:\/\/botschafter-menschenrechte.de\/wp-content\/uploads\/2021\/11\/cropped-Bild2-1-150x150.jpg 150w\" sizes=\"auto, (max-width: 440px) 100vw, 440px\" \/>\r\n                      <div class=\"h-image__frame h-hide-lg h-hide-md h-hide-sm style-1282-frameImage style-local-331-c803-frameImage\"><\/div>\r\n                    <\/div>\r\n                  <\/div>\r\n                <\/div>\r\n              <\/div>\r\n            <\/div>\r\n          <\/div>\r\n          <div class=\"h-column h-column-container d-flex h-col-lg-auto h-col-md-auto h-col-auto style-1275-outer style-local-331-c804-outer\">\r\n            <div data-colibri-id=\"331-c804\" class=\"d-flex h-flex-basis h-column__inner h-px-lg-2 h-px-md-2 h-px-2 v-inner-lg-2 v-inner-md-2 v-inner-2 style-1275 style-local-331-c804 position-relative\">\r\n              <!---->\r\n              <!---->\r\n              <div class=\"w-100 h-y-container h-column__content h-column__v-align flex-basis-100 align-self-lg-center align-self-md-center align-self-center\">\r\n                <!---->\r\n                <div data-colibri-id=\"331-c805\" class=\"h-x-container style-1276 style-local-331-c805 position-relative h-element\">\r\n                  <!---->\r\n                  <div class=\"h-x-container-inner style-dynamic-331-c805-group style-1276-spacing style-local-331-c805-spacing\"><span class=\"h-link__outer style-1277-outer style-local-331-c806-outer d-inline-flex h-element\"><a h-use-smooth-scroll=\"true\" href=\"http:\/\/botschafter-menschenrechte.de\/?cat=17\"  data-colibri-id=\"331-c806\" class=\"d-flex w-100 align-items-center h-link style-1277 style-local-331-c806 position-relative\"><!----><!----> <span>KUBA<\/span><\/a>\r\n                    <\/span>\r\n                  <\/div>\r\n                <\/div>\r\n                <div data-colibri-id=\"331-c807\" class=\"h-global-transition-all h-heading style-1281 style-local-331-c807 position-relative h-element\">\r\n                  <!---->\r\n                  <div class=\"h-heading__outer style-1281 style-local-331-c807\">\r\n                    <!---->\r\n                    <!---->\r\n                    <h2 class=\"\">Hern\u00e1ndez: Unabh\u00e4ngige Presse entlarvt die Propagandal\u00fcgen<\/h2>\r\n                  <\/div>\r\n                <\/div>\r\n                <div data-colibri-id=\"331-c808\" class=\"h-text h-text-component style-1280 style-local-331-c808 position-relative h-element\">\r\n                  <!---->\r\n                  <!---->\r\n                  <div class=\"\">\r\n                    <p>Der 11. Juli war ein schwerer Schlag f\u00fcr die kommunistische Diktatur und am 15. November blickt die Welt erneut auf Kuba<\/p>\r\n                    <p> Die offiziellen Medien der kubanischen Diktatur haben auf Kuba ihr Monopol und damit die politische Deutungshoheit verloren. Staatsunabh\u00e4ngige Journalisten berichten mit Hilfe der sozialen Medien \u00fcber fehlende Lebensmittel, Umweltverbrechen\r\n                      und vielf\u00e4ltige Missst\u00e4nde in der staatlichen Kommandowirtschaft und Gesundheitswesen, \u00fcber Korruption und staatliche L\u00fcgen. BfM befragte dazu die unabh\u00e4ngige Journalisten Iliana Hern\u00e1ndez.<\/p>\r\n                  <\/div>\r\n                <\/div>\r\n                <div data-colibri-id=\"331-c809\" class=\"h-x-container style-1278 style-local-331-c809 position-relative h-element\">\r\n                  <!---->\r\n                  <div class=\"h-x-container-inner style-dynamic-331-c809-group style-1278-spacing style-local-331-c809-spacing\"><span class=\"h-button__outer style-1279-outer style-local-331-c810-outer d-inline-flex h-element\"><a h-use-smooth-scroll=\"true\" href=\"http:\/\/botschafter-menschenrechte.de\/?p=2112\"  data-colibri-id=\"331-c810\" class=\"d-flex w-100 align-items-center h-button justify-content-lg-center justify-content-md-center justify-content-center style-1279 style-local-331-c810 position-relative\"><!----><!----> <span>ZUM INTERVIEW<\/span><\/a>\r\n                    <\/span>\r\n                  <\/div>\r\n                <\/div>\r\n              <\/div>\r\n            <\/div>\r\n          <\/div>\r\n        <\/div>\r\n      <\/div>\r\n    <\/div>\r\n  <\/div>\r\n  <div data-colibri-component=\"section\" data-colibri-id=\"331-c811\" id=\"custom-51\" class=\"h-section h-section-global-spacing d-flex align-items-lg-center align-items-md-center align-items-center style-1261 style-local-331-c811 position-relative\">\r\n    <!---->\r\n    <!---->\r\n    <div class=\"h-section-grid-container h-section-boxed-container\">\r\n      <!---->\r\n      <div data-colibri-id=\"331-c812\" class=\"h-row-container gutters-row-lg-2 gutters-row-md-2 gutters-row-0 gutters-row-v-lg-2 gutters-row-v-md-2 gutters-row-v-2 style-1262 style-local-331-c812 position-relative\">\r\n        <!---->\r\n        <div class=\"h-row justify-content-lg-center justify-content-md-center justify-content-center align-items-lg-stretch align-items-md-stretch align-items-stretch gutters-col-lg-2 gutters-col-md-2 gutters-col-0 gutters-col-v-lg-2 gutters-col-v-md-2 gutters-col-v-2\">\r\n          <!---->\r\n          <div class=\"h-column h-column-container d-flex h-col-lg-auto h-col-md-auto h-col-auto style-1263-outer style-local-331-c813-outer\">\r\n            <div data-colibri-id=\"331-c813\" class=\"d-flex h-flex-basis h-column__inner h-px-lg-2 h-px-md-2 h-px-2 v-inner-lg-2 v-inner-md-2 v-inner-2 style-1263 style-local-331-c813 position-relative\">\r\n              <!---->\r\n              <!---->\r\n              <div class=\"w-100 h-y-container h-column__content h-column__v-align flex-basis-100 align-self-lg-center align-self-md-center align-self-center\">\r\n                <!---->\r\n                <div data-colibri-id=\"331-c814\" class=\"d-block style-1271 style-local-331-c814 position-relative h-element\">\r\n                  <!---->\r\n                  <div class=\"h-image__frame-container-outer\">\r\n                    <div class=\"h-image__frame-container\">\r\n                      <!---->\r\n                      <!---->\r\n                      <img loading=\"lazy\" decoding=\"async\" width=\"1200\" height=\"1200\" src=\"http:\/\/botschafter-menschenrechte.de\/wp-content\/uploads\/2021\/11\/cropped-csm_Beate_Rudolf_Pressefoto_frontal_c_DIMR_A_Illing_521b2405b5.jpg\" class=\"wp-image-2098 style-1271-image style-local-331-c814-image\" alt=\"\" srcset=\"https:\/\/botschafter-menschenrechte.de\/wp-content\/uploads\/2021\/11\/cropped-csm_Beate_Rudolf_Pressefoto_frontal_c_DIMR_A_Illing_521b2405b5.jpg 1200w, https:\/\/botschafter-menschenrechte.de\/wp-content\/uploads\/2021\/11\/cropped-csm_Beate_Rudolf_Pressefoto_frontal_c_DIMR_A_Illing_521b2405b5-300x300.jpg 300w, https:\/\/botschafter-menschenrechte.de\/wp-content\/uploads\/2021\/11\/cropped-csm_Beate_Rudolf_Pressefoto_frontal_c_DIMR_A_Illing_521b2405b5-1024x1024.jpg 1024w, https:\/\/botschafter-menschenrechte.de\/wp-content\/uploads\/2021\/11\/cropped-csm_Beate_Rudolf_Pressefoto_frontal_c_DIMR_A_Illing_521b2405b5-150x150.jpg 150w, https:\/\/botschafter-menschenrechte.de\/wp-content\/uploads\/2021\/11\/cropped-csm_Beate_Rudolf_Pressefoto_frontal_c_DIMR_A_Illing_521b2405b5-768x768.jpg 768w\" sizes=\"auto, (max-width: 1200px) 100vw, 1200px\" \/>\r\n                      <div class=\"h-image__frame h-hide-lg h-hide-md h-hide-sm style-1271-frameImage style-local-331-c814-frameImage\"><\/div>\r\n                    <\/div>\r\n                  <\/div>\r\n                <\/div>\r\n              <\/div>\r\n            <\/div>\r\n          <\/div>\r\n          <div class=\"h-column h-column-container d-flex h-col-lg-auto h-col-md-auto h-col-auto style-1264-outer style-local-331-c815-outer\">\r\n            <div data-colibri-id=\"331-c815\" class=\"d-flex h-flex-basis h-column__inner h-px-lg-2 h-px-md-2 h-px-2 v-inner-lg-2 v-inner-md-2 v-inner-2 style-1264 style-local-331-c815 position-relative\">\r\n              <!---->\r\n              <!---->\r\n              <div class=\"w-100 h-y-container h-column__content h-column__v-align flex-basis-100 align-self-lg-center align-self-md-center align-self-center\">\r\n                <!---->\r\n                <div data-colibri-id=\"331-c816\" class=\"h-x-container style-1265 style-local-331-c816 position-relative h-element\">\r\n                  <!---->\r\n                  <div class=\"h-x-container-inner style-dynamic-331-c816-group style-1265-spacing style-local-331-c816-spacing\"><span class=\"h-link__outer style-1266-outer style-local-331-c817-outer d-inline-flex h-element\"><a h-use-smooth-scroll=\"true\" href=\"http:\/\/botschafter-menschenrechte.de\/?cat=46\"  data-colibri-id=\"331-c817\" class=\"d-flex w-100 align-items-center h-link style-1266 style-local-331-c817 position-relative\"><!----><!----> <span>NACHRICHTEN<\/span><\/a>\r\n                    <\/span>\r\n                  <\/div>\r\n                <\/div>\r\n                <div data-colibri-id=\"331-c818\" class=\"h-global-transition-all h-heading style-1267 style-local-331-c818 position-relative h-element\">\r\n                  <!---->\r\n                  <div class=\"h-heading__outer style-1267 style-local-331-c818\">\r\n                    <!---->\r\n                    <!---->\r\n                    <h3 class=\"\">Keine menschenrechtsfreie Zone in Europa: Deutschland und die EU m\u00fcssen sich f\u00fcr den Schutz der Gefl\u00fcchteten einsetzen \u2013 Fl\u00fcchtlinge\/Belarus-Polen<\/h3>\r\n                  <\/div>\r\n                <\/div>\r\n                <div data-colibri-id=\"331-c819\" class=\"h-text h-text-component style-1268 style-local-331-c819 position-relative h-element\">\r\n                  <!---->\r\n                  <!---->\r\n                  <div class=\"\">\r\n                    <p>Anl\u00e4sslich der lebensbedrohlichen Situation gefl\u00fcchteter Menschen im Grenzgebiet zwischen Belarus und Polen erkl\u00e4rt Beate Rudolf, Direktorin des Deutschen Instituts f\u00fcr Menschenrechte:<\/p>\r\n                    <p>\u201eSchutzsuchende Menschen im Grenzgebiet zwischen Belarus und Polen hungern, verdursten und erfrieren&#8230;<\/p>\r\n                  <\/div>\r\n                <\/div>\r\n                <div data-colibri-id=\"331-c820\" class=\"h-x-container style-1269 style-local-331-c820 position-relative h-element\">\r\n                  <!---->\r\n                  <div class=\"h-x-container-inner style-dynamic-331-c820-group style-1269-spacing style-local-331-c820-spacing\"><span class=\"h-button__outer style-1270-outer style-local-331-c821-outer d-inline-flex h-element\"><a h-use-smooth-scroll=\"true\" href=\"http:\/\/botschafter-menschenrechte.de\/?p=2093\"  data-colibri-id=\"331-c821\" class=\"d-flex w-100 align-items-center h-button justify-content-lg-center justify-content-md-center justify-content-center style-1270 style-local-331-c821 position-relative\"><!----><!----> <span>WEITERLESEN<\/span><\/a>\r\n                    <\/span>\r\n                  <\/div>\r\n                <\/div>\r\n              <\/div>\r\n            <\/div>\r\n          <\/div>\r\n        <\/div>\r\n      <\/div>\r\n    <\/div>\r\n  <\/div>\r\n  <div data-colibri-component=\"section\" data-colibri-id=\"331-c822\" id=\"custom-50\" class=\"h-section h-section-global-spacing d-flex align-items-lg-center align-items-md-center align-items-center style-1249 style-local-331-c822 position-relative\">\r\n    <!---->\r\n    <!---->\r\n    <div class=\"h-section-grid-container h-section-boxed-container\">\r\n      <!---->\r\n      <div data-colibri-id=\"331-c823\" class=\"h-row-container gutters-row-lg-2 gutters-row-md-2 gutters-row-0 gutters-row-v-lg-2 gutters-row-v-md-2 gutters-row-v-2 style-1250 style-local-331-c823 position-relative\">\r\n        <!---->\r\n        <div class=\"h-row justify-content-lg-center justify-content-md-center justify-content-center align-items-lg-stretch align-items-md-stretch align-items-stretch gutters-col-lg-2 gutters-col-md-2 gutters-col-0 gutters-col-v-lg-2 gutters-col-v-md-2 gutters-col-v-2\">\r\n          <!---->\r\n          <div class=\"h-column h-column-container d-flex h-col-lg-auto h-col-md-auto h-col-auto style-1251-outer style-local-331-c824-outer\">\r\n            <div data-colibri-id=\"331-c824\" class=\"d-flex h-flex-basis h-column__inner h-px-lg-2 h-px-md-2 h-px-2 v-inner-lg-2 v-inner-md-2 v-inner-2 style-1251 style-local-331-c824 position-relative\">\r\n              <!---->\r\n              <!---->\r\n              <div class=\"w-100 h-y-container h-column__content h-column__v-align flex-basis-100 align-self-lg-center align-self-md-center align-self-center\">\r\n                <!---->\r\n                <div data-colibri-id=\"331-c825\" class=\"d-block style-1259 style-local-331-c825 position-relative h-element\">\r\n                  <!---->\r\n                  <div class=\"h-image__frame-container-outer\">\r\n                    <div class=\"h-image__frame-container\">\r\n                      <!---->\r\n                      <!---->\r\n                      <img loading=\"lazy\" decoding=\"async\" width=\"770\" height=\"770\" src=\"http:\/\/botschafter-menschenrechte.de\/wp-content\/uploads\/2021\/10\/cropped-IMG_4979-1-e1634049632202.png\" class=\"wp-image-2059 style-1259-image style-local-331-c825-image\" alt=\"\" srcset=\"https:\/\/botschafter-menschenrechte.de\/wp-content\/uploads\/2021\/10\/cropped-IMG_4979-1-e1634049632202.png 770w, https:\/\/botschafter-menschenrechte.de\/wp-content\/uploads\/2021\/10\/cropped-IMG_4979-1-e1634049632202-300x300.png 300w, https:\/\/botschafter-menschenrechte.de\/wp-content\/uploads\/2021\/10\/cropped-IMG_4979-1-e1634049632202-150x150.png 150w, https:\/\/botschafter-menschenrechte.de\/wp-content\/uploads\/2021\/10\/cropped-IMG_4979-1-e1634049632202-768x768.png 768w\" sizes=\"auto, (max-width: 770px) 100vw, 770px\" \/>\r\n                      <div class=\"h-image__frame h-hide-lg h-hide-md h-hide-sm style-1259-frameImage style-local-331-c825-frameImage\"><\/div>\r\n                    <\/div>\r\n                  <\/div>\r\n                <\/div>\r\n              <\/div>\r\n            <\/div>\r\n          <\/div>\r\n          <div class=\"h-column h-column-container d-flex h-col-lg-auto h-col-md-auto h-col-auto style-1252-outer style-local-331-c826-outer\">\r\n            <div data-colibri-id=\"331-c826\" class=\"d-flex h-flex-basis h-column__inner h-px-lg-2 h-px-md-2 h-px-2 v-inner-lg-2 v-inner-md-2 v-inner-2 style-1252 style-local-331-c826 position-relative\">\r\n              <!---->\r\n              <!---->\r\n              <div class=\"w-100 h-y-container h-column__content h-column__v-align flex-basis-100 align-self-lg-center align-self-md-center align-self-center\">\r\n                <!---->\r\n                <div data-colibri-id=\"331-c827\" class=\"h-x-container style-1253 style-local-331-c827 position-relative h-element\">\r\n                  <!---->\r\n                  <div class=\"h-x-container-inner style-dynamic-331-c827-group style-1253-spacing style-local-331-c827-spacing\"><span class=\"h-link__outer style-1254-outer style-local-331-c828-outer d-inline-flex h-element\"><a h-use-smooth-scroll=\"true\" href=\"http:\/\/botschafter-menschenrechte.de\/?cat=17\"  data-colibri-id=\"331-c828\" class=\"d-flex w-100 align-items-center h-link style-1254 style-local-331-c828 position-relative\"><!----><!----> <span>KUBA<\/span><\/a>\r\n                    <\/span>\r\n                  <\/div>\r\n                <\/div>\r\n                <div data-colibri-id=\"331-c829\" class=\"h-global-transition-all h-heading style-1257 style-local-331-c829 position-relative h-element\">\r\n                  <!---->\r\n                  <div class=\"h-heading__outer style-1257 style-local-331-c829\">\r\n                    <!---->\r\n                    <!---->\r\n                    <h2 class=\"\">Deutscher Staatsb\u00fcrger seit den Juli-Protesten inhaftiert<\/h2>\r\n                  <\/div>\r\n                <\/div>\r\n                <div data-colibri-id=\"331-c830\" class=\"h-global-transition-all h-heading style-1258 style-local-331-c830 position-relative h-element\">\r\n                  <!---->\r\n                  <div class=\"h-heading__outer style-1258 style-local-331-c830\">\r\n                    <!---->\r\n                    <!---->\r\n                    <h4 class=\"\">Er wollte nur die Demonstrationen in Havanna miterleben<\/h4>\r\n                  <\/div>\r\n                <\/div>\r\n                <div data-colibri-id=\"331-c831\" class=\"h-text h-text-component style-1260 style-local-331-c831 position-relative h-element\">\r\n                  <!---->\r\n                  <!---->\r\n                  <div class=\"\">\r\n                    <h4><strong style=\"font-family: inherit;\">BfM dokumentiert das Statement von Janie und Mar\u00eda Fr\u00f3meta Compte \u2013 T\u00f6chter von Luis Fr\u00f3meta Compte in Deutschland<\/strong><\/h4>\r\n                    <p><strong style=\"font-family: inherit;\">Auf Kuba wurden in den Stunden vor, w\u00e4hrend und danach noch tagelang nach den Juli-Protesten tausende Menschen festgenommen und inhaftiert. \u00dcber 500 dieser \u201eJuli-Gefangenen\u201c wurden bereits in Schnellverfahren abgeurteilt. Mehr als eintausend weitere Gefangene warten noch auf ihre Verfahren.<\/strong><\/p>\r\n                    <p>\r\n                      <br>\r\n                    <\/p>\r\n                  <\/div>\r\n                <\/div>\r\n                <div data-colibri-id=\"331-c832\" class=\"h-x-container style-1255 style-local-331-c832 position-relative h-element\">\r\n                  <!---->\r\n                  <div class=\"h-x-container-inner style-dynamic-331-c832-group style-1255-spacing style-local-331-c832-spacing\"><span class=\"h-button__outer style-1256-outer style-local-331-c833-outer d-inline-flex h-element\"><a h-use-smooth-scroll=\"true\" href=\"http:\/\/botschafter-menschenrechte.de\/?p=2049\"  data-colibri-id=\"331-c833\" class=\"d-flex w-100 align-items-center h-button justify-content-lg-center justify-content-md-center justify-content-center style-1256 style-local-331-c833 position-relative\"><!----><!----> <span>ZUM ARTIKEL<\/span><\/a>\r\n                    <\/span>\r\n                  <\/div>\r\n                <\/div>\r\n              <\/div>\r\n            <\/div>\r\n          <\/div>\r\n        <\/div>\r\n      <\/div>\r\n    <\/div>\r\n  <\/div>\r\n  <div data-colibri-component=\"section\" data-colibri-id=\"331-c834\" id=\"custom-49\" class=\"h-section h-section-global-spacing d-flex align-items-lg-center align-items-md-center align-items-center style-1235 style-local-331-c834 position-relative\">\r\n    <!---->\r\n    <!---->\r\n    <div class=\"h-section-grid-container h-section-boxed-container\">\r\n      <!---->\r\n      <div data-colibri-id=\"331-c835\" class=\"h-row-container gutters-row-lg-2 gutters-row-md-2 gutters-row-0 gutters-row-v-lg-2 gutters-row-v-md-2 gutters-row-v-2 style-1241 style-local-331-c835 position-relative\">\r\n        <!---->\r\n        <div class=\"h-row justify-content-lg-center justify-content-md-center justify-content-center align-items-lg-stretch align-items-md-stretch align-items-stretch gutters-col-lg-2 gutters-col-md-2 gutters-col-0 gutters-col-v-lg-2 gutters-col-v-md-2 gutters-col-v-2\">\r\n          <!---->\r\n          <div class=\"h-column h-column-container d-flex h-col-lg-auto h-col-md-auto h-col-auto style-1242-outer style-local-331-c836-outer\">\r\n            <div data-colibri-id=\"331-c836\" class=\"d-flex h-flex-basis h-column__inner h-ui-empty-state-container h-px-lg-2 h-px-md-2 h-px-2 v-inner-lg-2 v-inner-md-2 v-inner-2 style-1242 style-local-331-c836 position-relative\">\r\n              <!---->\r\n              <!---->\r\n              <div class=\"w-100 h-y-container h-column__content h-column__v-align flex-basis-100\">\r\n                <!---->\r\n              <\/div>\r\n            <\/div>\r\n          <\/div>\r\n        <\/div>\r\n      <\/div>\r\n      <div data-colibri-id=\"331-c837\" class=\"h-row-container gutters-row-lg-2 gutters-row-md-2 gutters-row-0 gutters-row-v-lg-2 gutters-row-v-md-2 gutters-row-v-2 style-1236 style-local-331-c837 position-relative\">\r\n        <!---->\r\n        <div class=\"h-row justify-content-lg-center justify-content-md-center justify-content-center align-items-lg-stretch align-items-md-stretch align-items-stretch gutters-col-lg-2 gutters-col-md-2 gutters-col-0 gutters-col-v-lg-2 gutters-col-v-md-2 gutters-col-v-2\">\r\n          <!---->\r\n          <div class=\"h-column h-column-container d-flex h-col-lg-auto h-col-md-auto h-col-auto style-1237-outer style-local-331-c838-outer\">\r\n            <div data-colibri-id=\"331-c838\" class=\"d-flex h-flex-basis h-column__inner h-px-lg-2 h-px-md-2 h-px-2 v-inner-lg-2 v-inner-md-2 v-inner-2 style-1237 style-local-331-c838 position-relative\">\r\n              <!---->\r\n              <!---->\r\n              <div class=\"w-100 h-y-container h-column__content h-column__v-align flex-basis-100 align-self-lg-center align-self-md-center align-self-center\">\r\n                <!---->\r\n                <div data-colibri-id=\"331-c839\" class=\"d-block style-1246 style-local-331-c839 position-relative h-element\">\r\n                  <!---->\r\n                  <div class=\"h-image__frame-container-outer\">\r\n                    <div class=\"h-image__frame-container\">\r\n                      <!---->\r\n                      <!---->\r\n                      <img loading=\"lazy\" decoding=\"async\" width=\"435\" height=\"435\" src=\"http:\/\/botschafter-menschenrechte.de\/wp-content\/uploads\/2021\/10\/cropped-PHOTO-2021-10-11-11-55-10-e1634022957836.jpg\" class=\"wp-image-2042 style-1246-image style-local-331-c839-image\" alt=\"\" srcset=\"https:\/\/botschafter-menschenrechte.de\/wp-content\/uploads\/2021\/10\/cropped-PHOTO-2021-10-11-11-55-10-e1634022957836.jpg 435w, https:\/\/botschafter-menschenrechte.de\/wp-content\/uploads\/2021\/10\/cropped-PHOTO-2021-10-11-11-55-10-e1634022957836-300x300.jpg 300w, https:\/\/botschafter-menschenrechte.de\/wp-content\/uploads\/2021\/10\/cropped-PHOTO-2021-10-11-11-55-10-e1634022957836-150x150.jpg 150w\" sizes=\"auto, (max-width: 435px) 100vw, 435px\" \/>\r\n                      <div class=\"h-image__frame h-hide-lg h-hide-md h-hide-sm style-1246-frameImage style-local-331-c839-frameImage\"><\/div>\r\n                    <\/div>\r\n                  <\/div>\r\n                <\/div>\r\n              <\/div>\r\n            <\/div>\r\n          <\/div>\r\n          <div class=\"h-column h-column-container d-flex h-col-lg-auto h-col-md-auto h-col-auto style-1238-outer style-local-331-c840-outer\">\r\n            <div data-colibri-id=\"331-c840\" class=\"d-flex h-flex-basis h-column__inner h-px-lg-2 h-px-md-2 h-px-2 v-inner-lg-2 v-inner-md-2 v-inner-2 style-1238 style-local-331-c840 position-relative\">\r\n              <!---->\r\n              <!---->\r\n              <div class=\"w-100 h-y-container h-column__content h-column__v-align flex-basis-100 align-self-lg-center align-self-md-center align-self-center\">\r\n                <!---->\r\n                <div data-colibri-id=\"331-c841\" class=\"h-x-container style-1247 style-local-331-c841 position-relative h-element\">\r\n                  <!---->\r\n                  <div class=\"h-x-container-inner style-dynamic-331-c841-group style-1247-spacing style-local-331-c841-spacing\"><span class=\"h-link__outer style-1248-outer style-local-331-c842-outer d-inline-flex h-element\"><a h-use-smooth-scroll=\"true\" href=\"http:\/\/botschafter-menschenrechte.de\/?cat=17\"  data-colibri-id=\"331-c842\" class=\"d-flex w-100 align-items-center h-link style-1248 style-local-331-c842 position-relative\"><!----><!----> <span>KUBA<\/span><\/a>\r\n                    <\/span>\r\n                  <\/div>\r\n                <\/div>\r\n                <div data-colibri-id=\"331-c843\" class=\"h-global-transition-all h-heading style-1243 style-local-331-c843 position-relative h-element\">\r\n                  <!---->\r\n                  <div class=\"h-heading__outer style-1243 style-local-331-c843\">\r\n                    <!---->\r\n                    <!---->\r\n                    <h2 class=\"\">Ein Leben f\u00fcr Kubas Zukunft?<\/h2>\r\n                  <\/div>\r\n                <\/div>\r\n                <div data-colibri-id=\"331-c844\" class=\"h-global-transition-all h-heading style-1244 style-local-331-c844 position-relative h-element\">\r\n                  <!---->\r\n                  <div class=\"h-heading__outer style-1244 style-local-331-c844\">\r\n                    <!---->\r\n                    <!---->\r\n                    <h4 class=\"\">Luis Manuel Otero Alcantara ist erneut im Hungerstreik<\/h4>\r\n                  <\/div>\r\n                <\/div>\r\n                <div data-colibri-id=\"331-c845\" class=\"h-text h-text-component style-1245 style-local-331-c845 position-relative h-element\">\r\n                  <!---->\r\n                  <!---->\r\n                  <div class=\"\">\r\n                    <p><span style=\"font-weight: 400; font-size: 16px; font-family: &quot;Calibri Light&quot;, sans-serif; color: rgb(32, 31, 30);\">Der regimekritische kubanische Performancek\u00fcnstler und Mitbegr\u00fcnder der oppositionellen San-Isidro-Bewegung Luis Manuel Otero Alcantara befindet sich zum dritten Mal binnen eines Jahres im Hungerstreik. Am 25. April 2021 startete Luis Otero gemeinsam mit weiteren Mitstreitern aus der Kulturscene einen vielbeachteten&nbsp;<\/span>\r\n                      <a\r\n                        href=\"https:\/\/de.wikipedia.org\/wiki\/Hungerstreik\" target=\"_blank\" rel=\"noopener noreferrer\" style=\"font-weight: 400; font-size: 16px; font-family: &quot;Calibri Light&quot;, sans-serif; color: windowtext;\">Hungerstreik<\/a><span style=\"font-weight: 400; font-size: 16px; font-family: &quot;Calibri Light&quot;, sans-serif; color: rgb(32, 31, 30);\">. Zuvor hatte die politische Polizei sein Haus gest\u00fcrmt und zahlreiche seiner Kunstwerke zerst\u00f6rt.<\/span><\/p>\r\n                  <\/div>\r\n                <\/div>\r\n                <div data-colibri-id=\"331-c846\" class=\"h-x-container style-1239 style-local-331-c846 position-relative h-element\">\r\n                  <!---->\r\n                  <div class=\"h-x-container-inner style-dynamic-331-c846-group style-1239-spacing style-local-331-c846-spacing\"><span class=\"h-button__outer style-1240-outer style-local-331-c847-outer d-inline-flex h-element\"><a h-use-smooth-scroll=\"true\" href=\"http:\/\/botschafter-menschenrechte.de\/?p=2038\"  data-colibri-id=\"331-c847\" class=\"d-flex w-100 align-items-center h-button justify-content-lg-center justify-content-md-center justify-content-center style-1240 style-local-331-c847 position-relative\"><!----><!----> <span>WEITERLESEN<\/span><\/a>\r\n                    <\/span>\r\n                  <\/div>\r\n                <\/div>\r\n              <\/div>\r\n            <\/div>\r\n          <\/div>\r\n        <\/div>\r\n      <\/div>\r\n    <\/div>\r\n  <\/div>\r\n  <div data-colibri-component=\"section\" data-colibri-id=\"331-c848\" id=\"custom-48\" class=\"h-section h-section-global-spacing d-flex align-items-lg-center align-items-md-center align-items-center style-1222 style-local-331-c848 position-relative\">\r\n    <!---->\r\n    <!---->\r\n    <div class=\"h-section-grid-container h-section-boxed-container\">\r\n      <!---->\r\n      <div data-colibri-id=\"331-c849\" class=\"h-row-container gutters-row-lg-2 gutters-row-md-2 gutters-row-0 gutters-row-v-lg-2 gutters-row-v-md-2 gutters-row-v-2 style-1223 style-local-331-c849 position-relative\">\r\n        <!---->\r\n        <div class=\"h-row justify-content-lg-center justify-content-md-center justify-content-center align-items-lg-stretch align-items-md-stretch align-items-stretch gutters-col-lg-2 gutters-col-md-2 gutters-col-0 gutters-col-v-lg-2 gutters-col-v-md-2 gutters-col-v-2\">\r\n          <!---->\r\n          <div class=\"h-column h-column-container d-flex h-col-lg-auto h-col-md-auto h-col-auto style-1224-outer style-local-331-c850-outer\">\r\n            <div data-colibri-id=\"331-c850\" class=\"d-flex h-flex-basis h-column__inner h-px-lg-2 h-px-md-2 h-px-2 v-inner-lg-2 v-inner-md-2 v-inner-2 style-1224 style-local-331-c850 position-relative\">\r\n              <!---->\r\n              <!---->\r\n              <div class=\"w-100 h-y-container h-column__content h-column__v-align flex-basis-100 align-self-lg-center align-self-md-center align-self-center\">\r\n                <!---->\r\n                <div data-colibri-id=\"331-c851\" class=\"d-block style-1234 style-local-331-c851 position-relative h-element\">\r\n                  <!---->\r\n                  <div class=\"h-image__frame-container-outer\">\r\n                    <div class=\"h-image__frame-container\">\r\n                      <!---->\r\n                      <!---->\r\n                      <img loading=\"lazy\" decoding=\"async\" width=\"768\" height=\"1024\" src=\"http:\/\/botschafter-menschenrechte.de\/wp-content\/uploads\/2021\/10\/cropped-PHOTO-2021-10-05-15-14-06-1.jpg\" class=\"wp-image-2023 style-1234-image style-local-331-c851-image\" alt=\"\" srcset=\"https:\/\/botschafter-menschenrechte.de\/wp-content\/uploads\/2021\/10\/cropped-PHOTO-2021-10-05-15-14-06-1.jpg 768w, https:\/\/botschafter-menschenrechte.de\/wp-content\/uploads\/2021\/10\/cropped-PHOTO-2021-10-05-15-14-06-1-225x300.jpg 225w\" sizes=\"auto, (max-width: 768px) 100vw, 768px\" \/>\r\n                      <div class=\"h-image__frame h-hide-lg h-hide-md h-hide-sm style-1234-frameImage style-local-331-c851-frameImage\"><\/div>\r\n                    <\/div>\r\n                  <\/div>\r\n                <\/div>\r\n              <\/div>\r\n            <\/div>\r\n          <\/div>\r\n          <div class=\"h-column h-column-container d-flex h-col-lg-auto h-col-md-auto h-col-auto style-1225-outer style-local-331-c852-outer\">\r\n            <div data-colibri-id=\"331-c852\" class=\"d-flex h-flex-basis h-column__inner h-px-lg-2 h-px-md-2 h-px-2 v-inner-lg-2 v-inner-md-2 v-inner-2 style-1225 style-local-331-c852 position-relative\">\r\n              <!---->\r\n              <!---->\r\n              <div class=\"w-100 h-y-container h-column__content h-column__v-align flex-basis-100 align-self-lg-center align-self-md-center align-self-center\">\r\n                <!---->\r\n                <div data-colibri-id=\"331-c853\" class=\"h-x-container style-1226 style-local-331-c853 position-relative h-element\">\r\n                  <!---->\r\n                  <div class=\"h-x-container-inner style-dynamic-331-c853-group style-1226-spacing style-local-331-c853-spacing\"><span class=\"h-link__outer style-1227-outer style-local-331-c854-outer d-inline-flex h-element\"><a h-use-smooth-scroll=\"true\" href=\"http:\/\/botschafter-menschenrechte.de\/?cat=38\"  data-colibri-id=\"331-c854\" class=\"d-flex w-100 align-items-center h-link style-1227 style-local-331-c854 position-relative\"><!----><!----> <span>MEINUNG<\/span><\/a>\r\n                    <\/span>\r\n                  <\/div>\r\n                <\/div>\r\n                <div data-colibri-id=\"331-c855\" class=\"h-x-container style-1228 style-local-331-c855 position-relative h-element\">\r\n                  <!---->\r\n                  <div class=\"h-x-container-inner style-dynamic-331-c855-group style-1228-spacing style-local-331-c855-spacing\"><span class=\"h-link__outer style-1229-outer style-local-331-c856-outer d-inline-flex h-element\"><a h-use-smooth-scroll=\"true\" href=\"http:\/\/botschafter-menschenrechte.de\/?cat=17\"  data-colibri-id=\"331-c856\" class=\"d-flex w-100 align-items-center h-link style-1229 style-local-331-c856 position-relative\"><!----><!----> <span>KUBA<\/span><\/a>\r\n                    <\/span>\r\n                  <\/div>\r\n                <\/div>\r\n                <div data-colibri-id=\"331-c857\" class=\"h-global-transition-all h-heading style-1230 style-local-331-c857 position-relative h-element\">\r\n                  <!---->\r\n                  <div class=\"h-heading__outer style-1230 style-local-331-c857\">\r\n                    <!---->\r\n                    <!---->\r\n                    <h1 class=\"\">Schweigen ist f\u00fcr uns keine Option mehr<\/h1>\r\n                  <\/div>\r\n                <\/div>\r\n                <div data-colibri-id=\"331-c858\" class=\"h-text h-text-component style-1231 style-local-331-c858 position-relative h-element\">\r\n                  <!---->\r\n                  <!---->\r\n                  <div class=\"\">\r\n                    <h3>Die neue Kunstscene ist ein dynamischer Teil der Demokratiebewegung<\/h3>\r\n                    <p>\r\n                      <br>\r\n                    <\/p>\r\n                  <\/div>\r\n                <\/div>\r\n                <div data-colibri-id=\"331-c859\" class=\"h-x-container style-1232 style-local-331-c859 position-relative h-element\">\r\n                  <!---->\r\n                  <div class=\"h-x-container-inner style-dynamic-331-c859-group style-1232-spacing style-local-331-c859-spacing\"><span class=\"h-button__outer style-1233-outer style-local-331-c860-outer d-inline-flex h-element\"><a h-use-smooth-scroll=\"true\" href=\"http:\/\/botschafter-menschenrechte.de\/?p=2013\"  data-colibri-id=\"331-c860\" class=\"d-flex w-100 align-items-center h-button justify-content-lg-center justify-content-md-center justify-content-center style-1233 style-local-331-c860 position-relative\"><!----><!----> <span>ZUM ARTIKEL<\/span><\/a>\r\n                    <\/span>\r\n                  <\/div>\r\n                <\/div>\r\n              <\/div>\r\n            <\/div>\r\n          <\/div>\r\n        <\/div>\r\n      <\/div>\r\n    <\/div>\r\n  <\/div>\r\n  <div data-colibri-component=\"section\" data-colibri-id=\"331-c861\" id=\"custom-47\" class=\"h-section h-section-global-spacing d-flex align-items-lg-center align-items-md-center align-items-center style-1206 style-local-331-c861 position-relative\">\r\n    <!---->\r\n    <!---->\r\n    <div class=\"h-section-grid-container h-section-boxed-container\">\r\n      <!---->\r\n      <div data-colibri-id=\"331-c862\" class=\"h-row-container gutters-row-lg-2 gutters-row-md-2 gutters-row-0 gutters-row-v-lg-2 gutters-row-v-md-2 gutters-row-v-2 style-1207 style-local-331-c862 position-relative\">\r\n        <!---->\r\n        <div class=\"h-row justify-content-lg-center justify-content-md-center justify-content-center align-items-lg-stretch align-items-md-stretch align-items-stretch gutters-col-lg-2 gutters-col-md-2 gutters-col-0 gutters-col-v-lg-2 gutters-col-v-md-2 gutters-col-v-2\">\r\n          <!---->\r\n          <div class=\"h-column h-column-container d-flex h-col-lg-auto h-col-md-auto h-col-auto style-1208-outer style-local-331-c863-outer\">\r\n            <div data-colibri-id=\"331-c863\" class=\"d-flex h-flex-basis h-column__inner h-px-lg-2 h-px-md-2 h-px-2 v-inner-lg-2 v-inner-md-2 v-inner-2 style-1208 style-local-331-c863 position-relative\">\r\n              <!---->\r\n              <!---->\r\n              <div class=\"w-100 h-y-container h-column__content h-column__v-align flex-basis-100 align-self-lg-center align-self-md-center align-self-center\">\r\n                <!---->\r\n                <div data-colibri-id=\"331-c864\" class=\"d-block style-1219 style-local-331-c864 position-relative h-element\">\r\n                  <!---->\r\n                  <div class=\"h-image__frame-container-outer\">\r\n                    <div class=\"h-image__frame-container\">\r\n                      <!---->\r\n                      <!---->\r\n                      <img loading=\"lazy\" decoding=\"async\" width=\"1708\" height=\"1707\" src=\"http:\/\/botschafter-menschenrechte.de\/wp-content\/uploads\/2021\/09\/cropped-csm_Claudia_Mahler_Pressefoto_c_DIMR_Illing_d1904e11eb.jpeg\" class=\"wp-image-1997 style-1219-image style-local-331-c864-image\" alt=\"\" srcset=\"https:\/\/botschafter-menschenrechte.de\/wp-content\/uploads\/2021\/09\/cropped-csm_Claudia_Mahler_Pressefoto_c_DIMR_Illing_d1904e11eb.jpeg 1708w, https:\/\/botschafter-menschenrechte.de\/wp-content\/uploads\/2021\/09\/cropped-csm_Claudia_Mahler_Pressefoto_c_DIMR_Illing_d1904e11eb-300x300.jpeg 300w, https:\/\/botschafter-menschenrechte.de\/wp-content\/uploads\/2021\/09\/cropped-csm_Claudia_Mahler_Pressefoto_c_DIMR_Illing_d1904e11eb-1024x1024.jpeg 1024w, https:\/\/botschafter-menschenrechte.de\/wp-content\/uploads\/2021\/09\/cropped-csm_Claudia_Mahler_Pressefoto_c_DIMR_Illing_d1904e11eb-150x150.jpeg 150w, https:\/\/botschafter-menschenrechte.de\/wp-content\/uploads\/2021\/09\/cropped-csm_Claudia_Mahler_Pressefoto_c_DIMR_Illing_d1904e11eb-768x768.jpeg 768w, https:\/\/botschafter-menschenrechte.de\/wp-content\/uploads\/2021\/09\/cropped-csm_Claudia_Mahler_Pressefoto_c_DIMR_Illing_d1904e11eb-1536x1536.jpeg 1536w\" sizes=\"auto, (max-width: 1708px) 100vw, 1708px\" \/>\r\n                      <div class=\"h-image__frame h-hide-lg h-hide-md h-hide-sm style-1219-frameImage style-local-331-c864-frameImage\"><\/div>\r\n                    <\/div>\r\n                  <\/div>\r\n                <\/div>\r\n              <\/div>\r\n            <\/div>\r\n          <\/div>\r\n          <div class=\"h-column h-column-container d-flex h-col-lg-auto h-col-md-auto h-col-auto style-1209-outer style-local-331-c865-outer\">\r\n            <div data-colibri-id=\"331-c865\" class=\"d-flex h-flex-basis h-column__inner h-px-lg-2 h-px-md-2 h-px-2 v-inner-lg-2 v-inner-md-2 v-inner-2 style-1209 style-local-331-c865 position-relative\">\r\n              <!---->\r\n              <!---->\r\n              <div class=\"w-100 h-y-container h-column__content h-column__v-align flex-basis-100 align-self-lg-center align-self-md-center align-self-center\">\r\n                <!---->\r\n                <div data-colibri-id=\"331-c866\" class=\"h-x-container style-1210 style-local-331-c866 position-relative h-element\">\r\n                  <!---->\r\n                  <div class=\"h-x-container-inner style-dynamic-331-c866-group style-1210-spacing style-local-331-c866-spacing\"><span class=\"h-link__outer style-1211-outer style-local-331-c867-outer d-inline-flex h-element\"><a h-use-smooth-scroll=\"true\" href=\"\"  data-colibri-id=\"331-c867\" class=\"d-flex w-100 align-items-center h-link style-1211 style-local-331-c867 position-relative\"><!----><!----> <span>MEINUNG<\/span><\/a>\r\n                    <\/span>\r\n                  <\/div>\r\n                <\/div>\r\n                <div data-colibri-id=\"331-c868\" class=\"h-text h-text-component style-1220 style-local-331-c868 position-relative h-element\">\r\n                  <!---->\r\n                  <!---->\r\n                  <div class=\"\">\r\n                    <h4><strong style=\"font-family: inherit;\">Rechte \u00e4lterer Menschen<\/strong><\/h4>\r\n                  <\/div>\r\n                <\/div>\r\n                <div data-colibri-id=\"331-c869\" class=\"h-global-transition-all h-heading style-1221 style-local-331-c869 position-relative h-element\">\r\n                  <!---->\r\n                  <div class=\"h-heading__outer style-1221 style-local-331-c869\">\r\n                    <!---->\r\n                    <!---->\r\n                    <h1 class=\"\">\u201eDeutschland hat Nachholbedarf\u201c<\/h1>\r\n                  <\/div>\r\n                <\/div>\r\n                <div data-colibri-id=\"331-c870\" class=\"h-x-container style-1214 style-local-331-c870 position-relative h-element\">\r\n                  <!---->\r\n                  <div class=\"h-x-container-inner style-dynamic-331-c870-group style-1214-spacing style-local-331-c870-spacing\"><span class=\"h-button__outer style-1215-outer style-local-331-c871-outer d-inline-flex h-element\"><a h-use-smooth-scroll=\"true\" href=\"http:\/\/botschafter-menschenrechte.de\/?p=1993\"  data-colibri-id=\"331-c871\" class=\"d-flex w-100 align-items-center h-button justify-content-lg-center justify-content-md-center justify-content-center style-1215 style-local-331-c871 position-relative\"><!----><!----> <span>WEITERLESEN<\/span><\/a>\r\n                    <\/span>\r\n                  <\/div>\r\n                <\/div>\r\n              <\/div>\r\n            <\/div>\r\n          <\/div>\r\n        <\/div>\r\n      <\/div>\r\n    <\/div>\r\n  <\/div>\r\n  <div data-colibri-component=\"section\" data-colibri-id=\"331-c872\" id=\"custom-46\" class=\"h-section h-section-global-spacing d-flex align-items-lg-center align-items-md-center align-items-center style-1192 style-local-331-c872 position-relative\">\r\n    <!---->\r\n    <!---->\r\n    <div class=\"h-section-grid-container h-section-boxed-container\">\r\n      <!---->\r\n      <div data-colibri-id=\"331-c873\" class=\"h-row-container gutters-row-lg-2 gutters-row-md-2 gutters-row-0 gutters-row-v-lg-2 gutters-row-v-md-2 gutters-row-v-2 style-1193 style-local-331-c873 position-relative\">\r\n        <!---->\r\n        <div class=\"h-row justify-content-lg-center justify-content-md-center justify-content-center align-items-lg-stretch align-items-md-stretch align-items-stretch gutters-col-lg-2 gutters-col-md-2 gutters-col-0 gutters-col-v-lg-2 gutters-col-v-md-2 gutters-col-v-2\">\r\n          <!---->\r\n          <div class=\"h-column h-column-container d-flex h-col-lg-auto h-col-md-auto h-col-auto style-1195-outer style-local-331-c874-outer\">\r\n            <div data-colibri-id=\"331-c874\" class=\"d-flex h-flex-basis h-column__inner h-px-lg-2 h-px-md-2 h-px-2 v-inner-lg-2 v-inner-md-2 v-inner-2 style-1195 style-local-331-c874 position-relative\">\r\n              <!---->\r\n              <!---->\r\n              <div class=\"w-100 h-y-container h-column__content h-column__v-align flex-basis-100 align-self-lg-start align-self-md-start align-self-start\">\r\n                <!---->\r\n                <div data-colibri-id=\"331-c875\" class=\"h-x-container style-1201 style-local-331-c875 position-relative h-element\">\r\n                  <!---->\r\n                  <div class=\"h-x-container-inner style-dynamic-331-c875-group style-1201-spacing style-local-331-c875-spacing\"><span class=\"h-link__outer style-1202-outer style-local-331-c876-outer d-inline-flex h-element\"><a h-use-smooth-scroll=\"true\" href=\"http:\/\/botschafter-menschenrechte.de\/?cat=16\"  data-colibri-id=\"331-c876\" class=\"d-flex w-100 align-items-center h-link style-1202 style-local-331-c876 position-relative\"><!----><!----> <span>IRAN<\/span><\/a>\r\n                    <\/span>\r\n                  <\/div>\r\n                <\/div>\r\n                <div data-colibri-id=\"331-c877\" class=\"h-text h-text-component style-1198 style-local-331-c877 position-relative h-element\">\r\n                  <!---->\r\n                  <!---->\r\n                  <div class=\"\">\r\n                    <p>Pressemitteilung vom 27.08.2021<\/p>\r\n                  <\/div>\r\n                <\/div>\r\n                <div data-colibri-id=\"331-c878\" class=\"h-global-transition-all h-heading style-1197 style-local-331-c878 position-relative h-element\">\r\n                  <!---->\r\n                  <div class=\"h-heading__outer style-1197 style-local-331-c878\">\r\n                    <!---->\r\n                    <!---->\r\n                    <h1 class=\"\">Iran: \u00dcberwachungsvideos schockieren, Bundesregierung schweigt<\/h1>\r\n                  <\/div>\r\n                <\/div>\r\n                <div data-colibri-id=\"331-c879\" class=\"h-text h-text-component style-1196 style-local-331-c879 position-relative h-element\">\r\n                  <!---->\r\n                  <!---->\r\n                  <div class=\"\">\r\n                    <p>Zu den geleakten \u00dcberwachungsvideos aus dem iranischen Evin-Gef\u00e4ngnis erkl\u00e4rt&nbsp;<strong style=\"font-weight: 600;\">Omid&nbsp;Nouripour,<\/strong>&nbsp;Sprecher f\u00fcr Au\u00dfenpolitik:<\/p>\r\n                    <p>Die j\u00fcngst geleakten \u00dcberwachungsvideos aus dem iranischen Evin-Gef\u00e4ngnis belegen einmal mehr die Grausamkeit und Brutalit\u00e4t der iranischen F\u00fchrung.<\/p>\r\n                    <p>\r\n                      <br>\r\n                    <\/p>\r\n                  <\/div>\r\n                <\/div>\r\n                <div data-colibri-id=\"331-c880\" class=\"h-x-container style-1199 style-local-331-c880 position-relative h-element\">\r\n                  <!---->\r\n                  <div class=\"h-x-container-inner style-dynamic-331-c880-group style-1199-spacing style-local-331-c880-spacing\"><span class=\"h-button__outer style-1200-outer style-local-331-c881-outer d-inline-flex h-element\"><a h-use-smooth-scroll=\"true\" href=\"http:\/\/botschafter-menschenrechte.de\/?p=1980\"  data-colibri-id=\"331-c881\" class=\"d-flex w-100 align-items-center h-button justify-content-lg-center justify-content-md-center justify-content-center style-1200 style-local-331-c881 position-relative\"><!----><!----> <span>ZUM ARTIKEL<\/span><\/a>\r\n                    <\/span>\r\n                  <\/div>\r\n                <\/div>\r\n              <\/div>\r\n            <\/div>\r\n          <\/div>\r\n        <\/div>\r\n      <\/div>\r\n    <\/div>\r\n  <\/div>\r\n  <div data-colibri-component=\"section\" data-colibri-id=\"331-c882\" id=\"custom-45\" class=\"h-section h-section-global-spacing d-flex align-items-lg-center align-items-md-center align-items-center style-1181 style-local-331-c882 position-relative\">\r\n    <!---->\r\n    <!---->\r\n    <div class=\"h-section-grid-container h-section-boxed-container\">\r\n      <!---->\r\n      <div data-colibri-id=\"331-c883\" class=\"h-row-container gutters-row-lg-2 gutters-row-md-2 gutters-row-0 gutters-row-v-lg-2 gutters-row-v-md-2 gutters-row-v-2 style-1182 style-local-331-c883 position-relative\">\r\n        <!---->\r\n        <div class=\"h-row justify-content-lg-center justify-content-md-center justify-content-center align-items-lg-stretch align-items-md-stretch align-items-stretch gutters-col-lg-2 gutters-col-md-2 gutters-col-0 gutters-col-v-lg-2 gutters-col-v-md-2 gutters-col-v-2\">\r\n          <!---->\r\n          <div class=\"h-column h-column-container d-flex h-col-lg-auto h-col-md-auto h-col-auto style-1183-outer style-local-331-c884-outer\">\r\n            <div data-colibri-id=\"331-c884\" class=\"d-flex h-flex-basis h-column__inner h-px-lg-2 h-px-md-2 h-px-2 v-inner-lg-2 v-inner-md-2 v-inner-2 style-1183 style-local-331-c884 position-relative\">\r\n              <!---->\r\n              <!---->\r\n              <div class=\"w-100 h-y-container h-column__content h-column__v-align flex-basis-100 align-self-lg-center align-self-md-center align-self-center\">\r\n                <!---->\r\n                <div data-colibri-id=\"331-c885\" class=\"d-block style-1189 style-local-331-c885 position-relative h-element\">\r\n                  <!---->\r\n                  <div class=\"h-image__frame-container-outer\">\r\n                    <div class=\"h-image__frame-container\">\r\n                      <!---->\r\n                      <!---->\r\n                      <img loading=\"lazy\" decoding=\"async\" width=\"351\" height=\"351\" src=\"http:\/\/botschafter-menschenrechte.de\/wp-content\/uploads\/2021\/09\/cropped-Hospital-Clinico-Quirurgico-Santiago-Facebook_CYMIMA20210827_0004_13.jpg\" class=\"wp-image-1971 style-1189-image style-local-331-c885-image\" alt=\"\" srcset=\"https:\/\/botschafter-menschenrechte.de\/wp-content\/uploads\/2021\/09\/cropped-Hospital-Clinico-Quirurgico-Santiago-Facebook_CYMIMA20210827_0004_13.jpg 351w, https:\/\/botschafter-menschenrechte.de\/wp-content\/uploads\/2021\/09\/cropped-Hospital-Clinico-Quirurgico-Santiago-Facebook_CYMIMA20210827_0004_13-300x300.jpg 300w, https:\/\/botschafter-menschenrechte.de\/wp-content\/uploads\/2021\/09\/cropped-Hospital-Clinico-Quirurgico-Santiago-Facebook_CYMIMA20210827_0004_13-150x150.jpg 150w\" sizes=\"auto, (max-width: 351px) 100vw, 351px\" \/>\r\n                      <div class=\"h-image__frame h-hide-lg h-hide-md h-hide-sm style-1189-frameImage style-local-331-c885-frameImage\"><\/div>\r\n                    <\/div>\r\n                  <\/div>\r\n                <\/div>\r\n              <\/div>\r\n            <\/div>\r\n          <\/div>\r\n          <div class=\"h-column h-column-container d-flex h-col-lg-auto h-col-md-auto h-col-auto style-1184-outer style-local-331-c886-outer\">\r\n            <div data-colibri-id=\"331-c886\" class=\"d-flex h-flex-basis h-column__inner h-px-lg-2 h-px-md-2 h-px-2 v-inner-lg-2 v-inner-md-2 v-inner-2 style-1184 style-local-331-c886 position-relative\">\r\n              <!---->\r\n              <!---->\r\n              <div class=\"w-100 h-y-container h-column__content h-column__v-align flex-basis-100 align-self-lg-center align-self-md-center align-self-center\">\r\n                <!---->\r\n                <div data-colibri-id=\"331-c887\" class=\"h-x-container style-1185 style-local-331-c887 position-relative h-element\">\r\n                  <!---->\r\n                  <div class=\"h-x-container-inner style-dynamic-331-c887-group style-1185-spacing style-local-331-c887-spacing\"><span class=\"h-link__outer style-1186-outer style-local-331-c888-outer d-inline-flex h-element\"><a h-use-smooth-scroll=\"true\" href=\"http:\/\/botschafter-menschenrechte.de\/?cat=17\"  data-colibri-id=\"331-c888\" class=\"d-flex w-100 align-items-center h-link style-1186 style-local-331-c888 position-relative\"><!----><!----> <span>KUBA<\/span><\/a>\r\n                    <\/span>\r\n                  <\/div>\r\n                <\/div>\r\n                <div data-colibri-id=\"331-c889\" class=\"h-global-transition-all h-heading style-1190 style-local-331-c889 position-relative h-element\">\r\n                  <!---->\r\n                  <div class=\"h-heading__outer style-1190 style-local-331-c889\">\r\n                    <!---->\r\n                    <!---->\r\n                    <h1 class=\"\">Kuba:\r\n                      <br>Hungerstreik\r\n                      <br>endet t\u00f6dlich<\/h1>\r\n                  <\/div>\r\n                <\/div>\r\n                <div data-colibri-id=\"331-c890\" class=\"h-text h-text-component style-1191 style-local-331-c890 position-relative h-element\">\r\n                  <!---->\r\n                  <!---->\r\n                  <div class=\"\">\r\n                    <p><span style=\"font-weight: 400; font-size: 14.6667px; font-family: Arial, sans-serif; color: rgb(0, 0, 0);\">In der Nacht vom 26. auf den 27. September ist der politische Gefangene Pablo Moya Dela qualvoll an den Folgen seines Hungerstreiks und von Infektionen, die er sich im Krankenhaus zugezogen hatte, gestorben. Moya Dela war Mitglied der oppositionelle UNPACU Bewegung. Er sa\u00df seit 23 Oktober 2020 in Haft, nachdem er friedlich gegen die Unterdr\u00fcckung der Kleingewerbetreibenden und die schlechte Versorgungslage f\u00fcr die normalen Menschen in Kuba protestiert hatte.<\/span><\/p>\r\n                  <\/div>\r\n                <\/div>\r\n                <div data-colibri-id=\"331-c891\" class=\"h-x-container style-1187 style-local-331-c891 position-relative h-element\">\r\n                  <!---->\r\n                  <div class=\"h-x-container-inner style-dynamic-331-c891-group style-1187-spacing style-local-331-c891-spacing\"><span class=\"h-button__outer style-1188-outer style-local-331-c892-outer d-inline-flex h-element\"><a h-use-smooth-scroll=\"true\" href=\"http:\/\/botschafter-menschenrechte.de\/?p=1966\"  data-colibri-id=\"331-c892\" class=\"d-flex w-100 align-items-center h-button justify-content-lg-center justify-content-md-center justify-content-center style-1188 style-local-331-c892 position-relative\"><!----><!----> <span>WEITERLESEN<\/span><\/a>\r\n                    <\/span>\r\n                  <\/div>\r\n                <\/div>\r\n              <\/div>\r\n            <\/div>\r\n          <\/div>\r\n        <\/div>\r\n      <\/div>\r\n    <\/div>\r\n  <\/div>\r\n  <div data-colibri-component=\"section\" data-colibri-id=\"331-c893\" id=\"custom-44\" class=\"h-section h-section-global-spacing d-flex align-items-lg-center align-items-md-center align-items-center style-1171 style-local-331-c893 position-relative\">\r\n    <!---->\r\n    <!---->\r\n    <div class=\"h-section-grid-container h-section-boxed-container\">\r\n      <!---->\r\n      <div data-colibri-id=\"331-c894\" class=\"h-row-container gutters-row-lg-2 gutters-row-md-2 gutters-row-0 gutters-row-v-lg-2 gutters-row-v-md-2 gutters-row-v-2 style-1172 style-local-331-c894 position-relative\">\r\n        <!---->\r\n        <div class=\"h-row justify-content-lg-center justify-content-md-center justify-content-center align-items-lg-stretch align-items-md-stretch align-items-stretch gutters-col-lg-2 gutters-col-md-2 gutters-col-0 gutters-col-v-lg-2 gutters-col-v-md-2 gutters-col-v-2\">\r\n          <!---->\r\n          <div class=\"h-column h-column-container d-flex h-col-lg-auto h-col-md-auto h-col-auto style-1173-outer style-local-331-c895-outer\">\r\n            <div data-colibri-id=\"331-c895\" class=\"d-flex h-flex-basis h-column__inner h-px-lg-2 h-px-md-2 h-px-2 v-inner-lg-2 v-inner-md-2 v-inner-2 style-1173 style-local-331-c895 position-relative\">\r\n              <!---->\r\n              <!---->\r\n              <div class=\"w-100 h-y-container h-column__content h-column__v-align flex-basis-100 align-self-lg-center align-self-md-center align-self-center\">\r\n                <!---->\r\n                <div data-colibri-id=\"331-c896\" class=\"d-block style-1175 style-local-331-c896 position-relative h-element\">\r\n                  <!---->\r\n                  <div class=\"h-image__frame-container-outer\">\r\n                    <div class=\"h-image__frame-container\">\r\n                      <!---->\r\n                      <!---->\r\n                      <img loading=\"lazy\" decoding=\"async\" width=\"455\" height=\"455\" src=\"http:\/\/botschafter-menschenrechte.de\/wp-content\/uploads\/2021\/08\/cropped-22216481.jpeg\" class=\"wp-image-1945 style-1175-image style-local-331-c896-image\" alt=\"\" srcset=\"https:\/\/botschafter-menschenrechte.de\/wp-content\/uploads\/2021\/08\/cropped-22216481.jpeg 455w, https:\/\/botschafter-menschenrechte.de\/wp-content\/uploads\/2021\/08\/cropped-22216481-300x300.jpeg 300w, https:\/\/botschafter-menschenrechte.de\/wp-content\/uploads\/2021\/08\/cropped-22216481-150x150.jpeg 150w\" sizes=\"auto, (max-width: 455px) 100vw, 455px\" \/>\r\n                      <div class=\"h-image__frame h-hide-lg h-hide-md h-hide-sm style-1175-frameImage style-local-331-c896-frameImage\"><\/div>\r\n                    <\/div>\r\n                  <\/div>\r\n                <\/div>\r\n              <\/div>\r\n            <\/div>\r\n          <\/div>\r\n          <div class=\"h-column h-column-container d-flex h-col-lg-auto h-col-md-auto h-col-auto style-1174-outer style-local-331-c897-outer\">\r\n            <div data-colibri-id=\"331-c897\" class=\"d-flex h-flex-basis h-column__inner h-px-lg-2 h-px-md-2 h-px-2 v-inner-lg-2 v-inner-md-2 v-inner-2 style-1174 style-local-331-c897 position-relative\">\r\n              <!---->\r\n              <!---->\r\n              <div class=\"w-100 h-y-container h-column__content h-column__v-align flex-basis-100 align-self-lg-center align-self-md-center align-self-center\">\r\n                <!---->\r\n                <div data-colibri-id=\"331-c898\" class=\"h-x-container style-1179 style-local-331-c898 position-relative h-element\">\r\n                  <!---->\r\n                  <div class=\"h-x-container-inner style-dynamic-331-c898-group style-1179-spacing style-local-331-c898-spacing\"><span class=\"h-link__outer style-1180-outer style-local-331-c899-outer d-inline-flex h-element\"><a h-use-smooth-scroll=\"true\" href=\"http:\/\/botschafter-menschenrechte.de\/?cat=38\"  data-colibri-id=\"331-c899\" class=\"d-flex w-100 align-items-center h-link style-1180 style-local-331-c899 position-relative\"><!----><!----> <span>MEINUNG<\/span><\/a>\r\n                    <\/span>\r\n                  <\/div>\r\n                <\/div>\r\n                <div data-colibri-id=\"331-c900\" class=\"h-global-transition-all h-heading style-1178 style-local-331-c900 position-relative h-element\">\r\n                  <!---->\r\n                  <div class=\"h-heading__outer style-1178 style-local-331-c900\">\r\n                    <!---->\r\n                    <!---->\r\n                    <h1 class=\"\">50 Jahre Mauerbau \u2013 Mahnung zum Schutz von Freiheit und Menschenrechten<\/h1>\r\n                  <\/div>\r\n                <\/div>\r\n                <div data-colibri-id=\"331-c901\" class=\"h-x-container style-1176 style-local-331-c901 position-relative h-element\">\r\n                  <!---->\r\n                  <div class=\"h-x-container-inner style-dynamic-331-c901-group style-1176-spacing style-local-331-c901-spacing\"><span class=\"h-button__outer style-1177-outer style-local-331-c902-outer d-inline-flex h-element\"><a h-use-smooth-scroll=\"true\" href=\"http:\/\/botschafter-menschenrechte.de\/?p=1940\"  data-colibri-id=\"331-c902\" class=\"d-flex w-100 align-items-center h-button justify-content-lg-center justify-content-md-center justify-content-center style-1177 style-local-331-c902 position-relative\"><!----><!----> <span>ZUM ARTIKEL<\/span><\/a>\r\n                    <\/span>\r\n                  <\/div>\r\n                <\/div>\r\n              <\/div>\r\n            <\/div>\r\n          <\/div>\r\n        <\/div>\r\n      <\/div>\r\n    <\/div>\r\n  <\/div>\r\n  <div data-colibri-component=\"section\" data-colibri-id=\"331-c903\" id=\"custom-43\" class=\"h-section h-section-global-spacing d-flex align-items-lg-center align-items-md-center align-items-center style-1160 style-local-331-c903 position-relative\">\r\n    <!---->\r\n    <!---->\r\n    <div class=\"h-section-grid-container h-section-boxed-container\">\r\n      <!---->\r\n      <div data-colibri-id=\"331-c904\" class=\"h-row-container gutters-row-lg-2 gutters-row-md-2 gutters-row-0 gutters-row-v-lg-2 gutters-row-v-md-2 gutters-row-v-2 style-1161 style-local-331-c904 position-relative\">\r\n        <!---->\r\n        <div class=\"h-row justify-content-lg-center justify-content-md-center justify-content-center align-items-lg-stretch align-items-md-stretch align-items-stretch gutters-col-lg-2 gutters-col-md-2 gutters-col-0 gutters-col-v-lg-2 gutters-col-v-md-2 gutters-col-v-2\">\r\n          <!---->\r\n          <div class=\"h-column h-column-container d-flex h-col-lg-auto h-col-md-auto h-col-auto style-1162-outer style-local-331-c905-outer\">\r\n            <div data-colibri-id=\"331-c905\" class=\"d-flex h-flex-basis h-column__inner h-px-lg-2 h-px-md-2 h-px-2 v-inner-lg-2 v-inner-md-2 v-inner-2 style-1162 style-local-331-c905 position-relative\">\r\n              <!---->\r\n              <!---->\r\n              <div class=\"w-100 h-y-container h-column__content h-column__v-align flex-basis-100 align-self-lg-center align-self-md-center align-self-center\">\r\n                <!---->\r\n                <div data-colibri-id=\"331-c906\" class=\"d-block style-1166 style-local-331-c906 position-relative h-element\">\r\n                  <!---->\r\n                  <div class=\"h-image__frame-container-outer\">\r\n                    <div class=\"h-image__frame-container\">\r\n                      <!---->\r\n                      <!---->\r\n                      <img loading=\"lazy\" decoding=\"async\" width=\"1150\" height=\"1150\" src=\"http:\/\/botschafter-menschenrechte.de\/wp-content\/uploads\/2021\/08\/cropped-Mama_Mariam3.jpeg\" class=\"wp-image-1928 style-1166-image style-local-331-c906-image\" alt=\"\" srcset=\"https:\/\/botschafter-menschenrechte.de\/wp-content\/uploads\/2021\/08\/cropped-Mama_Mariam3.jpeg 1150w, https:\/\/botschafter-menschenrechte.de\/wp-content\/uploads\/2021\/08\/cropped-Mama_Mariam3-300x300.jpeg 300w, https:\/\/botschafter-menschenrechte.de\/wp-content\/uploads\/2021\/08\/cropped-Mama_Mariam3-1024x1024.jpeg 1024w, https:\/\/botschafter-menschenrechte.de\/wp-content\/uploads\/2021\/08\/cropped-Mama_Mariam3-150x150.jpeg 150w, https:\/\/botschafter-menschenrechte.de\/wp-content\/uploads\/2021\/08\/cropped-Mama_Mariam3-768x768.jpeg 768w\" sizes=\"auto, (max-width: 1150px) 100vw, 1150px\" \/>\r\n                      <div class=\"h-image__frame h-hide-lg h-hide-md h-hide-sm style-1166-frameImage style-local-331-c906-frameImage\"><\/div>\r\n                    <\/div>\r\n                  <\/div>\r\n                <\/div>\r\n              <\/div>\r\n            <\/div>\r\n          <\/div>\r\n          <div class=\"h-column h-column-container d-flex h-col-lg-auto h-col-md-auto h-col-auto style-1163-outer style-local-331-c907-outer\">\r\n            <div data-colibri-id=\"331-c907\" class=\"d-flex h-flex-basis h-column__inner h-px-lg-2 h-px-md-2 h-px-2 v-inner-lg-2 v-inner-md-2 v-inner-2 style-1163 style-local-331-c907 position-relative\">\r\n              <!---->\r\n              <!---->\r\n              <div class=\"w-100 h-y-container h-column__content h-column__v-align flex-basis-100 align-self-lg-center align-self-md-center align-self-center\">\r\n                <!---->\r\n                <div data-colibri-id=\"331-c908\" class=\"h-x-container style-1169 style-local-331-c908 position-relative h-element\">\r\n                  <!---->\r\n                  <div class=\"h-x-container-inner style-dynamic-331-c908-group style-1169-spacing style-local-331-c908-spacing\"><span class=\"h-link__outer style-1170-outer style-local-331-c909-outer d-inline-flex h-element\"><a h-use-smooth-scroll=\"true\" href=\"http:\/\/botschafter-menschenrechte.de\/?cat=16\"  data-colibri-id=\"331-c909\" class=\"d-flex w-100 align-items-center h-link style-1170 style-local-331-c909 position-relative\"><!----><!----> <span>IRAN<\/span><\/a>\r\n                    <\/span>\r\n                  <\/div>\r\n                <\/div>\r\n                <div data-colibri-id=\"331-c910\" class=\"h-global-transition-all h-heading style-1167 style-local-331-c910 position-relative h-element\">\r\n                  <!---->\r\n                  <div class=\"h-heading__outer style-1167 style-local-331-c910\">\r\n                    <!---->\r\n                    <!---->\r\n                    <h5 class=\"\">Corona-Ausbruch im Frauentrakt des Evin-Gef\u00e4ngnisses<\/h5>\r\n                  <\/div>\r\n                <\/div>\r\n                <div data-colibri-id=\"331-c911\" class=\"h-global-transition-all h-heading style-1168 style-local-331-c911 position-relative h-element\">\r\n                  <!---->\r\n                  <div class=\"h-heading__outer style-1168 style-local-331-c911\">\r\n                    <!---->\r\n                    <!---->\r\n                    <h2 class=\"\">Mariam Claren: Geiselhaft der deutschen Staatsb\u00fcrgerin Nahid Taghavi<\/h2>\r\n                  <\/div>\r\n                <\/div>\r\n                <div data-colibri-id=\"331-c912\" class=\"h-x-container style-1164 style-local-331-c912 position-relative h-element\">\r\n                  <!---->\r\n                  <div class=\"h-x-container-inner style-dynamic-331-c912-group style-1164-spacing style-local-331-c912-spacing\"><span class=\"h-button__outer style-1165-outer style-local-331-c913-outer d-inline-flex h-element\"><a h-use-smooth-scroll=\"true\" href=\"http:\/\/botschafter-menschenrechte.de\/?p=1924\"  data-colibri-id=\"331-c913\" class=\"d-flex w-100 align-items-center h-button justify-content-lg-center justify-content-md-center justify-content-center style-1165 style-local-331-c913 position-relative\"><!----><!----> <span>ZUM ARTIKEL<\/span><\/a>\r\n                    <\/span>\r\n                  <\/div>\r\n                <\/div>\r\n              <\/div>\r\n            <\/div>\r\n          <\/div>\r\n        <\/div>\r\n      <\/div>\r\n    <\/div>\r\n  <\/div>\r\n  <div data-colibri-component=\"section\" data-colibri-id=\"331-c914\" id=\"custom-42\" class=\"h-section h-section-global-spacing d-flex align-items-lg-center align-items-md-center align-items-center style-1146 style-local-331-c914 position-relative\">\r\n    <!---->\r\n    <!---->\r\n    <div class=\"h-section-grid-container h-section-boxed-container\">\r\n      <!---->\r\n      <div data-colibri-id=\"331-c915\" class=\"h-row-container gutters-row-lg-2 gutters-row-md-2 gutters-row-0 gutters-row-v-lg-2 gutters-row-v-md-2 gutters-row-v-2 style-1154 style-local-331-c915 position-relative\">\r\n        <!---->\r\n        <div class=\"h-row justify-content-lg-center justify-content-md-center justify-content-center align-items-lg-stretch align-items-md-stretch align-items-stretch gutters-col-lg-2 gutters-col-md-2 gutters-col-0 gutters-col-v-lg-2 gutters-col-v-md-2 gutters-col-v-2\">\r\n          <!---->\r\n          <div class=\"h-column h-column-container d-flex h-col-lg-auto h-col-md-auto h-col-auto style-1155-outer style-local-331-c916-outer\">\r\n            <div data-colibri-id=\"331-c916\" class=\"d-flex h-flex-basis h-column__inner h-px-lg-2 h-px-md-2 h-px-2 v-inner-lg-2 v-inner-md-2 v-inner-2 style-1155 style-local-331-c916 position-relative\">\r\n              <!---->\r\n              <!---->\r\n              <div class=\"w-100 h-y-container h-column__content h-column__v-align flex-basis-100 align-self-lg-start align-self-md-start align-self-start\">\r\n                <!---->\r\n                <div data-colibri-id=\"331-c917\" class=\"h-global-transition-all h-heading style-1156 style-local-331-c917 position-relative h-element\">\r\n                  <!---->\r\n                  <div class=\"h-heading__outer style-1156 style-local-331-c917\">\r\n                    <!---->\r\n                    <!---->\r\n                    <h3 class=\"\">Gru\u00dfwort an die Teilnehmer der Kundgebung\r\n                      <br>\u201eCantada f\u00fcr die Freiheit\u201c\r\n                      <br>am 25. Juli 2021 in Berlin <\/h3>\r\n                  <\/div>\r\n                <\/div>\r\n              <\/div>\r\n            <\/div>\r\n          <\/div>\r\n        <\/div>\r\n      <\/div>\r\n      <div data-colibri-id=\"331-c918\" class=\"h-row-container gutters-row-lg-2 gutters-row-md-2 gutters-row-0 gutters-row-v-lg-2 gutters-row-v-md-2 gutters-row-v-2 style-1147 style-local-331-c918 position-relative\">\r\n        <!---->\r\n        <div class=\"h-row justify-content-lg-center justify-content-md-center justify-content-center align-items-lg-stretch align-items-md-stretch align-items-stretch gutters-col-lg-2 gutters-col-md-2 gutters-col-0 gutters-col-v-lg-2 gutters-col-v-md-2 gutters-col-v-2\">\r\n          <!---->\r\n          <div class=\"h-column h-column-container d-flex h-col-lg-auto h-col-md-auto h-col-auto style-1148-outer style-local-331-c919-outer\">\r\n            <div data-colibri-id=\"331-c919\" class=\"d-flex h-flex-basis h-column__inner h-px-lg-2 h-px-md-2 h-px-2 v-inner-lg-2 v-inner-md-2 v-inner-2 style-1148 style-local-331-c919 position-relative\">\r\n              <!---->\r\n              <!---->\r\n              <div class=\"w-100 h-y-container h-column__content h-column__v-align flex-basis-100 align-self-lg-start align-self-md-start align-self-start\">\r\n                <!---->\r\n                <div data-colibri-id=\"331-c920\" class=\"d-block style-1150 style-local-331-c920 position-relative h-element\">\r\n                  <!---->\r\n                  <div class=\"h-image__frame-container-outer\">\r\n                    <div class=\"h-image__frame-container\">\r\n                      <!---->\r\n                      <!---->\r\n                      <img loading=\"lazy\" decoding=\"async\" width=\"1024\" height=\"768\" src=\"http:\/\/botschafter-menschenrechte.de\/wp-content\/uploads\/2021\/07\/cropped-PHOTO-2021-07-25-22-39-07.jpg\" class=\"wp-image-1855 style-1150-image style-local-331-c920-image\" alt=\"\" srcset=\"https:\/\/botschafter-menschenrechte.de\/wp-content\/uploads\/2021\/07\/cropped-PHOTO-2021-07-25-22-39-07.jpg 1024w, https:\/\/botschafter-menschenrechte.de\/wp-content\/uploads\/2021\/07\/cropped-PHOTO-2021-07-25-22-39-07-300x225.jpg 300w, https:\/\/botschafter-menschenrechte.de\/wp-content\/uploads\/2021\/07\/cropped-PHOTO-2021-07-25-22-39-07-768x576.jpg 768w\" sizes=\"auto, (max-width: 1024px) 100vw, 1024px\" \/>\r\n                      <div class=\"h-image__frame h-hide-lg h-hide-md h-hide-sm style-1150-frameImage style-local-331-c920-frameImage\"><\/div>\r\n                    <\/div>\r\n                  <\/div>\r\n                <\/div>\r\n              <\/div>\r\n            <\/div>\r\n          <\/div>\r\n        <\/div>\r\n      <\/div>\r\n      <div data-colibri-id=\"331-c921\" class=\"h-row-container gutters-row-lg-2 gutters-row-md-2 gutters-row-0 gutters-row-v-lg-2 gutters-row-v-md-2 gutters-row-v-2 style-1151 style-local-331-c921 position-relative\">\r\n        <!---->\r\n        <div class=\"h-row justify-content-lg-center justify-content-md-center justify-content-center align-items-lg-stretch align-items-md-stretch align-items-stretch gutters-col-lg-2 gutters-col-md-2 gutters-col-0 gutters-col-v-lg-2 gutters-col-v-md-2 gutters-col-v-2\">\r\n          <!---->\r\n          <div class=\"h-column h-column-container d-flex h-col-lg-auto h-col-md-auto h-col-auto style-1152-outer style-local-331-c922-outer\">\r\n            <div data-colibri-id=\"331-c922\" class=\"d-flex h-flex-basis h-column__inner h-px-lg-2 h-px-md-2 h-px-2 v-inner-lg-2 v-inner-md-2 v-inner-2 style-1152 style-local-331-c922 position-relative\">\r\n              <!---->\r\n              <!---->\r\n              <div class=\"w-100 h-y-container h-column__content h-column__v-align flex-basis-100 align-self-lg-start align-self-md-start align-self-start\">\r\n                <!---->\r\n                <div data-colibri-id=\"331-c923\" class=\"h-global-transition-all h-heading style-1157 style-local-331-c923 position-relative h-element\">\r\n                  <!---->\r\n                  <div class=\"h-heading__outer style-1157 style-local-331-c923\">\r\n                    <!---->\r\n                    <!---->\r\n                    <h4 class=\"\">Liebe Freundinnen und Freunde,<\/h4>\r\n                  <\/div>\r\n                <\/div>\r\n                <div data-colibri-id=\"331-c924\" class=\"h-text h-text-component style-1153 style-local-331-c924 position-relative h-element\">\r\n                  <!---->\r\n                  <!---->\r\n                  <div class=\"\">\r\n                    <p><span style=\"color: rgb(32, 31, 30); font-size: 14.6667px;\">Kuba liegt mir pers\u00f6nlich sehr am Herzen.\ufeff<br>Gerade in den letzten Wochen sind meine Gedanken besonders oft bei den dort lebenden Menschen. Denn die mutigen Proteste der Kubaner k\u00f6nnen einen Wendepunkt f\u00fcr die Zukunft der Karibikinsel einleiten \u2013 hin zu Freiheit und Demokratie. Ich engagiere mich pers\u00f6nlich seit dem Jahr 2001 f\u00fcr die Opfer von Menschenrechtsverletzungen auf Kuba. Daher bedaure ich es sehr, dass ich heute &#8211; aus gesundheitlichen Gr\u00fcnden &#8211; nicht selbst hier in Berlin zu Euch sprechen kann. Denn Euer Protest ist unser Protest!&nbsp;<\/span><\/p>\r\n                    <p><span style=\"color: rgb(32, 31, 30); font-size: 14.6667px;\">Als meine Frau und ich vor drei Jahren im Park von Santa Rita im Stadtteil Miramar von Havanna gemeinsam mit den \u201eDamen in Wei\u00df\u201c f\u00fcr die Freilassung von politischen Gefangenen demonstrierten, haben wir viele Menschen kennen gelernt, deren Engagement f\u00fcr Freiheit und Menschenrechte mit einem teuren pers\u00f6nlichen Preis erkauft wurde. Diese Angeh\u00f6rigen von Gefangenen und Demokratieaktivisten, die nie in ihrem Leben die Chance hatten ins Ausland zu reisen, haben uns pers\u00f6nlich sehr beeindruckt! Ihr Mut, ihre Zuversicht und ihre St\u00e4rke zeigen, dass in den Herzen dieser Kubaner die Freiheitsliebe wohnt. Sie lassen sich nicht einsch\u00fcchtern, sondern k\u00e4mpfen weiterhin friedlich f\u00fcr ihre Menschenrechte und f\u00fcr die ihrer Angeh\u00f6rigen. Ihr Schicksal und ihre Sehns\u00fcchte gleichen denen der vielen Kubaner, die in den vergangenen Wochen auf den Pl\u00e4tzen und Stra\u00dfen von Kuba f\u00fcr eine bessere demokratische Zukunft, f\u00fcr ein menschenw\u00fcrdiges Leben und gegen die Diktatur protestiert haben. Sie haben endg\u00fcltig genug von Unterdr\u00fcckung, falschen Versprechungen, Hunger, Armut und Verfolgung. Bei vielen Bildern und Videos, die \u00fcber die Sozialen Medien geteilt wurden, habe ich eine G\u00e4nsehaut bekommen. Es ist bewegend zu sehen, wie viele Menschen sich nun friedlich gegen die Diktatur stellen und lautstark protestieren.&nbsp;<\/span><\/p>\r\n                    <p><span style=\"color: rgb(32, 31, 30); font-size: 14.6667px;\">Es wird den Unterdr\u00fcckern letztlich nicht helfen, wenn sie nun ihre Parteimitglieder und Beg\u00fcnstigten in Bussen zu angeordneten Kundgebungen ankarrt, auf denen zur \u201eVerteidigung der Revolution\u201c aufgerufen wird. In Wahrheit will diese \u201eRevolution\u201c nur die korrupte Machtelite der Castristen verteidigen, die sich vor der demokratischen Herrschaft des Volkes f\u00fcrchtet.&nbsp;<\/span><\/p>\r\n                    <p><span style=\"color: rgb(32, 31, 30); font-size: 14.6667px;\">Einzelne Stimmen kann die Diktatur unterdr\u00fccken, aber viele Stimmen setzen ein Zeichen. Die Welt schaut nun auf Kuba und erf\u00e4hrt von der dramatischen Situation auf der Insel. Nun wird deutlich, dass das Regime in Havanna Angst hat vor jedem Kompromiss und Entgegenkommen. Es baut weiterhin auf die stalinistische Methode der Angstverbreitung, um sich an der Macht zu halten. Egal mit welchen Mitteln. Menschenrechte sind da nur im Weg. Jegliche Freiheit wird als Gefahr f\u00fcr das Regime angesehen. Denn in den Augen der kubanischen kommunistischen F\u00fchrung ist jeder Mensch verd\u00e4chtig, der sich nicht in den kommunistischen Massenorganisationen organisiert und keine Loyalit\u00e4tsbekundungen leistet. Intellektuelle, K\u00fcnstler und unabh\u00e4ngige Journalisten werden beobachtet, eingesch\u00fcchtert, drangsaliert und &#8211; wenn das alles nicht hilft \u2013 verhaftet, gefoltert und weggesperrt. Damit die Menschen sich nicht mehr verst\u00e4ndigen und organisieren k\u00f6nnen, wird immer wieder das Internet abgestellt und bekannte Regimekritiker systematisch blockiert. Trotzdem schaffen es viele, Bilder und Videos zu teilen und zu versenden. Wenn die klassischen Medien so gut wie gleichgeschaltet sind, sind die sozialen Medien umso wichtiger.&nbsp;<\/span><\/p>\r\n                    <p><span style=\"color: rgb(32, 31, 30); font-size: 14.6667px;\">Gerade die pers\u00f6nlichen Schicksale bewegen uns alle. Sie geben der dramatischen Menschenrechtssituation auf Kuba ein Gesicht: So liegt es noch nicht lange zur\u00fcck, dass Hamlet Lavastida, einer der bedeutendsten kubanischen K\u00fcnstler seiner Generation, hier in Berlin eine vielbeachtete Ausstellung zeigte. Vielleicht hat sie der ein oder andere von Euch damals gesehen. Hamlet ist Mitglied der Plattform 27N (27. November) &#8211; einer Bewegung von Intellektuellen, die demokratischen Wandel und Menschenrechte in Kuba fordern. Er nutzt seine Kunst als Mittel, um die Unterdr\u00fcckung auf Kuba anzuprangern und um gegen das autokratische Regime zu protestieren. Hamlet beendete einen k\u00fcnstlerischen Besuch in Berlin und flog am 21. Juni 2021 in seine Heimat zur\u00fcck. Obwohl er vollst\u00e4ndig geimpft war, wurde er in ein Quarant\u00e4nezentrum in Havanna gebracht. Dort nahm ihn die Polizei am 26. Juni fest. Man klagte ihn wegen \u201eAnstiftung zu einer Straftat\u201c an. Die kubanische Regierung macht ihn f\u00fcr die aktuellen Proteste im Land verantwortlich. <\/span><\/p>\r\n                    <p><span style=\"color: rgb(32, 31, 30); font-size: 14.6667px;\">Nicht die Jahrzehnte lange Misswirtschaft, die Menschenrechtsverletzungen und die Unterdr\u00fcckung der Kubaner sollen zu den Protesten gef\u00fchrt haben, sondern K\u00fcnstler wie Hamlet. Da kann man nur mit dem Kopf sch\u00fctteln und wie Ihr auf die Stra\u00dfe gehen \u2013 aus Solidarit\u00e4t f\u00fcr alle, die ihre Freiheit verloren haben, weil sie sich f\u00fcr die Freiheit aller Kubaner eingesetzt haben!Hamlet ist seitdem in der Villa Marista, dem kubanischen Stasigef\u00e4ngnis in Havanna, inhaftiert und hat kaum Kontakt zu seiner Familie und seinen Freunden. Sein 7-j\u00e4hriger Sohn Leo Lavastida bittet \u00fcber soziale Medien um die Freilassung seines Vaters. Leo und seine Mutter, die Dichterin Katherine Bisquet, leben in Polen und hoffen, bald wieder mit Hamlet vereint zu sein. <\/span><\/p>\r\n                    <p><span style=\"color: rgb(32, 31, 30); font-size: 14.6667px;\">Kuba wird in Deutschland oft als Urlaubsparadies wahrgenommen. Hoffentlich tr\u00e4gt die Berichterstattung \u00fcber die Proteste dazu bei, dass das Bild realistischer wird. Denn jeder deutsche Tourist sollte bedenken, dass er als Urlauber Devisenbringer f\u00fcr die Machtelite eines Folterstaates ist. Was den sonnenhungrigen Urlaubern als Trauminsel pr\u00e4sentiert wird, ist ein Alptraum f\u00fcr die leidenden Menschen, besonders f\u00fcr die vielen politischen Gefangenen, die unter Mangelern\u00e4hrung, medizinischer und hygienischer Verwahrlosung und Folter leiden. <\/span><\/p>\r\n                    <p><span style=\"color: rgb(32, 31, 30); font-size: 14.6667px;\">Die politischen Gefangenen werden oft in Zellen mit gef\u00e4hrlichen Kriminellen eingesperrt, die sie bedrohen und misshandeln. Die Gef\u00e4ngnisbeh\u00f6rden verbieten den politischen Gefangenen oft, Besuche ihrer Familien zu empfangen, verlegen sie in Haftanstalten weit entfernt von ihrem Heimatort und setzen ihre Familienmitglieder Schikanen aus. Politische Gefangene verbringen oft Monate in Einzelhaft, ihnen werden Kleidung weggenommen sowie die Essens- und Wasserrationen gek\u00fcrzt. Ehemalige politische Gefangene berichten von grausamen Foltermethoden, wie dem \u201eLa Shakira\u201d, bei der die Person mit Ketten an Armen und H\u00fcfte aufgeh\u00e4ngt wird. Immer \u00f6fter h\u00f6ren wir auch von Personen, die der \u201epatrulla horno\u201c ausgesetzt waren. Hierbei werden die Opfer stundenlang unter der prallen Sonne in einem Polizeiwagen eingesperrt \u2013 ohne Wasser oder Luftzufuhr. <\/span><\/p>\r\n                    <p><span style=\"color: rgb(32, 31, 30); font-size: 14.6667px;\">Mehrfach und zum Teil \u00fcber Jahre aus politischen Gr\u00fcnden inhaftiert wurde der Demokratieaktivist Jose Daniel Ferrer. Als Gefangener des Schwarzen Septembers 2003 wurde er mit 74 anderen B\u00fcrgerrechtlern f\u00fcr Jahre weggesperrt und war unter schlimmsten Umst\u00e4nden inhaftiert. Nach seiner vom Vatican mit Kuba ausgehandelten Haftentlassung 2010 war er einer der wenigen politischen Gefangenen, die sich weigerten ins Exil zu gehen. Die von ihm gegr\u00fcndete Demokratiebewegung UNPACU ist die wichtigste Organisation der freiheitsliebenden Kubaner. Deshalb sind die UNPACU-Aktivisten st\u00e4ndig einem hohen Verfolgungsdruck ausgesetzt und stellen einen hohen Anteil unter den politischen Gefangenen. Jose Daniel Ferrer ist seit den Protesten vom 12. Juli \u201everschwunden\u201c. Menschenrechtsverteidiger auf Kuba sagen, er wurde von der castristischen Staatssicherheit verschleppt und wird an unbekanntem Ort gefangenen gehalten. Wir fordern die sofortige Freilassung von Ferrer, die Freilassung, von allen politischen Gefangenen und von allen Teilnehmern der Juli-Proteste. Wir fordern Wiedergutmachung f\u00fcr die Opfer von Gewalt und Freiheitsberaubung sowie Anklage und Bestrafung der T\u00e4ter!<\/span><\/p>\r\n                    <p><span style=\"color: rgb(32, 31, 30); font-size: 14.6667px;\">Mangelwirtschaft, Verfolgung von Andersdenkenden, Unbelehrbarkeit, Inkompetenz und die&nbsp;Korruption der alleinregierenden Kommunistischen Partei haben die Menschen in Kuba auf die Stra\u00dfe gebracht. Sie haben genug von einem Leben, das von Trostlosigkeit, Verfolgung und Gewalt gekennzeichnet ist. Von Berlin aus setzen wir nun ein Zeichen nach Kuba. An alle, die friedlich f\u00fcr Freiheit und Menschenrechte protestieren und an alle, die willk\u00fcrlich inhaftiert wurden: Wir stehen an Eurer Seite! Wir fordern die deutsche Regierung, die EU und die internationale Gemeinschaft auf, sich f\u00fcr die Freilassung der politischen Gefangenen einzusetzen und die B\u00fcrgerrechtsbewegung auf Kuba zu unterst\u00fctzen.<\/span><\/p>\r\n                    <p><span style=\"color: rgb(32, 31, 30); font-size: 14.6667px;\">Wie Martin Luther King einst sagte: \u201eThe time is always right to do what is right\u201c. Nun ist diese Zeit f\u00fcr Kuba. Freiheit f\u00fcr Kuba, Freiheit f\u00fcr alle politischen Gefangenen!&nbsp;<\/span><\/p>\r\n                    <p><span style=\"color: rgb(32, 31, 30); font-size: 14.6667px;\">L I B E R T A D !&nbsp;<\/span><\/p>\r\n                    <p><span style=\"color: rgb(32, 31, 30); font-size: 14.6667px;\">Herzliche Gr\u00fc\u00dfe,<br>Martin Lessenthin<br>Vorstandssprecher der IGFM-Internationale Gesellschaft f\u00fcr Menschenrechte,<br>Mitglied im Kuratorium des DIMR- Deutsches Instituts f\u00fcr Menschenrechte<br>und Botschafter f\u00fcr Menschenrechte auf Kuba<\/span><\/p>\r\n                  <\/div>\r\n                <\/div>\r\n              <\/div>\r\n            <\/div>\r\n          <\/div>\r\n        <\/div>\r\n      <\/div>\r\n    <\/div>\r\n  <\/div>\r\n  <div data-colibri-component=\"section\" data-colibri-id=\"331-c925\" id=\"custom-41\" class=\"h-section h-section-global-spacing d-flex align-items-lg-center align-items-md-center align-items-center style-1141 style-local-331-c925 position-relative\">\r\n    <!---->\r\n    <!---->\r\n    <div class=\"h-section-grid-container h-section-boxed-container\">\r\n      <!---->\r\n      <div data-colibri-id=\"331-c926\" class=\"h-row-container gutters-row-lg-2 gutters-row-md-2 gutters-row-0 gutters-row-v-lg-2 gutters-row-v-md-2 gutters-row-v-2 style-1142 style-local-331-c926 position-relative\">\r\n        <!---->\r\n        <div class=\"h-row justify-content-lg-center justify-content-md-center justify-content-center align-items-lg-stretch align-items-md-stretch align-items-stretch gutters-col-lg-2 gutters-col-md-2 gutters-col-0 gutters-col-v-lg-2 gutters-col-v-md-2 gutters-col-v-2\">\r\n          <!---->\r\n          <div class=\"h-column h-column-container d-flex h-col-lg-auto h-col-md-auto h-col-auto style-1143-outer style-local-331-c927-outer\">\r\n            <div data-colibri-id=\"331-c927\" class=\"d-flex h-flex-basis h-column__inner h-px-lg-2 h-px-md-2 h-px-2 v-inner-lg-2 v-inner-md-2 v-inner-2 style-1143 style-local-331-c927 position-relative\">\r\n              <!---->\r\n              <!---->\r\n              <div class=\"w-100 h-y-container h-column__content h-column__v-align flex-basis-100 align-self-lg-start align-self-md-start align-self-start\">\r\n                <!---->\r\n                <div data-colibri-id=\"331-c928\" class=\"d-block style-1145 style-local-331-c928 position-relative h-element\">\r\n                  <!---->\r\n                  <div class=\"h-image__frame-container-outer\">\r\n                    <div class=\"h-image__frame-container\">\r\n                      <!---->\r\n                      <!---->\r\n                      <img loading=\"lazy\" decoding=\"async\" width=\"750\" height=\"750\" src=\"http:\/\/botschafter-menschenrechte.de\/wp-content\/uploads\/2021\/07\/cropped-41F11A24-63E1-47EA-8DD1-D24A0A8697B9-1.jpeg\" class=\"wp-image-1846 style-1145-image style-local-331-c928-image\" alt=\"\" srcset=\"https:\/\/botschafter-menschenrechte.de\/wp-content\/uploads\/2021\/07\/cropped-41F11A24-63E1-47EA-8DD1-D24A0A8697B9-1.jpeg 750w, https:\/\/botschafter-menschenrechte.de\/wp-content\/uploads\/2021\/07\/cropped-41F11A24-63E1-47EA-8DD1-D24A0A8697B9-1-300x300.jpeg 300w, https:\/\/botschafter-menschenrechte.de\/wp-content\/uploads\/2021\/07\/cropped-41F11A24-63E1-47EA-8DD1-D24A0A8697B9-1-150x150.jpeg 150w\" sizes=\"auto, (max-width: 750px) 100vw, 750px\" \/>\r\n                      <div class=\"h-image__frame h-hide-lg h-hide-md h-hide-sm style-1145-frameImage style-local-331-c928-frameImage\"><\/div>\r\n                    <\/div>\r\n                  <\/div>\r\n                <\/div>\r\n              <\/div>\r\n            <\/div>\r\n          <\/div>\r\n        <\/div>\r\n      <\/div>\r\n    <\/div>\r\n  <\/div>\r\n  <div data-colibri-component=\"section\" data-colibri-id=\"331-c929\" id=\"custom-40\" class=\"h-section h-section-global-spacing d-flex align-items-lg-center align-items-md-center align-items-center style-1119 style-local-331-c929 position-relative\">\r\n    <!---->\r\n    <!---->\r\n    <div class=\"h-section-grid-container h-section-boxed-container\">\r\n      <!---->\r\n      <div data-colibri-id=\"331-c930\" class=\"h-row-container gutters-row-lg-2 gutters-row-md-2 gutters-row-0 gutters-row-v-lg-2 gutters-row-v-md-2 gutters-row-v-2 style-1120 style-local-331-c930 position-relative\">\r\n        <!---->\r\n        <div class=\"h-row justify-content-lg-center justify-content-md-center justify-content-center align-items-lg-stretch align-items-md-stretch align-items-stretch gutters-col-lg-2 gutters-col-md-2 gutters-col-0 gutters-col-v-lg-2 gutters-col-v-md-2 gutters-col-v-2\">\r\n          <!---->\r\n          <div class=\"h-column h-column-container d-flex h-col-lg-auto h-col-md-auto h-col-auto style-1121-outer style-local-331-c931-outer\">\r\n            <div data-colibri-id=\"331-c931\" class=\"d-flex h-flex-basis h-column__inner h-px-lg-2 h-px-md-2 h-px-2 v-inner-lg-2 v-inner-md-2 v-inner-2 style-1121 style-local-331-c931 position-relative\">\r\n              <!---->\r\n              <!---->\r\n              <div class=\"w-100 h-y-container h-column__content h-column__v-align flex-basis-100 align-self-lg-center align-self-md-center align-self-center\">\r\n                <!---->\r\n                <div data-colibri-id=\"331-c932\" class=\"d-block style-1128 style-local-331-c932 position-relative h-element\">\r\n                  <!---->\r\n                  <div class=\"h-image__frame-container-outer\">\r\n                    <div class=\"h-image__frame-container\">\r\n                      <!---->\r\n                      <!---->\r\n                      <img loading=\"lazy\" decoding=\"async\" width=\"1200\" height=\"1200\" src=\"http:\/\/botschafter-menschenrechte.de\/wp-content\/uploads\/2021\/07\/cropped-PHOTO-2021-07-16-13-30-44.jpg\" class=\"wp-image-1819 style-1128-image style-local-331-c932-image\" alt=\"\" srcset=\"https:\/\/botschafter-menschenrechte.de\/wp-content\/uploads\/2021\/07\/cropped-PHOTO-2021-07-16-13-30-44.jpg 1200w, https:\/\/botschafter-menschenrechte.de\/wp-content\/uploads\/2021\/07\/cropped-PHOTO-2021-07-16-13-30-44-300x300.jpg 300w, https:\/\/botschafter-menschenrechte.de\/wp-content\/uploads\/2021\/07\/cropped-PHOTO-2021-07-16-13-30-44-1024x1024.jpg 1024w, https:\/\/botschafter-menschenrechte.de\/wp-content\/uploads\/2021\/07\/cropped-PHOTO-2021-07-16-13-30-44-150x150.jpg 150w, https:\/\/botschafter-menschenrechte.de\/wp-content\/uploads\/2021\/07\/cropped-PHOTO-2021-07-16-13-30-44-768x768.jpg 768w\" sizes=\"auto, (max-width: 1200px) 100vw, 1200px\" \/>\r\n                      <div class=\"h-image__frame h-hide-lg h-hide-md h-hide-sm style-1128-frameImage style-local-331-c932-frameImage\"><\/div>\r\n                    <\/div>\r\n                  <\/div>\r\n                <\/div>\r\n              <\/div>\r\n            <\/div>\r\n          <\/div>\r\n          <div class=\"h-column h-column-container d-flex h-col-lg-auto h-col-md-auto h-col-auto style-1122-outer style-local-331-c933-outer\">\r\n            <div data-colibri-id=\"331-c933\" class=\"d-flex h-flex-basis h-column__inner h-px-lg-2 h-px-md-2 h-px-2 v-inner-lg-2 v-inner-md-2 v-inner-2 style-1122 style-local-331-c933 position-relative\">\r\n              <!---->\r\n              <!---->\r\n              <div class=\"w-100 h-y-container h-column__content h-column__v-align flex-basis-100 align-self-lg-center align-self-md-center align-self-center\">\r\n                <!---->\r\n                <div data-colibri-id=\"331-c934\" class=\"h-x-container style-1125 style-local-331-c934 position-relative h-element\">\r\n                  <!---->\r\n                  <div class=\"h-x-container-inner style-dynamic-331-c934-group style-1125-spacing style-local-331-c934-spacing\"><span class=\"h-link__outer style-1126-outer style-local-331-c935-outer d-inline-flex h-element\"><a h-use-smooth-scroll=\"true\" href=\"http:\/\/botschafter-menschenrechte.de\/?cat=17\"  data-colibri-id=\"331-c935\" class=\"d-flex w-100 align-items-center h-link style-1126 style-local-331-c935 position-relative\"><!----><!----> <span>KUBA<\/span><\/a>\r\n                    <\/span>\r\n                  <\/div>\r\n                <\/div>\r\n                <div data-colibri-id=\"331-c936\" class=\"h-global-transition-all h-heading style-1127 style-local-331-c936 position-relative h-element\">\r\n                  <!---->\r\n                  <div class=\"h-heading__outer style-1127 style-local-331-c936\">\r\n                    <!---->\r\n                    <!---->\r\n                    <h2 class=\"\">Weltweit gehen Kubaner auf die Stra\u00dfe und demonstrieren f\u00fcr Freiheit in ihrer Heimat.<\/h2>\r\n                  <\/div>\r\n                <\/div>\r\n                <div data-colibri-id=\"331-c937\" class=\"h-x-container style-1123 style-local-331-c937 position-relative h-element\">\r\n                  <!---->\r\n                  <div class=\"h-x-container-inner style-dynamic-331-c937-group style-1123-spacing style-local-331-c937-spacing\"><span class=\"h-button__outer style-1124-outer style-local-331-c938-outer d-inline-flex h-element\"><a h-use-smooth-scroll=\"true\" href=\"http:\/\/botschafter-menschenrechte.de\/?p=1813\"  data-colibri-id=\"331-c938\" class=\"d-flex w-100 align-items-center h-button justify-content-lg-center justify-content-md-center justify-content-center style-1124 style-local-331-c938 position-relative\"><!----><!----> <span>WEITERLESEN<\/span><\/a>\r\n                    <\/span>\r\n                  <\/div>\r\n                <\/div>\r\n              <\/div>\r\n            <\/div>\r\n          <\/div>\r\n        <\/div>\r\n      <\/div>\r\n    <\/div>\r\n  <\/div>\r\n  <div data-colibri-component=\"section\" data-colibri-id=\"331-c939\" id=\"custom-39\" class=\"h-section h-section-global-spacing d-flex align-items-lg-center align-items-md-center align-items-center style-1107 style-local-331-c939 position-relative\">\r\n    <!---->\r\n    <!---->\r\n    <div class=\"h-section-grid-container h-section-boxed-container\">\r\n      <!---->\r\n      <div data-colibri-id=\"331-c940\" class=\"h-row-container gutters-row-lg-2 gutters-row-md-2 gutters-row-0 gutters-row-v-lg-2 gutters-row-v-md-2 gutters-row-v-2 style-1108 style-local-331-c940 position-relative\">\r\n        <!---->\r\n        <div class=\"h-row justify-content-lg-center justify-content-md-center justify-content-center align-items-lg-stretch align-items-md-stretch align-items-stretch gutters-col-lg-2 gutters-col-md-2 gutters-col-0 gutters-col-v-lg-2 gutters-col-v-md-2 gutters-col-v-2\">\r\n          <!---->\r\n          <div class=\"h-column h-column-container d-flex h-col-lg-auto h-col-md-auto h-col-auto style-1109-outer style-local-331-c941-outer\">\r\n            <div data-colibri-id=\"331-c941\" class=\"d-flex h-flex-basis h-column__inner h-px-lg-2 h-px-md-2 h-px-2 v-inner-lg-2 v-inner-md-2 v-inner-2 style-1109 style-local-331-c941 position-relative\">\r\n              <!---->\r\n              <!---->\r\n              <div class=\"w-100 h-y-container h-column__content h-column__v-align flex-basis-100 align-self-lg-center align-self-md-center align-self-center\">\r\n                <!---->\r\n                <div data-colibri-id=\"331-c942\" class=\"d-block style-1111 style-local-331-c942 position-relative h-element\">\r\n                  <!---->\r\n                  <div class=\"h-image__frame-container-outer\">\r\n                    <div class=\"h-image__frame-container\">\r\n                      <!---->\r\n                      <!---->\r\n                      <img loading=\"lazy\" decoding=\"async\" width=\"350\" height=\"350\" src=\"http:\/\/botschafter-menschenrechte.de\/wp-content\/uploads\/2021\/07\/cropped-Bild4.png\" class=\"wp-image-1785 style-1111-image style-local-331-c942-image\" alt=\"\" srcset=\"https:\/\/botschafter-menschenrechte.de\/wp-content\/uploads\/2021\/07\/cropped-Bild4.png 350w, https:\/\/botschafter-menschenrechte.de\/wp-content\/uploads\/2021\/07\/cropped-Bild4-300x300.png 300w, https:\/\/botschafter-menschenrechte.de\/wp-content\/uploads\/2021\/07\/cropped-Bild4-150x150.png 150w\" sizes=\"auto, (max-width: 350px) 100vw, 350px\" \/>\r\n                      <div class=\"h-image__frame h-hide-lg h-hide-md h-hide-sm style-1111-frameImage style-local-331-c942-frameImage\"><\/div>\r\n                    <\/div>\r\n                  <\/div>\r\n                <\/div>\r\n              <\/div>\r\n            <\/div>\r\n          <\/div>\r\n          <div class=\"h-column h-column-container d-flex h-col-lg-auto h-col-md-auto h-col-auto style-1110-outer style-local-331-c943-outer\">\r\n            <div data-colibri-id=\"331-c943\" class=\"d-flex h-flex-basis h-column__inner h-px-lg-2 h-px-md-2 h-px-2 v-inner-lg-2 v-inner-md-2 v-inner-2 style-1110 style-local-331-c943 position-relative\">\r\n              <!---->\r\n              <!---->\r\n              <div class=\"w-100 h-y-container h-column__content h-column__v-align flex-basis-100 align-self-lg-center align-self-md-center align-self-center\">\r\n                <!---->\r\n                <div data-colibri-id=\"331-c944\" class=\"h-x-container style-1117 style-local-331-c944 position-relative h-element\">\r\n                  <!---->\r\n                  <div class=\"h-x-container-inner style-dynamic-331-c944-group style-1117-spacing style-local-331-c944-spacing\"><span class=\"h-link__outer style-1118-outer style-local-331-c945-outer d-inline-flex h-element\"><a h-use-smooth-scroll=\"true\" href=\"http:\/\/botschafter-menschenrechte.de\/?cat=17\"  data-colibri-id=\"331-c945\" class=\"d-flex w-100 align-items-center h-link style-1118 style-local-331-c945 position-relative\"><!----><!----> <span>KUBA<\/span><\/a>\r\n                    <\/span>\r\n                  <\/div>\r\n                <\/div>\r\n                <div data-colibri-id=\"331-c946\" class=\"h-global-transition-all h-heading style-1114 style-local-331-c946 position-relative h-element\">\r\n                  <!---->\r\n                  <div class=\"h-heading__outer style-1114 style-local-331-c946\">\r\n                    <!---->\r\n                    <!---->\r\n                    <h1 class=\"\">Kuba:\r\n                      <br>Mutige Proteste &#8211;\r\n                      <br> brutale Repression&nbsp;<\/h1>\r\n                  <\/div>\r\n                <\/div>\r\n                <div data-colibri-id=\"331-c947\" class=\"h-text h-text-component style-1116 style-local-331-c947 position-relative h-element\">\r\n                  <!---->\r\n                  <!---->\r\n                  <div class=\"\">\r\n                    <p><span style=\"font-weight: 400; font-size: 16px; font-family: Arial, sans-serif; color: rgb(32, 31, 30);\">Nachdem es am 11. und 12. Juli auf Kuba zu den gr\u00f6\u00dften Protesten seit 1959 gekommen ist, leidet das kubanische Volk nun noch st\u00e4rker unter der brutalen Repression der Diktatur.<\/span><\/p>\r\n                  <\/div>\r\n                <\/div>\r\n                <div data-colibri-id=\"331-c948\" class=\"h-x-container style-1112 style-local-331-c948 position-relative h-element\">\r\n                  <!---->\r\n                  <div class=\"h-x-container-inner style-dynamic-331-c948-group style-1112-spacing style-local-331-c948-spacing\"><span class=\"h-button__outer style-1113-outer style-local-331-c949-outer d-inline-flex h-element\"><a h-use-smooth-scroll=\"true\" href=\"http:\/\/botschafter-menschenrechte.de\/?p=1775\"  data-colibri-id=\"331-c949\" class=\"d-flex w-100 align-items-center h-button justify-content-lg-center justify-content-md-center justify-content-center style-1113 style-local-331-c949 position-relative\"><!----><!----> <span>WEITERLESEN<\/span><\/a>\r\n                    <\/span>\r\n                  <\/div>\r\n                <\/div>\r\n              <\/div>\r\n            <\/div>\r\n          <\/div>\r\n        <\/div>\r\n      <\/div>\r\n    <\/div>\r\n  <\/div>\r\n  <div data-colibri-component=\"section\" data-colibri-id=\"331-c950\" id=\"custom-38\" class=\"h-section h-section-global-spacing d-flex align-items-lg-center align-items-md-center align-items-center style-1093 style-local-331-c950 position-relative\">\r\n    <!---->\r\n    <!---->\r\n    <div class=\"h-section-grid-container h-section-boxed-container\">\r\n      <!---->\r\n      <div data-colibri-id=\"331-c951\" class=\"h-row-container gutters-row-lg-2 gutters-row-md-2 gutters-row-0 gutters-row-v-lg-2 gutters-row-v-md-2 gutters-row-v-2 style-1094 style-local-331-c951 position-relative\">\r\n        <!---->\r\n        <div class=\"h-row justify-content-lg-center justify-content-md-center justify-content-center align-items-lg-stretch align-items-md-stretch align-items-stretch gutters-col-lg-2 gutters-col-md-2 gutters-col-0 gutters-col-v-lg-2 gutters-col-v-md-2 gutters-col-v-2\">\r\n          <!---->\r\n          <div class=\"h-column h-column-container d-flex h-col-lg-auto h-col-md-auto h-col-auto style-1095-outer style-local-331-c952-outer\">\r\n            <div data-colibri-id=\"331-c952\" class=\"d-flex h-flex-basis h-column__inner h-px-lg-2 h-px-md-2 h-px-2 v-inner-lg-2 v-inner-md-2 v-inner-2 style-1095 style-local-331-c952 position-relative\">\r\n              <!---->\r\n              <!---->\r\n              <div class=\"w-100 h-y-container h-column__content h-column__v-align flex-basis-100 align-self-lg-center align-self-md-center align-self-center\">\r\n                <!---->\r\n                <div data-colibri-id=\"331-c953\" class=\"d-block style-1101 style-local-331-c953 position-relative h-element\">\r\n                  <!---->\r\n                  <div class=\"h-image__frame-container-outer\">\r\n                    <div class=\"h-image__frame-container\">\r\n                      <!---->\r\n                      <!---->\r\n                      <img loading=\"lazy\" decoding=\"async\" width=\"225\" height=\"225\" src=\"http:\/\/botschafter-menschenrechte.de\/wp-content\/uploads\/2021\/07\/cropped-thumbnail_image001.jpeg\" class=\"wp-image-1738 style-1101-image style-local-331-c953-image\" alt=\"\" srcset=\"https:\/\/botschafter-menschenrechte.de\/wp-content\/uploads\/2021\/07\/cropped-thumbnail_image001.jpeg 225w, https:\/\/botschafter-menschenrechte.de\/wp-content\/uploads\/2021\/07\/cropped-thumbnail_image001-150x150.jpeg 150w\" sizes=\"auto, (max-width: 225px) 100vw, 225px\" \/>\r\n                      <div class=\"h-image__frame h-hide-lg h-hide-md h-hide-sm style-1101-frameImage style-local-331-c953-frameImage\"><\/div>\r\n                    <\/div>\r\n                  <\/div>\r\n                <\/div>\r\n              <\/div>\r\n            <\/div>\r\n          <\/div>\r\n          <div class=\"h-column h-column-container d-flex h-col-lg-auto h-col-md-auto h-col-auto style-1096-outer style-local-331-c954-outer\">\r\n            <div data-colibri-id=\"331-c954\" class=\"d-flex h-flex-basis h-column__inner h-px-lg-2 h-px-md-2 h-px-2 v-inner-lg-2 v-inner-md-2 v-inner-2 style-1096 style-local-331-c954 position-relative\">\r\n              <!---->\r\n              <!---->\r\n              <div class=\"w-100 h-y-container h-column__content h-column__v-align flex-basis-100 align-self-lg-center align-self-md-center align-self-center\">\r\n                <!---->\r\n                <div data-colibri-id=\"331-c955\" class=\"h-x-container style-1102 style-local-331-c955 position-relative h-element\">\r\n                  <!---->\r\n                  <div class=\"h-x-container-inner style-dynamic-331-c955-group style-1102-spacing style-local-331-c955-spacing\"><span class=\"h-link__outer style-1103-outer style-local-331-c956-outer d-inline-flex h-element\"><a h-use-smooth-scroll=\"true\" href=\"http:\/\/botschafter-menschenrechte.de\/?cat=38\"  data-colibri-id=\"331-c956\" class=\"d-flex w-100 align-items-center h-link style-1103 style-local-331-c956 position-relative\"><!----><!----> <span>MEINUNG<\/span><\/a>\r\n                    <\/span>\r\n                  <\/div>\r\n                <\/div>\r\n                <div data-colibri-id=\"331-c957\" class=\"h-global-transition-all h-heading style-1099 style-local-331-c957 position-relative h-element\">\r\n                  <!---->\r\n                  <div class=\"h-heading__outer style-1099 style-local-331-c957\">\r\n                    <!---->\r\n                    <!---->\r\n                    <h1 class=\"\">Was ist eigentlich politisch?<\/h1>\r\n                  <\/div>\r\n                <\/div>\r\n                <div data-colibri-id=\"331-c958\" class=\"h-text h-text-component style-1100 style-local-331-c958 position-relative h-element\">\r\n                  <!---->\r\n                  <!---->\r\n                  <div class=\"\">\r\n                    <p>Da wird von der UEFA im Vorfeld der Europameisterschaft 2021 mit gro\u00dfem Get\u00f6se eine Kampagne mit dem Titel \u201cSign for an Equal Game\u201d ins Leben gerufen, die sich gegen Diskriminierung und diverse Formen gruppenbezogener Menschenfeindlichkeit\r\n                      wendet und zur Wertsch\u00e4tzung der Vielfalt aufruft. Bekannte Fu\u00dfballstars werden gewonnen, mit ihren Gesichtern daf\u00fcr zu werben. Fans werden animiert, sich online dieser Kampagne anzuschlie\u00dfen.<\/p>\r\n                    <p>Und dann?<\/p>\r\n                  <\/div>\r\n                <\/div>\r\n                <div data-colibri-id=\"331-c959\" class=\"h-x-container style-1097 style-local-331-c959 position-relative h-element\">\r\n                  <!---->\r\n                  <div class=\"h-x-container-inner style-dynamic-331-c959-group style-1097-spacing style-local-331-c959-spacing\"><span class=\"h-button__outer style-1098-outer style-local-331-c960-outer d-inline-flex h-element\"><a h-use-smooth-scroll=\"true\" href=\"http:\/\/botschafter-menschenrechte.de\/?p=1732\"  data-colibri-id=\"331-c960\" class=\"d-flex w-100 align-items-center h-button justify-content-lg-center justify-content-md-center justify-content-center style-1098 style-local-331-c960 position-relative\"><!----><!----> <span>WEITERLESEN<\/span><\/a>\r\n                    <\/span>\r\n                  <\/div>\r\n                <\/div>\r\n              <\/div>\r\n            <\/div>\r\n          <\/div>\r\n        <\/div>\r\n      <\/div>\r\n    <\/div>\r\n  <\/div>\r\n  <div data-colibri-component=\"section\" data-colibri-id=\"331-c961\" id=\"custom-37\" class=\"h-section h-section-global-spacing d-flex align-items-lg-center align-items-md-center align-items-center style-1082 style-local-331-c961 position-relative\">\r\n    <!---->\r\n    <!---->\r\n    <div class=\"h-section-grid-container h-section-boxed-container\">\r\n      <!---->\r\n      <div data-colibri-id=\"331-c962\" class=\"h-row-container gutters-row-lg-2 gutters-row-md-2 gutters-row-0 gutters-row-v-lg-2 gutters-row-v-md-2 gutters-row-v-2 style-1083 style-local-331-c962 position-relative\">\r\n        <!---->\r\n        <div class=\"h-row justify-content-lg-center justify-content-md-center justify-content-center align-items-lg-stretch align-items-md-stretch align-items-stretch gutters-col-lg-2 gutters-col-md-2 gutters-col-0 gutters-col-v-lg-2 gutters-col-v-md-2 gutters-col-v-2\">\r\n          <!---->\r\n          <div class=\"h-column h-column-container d-flex h-col-lg-auto h-col-md-auto h-col-auto style-1084-outer style-local-331-c963-outer\">\r\n            <div data-colibri-id=\"331-c963\" class=\"d-flex h-flex-basis h-column__inner h-px-lg-2 h-px-md-2 h-px-2 v-inner-lg-2 v-inner-md-2 v-inner-2 style-1084 style-local-331-c963 position-relative\">\r\n              <!---->\r\n              <!---->\r\n              <div class=\"w-100 h-y-container h-column__content h-column__v-align flex-basis-100 align-self-lg-center align-self-md-center align-self-center\">\r\n                <!---->\r\n                <div data-colibri-id=\"331-c964\" class=\"d-block style-1090 style-local-331-c964 position-relative h-element\">\r\n                  <!---->\r\n                  <div class=\"h-image__frame-container-outer\">\r\n                    <div class=\"h-image__frame-container\">\r\n                      <!---->\r\n                      <!---->\r\n                      <img loading=\"lazy\" decoding=\"async\" width=\"220\" height=\"220\" src=\"http:\/\/botschafter-menschenrechte.de\/wp-content\/uploads\/2021\/07\/cropped-download-1.png\" class=\"wp-image-1725 style-1090-image style-local-331-c964-image\" alt=\"\" srcset=\"https:\/\/botschafter-menschenrechte.de\/wp-content\/uploads\/2021\/07\/cropped-download-1.png 220w, https:\/\/botschafter-menschenrechte.de\/wp-content\/uploads\/2021\/07\/cropped-download-1-150x150.png 150w\" sizes=\"auto, (max-width: 220px) 100vw, 220px\" \/>\r\n                      <div class=\"h-image__frame h-hide-lg h-hide-md h-hide-sm style-1090-frameImage style-local-331-c964-frameImage\"><\/div>\r\n                    <\/div>\r\n                  <\/div>\r\n                <\/div>\r\n              <\/div>\r\n            <\/div>\r\n          <\/div>\r\n          <div class=\"h-column h-column-container d-flex h-col-lg-auto h-col-md-auto h-col-auto style-1085-outer style-local-331-c965-outer\">\r\n            <div data-colibri-id=\"331-c965\" class=\"d-flex h-flex-basis h-column__inner h-px-lg-2 h-px-md-2 h-px-2 v-inner-lg-2 v-inner-md-2 v-inner-2 style-1085 style-local-331-c965 position-relative\">\r\n              <!---->\r\n              <!---->\r\n              <div class=\"w-100 h-y-container h-column__content h-column__v-align flex-basis-100 align-self-lg-center align-self-md-center align-self-center\">\r\n                <!---->\r\n                <div data-colibri-id=\"331-c966\" class=\"h-x-container style-1091 style-local-331-c966 position-relative h-element\">\r\n                  <!---->\r\n                  <div class=\"h-x-container-inner style-dynamic-331-c966-group style-1091-spacing style-local-331-c966-spacing\"><span class=\"h-link__outer style-1092-outer style-local-331-c967-outer d-inline-flex h-element\"><a h-use-smooth-scroll=\"true\" href=\"http:\/\/botschafter-menschenrechte.de\/?cat=38\"  data-colibri-id=\"331-c967\" class=\"d-flex w-100 align-items-center h-link style-1092 style-local-331-c967 position-relative\"><!----><!----> <span>MEINUNG<\/span><\/a>\r\n                    <\/span>\r\n                  <\/div>\r\n                <\/div>\r\n                <div data-colibri-id=\"331-c968\" class=\"h-global-transition-all h-heading style-1088 style-local-331-c968 position-relative h-element\">\r\n                  <!---->\r\n                  <div class=\"h-heading__outer style-1088 style-local-331-c968\">\r\n                    <!---->\r\n                    <!---->\r\n                    <h3 class=\"\">100 Jahre KP China: Ein bedr\u00fcckendes Jubil\u00e4um<\/h3>\r\n                  <\/div>\r\n                <\/div>\r\n                <div data-colibri-id=\"331-c969\" class=\"h-text h-text-component style-1089 style-local-331-c969 position-relative h-element\">\r\n                  <!---->\r\n                  <!---->\r\n                  <div class=\"\">\r\n                    <p>Am 1. Juli feiert die Kommunistische Partei (KP) Chinas ihr 100-j\u00e4hriges Bestehen. Dazu ein Kommentar von Martin Lessenthin<\/p>\r\n                  <\/div>\r\n                <\/div>\r\n                <div data-colibri-id=\"331-c970\" class=\"h-x-container style-1086 style-local-331-c970 position-relative h-element\">\r\n                  <!---->\r\n                  <div class=\"h-x-container-inner style-dynamic-331-c970-group style-1086-spacing style-local-331-c970-spacing\"><span class=\"h-button__outer style-1087-outer style-local-331-c971-outer d-inline-flex h-element\"><a h-use-smooth-scroll=\"true\" href=\"http:\/\/botschafter-menschenrechte.de\/?p=1720\"  data-colibri-id=\"331-c971\" class=\"d-flex w-100 align-items-center h-button justify-content-lg-center justify-content-md-center justify-content-center style-1087 style-local-331-c971 position-relative\"><!----><!----> <span>WEITERLESEN<\/span><\/a>\r\n                    <\/span>\r\n                  <\/div>\r\n                <\/div>\r\n              <\/div>\r\n            <\/div>\r\n          <\/div>\r\n        <\/div>\r\n      <\/div>\r\n    <\/div>\r\n  <\/div>\r\n  <div data-colibri-component=\"section\" data-colibri-id=\"331-c972\" id=\"custom-36\" class=\"h-section h-section-global-spacing d-flex align-items-lg-center align-items-md-center align-items-center style-1073 style-local-331-c972 position-relative\">\r\n    <!---->\r\n    <!---->\r\n    <div class=\"h-section-grid-container h-section-boxed-container\">\r\n      <!---->\r\n      <div data-colibri-id=\"331-c973\" class=\"h-row-container gutters-row-lg-2 gutters-row-md-2 gutters-row-0 gutters-row-v-lg-2 gutters-row-v-md-2 gutters-row-v-2 style-1074 style-local-331-c973 position-relative\">\r\n        <!---->\r\n        <div class=\"h-row justify-content-lg-center justify-content-md-center justify-content-center align-items-lg-stretch align-items-md-stretch align-items-stretch gutters-col-lg-2 gutters-col-md-2 gutters-col-0 gutters-col-v-lg-2 gutters-col-v-md-2 gutters-col-v-2\">\r\n          <!---->\r\n          <div class=\"h-column h-column-container d-flex h-col-lg-auto h-col-md-auto h-col-auto style-1075-outer style-local-331-c974-outer\">\r\n            <div data-colibri-id=\"331-c974\" class=\"d-flex h-flex-basis h-column__inner h-px-lg-2 h-px-md-2 h-px-2 v-inner-lg-2 v-inner-md-2 v-inner-2 style-1075 style-local-331-c974 position-relative\">\r\n              <!---->\r\n              <!---->\r\n              <div class=\"w-100 h-y-container h-column__content h-column__v-align flex-basis-100 align-self-lg-center align-self-md-center align-self-center\">\r\n                <!---->\r\n                <div data-colibri-id=\"331-c975\" class=\"d-block style-1077 style-local-331-c975 position-relative h-element\">\r\n                  <!---->\r\n                  <div class=\"h-image__frame-container-outer\">\r\n                    <div class=\"h-image__frame-container\">\r\n                      <!---->\r\n                      <!---->\r\n                      <img loading=\"lazy\" decoding=\"async\" width=\"321\" height=\"321\" src=\"http:\/\/botschafter-menschenrechte.de\/wp-content\/uploads\/2021\/07\/cropped-image004.png\" class=\"wp-image-1713 style-1077-image style-local-331-c975-image\" alt=\"\" srcset=\"https:\/\/botschafter-menschenrechte.de\/wp-content\/uploads\/2021\/07\/cropped-image004.png 321w, https:\/\/botschafter-menschenrechte.de\/wp-content\/uploads\/2021\/07\/cropped-image004-300x300.png 300w, https:\/\/botschafter-menschenrechte.de\/wp-content\/uploads\/2021\/07\/cropped-image004-150x150.png 150w\" sizes=\"auto, (max-width: 321px) 100vw, 321px\" \/>\r\n                      <div class=\"h-image__frame h-hide-lg h-hide-md h-hide-sm style-1077-frameImage style-local-331-c975-frameImage\"><\/div>\r\n                    <\/div>\r\n                  <\/div>\r\n                <\/div>\r\n              <\/div>\r\n            <\/div>\r\n          <\/div>\r\n          <div class=\"h-column h-column-container d-flex h-col-lg-auto h-col-md-auto h-col-auto style-1076-outer style-local-331-c976-outer\">\r\n            <div data-colibri-id=\"331-c976\" class=\"d-flex h-flex-basis h-column__inner h-px-lg-2 h-px-md-2 h-px-2 v-inner-lg-2 v-inner-md-2 v-inner-2 style-1076 style-local-331-c976 position-relative\">\r\n              <!---->\r\n              <!---->\r\n              <div class=\"w-100 h-y-container h-column__content h-column__v-align flex-basis-100 align-self-lg-center align-self-md-center align-self-center\">\r\n                <!---->\r\n                <div data-colibri-id=\"331-c977\" class=\"h-global-transition-all h-heading style-1078 style-local-331-c977 position-relative h-element\">\r\n                  <!---->\r\n                  <div class=\"h-heading__outer style-1078 style-local-331-c977\">\r\n                    <!---->\r\n                    <!---->\r\n                    <h1 class=\"\">Free Hamlet!<\/h1>\r\n                  <\/div>\r\n                <\/div>\r\n                <div data-colibri-id=\"331-c978\" class=\"h-text h-text-component style-1079 style-local-331-c978 position-relative h-element\">\r\n                  <!---->\r\n                  <!---->\r\n                  <div class=\"\">\r\n                    <p>Das K\u00fcnstlerhaus Bethanien und Botschafter f\u00fcr Menschenrechte fordern die sofortige Freilassung des kubanischen K\u00fcnstlers Hamlet Lavastida.<\/p>\r\n                  <\/div>\r\n                <\/div>\r\n                <div data-colibri-id=\"331-c979\" class=\"h-x-container style-1104 style-local-331-c979 position-relative h-element\">\r\n                  <!---->\r\n                  <div class=\"h-x-container-inner style-dynamic-331-c979-group style-1104-spacing style-local-331-c979-spacing\"><span class=\"h-button__outer style-1105-outer style-local-331-c980-outer d-inline-flex h-element\"><a h-use-smooth-scroll=\"true\" href=\"http:\/\/botschafter-menschenrechte.de\/?p=1753\"  data-colibri-id=\"331-c980\" class=\"d-flex w-100 align-items-center h-button justify-content-lg-center justify-content-md-center justify-content-center style-1105 style-local-331-c980 position-relative\"><!----><!----> <span>ZUM ARTIKEL<\/span><\/a>\r\n                    <\/span>\r\n                  <\/div>\r\n                <\/div>\r\n                <div data-colibri-id=\"331-c981\" class=\"h-text h-text-component style-1106 style-local-331-c981 position-relative h-element\">\r\n                  <!---->\r\n                  <!---->\r\n                  <div class=\"\">\r\n                    <p><span style=\"font-weight: 400; font-size: 16px; font-family: &quot;Open Sans&quot;; color: rgb(70, 112, 127);\">Hier geht es zu seiner Ausstellung:<\/span><\/p>\r\n                  <\/div>\r\n                <\/div>\r\n                <div data-colibri-id=\"331-c982\" class=\"h-x-container style-1080 style-local-331-c982 position-relative h-element\">\r\n                  <!---->\r\n                  <div class=\"h-x-container-inner style-dynamic-331-c982-group style-1080-spacing style-local-331-c982-spacing\"><span class=\"h-button__outer style-1081-outer style-local-331-c983-outer d-inline-flex h-element\"><a h-use-smooth-scroll=\"true\" href=\"https:\/\/www.bethanien.de\/exhibitions\/hamlet-lavastida\/\"  data-colibri-id=\"331-c983\" class=\"d-flex w-100 align-items-center h-button justify-content-lg-center justify-content-md-center justify-content-center style-1081 style-local-331-c983 position-relative\"><!----><!----> <span>ZUR AUSSTELLUNG<\/span><\/a>\r\n                    <\/span>\r\n                  <\/div>\r\n                <\/div>\r\n              <\/div>\r\n            <\/div>\r\n          <\/div>\r\n        <\/div>\r\n      <\/div>\r\n    <\/div>\r\n  <\/div>\r\n  <div data-colibri-component=\"section\" data-colibri-id=\"331-c984\" id=\"custom-35\" class=\"h-section h-section-global-spacing d-flex align-items-lg-center align-items-md-center align-items-center style-1060 style-local-331-c984 position-relative\">\r\n    <!---->\r\n    <!---->\r\n    <div class=\"h-section-grid-container h-section-boxed-container\">\r\n      <!---->\r\n      <div data-colibri-id=\"331-c985\" class=\"h-row-container gutters-row-lg-2 gutters-row-md-2 gutters-row-0 gutters-row-v-lg-2 gutters-row-v-md-2 gutters-row-v-2 style-1061 style-local-331-c985 position-relative\">\r\n        <!---->\r\n        <div class=\"h-row justify-content-lg-center justify-content-md-center justify-content-center align-items-lg-stretch align-items-md-stretch align-items-stretch gutters-col-lg-2 gutters-col-md-2 gutters-col-0 gutters-col-v-lg-2 gutters-col-v-md-2 gutters-col-v-2\">\r\n          <!---->\r\n          <div class=\"h-column h-column-container d-flex h-col-lg-auto h-col-md-auto h-col-auto style-1062-outer style-local-331-c986-outer\">\r\n            <div data-colibri-id=\"331-c986\" class=\"d-flex h-flex-basis h-column__inner h-px-lg-2 h-px-md-2 h-px-2 v-inner-lg-2 v-inner-md-2 v-inner-2 style-1062 style-local-331-c986 position-relative\">\r\n              <!---->\r\n              <!---->\r\n              <div class=\"w-100 h-y-container h-column__content h-column__v-align flex-basis-100 align-self-lg-center align-self-md-center align-self-center\">\r\n                <!---->\r\n                <div data-colibri-id=\"331-c987\" class=\"d-block style-1066 style-local-331-c987 position-relative h-element\">\r\n                  <!---->\r\n                  <div class=\"h-image__frame-container-outer\">\r\n                    <div class=\"h-image__frame-container\">\r\n                      <!---->\r\n                      <!---->\r\n                      <img loading=\"lazy\" decoding=\"async\" width=\"540\" height=\"540\" src=\"http:\/\/botschafter-menschenrechte.de\/wp-content\/uploads\/2021\/06\/cropped-image.png\" class=\"wp-image-1704 style-1066-image style-local-331-c987-image\" alt=\"\" srcset=\"https:\/\/botschafter-menschenrechte.de\/wp-content\/uploads\/2021\/06\/cropped-image.png 540w, https:\/\/botschafter-menschenrechte.de\/wp-content\/uploads\/2021\/06\/cropped-image-300x300.png 300w, https:\/\/botschafter-menschenrechte.de\/wp-content\/uploads\/2021\/06\/cropped-image-150x150.png 150w\" sizes=\"auto, (max-width: 540px) 100vw, 540px\" \/>\r\n                      <div class=\"h-image__frame h-hide-lg h-hide-md h-hide-sm style-1066-frameImage style-local-331-c987-frameImage\"><\/div>\r\n                    <\/div>\r\n                  <\/div>\r\n                <\/div>\r\n              <\/div>\r\n            <\/div>\r\n          <\/div>\r\n          <div class=\"h-column h-column-container d-flex h-col-lg-auto h-col-md-auto h-col-auto style-1063-outer style-local-331-c988-outer\">\r\n            <div data-colibri-id=\"331-c988\" class=\"d-flex h-flex-basis h-column__inner h-px-lg-2 h-px-md-2 h-px-2 v-inner-lg-2 v-inner-md-2 v-inner-2 style-1063 style-local-331-c988 position-relative\">\r\n              <!---->\r\n              <!---->\r\n              <div class=\"w-100 h-y-container h-column__content h-column__v-align flex-basis-100 align-self-lg-center align-self-md-center align-self-center\">\r\n                <!---->\r\n                <div data-colibri-id=\"331-c989\" class=\"h-x-container style-1069 style-local-331-c989 position-relative h-element\">\r\n                  <!---->\r\n                  <div class=\"h-x-container-inner style-dynamic-331-c989-group style-1069-spacing style-local-331-c989-spacing\"><span class=\"h-link__outer style-1070-outer style-local-331-c990-outer d-inline-flex h-element\"><a h-use-smooth-scroll=\"true\" href=\"http:\/\/botschafter-menschenrechte.de\/?cat=17\"  data-colibri-id=\"331-c990\" class=\"d-flex w-100 align-items-center h-link style-1070 style-local-331-c990 position-relative\"><!----><!----> <span>KUBA<\/span><\/a>\r\n                    <\/span>\r\n                  <\/div>\r\n                <\/div>\r\n                <div data-colibri-id=\"331-c991\" class=\"h-global-transition-all h-heading style-1067 style-local-331-c991 position-relative h-element\">\r\n                  <!---->\r\n                  <div class=\"h-heading__outer style-1067 style-local-331-c991\">\r\n                    <!---->\r\n                    <!---->\r\n                    <h1 class=\"\">Schrei nach Freiheit<\/h1>\r\n                  <\/div>\r\n                <\/div>\r\n                <div data-colibri-id=\"331-c992\" class=\"h-text h-text-component style-1068 style-local-331-c992 position-relative h-element\">\r\n                  <!---->\r\n                  <!---->\r\n                  <div class=\"\">\r\n                    <p>&#8211; auch Kuba braucht k\u00fcnstlerische Freiheit, Meinungsfreiheit und Demokratie!<\/p>\r\n                    <p>Botschafter f\u00fcr Menschenrechte fordert die umgehende Freilassung des inhaftierten kubanischen K\u00fcnstlers Hamlet Lavastida. Das kubanische Regime muss sein Recht auf Meinungs- und Kunstfreiheit respektieren. Die Repressionen gegen kritische\r\n                      K\u00fcnstler und unabh\u00e4ngige Journalisten m\u00fcssen umgehend beendet werden!<\/p>\r\n                  <\/div>\r\n                <\/div>\r\n                <div data-colibri-id=\"331-c993\" class=\"h-x-container style-1064 style-local-331-c993 position-relative h-element\">\r\n                  <!---->\r\n                  <div class=\"h-x-container-inner style-dynamic-331-c993-group style-1064-spacing style-local-331-c993-spacing\"><span class=\"h-button__outer style-1065-outer style-local-331-c994-outer d-inline-flex h-element\"><a h-use-smooth-scroll=\"true\" href=\"http:\/\/botschafter-menschenrechte.de\/?p=1698\"  data-colibri-id=\"331-c994\" class=\"d-flex w-100 align-items-center h-button justify-content-lg-center justify-content-md-center justify-content-center style-1065 style-local-331-c994 position-relative\"><!----><!----> <span>WEITERLESEN<\/span><\/a>\r\n                    <\/span>\r\n                  <\/div>\r\n                <\/div>\r\n              <\/div>\r\n            <\/div>\r\n          <\/div>\r\n        <\/div>\r\n      <\/div>\r\n    <\/div>\r\n  <\/div>\r\n  <div data-colibri-component=\"section\" data-colibri-id=\"331-c995\" id=\"custom-34\" class=\"h-section h-section-global-spacing d-flex align-items-lg-center align-items-md-center align-items-center style-1046 style-local-331-c995 position-relative\">\r\n    <!---->\r\n    <!---->\r\n    <div class=\"h-section-grid-container h-section-boxed-container\">\r\n      <!---->\r\n      <div data-colibri-id=\"331-c996\" class=\"h-row-container gutters-row-lg-2 gutters-row-md-2 gutters-row-0 gutters-row-v-lg-2 gutters-row-v-md-2 gutters-row-v-2 style-1047 style-local-331-c996 position-relative\">\r\n        <!---->\r\n        <div class=\"h-row justify-content-lg-center justify-content-md-center justify-content-center align-items-lg-stretch align-items-md-stretch align-items-stretch gutters-col-lg-2 gutters-col-md-2 gutters-col-0 gutters-col-v-lg-2 gutters-col-v-md-2 gutters-col-v-2\">\r\n          <!---->\r\n          <div class=\"h-column h-column-container d-flex h-col-lg-auto h-col-md-auto h-col-auto style-1048-outer style-local-331-c997-outer\">\r\n            <div data-colibri-id=\"331-c997\" class=\"d-flex h-flex-basis h-column__inner h-px-lg-2 h-px-md-2 h-px-2 v-inner-lg-2 v-inner-md-2 v-inner-2 style-1048 style-local-331-c997 position-relative\">\r\n              <!---->\r\n              <!---->\r\n              <div class=\"w-100 h-y-container h-column__content h-column__v-align flex-basis-100 align-self-lg-center align-self-md-center align-self-center\">\r\n                <!---->\r\n                <div data-colibri-id=\"331-c998\" class=\"d-block style-1059 style-local-331-c998 position-relative h-element\">\r\n                  <!---->\r\n                  <div class=\"h-image__frame-container-outer\">\r\n                    <div class=\"h-image__frame-container\">\r\n                      <!---->\r\n                      <!---->\r\n                      <img loading=\"lazy\" decoding=\"async\" width=\"840\" height=\"840\" src=\"http:\/\/botschafter-menschenrechte.de\/wp-content\/uploads\/2021\/06\/cropped-thumbnail_image001-1.jpeg\" class=\"wp-image-1687 style-1059-image style-local-331-c998-image\" alt=\"\" srcset=\"https:\/\/botschafter-menschenrechte.de\/wp-content\/uploads\/2021\/06\/cropped-thumbnail_image001-1.jpeg 840w, https:\/\/botschafter-menschenrechte.de\/wp-content\/uploads\/2021\/06\/cropped-thumbnail_image001-1-300x300.jpeg 300w, https:\/\/botschafter-menschenrechte.de\/wp-content\/uploads\/2021\/06\/cropped-thumbnail_image001-1-150x150.jpeg 150w, https:\/\/botschafter-menschenrechte.de\/wp-content\/uploads\/2021\/06\/cropped-thumbnail_image001-1-768x768.jpeg 768w\" sizes=\"auto, (max-width: 840px) 100vw, 840px\" \/>\r\n                      <div class=\"h-image__frame h-hide-lg h-hide-md h-hide-sm style-1059-frameImage style-local-331-c998-frameImage\"><\/div>\r\n                    <\/div>\r\n                  <\/div>\r\n                <\/div>\r\n              <\/div>\r\n            <\/div>\r\n          <\/div>\r\n          <div class=\"h-column h-column-container d-flex h-col-lg-auto h-col-md-auto h-col-auto style-1049-outer style-local-331-c999-outer\">\r\n            <div data-colibri-id=\"331-c999\" class=\"d-flex h-flex-basis h-column__inner h-px-lg-2 h-px-md-2 h-px-2 v-inner-lg-2 v-inner-md-2 v-inner-2 style-1049 style-local-331-c999 position-relative\">\r\n              <!---->\r\n              <!---->\r\n              <div class=\"w-100 h-y-container h-column__content h-column__v-align flex-basis-100 align-self-lg-center align-self-md-center align-self-center\">\r\n                <!---->\r\n                <div data-colibri-id=\"331-c1000\" class=\"h-x-container style-1054 style-local-331-c1000 position-relative h-element\">\r\n                  <!---->\r\n                  <div class=\"h-x-container-inner style-dynamic-331-c1000-group style-1054-spacing style-local-331-c1000-spacing\"><span class=\"h-link__outer style-1055-outer style-local-331-c1001-outer d-inline-flex h-element\"><a h-use-smooth-scroll=\"true\" href=\"http:\/\/botschafter-menschenrechte.de\/?cat=17\"  data-colibri-id=\"331-c1001\" class=\"d-flex w-100 align-items-center h-link style-1055 style-local-331-c1001 position-relative\"><!----><!----> <span>KUBA<\/span><\/a>\r\n                    <\/span>\r\n                  <\/div>\r\n                <\/div>\r\n                <div data-colibri-id=\"331-c1002\" class=\"h-global-transition-all h-heading style-1071 style-local-331-c1002 position-relative h-element\">\r\n                  <!---->\r\n                  <div class=\"h-heading__outer style-1071 style-local-331-c1002\">\r\n                    <!---->\r\n                    <!---->\r\n                    <h1 class=\"\">Kuba: Junge Kreative opponieren gegen die Diktatur<\/h1>\r\n                  <\/div>\r\n                <\/div>\r\n                <div data-colibri-id=\"331-c1003\" class=\"h-text h-text-component style-1072 style-local-331-c1003 position-relative h-element\">\r\n                  <!---->\r\n                  <!---->\r\n                  <div class=\"\">\r\n                    <p>Noch ein Rapper inhaftiert<\/p>\r\n                  <\/div>\r\n                <\/div>\r\n                <div data-colibri-id=\"331-c1004\" class=\"h-x-container style-1050 style-local-331-c1004 position-relative h-element\">\r\n                  <!---->\r\n                  <div class=\"h-x-container-inner style-dynamic-331-c1004-group style-1050-spacing style-local-331-c1004-spacing\"><span class=\"h-button__outer style-1051-outer style-local-331-c1005-outer d-inline-flex h-element\"><a h-use-smooth-scroll=\"true\" href=\"http:\/\/botschafter-menschenrechte.de\/?p=1679\"  data-colibri-id=\"331-c1005\" class=\"d-flex w-100 align-items-center h-button justify-content-lg-center justify-content-md-center justify-content-center style-1051 style-local-331-c1005 position-relative\"><!----><!----> <span>Zum Beitrag<\/span><\/a>\r\n                    <\/span>\r\n                  <\/div>\r\n                <\/div>\r\n              <\/div>\r\n            <\/div>\r\n          <\/div>\r\n        <\/div>\r\n      <\/div>\r\n    <\/div>\r\n  <\/div>\r\n  <div data-colibri-component=\"section\" data-colibri-id=\"331-c1006\" id=\"custom-33\" class=\"h-section h-section-global-spacing d-flex align-items-lg-center align-items-md-center align-items-center style-1036 style-local-331-c1006 position-relative\">\r\n    <!---->\r\n    <!---->\r\n    <div class=\"h-section-grid-container h-section-boxed-container\">\r\n      <!---->\r\n      <div data-colibri-id=\"331-c1007\" class=\"h-row-container gutters-row-lg-2 gutters-row-md-2 gutters-row-0 gutters-row-v-lg-2 gutters-row-v-md-2 gutters-row-v-2 style-1037 style-local-331-c1007 position-relative\">\r\n        <!---->\r\n        <div class=\"h-row justify-content-lg-center justify-content-md-center justify-content-center align-items-lg-stretch align-items-md-stretch align-items-stretch gutters-col-lg-2 gutters-col-md-2 gutters-col-0 gutters-col-v-lg-2 gutters-col-v-md-2 gutters-col-v-2\">\r\n          <!---->\r\n          <div class=\"h-column h-column-container d-flex h-col-lg-auto h-col-md-auto h-col-auto style-1038-outer style-local-331-c1008-outer\">\r\n            <div data-colibri-id=\"331-c1008\" class=\"d-flex h-flex-basis h-column__inner h-px-lg-2 h-px-md-2 h-px-2 v-inner-lg-2 v-inner-md-2 v-inner-2 style-1038 style-local-331-c1008 position-relative\">\r\n              <!---->\r\n              <!---->\r\n              <div class=\"w-100 h-y-container h-column__content h-column__v-align flex-basis-100 align-self-lg-center align-self-md-center align-self-center\">\r\n                <!---->\r\n                <div data-colibri-id=\"331-c1009\" class=\"d-block style-1040 style-local-331-c1009 position-relative h-element\">\r\n                  <!---->\r\n                  <div class=\"h-image__frame-container-outer\">\r\n                    <div class=\"h-image__frame-container\">\r\n                      <!---->\r\n                      <!---->\r\n                      <img loading=\"lazy\" decoding=\"async\" width=\"602\" height=\"602\" src=\"http:\/\/botschafter-menschenrechte.de\/wp-content\/uploads\/2021\/06\/cropped-cropped-cropped-Pressemitteilung.jpg\" class=\"wp-image-1646 style-1040-image style-local-331-c1009-image\" alt=\"\" srcset=\"https:\/\/botschafter-menschenrechte.de\/wp-content\/uploads\/2021\/06\/cropped-cropped-cropped-Pressemitteilung.jpg 602w, https:\/\/botschafter-menschenrechte.de\/wp-content\/uploads\/2021\/06\/cropped-cropped-cropped-Pressemitteilung-300x300.jpg 300w, https:\/\/botschafter-menschenrechte.de\/wp-content\/uploads\/2021\/06\/cropped-cropped-cropped-Pressemitteilung-150x150.jpg 150w\" sizes=\"auto, (max-width: 602px) 100vw, 602px\" \/>\r\n                      <div class=\"h-image__frame h-hide-lg h-hide-md h-hide-sm style-1040-frameImage style-local-331-c1009-frameImage\"><\/div>\r\n                    <\/div>\r\n                  <\/div>\r\n                <\/div>\r\n              <\/div>\r\n            <\/div>\r\n          <\/div>\r\n          <div class=\"h-column h-column-container d-flex h-col-lg-auto h-col-md-auto h-col-auto style-1039-outer style-local-331-c1010-outer\">\r\n            <div data-colibri-id=\"331-c1010\" class=\"d-flex h-flex-basis h-column__inner h-px-lg-2 h-px-md-2 h-px-2 v-inner-lg-2 v-inner-md-2 v-inner-2 style-1039 style-local-331-c1010 position-relative\">\r\n              <!---->\r\n              <!---->\r\n              <div class=\"w-100 h-y-container h-column__content h-column__v-align flex-basis-100 align-self-lg-center align-self-md-center align-self-center\">\r\n                <!---->\r\n                <div data-colibri-id=\"331-c1011\" class=\"h-x-container style-1041 style-local-331-c1011 position-relative h-element\">\r\n                  <!---->\r\n                  <div class=\"h-x-container-inner style-dynamic-331-c1011-group style-1041-spacing style-local-331-c1011-spacing\"><span class=\"h-link__outer style-1042-outer style-local-331-c1012-outer d-inline-flex h-element\"><a h-use-smooth-scroll=\"true\" href=\"http:\/\/botschafter-menschenrechte.de\/?cat=46\"  data-colibri-id=\"331-c1012\" class=\"d-flex w-100 align-items-center h-link style-1042 style-local-331-c1012 position-relative\"><!----><!----> <span>NACHRICHTEN<\/span><\/a>\r\n                    <\/span>\r\n                  <\/div>\r\n                <\/div>\r\n                <div data-colibri-id=\"331-c1013\" class=\"h-global-transition-all h-heading style-1043 style-local-331-c1013 position-relative h-element\">\r\n                  <!---->\r\n                  <div class=\"h-heading__outer style-1043 style-local-331-c1013\">\r\n                    <!---->\r\n                    <!---->\r\n                    <h2 class=\"\">Rassistisch und rechtsextrem:\r\n                      <br>Klare Abgrenzung von der AfD geboten<\/h2>\r\n                  <\/div>\r\n                <\/div>\r\n                <div data-colibri-id=\"331-c1014\" class=\"h-x-container style-1044 style-local-331-c1014 position-relative h-element\">\r\n                  <!---->\r\n                  <div class=\"h-x-container-inner style-dynamic-331-c1014-group style-1044-spacing style-local-331-c1014-spacing\"><span class=\"h-button__outer style-1045-outer style-local-331-c1015-outer d-inline-flex h-element\"><a h-use-smooth-scroll=\"true\" href=\"http:\/\/botschafter-menschenrechte.de\/?p=1658\"  data-colibri-id=\"331-c1015\" class=\"d-flex w-100 align-items-center h-button justify-content-lg-center justify-content-md-center justify-content-center style-1045 style-local-331-c1015 position-relative\"><!----><!----> <span>WEITERLESEN<\/span><\/a>\r\n                    <\/span>\r\n                  <\/div>\r\n                <\/div>\r\n              <\/div>\r\n            <\/div>\r\n          <\/div>\r\n        <\/div>\r\n      <\/div>\r\n    <\/div>\r\n  <\/div>\r\n  <div data-colibri-component=\"section\" data-colibri-id=\"331-c1016\" id=\"custom-32\" class=\"h-section h-section-global-spacing d-flex align-items-lg-center align-items-md-center align-items-center style-1026 style-local-331-c1016 position-relative\">\r\n    <!---->\r\n    <!---->\r\n    <div class=\"h-section-grid-container h-section-boxed-container\">\r\n      <!---->\r\n      <div data-colibri-id=\"331-c1017\" class=\"h-row-container gutters-row-lg-2 gutters-row-md-2 gutters-row-0 gutters-row-v-lg-2 gutters-row-v-md-2 gutters-row-v-2 style-1027 style-local-331-c1017 position-relative\">\r\n        <!---->\r\n        <div class=\"h-row justify-content-lg-center justify-content-md-center justify-content-center align-items-lg-stretch align-items-md-stretch align-items-stretch gutters-col-lg-2 gutters-col-md-2 gutters-col-0 gutters-col-v-lg-2 gutters-col-v-md-2 gutters-col-v-2\">\r\n          <!---->\r\n          <div class=\"h-column h-column-container d-flex h-col-lg-auto h-col-md-auto h-col-auto style-1028-outer style-local-331-c1018-outer\">\r\n            <div data-colibri-id=\"331-c1018\" class=\"d-flex h-flex-basis h-column__inner h-px-lg-2 h-px-md-2 h-px-2 v-inner-lg-2 v-inner-md-2 v-inner-2 style-1028 style-local-331-c1018 position-relative\">\r\n              <!---->\r\n              <!---->\r\n              <div class=\"w-100 h-y-container h-column__content h-column__v-align flex-basis-100 align-self-lg-start align-self-md-start align-self-start\">\r\n                <!---->\r\n                <div data-colibri-id=\"331-c1019\" class=\"d-block style-1035 style-local-331-c1019 position-relative h-element\">\r\n                  <!---->\r\n                  <div class=\"h-image__frame-container-outer\">\r\n                    <div class=\"h-image__frame-container\">\r\n                      <!---->\r\n                      <!---->\r\n                      <img loading=\"lazy\" decoding=\"async\" width=\"602\" height=\"602\" src=\"http:\/\/botschafter-menschenrechte.de\/wp-content\/uploads\/2021\/06\/cropped-cropped-cropped-Pressemitteilung.jpg\" class=\"wp-image-1646 style-1035-image style-local-331-c1019-image\" alt=\"\" srcset=\"https:\/\/botschafter-menschenrechte.de\/wp-content\/uploads\/2021\/06\/cropped-cropped-cropped-Pressemitteilung.jpg 602w, https:\/\/botschafter-menschenrechte.de\/wp-content\/uploads\/2021\/06\/cropped-cropped-cropped-Pressemitteilung-300x300.jpg 300w, https:\/\/botschafter-menschenrechte.de\/wp-content\/uploads\/2021\/06\/cropped-cropped-cropped-Pressemitteilung-150x150.jpg 150w\" sizes=\"auto, (max-width: 602px) 100vw, 602px\" \/>\r\n                      <div class=\"h-image__frame h-hide-lg h-hide-md h-hide-sm style-1035-frameImage style-local-331-c1019-frameImage\"><\/div>\r\n                    <\/div>\r\n                  <\/div>\r\n                <\/div>\r\n              <\/div>\r\n            <\/div>\r\n          <\/div>\r\n          <div class=\"h-column h-column-container d-flex h-col-lg-auto h-col-md-auto h-col-auto style-1029-outer style-local-331-c1020-outer\">\r\n            <div data-colibri-id=\"331-c1020\" class=\"d-flex h-flex-basis h-column__inner h-px-lg-2 h-px-md-2 h-px-2 v-inner-lg-2 v-inner-md-2 v-inner-2 style-1029 style-local-331-c1020 position-relative\">\r\n              <!---->\r\n              <!---->\r\n              <div class=\"w-100 h-y-container h-column__content h-column__v-align flex-basis-100 align-self-lg-center align-self-md-center align-self-center\">\r\n                <!---->\r\n                <div data-colibri-id=\"331-c1021\" class=\"h-x-container style-1030 style-local-331-c1021 position-relative h-element\">\r\n                  <!---->\r\n                  <div class=\"h-x-container-inner style-dynamic-331-c1021-group style-1030-spacing style-local-331-c1021-spacing\"><span class=\"h-link__outer style-1031-outer style-local-331-c1022-outer d-inline-flex h-element\"><a h-use-smooth-scroll=\"true\" href=\"http:\/\/botschafter-menschenrechte.de\/?cat=46\"  data-colibri-id=\"331-c1022\" class=\"d-flex w-100 align-items-center h-link style-1031 style-local-331-c1022 position-relative\"><!----><!----> <span>NACHRICHTEN<\/span><\/a>\r\n                    <\/span>\r\n                  <\/div>\r\n                <\/div>\r\n                <div data-colibri-id=\"331-c1023\" class=\"h-global-transition-all h-heading style-1032 style-local-331-c1023 position-relative h-element\">\r\n                  <!---->\r\n                  <div class=\"h-heading__outer style-1032 style-local-331-c1023\">\r\n                    <!---->\r\n                    <!---->\r\n                    <h2 class=\"\">F\u00f6rderung von LSBTIQA+ Menschenrechtsarbeit im Globalen S\u00fcden und Osten &#8211; 5. Monitoring-Studie erschienen<\/h2>\r\n                  <\/div>\r\n                <\/div>\r\n                <div data-colibri-id=\"331-c1024\" class=\"h-x-container style-1033 style-local-331-c1024 position-relative h-element\">\r\n                  <!---->\r\n                  <div class=\"h-x-container-inner style-dynamic-331-c1024-group style-1033-spacing style-local-331-c1024-spacing\"><span class=\"h-button__outer style-1034-outer style-local-331-c1025-outer d-inline-flex h-element\"><a h-use-smooth-scroll=\"true\" href=\"http:\/\/botschafter-menschenrechte.de\/?p=1644\"  data-colibri-id=\"331-c1025\" class=\"d-flex w-100 align-items-center h-button justify-content-lg-center justify-content-md-center justify-content-center style-1034 style-local-331-c1025 position-relative\"><!----><!----> <span>WEITERLESEN<\/span><\/a>\r\n                    <\/span>\r\n                  <\/div>\r\n                <\/div>\r\n              <\/div>\r\n            <\/div>\r\n          <\/div>\r\n        <\/div>\r\n      <\/div>\r\n    <\/div>\r\n  <\/div>\r\n  <div data-colibri-component=\"section\" data-colibri-id=\"331-c1026\" id=\"custom-31\" class=\"h-section h-section-global-spacing d-flex align-items-lg-center align-items-md-center align-items-center style-1016 style-local-331-c1026 position-relative\">\r\n    <!---->\r\n    <!---->\r\n    <div class=\"h-section-grid-container h-section-boxed-container\">\r\n      <!---->\r\n      <div data-colibri-id=\"331-c1027\" class=\"h-row-container gutters-row-lg-2 gutters-row-md-2 gutters-row-0 gutters-row-v-lg-2 gutters-row-v-md-2 gutters-row-v-2 style-1017 style-local-331-c1027 position-relative\">\r\n        <!---->\r\n        <div class=\"h-row justify-content-lg-center justify-content-md-center justify-content-center align-items-lg-stretch align-items-md-stretch align-items-stretch gutters-col-lg-2 gutters-col-md-2 gutters-col-0 gutters-col-v-lg-2 gutters-col-v-md-2 gutters-col-v-2\">\r\n          <!---->\r\n          <div class=\"h-column h-column-container d-flex h-col-lg-auto h-col-md-auto h-col-auto style-1018-outer style-local-331-c1028-outer\">\r\n            <div data-colibri-id=\"331-c1028\" class=\"d-flex h-flex-basis h-column__inner h-px-lg-2 h-px-md-2 h-px-2 v-inner-lg-2 v-inner-md-2 v-inner-2 style-1018 style-local-331-c1028 position-relative\">\r\n              <!---->\r\n              <!---->\r\n              <div class=\"w-100 h-y-container h-column__content h-column__v-align flex-basis-100 align-self-lg-start align-self-md-start align-self-start\">\r\n                <!---->\r\n                <div data-colibri-id=\"331-c1029\" class=\"d-block style-1025 style-local-331-c1029 position-relative h-element\">\r\n                  <!---->\r\n                  <div class=\"h-image__frame-container-outer\">\r\n                    <div class=\"h-image__frame-container\">\r\n                      <!---->\r\n                      <!---->\r\n                      <img loading=\"lazy\" decoding=\"async\" width=\"602\" height=\"602\" src=\"http:\/\/botschafter-menschenrechte.de\/wp-content\/uploads\/2021\/06\/cropped-cropped-Pressemitteilung.jpg\" class=\"wp-image-1643 style-1025-image style-local-331-c1029-image\" alt=\"\" srcset=\"https:\/\/botschafter-menschenrechte.de\/wp-content\/uploads\/2021\/06\/cropped-cropped-Pressemitteilung.jpg 602w, https:\/\/botschafter-menschenrechte.de\/wp-content\/uploads\/2021\/06\/cropped-cropped-Pressemitteilung-300x300.jpg 300w, https:\/\/botschafter-menschenrechte.de\/wp-content\/uploads\/2021\/06\/cropped-cropped-Pressemitteilung-150x150.jpg 150w\" sizes=\"auto, (max-width: 602px) 100vw, 602px\" \/>\r\n                      <div class=\"h-image__frame h-hide-lg h-hide-md h-hide-sm style-1025-frameImage style-local-331-c1029-frameImage\"><\/div>\r\n                    <\/div>\r\n                  <\/div>\r\n                <\/div>\r\n              <\/div>\r\n            <\/div>\r\n          <\/div>\r\n          <div class=\"h-column h-column-container d-flex h-col-lg-auto h-col-md-auto h-col-auto style-1019-outer style-local-331-c1030-outer\">\r\n            <div data-colibri-id=\"331-c1030\" class=\"d-flex h-flex-basis h-column__inner h-px-lg-2 h-px-md-2 h-px-2 v-inner-lg-2 v-inner-md-2 v-inner-2 style-1019 style-local-331-c1030 position-relative\">\r\n              <!---->\r\n              <!---->\r\n              <div class=\"w-100 h-y-container h-column__content h-column__v-align flex-basis-100 align-self-lg-center align-self-md-center align-self-center\">\r\n                <!---->\r\n                <div data-colibri-id=\"331-c1031\" class=\"h-x-container style-1023 style-local-331-c1031 position-relative h-element\">\r\n                  <!---->\r\n                  <div class=\"h-x-container-inner style-d","protected":false},"excerpt":{"rendered":"<p>THEMEN MEHR ENTECKEN L\u00c4NDER MEHR ENTECKEN PROJEKTE Der Platz f\u00fcr unsere zuk\u00fcnftigen Projekte MEHR ENTECKEN IRAN Menschenrechtler Lessenthin: Christen im Iran unter Generalverdacht Der Menschenrechtsexperte Martin Lessenthin sieht Christen im Iran nach dem Krieg mit den USA und Israel massiv unter Druck: Religi\u00f6se Minderheiten w\u00fcrden vom Regime gezielt als Sicherheitsrisiko und S\u00fcndenb\u00f6cke markiert. ZUM BEITRAG [&hellip;]<\/p>\n","protected":false},"author":1,"featured_media":0,"parent":0,"menu_order":0,"comment_status":"closed","ping_status":"closed","template":"page-templates\/homepage.php","meta":{"footnotes":""},"class_list":["post-331","page","type-page","status-publish","hentry"],"_links":{"self":[{"href":"https:\/\/botschafter-menschenrechte.de\/index.php?rest_route=\/wp\/v2\/pages\/331","targetHints":{"allow":["GET"]}}],"collection":[{"href":"https:\/\/botschafter-menschenrechte.de\/index.php?rest_route=\/wp\/v2\/pages"}],"about":[{"href":"https:\/\/botschafter-menschenrechte.de\/index.php?rest_route=\/wp\/v2\/types\/page"}],"author":[{"embeddable":true,"href":"https:\/\/botschafter-menschenrechte.de\/index.php?rest_route=\/wp\/v2\/users\/1"}],"replies":[{"embeddable":true,"href":"https:\/\/botschafter-menschenrechte.de\/index.php?rest_route=%2Fwp%2Fv2%2Fcomments&post=331"}],"version-history":[{"count":20,"href":"https:\/\/botschafter-menschenrechte.de\/index.php?rest_route=\/wp\/v2\/pages\/331\/revisions"}],"predecessor-version":[{"id":3944,"href":"https:\/\/botschafter-menschenrechte.de\/index.php?rest_route=\/wp\/v2\/pages\/331\/revisions\/3944"}],"wp:attachment":[{"href":"https:\/\/botschafter-menschenrechte.de\/index.php?rest_route=%2Fwp%2Fv2%2Fmedia&parent=331"}],"curies":[{"name":"wp","href":"https:\/\/api.w.org\/{rel}","templated":true}]}}